{"id":77,"date":"2020-04-22T10:44:10","date_gmt":"2020-04-22T08:44:10","guid":{"rendered":"https:\/\/www.verdieditions.com\/equilibre-de-vie\/?post_type=product&#038;p=77"},"modified":"2021-02-18T10:38:38","modified_gmt":"2021-02-18T09:38:38","slug":"chakras-astrologie-francois-guiraud","status":"publish","type":"product","link":"https:\/\/www.verdieditions.com\/equilibre-de-vie\/produit\/chakras-astrologie-francois-guiraud\/","title":{"rendered":"Chakras et Astrologie &#8211; Fran\u00e7ois GUIRAUD"},"content":{"rendered":"<p>Auteur : Fran\u00e7ois GUIRAUD<br \/>\nTitre : Chakras et Astrologie<br \/>\n\u00c9diteur : Fran\u00e7ois de De Villac, collection \u00e9tudes astrologiques, 1995<br \/>\nDim. 15 x 23,5<br \/>\n155 pages<\/p>\n","protected":false},"excerpt":{"rendered":"<p>Auteur : Fran\u00e7ois GUIRAUD<br \/>\nTitre : Chakras et Astrologie<br \/>\n\u00c9diteur : Fran\u00e7ois de De Villac, collection \u00e9tudes astrologiques, 1995<br \/>\nDim. 15 x 23,5<br \/>\n155 pages<\/p>\n","protected":false},"featured_media":78,"template":"","meta":[],"product_brand":[],"product_cat":[23,21],"product_tag":[34,41,46,163],"class_list":{"0":"post-77","1":"product","2":"type-product","3":"status-publish","4":"has-post-thumbnail","6":"product_cat-esoterisme","7":"product_cat-sante","8":"product_tag-astrologie","9":"product_tag-bouddhisme","10":"product_tag-chakras","11":"product_tag-theme-astral","13":"first","14":"outofstock","15":"shipping-taxable","16":"product-type-simple"},"yoast_head":"<!-- This site is optimized with the Yoast SEO plugin v27.4 - https:\/\/yoast.com\/product\/yoast-seo-wordpress\/ -->\n<title>Chakras et Astrologie - Fran\u00e7ois GUIRAUD - Equilibre de Vie<\/title>\n<meta name=\"description\" content=\"Auteur : Fran\u00e7ois GUIRAUD Titre : Chakras et Astrologie \u00c9diteur : Fran\u00e7ois de De Villac, collection \u00e9tudes astrologiques, 1995 Dim. 15 x 23,5 155 pages\" \/>\n<meta name=\"robots\" content=\"index, follow, max-snippet:-1, max-image-preview:large, max-video-preview:-1\" \/>\n<link rel=\"canonical\" href=\"https:\/\/www.verdieditions.com\/equilibre-de-vie\/produit\/chakras-astrologie-francois-guiraud\/\" \/>\n<meta property=\"og:locale\" content=\"fr_FR\" \/>\n<meta property=\"og:type\" content=\"article\" \/>\n<meta property=\"og:title\" content=\"Chakras et Astrologie - Fran\u00e7ois GUIRAUD - Equilibre de Vie\" \/>\n<meta property=\"og:description\" content=\"Auteur : Fran\u00e7ois GUIRAUD Titre : Chakras et Astrologie \u00c9diteur : Fran\u00e7ois de De Villac, collection \u00e9tudes astrologiques, 1995 Dim. 15 x 23,5 155 pages\" \/>\n<meta property=\"og:url\" content=\"https:\/\/www.verdieditions.com\/equilibre-de-vie\/produit\/chakras-astrologie-francois-guiraud\/\" \/>\n<meta property=\"og:site_name\" content=\"Equilibre de Vie\" \/>\n<meta property=\"article:modified_time\" content=\"2021-02-18T09:38:38+00:00\" \/>\n<meta property=\"og:image\" content=\"https:\/\/www.verdieditions.com\/equilibre-de-vie\/wp-content\/uploads\/2020\/04\/Chakras-Astrologie-Guiraud.jpg\" \/>\n\t<meta property=\"og:image:width\" content=\"801\" \/>\n\t<meta property=\"og:image:height\" content=\"1204\" \/>\n\t<meta property=\"og:image:type\" content=\"image\/jpeg\" \/>\n<meta name=\"twitter:card\" content=\"summary_large_image\" \/>\n<script type=\"application\/ld+json\" class=\"yoast-schema-graph\">{\"@context\":\"https:\\\/\\\/schema.org\",\"@graph\":[{\"@type\":\"WebPage\",\"@id\":\"https:\\\/\\\/www.verdieditions.com\\\/equilibre-de-vie\\\/produit\\\/chakras-astrologie-francois-guiraud\\\/\",\"url\":\"https:\\\/\\\/www.verdieditions.com\\\/equilibre-de-vie\\\/produit\\\/chakras-astrologie-francois-guiraud\\\/\",\"name\":\"Chakras et Astrologie - Fran\u00e7ois GUIRAUD - Equilibre de Vie\",\"isPartOf\":{\"@id\":\"https:\\\/\\\/www.verdieditions.com\\\/equilibre-de-vie\\\/#website\"},\"primaryImageOfPage\":{\"@id\":\"https:\\\/\\\/www.verdieditions.com\\\/equilibre-de-vie\\\/produit\\\/chakras-astrologie-francois-guiraud\\\/#primaryimage\"},\"image\":{\"@id\":\"https:\\\/\\\/www.verdieditions.com\\\/equilibre-de-vie\\\/produit\\\/chakras-astrologie-francois-guiraud\\\/#primaryimage\"},\"thumbnailUrl\":\"https:\\\/\\\/www.verdieditions.com\\\/equilibre-de-vie\\\/wp-content\\\/uploads\\\/2020\\\/04\\\/Chakras-Astrologie-Guiraud.jpg\",\"datePublished\":\"2020-04-22T08:44:10+00:00\",\"dateModified\":\"2021-02-18T09:38:38+00:00\",\"description\":\"Auteur : Fran\u00e7ois GUIRAUD Titre : Chakras et Astrologie \u00c9diteur : Fran\u00e7ois de De Villac, collection \u00e9tudes astrologiques, 1995 Dim. 15 x 23,5 155 pages\",\"breadcrumb\":{\"@id\":\"https:\\\/\\\/www.verdieditions.com\\\/equilibre-de-vie\\\/produit\\\/chakras-astrologie-francois-guiraud\\\/#breadcrumb\"},\"inLanguage\":\"fr-FR\",\"potentialAction\":[{\"@type\":\"ReadAction\",\"target\":[\"https:\\\/\\\/www.verdieditions.com\\\/equilibre-de-vie\\\/produit\\\/chakras-astrologie-francois-guiraud\\\/\"]}]},{\"@type\":\"ImageObject\",\"inLanguage\":\"fr-FR\",\"@id\":\"https:\\\/\\\/www.verdieditions.com\\\/equilibre-de-vie\\\/produit\\\/chakras-astrologie-francois-guiraud\\\/#primaryimage\",\"url\":\"https:\\\/\\\/www.verdieditions.com\\\/equilibre-de-vie\\\/wp-content\\\/uploads\\\/2020\\\/04\\\/Chakras-Astrologie-Guiraud.jpg\",\"contentUrl\":\"https:\\\/\\\/www.verdieditions.com\\\/equilibre-de-vie\\\/wp-content\\\/uploads\\\/2020\\\/04\\\/Chakras-Astrologie-Guiraud.jpg\",\"width\":801,\"height\":1204,\"caption\":\"Chakras-Astrologie-Guiraud\"},{\"@type\":\"BreadcrumbList\",\"@id\":\"https:\\\/\\\/www.verdieditions.com\\\/equilibre-de-vie\\\/produit\\\/chakras-astrologie-francois-guiraud\\\/#breadcrumb\",\"itemListElement\":[{\"@type\":\"ListItem\",\"position\":1,\"name\":\"Accueil\",\"item\":\"https:\\\/\\\/www.verdieditions.com\\\/equilibre-de-vie\\\/\"},{\"@type\":\"ListItem\",\"position\":2,\"name\":\"La boutique\",\"item\":\"https:\\\/\\\/www.verdieditions.com\\\/equilibre-de-vie\\\/boutique\\\/\"},{\"@type\":\"ListItem\",\"position\":3,\"name\":\"Chakras et Astrologie &#8211; Fran\u00e7ois GUIRAUD\"}]},{\"@type\":\"WebSite\",\"@id\":\"https:\\\/\\\/www.verdieditions.com\\\/equilibre-de-vie\\\/#website\",\"url\":\"https:\\\/\\\/www.verdieditions.com\\\/equilibre-de-vie\\\/\",\"name\":\"Equilibre de Vie\",\"description\":\"Ma boutique livres sant\u00e9, \u00e9sot\u00e9risme et d\u00e9veloppement personnel\",\"publisher\":{\"@id\":\"https:\\\/\\\/www.verdieditions.com\\\/equilibre-de-vie\\\/#\\\/schema\\\/person\\\/9dcb2a6759f2f5fbf43ac0b44649cecb\"},\"potentialAction\":[{\"@type\":\"SearchAction\",\"target\":{\"@type\":\"EntryPoint\",\"urlTemplate\":\"https:\\\/\\\/www.verdieditions.com\\\/equilibre-de-vie\\\/?s={search_term_string}\"},\"query-input\":{\"@type\":\"PropertyValueSpecification\",\"valueRequired\":true,\"valueName\":\"search_term_string\"}}],\"inLanguage\":\"fr-FR\"},{\"@type\":[\"Person\",\"Organization\"],\"@id\":\"https:\\\/\\\/www.verdieditions.com\\\/equilibre-de-vie\\\/#\\\/schema\\\/person\\\/9dcb2a6759f2f5fbf43ac0b44649cecb\",\"name\":\"Sylvie VERDI\",\"image\":{\"@type\":\"ImageObject\",\"inLanguage\":\"fr-FR\",\"@id\":\"https:\\\/\\\/www.verdieditions.com\\\/equilibre-de-vie\\\/wp-content\\\/uploads\\\/2020\\\/04\\\/livres-occasion-sante-esoterisme-developpement-personnel-2.jpg\",\"url\":\"https:\\\/\\\/www.verdieditions.com\\\/equilibre-de-vie\\\/wp-content\\\/uploads\\\/2020\\\/04\\\/livres-occasion-sante-esoterisme-developpement-personnel-2.jpg\",\"contentUrl\":\"https:\\\/\\\/www.verdieditions.com\\\/equilibre-de-vie\\\/wp-content\\\/uploads\\\/2020\\\/04\\\/livres-occasion-sante-esoterisme-developpement-personnel-2.jpg\",\"width\":800,\"height\":572,\"caption\":\"Sylvie VERDI\"},\"logo\":{\"@id\":\"https:\\\/\\\/www.verdieditions.com\\\/equilibre-de-vie\\\/wp-content\\\/uploads\\\/2020\\\/04\\\/livres-occasion-sante-esoterisme-developpement-personnel-2.jpg\"},\"sameAs\":[\"https:\\\/\\\/www.verdieditions.com\\\/equilibre-de-vie\"]}]}<\/script>\n<!-- \/ Yoast SEO plugin. -->","yoast_head_json":{"title":"Chakras et Astrologie - Fran\u00e7ois GUIRAUD - Equilibre de Vie","description":"Auteur : Fran\u00e7ois GUIRAUD Titre : Chakras et Astrologie \u00c9diteur : Fran\u00e7ois de De Villac, collection \u00e9tudes astrologiques, 1995 Dim. 15 x 23,5 155 pages","robots":{"index":"index","follow":"follow","max-snippet":"max-snippet:-1","max-image-preview":"max-image-preview:large","max-video-preview":"max-video-preview:-1"},"canonical":"https:\/\/www.verdieditions.com\/equilibre-de-vie\/produit\/chakras-astrologie-francois-guiraud\/","og_locale":"fr_FR","og_type":"article","og_title":"Chakras et Astrologie - Fran\u00e7ois GUIRAUD - Equilibre de Vie","og_description":"Auteur : Fran\u00e7ois GUIRAUD Titre : Chakras et Astrologie \u00c9diteur : Fran\u00e7ois de De Villac, collection \u00e9tudes astrologiques, 1995 Dim. 15 x 23,5 155 pages","og_url":"https:\/\/www.verdieditions.com\/equilibre-de-vie\/produit\/chakras-astrologie-francois-guiraud\/","og_site_name":"Equilibre de Vie","article_modified_time":"2021-02-18T09:38:38+00:00","og_image":[{"width":801,"height":1204,"url":"https:\/\/www.verdieditions.com\/equilibre-de-vie\/wp-content\/uploads\/2020\/04\/Chakras-Astrologie-Guiraud.jpg","type":"image\/jpeg"}],"twitter_card":"summary_large_image","schema":{"@context":"https:\/\/schema.org","@graph":[{"@type":"WebPage","@id":"https:\/\/www.verdieditions.com\/equilibre-de-vie\/produit\/chakras-astrologie-francois-guiraud\/","url":"https:\/\/www.verdieditions.com\/equilibre-de-vie\/produit\/chakras-astrologie-francois-guiraud\/","name":"Chakras et Astrologie - Fran\u00e7ois GUIRAUD - Equilibre de Vie","isPartOf":{"@id":"https:\/\/www.verdieditions.com\/equilibre-de-vie\/#website"},"primaryImageOfPage":{"@id":"https:\/\/www.verdieditions.com\/equilibre-de-vie\/produit\/chakras-astrologie-francois-guiraud\/#primaryimage"},"image":{"@id":"https:\/\/www.verdieditions.com\/equilibre-de-vie\/produit\/chakras-astrologie-francois-guiraud\/#primaryimage"},"thumbnailUrl":"https:\/\/www.verdieditions.com\/equilibre-de-vie\/wp-content\/uploads\/2020\/04\/Chakras-Astrologie-Guiraud.jpg","datePublished":"2020-04-22T08:44:10+00:00","dateModified":"2021-02-18T09:38:38+00:00","description":"Auteur : Fran\u00e7ois GUIRAUD Titre : Chakras et Astrologie \u00c9diteur : Fran\u00e7ois de De Villac, collection \u00e9tudes astrologiques, 1995 Dim. 15 x 23,5 155 pages","breadcrumb":{"@id":"https:\/\/www.verdieditions.com\/equilibre-de-vie\/produit\/chakras-astrologie-francois-guiraud\/#breadcrumb"},"inLanguage":"fr-FR","potentialAction":[{"@type":"ReadAction","target":["https:\/\/www.verdieditions.com\/equilibre-de-vie\/produit\/chakras-astrologie-francois-guiraud\/"]}]},{"@type":"ImageObject","inLanguage":"fr-FR","@id":"https:\/\/www.verdieditions.com\/equilibre-de-vie\/produit\/chakras-astrologie-francois-guiraud\/#primaryimage","url":"https:\/\/www.verdieditions.com\/equilibre-de-vie\/wp-content\/uploads\/2020\/04\/Chakras-Astrologie-Guiraud.jpg","contentUrl":"https:\/\/www.verdieditions.com\/equilibre-de-vie\/wp-content\/uploads\/2020\/04\/Chakras-Astrologie-Guiraud.jpg","width":801,"height":1204,"caption":"Chakras-Astrologie-Guiraud"},{"@type":"BreadcrumbList","@id":"https:\/\/www.verdieditions.com\/equilibre-de-vie\/produit\/chakras-astrologie-francois-guiraud\/#breadcrumb","itemListElement":[{"@type":"ListItem","position":1,"name":"Accueil","item":"https:\/\/www.verdieditions.com\/equilibre-de-vie\/"},{"@type":"ListItem","position":2,"name":"La boutique","item":"https:\/\/www.verdieditions.com\/equilibre-de-vie\/boutique\/"},{"@type":"ListItem","position":3,"name":"Chakras et Astrologie &#8211; Fran\u00e7ois GUIRAUD"}]},{"@type":"WebSite","@id":"https:\/\/www.verdieditions.com\/equilibre-de-vie\/#website","url":"https:\/\/www.verdieditions.com\/equilibre-de-vie\/","name":"Equilibre de Vie","description":"Ma boutique livres sant\u00e9, \u00e9sot\u00e9risme et d\u00e9veloppement personnel","publisher":{"@id":"https:\/\/www.verdieditions.com\/equilibre-de-vie\/#\/schema\/person\/9dcb2a6759f2f5fbf43ac0b44649cecb"},"potentialAction":[{"@type":"SearchAction","target":{"@type":"EntryPoint","urlTemplate":"https:\/\/www.verdieditions.com\/equilibre-de-vie\/?s={search_term_string}"},"query-input":{"@type":"PropertyValueSpecification","valueRequired":true,"valueName":"search_term_string"}}],"inLanguage":"fr-FR"},{"@type":["Person","Organization"],"@id":"https:\/\/www.verdieditions.com\/equilibre-de-vie\/#\/schema\/person\/9dcb2a6759f2f5fbf43ac0b44649cecb","name":"Sylvie VERDI","image":{"@type":"ImageObject","inLanguage":"fr-FR","@id":"https:\/\/www.verdieditions.com\/equilibre-de-vie\/wp-content\/uploads\/2020\/04\/livres-occasion-sante-esoterisme-developpement-personnel-2.jpg","url":"https:\/\/www.verdieditions.com\/equilibre-de-vie\/wp-content\/uploads\/2020\/04\/livres-occasion-sante-esoterisme-developpement-personnel-2.jpg","contentUrl":"https:\/\/www.verdieditions.com\/equilibre-de-vie\/wp-content\/uploads\/2020\/04\/livres-occasion-sante-esoterisme-developpement-personnel-2.jpg","width":800,"height":572,"caption":"Sylvie VERDI"},"logo":{"@id":"https:\/\/www.verdieditions.com\/equilibre-de-vie\/wp-content\/uploads\/2020\/04\/livres-occasion-sante-esoterisme-developpement-personnel-2.jpg"},"sameAs":["https:\/\/www.verdieditions.com\/equilibre-de-vie"]}]}},"_links":{"self":[{"href":"https:\/\/www.verdieditions.com\/equilibre-de-vie\/wp-json\/wp\/v2\/product\/77","targetHints":{"allow":["GET"]}}],"collection":[{"href":"https:\/\/www.verdieditions.com\/equilibre-de-vie\/wp-json\/wp\/v2\/product"}],"about":[{"href":"https:\/\/www.verdieditions.com\/equilibre-de-vie\/wp-json\/wp\/v2\/types\/product"}],"wp:featuredmedia":[{"embeddable":true,"href":"https:\/\/www.verdieditions.com\/equilibre-de-vie\/wp-json\/wp\/v2\/media\/78"}],"wp:attachment":[{"href":"https:\/\/www.verdieditions.com\/equilibre-de-vie\/wp-json\/wp\/v2\/media?parent=77"}],"wp:term":[{"taxonomy":"product_brand","embeddable":true,"href":"https:\/\/www.verdieditions.com\/equilibre-de-vie\/wp-json\/wp\/v2\/product_brand?post=77"},{"taxonomy":"product_cat","embeddable":true,"href":"https:\/\/www.verdieditions.com\/equilibre-de-vie\/wp-json\/wp\/v2\/product_cat?post=77"},{"taxonomy":"product_tag","embeddable":true,"href":"https:\/\/www.verdieditions.com\/equilibre-de-vie\/wp-json\/wp\/v2\/product_tag?post=77"}],"curies":[{"name":"wp","href":"https:\/\/api.w.org\/{rel}","templated":true}]}}