{"id":747,"date":"2020-04-26T17:40:21","date_gmt":"2020-04-26T15:40:21","guid":{"rendered":"https:\/\/www.verdieditions.com\/equilibre-de-vie\/?post_type=product&#038;p=747"},"modified":"2022-03-18T19:34:53","modified_gmt":"2022-03-18T18:34:53","slug":"jung-realite-ame-inconscient","status":"publish","type":"product","link":"https:\/\/www.verdieditions.com\/equilibre-de-vie\/produit\/jung-realite-ame-inconscient\/","title":{"rendered":"La r\u00e9alit\u00e9 de l&rsquo;\u00e2me &#8211; Carl Gustav JUNG"},"content":{"rendered":"<p>Auteur : Carl Gustav JUNG<br \/>\nTitre : La r\u00e9alit\u00e9 de l&rsquo;\u00e2me &#8211; 1. Structure et dynamique de l&rsquo;inconscient<br \/>\n\u00c9diteur : Livre de poche &#8211; La pochoth\u00e8que, collection Classiques modernes, 1998<br \/>\nEtat neuf<br \/>\nDim. 12,5 x 19<br \/>\n1171 pages<\/p>\n<p>A l&rsquo;\u00e9cole de Freud, puis en rupture avec lui, Jung aura \u00e9t\u00e9 un des g\u00e9ants du XXe si\u00e8cle dans l&rsquo;\u00e9tude de l&rsquo;inconscient. Notre souhait est ici de le pr\u00e9senter tel qu&rsquo;il est et tel qu&rsquo;il pense, dans un retour rigoureux aux textes, loin des images r\u00e9pandues ou des l\u00e9gendes qui courent \u00e0 son sujet. Ce premier volume, Structure et dynamique de l&rsquo;inconscient, par des extraits s\u00e9lectionn\u00e9s de textes aussi importants que M\u00e9tamorphoses de l&rsquo;\u00eatre et ses symboles, L&rsquo;\u00c9nerg\u00e9tique psychique, La Psychologie du transfert, Les Racines de la conscience, etc., fait le point sur la notion d&rsquo;inconscient collectif ou sur l&rsquo;id\u00e9e d&rsquo;arch\u00e9type &#8211; tout \u00e0 fait diff\u00e9rente de ce qu&rsquo;on croit d&rsquo;habitude -, sur le concept d&rsquo;\u00e9nergie psychique et, beaucoup plus largement, sur le processus et sur la dynamique interne de l&rsquo;inconscient le plus profond qui, faute d&rsquo;\u00eatre int\u00e9gr\u00e9s \u00e0 la conscience autant qu&rsquo;il est possible, peuvent renverser leur<br \/>\nf\u00e9condit\u00e9 dans la pire des ali\u00e9nations.<br \/>\nLe second tome \u00e0 venir, Manifestations de l&rsquo;inconscient, s&rsquo;attache quant \u00e0 lui aux traces vivantes de notre activit\u00e9 psychique, dans des domaines aussi diff\u00e9rents que ceux de la religion, de l&rsquo;alchimie, de l&rsquo;art ou de l&rsquo;histoire.<br \/>\nUne introduction raisonn\u00e9e, un compendium g\u00e9n\u00e9ral de l&rsquo;une des oeuvres les plus foisonnantes de ce si\u00e8cle.<\/p>\n","protected":false},"excerpt":{"rendered":"<p>Auteur : Carl Gustav JUNG<br \/>\nTitre : La r\u00e9alit\u00e9 de l&rsquo;\u00e2me &#8211; 1. Structure et dynamique de l&rsquo;inconscient<br \/>\n\u00c9diteur : Livre de poche &#8211; La pochoth\u00e8que, collection Classiques modernes, 1998<br \/>\nEtat neuf<br \/>\nDim. 12,5 x 19<br \/>\n1171 pages<\/p>\n","protected":false},"featured_media":748,"template":"","meta":[],"product_brand":[],"product_cat":[22],"product_tag":[52,69,134,135,139,157,200],"class_list":{"0":"post-747","1":"product","2":"type-product","3":"status-publish","4":"has-post-thumbnail","6":"product_cat-developpement-personnel","7":"product_tag-conscient","8":"product_tag-freud","9":"product_tag-psychanalyse","10":"product_tag-psychologie","11":"product_tag-relations-humaines","12":"product_tag-subconscient","13":"product_tag-symboles","15":"first","16":"outofstock","17":"shipping-taxable","18":"product-type-simple"},"yoast_head":"<!-- This site is optimized with the Yoast SEO plugin v27.4 - https:\/\/yoast.com\/product\/yoast-seo-wordpress\/ -->\n<title>La r\u00e9alit\u00e9 de l&#039;\u00e2me - Carl Gustav JUNG - Equilibre de Vie<\/title>\n<meta name=\"description\" content=\"Auteur : Carl Gustav JUNG Titre : La r\u00e9alit\u00e9 de l\u2019\u00e2me \u2013 1. Structure et dynamique de l\u2019inconscient \u00c9diteur : Livre de poche \u2013 La pochoth\u00e8que, collection Classiques modernes, 1998 Etat neuf Dim. 12,5 x 19 1171 pages\" \/>\n<meta name=\"robots\" content=\"index, follow, max-snippet:-1, max-image-preview:large, max-video-preview:-1\" \/>\n<link rel=\"canonical\" href=\"https:\/\/www.verdieditions.com\/equilibre-de-vie\/produit\/jung-realite-ame-inconscient\/\" \/>\n<meta property=\"og:locale\" content=\"fr_FR\" \/>\n<meta property=\"og:type\" content=\"article\" \/>\n<meta property=\"og:title\" content=\"La r\u00e9alit\u00e9 de l&#039;\u00e2me - Carl Gustav JUNG - Equilibre de Vie\" \/>\n<meta property=\"og:description\" content=\"Auteur : Carl Gustav JUNG Titre : La r\u00e9alit\u00e9 de l\u2019\u00e2me \u2013 1. Structure et dynamique de l\u2019inconscient \u00c9diteur : Livre de poche \u2013 La pochoth\u00e8que, collection Classiques modernes, 1998 Etat neuf Dim. 12,5 x 19 1171 pages\" \/>\n<meta property=\"og:url\" content=\"https:\/\/www.verdieditions.com\/equilibre-de-vie\/produit\/jung-realite-ame-inconscient\/\" \/>\n<meta property=\"og:site_name\" content=\"Equilibre de Vie\" \/>\n<meta property=\"article:modified_time\" content=\"2022-03-18T18:34:53+00:00\" \/>\n<meta property=\"og:image\" content=\"https:\/\/www.verdieditions.com\/equilibre-de-vie\/wp-content\/uploads\/2020\/04\/Jung-realites-ame-inconscient-1.jpg\" \/>\n\t<meta property=\"og:image:width\" content=\"837\" \/>\n\t<meta property=\"og:image:height\" content=\"1222\" \/>\n\t<meta property=\"og:image:type\" content=\"image\/jpeg\" \/>\n<meta name=\"twitter:card\" content=\"summary_large_image\" \/>\n<meta name=\"twitter:label1\" content=\"Dur\u00e9e de lecture estim\u00e9e\" \/>\n\t<meta name=\"twitter:data1\" content=\"1 minute\" \/>\n<script type=\"application\/ld+json\" class=\"yoast-schema-graph\">{\"@context\":\"https:\\\/\\\/schema.org\",\"@graph\":[{\"@type\":\"WebPage\",\"@id\":\"https:\\\/\\\/www.verdieditions.com\\\/equilibre-de-vie\\\/produit\\\/jung-realite-ame-inconscient\\\/\",\"url\":\"https:\\\/\\\/www.verdieditions.com\\\/equilibre-de-vie\\\/produit\\\/jung-realite-ame-inconscient\\\/\",\"name\":\"La r\u00e9alit\u00e9 de l'\u00e2me - Carl Gustav JUNG - Equilibre de Vie\",\"isPartOf\":{\"@id\":\"https:\\\/\\\/www.verdieditions.com\\\/equilibre-de-vie\\\/#website\"},\"primaryImageOfPage\":{\"@id\":\"https:\\\/\\\/www.verdieditions.com\\\/equilibre-de-vie\\\/produit\\\/jung-realite-ame-inconscient\\\/#primaryimage\"},\"image\":{\"@id\":\"https:\\\/\\\/www.verdieditions.com\\\/equilibre-de-vie\\\/produit\\\/jung-realite-ame-inconscient\\\/#primaryimage\"},\"thumbnailUrl\":\"https:\\\/\\\/www.verdieditions.com\\\/equilibre-de-vie\\\/wp-content\\\/uploads\\\/2020\\\/04\\\/Jung-realites-ame-inconscient-1.jpg\",\"datePublished\":\"2020-04-26T15:40:21+00:00\",\"dateModified\":\"2022-03-18T18:34:53+00:00\",\"description\":\"Auteur : Carl Gustav JUNG Titre : La r\u00e9alit\u00e9 de l\u2019\u00e2me \u2013 1. Structure et dynamique de l\u2019inconscient \u00c9diteur : Livre de poche \u2013 La pochoth\u00e8que, collection Classiques modernes, 1998 Etat neuf Dim. 12,5 x 19 1171 pages\",\"breadcrumb\":{\"@id\":\"https:\\\/\\\/www.verdieditions.com\\\/equilibre-de-vie\\\/produit\\\/jung-realite-ame-inconscient\\\/#breadcrumb\"},\"inLanguage\":\"fr-FR\",\"potentialAction\":[{\"@type\":\"ReadAction\",\"target\":[\"https:\\\/\\\/www.verdieditions.com\\\/equilibre-de-vie\\\/produit\\\/jung-realite-ame-inconscient\\\/\"]}]},{\"@type\":\"ImageObject\",\"inLanguage\":\"fr-FR\",\"@id\":\"https:\\\/\\\/www.verdieditions.com\\\/equilibre-de-vie\\\/produit\\\/jung-realite-ame-inconscient\\\/#primaryimage\",\"url\":\"https:\\\/\\\/www.verdieditions.com\\\/equilibre-de-vie\\\/wp-content\\\/uploads\\\/2020\\\/04\\\/Jung-realites-ame-inconscient-1.jpg\",\"contentUrl\":\"https:\\\/\\\/www.verdieditions.com\\\/equilibre-de-vie\\\/wp-content\\\/uploads\\\/2020\\\/04\\\/Jung-realites-ame-inconscient-1.jpg\",\"width\":837,\"height\":1222,\"caption\":\"Jung-realites-ame-inconscient-1\"},{\"@type\":\"BreadcrumbList\",\"@id\":\"https:\\\/\\\/www.verdieditions.com\\\/equilibre-de-vie\\\/produit\\\/jung-realite-ame-inconscient\\\/#breadcrumb\",\"itemListElement\":[{\"@type\":\"ListItem\",\"position\":1,\"name\":\"Accueil\",\"item\":\"https:\\\/\\\/www.verdieditions.com\\\/equilibre-de-vie\\\/\"},{\"@type\":\"ListItem\",\"position\":2,\"name\":\"La boutique\",\"item\":\"https:\\\/\\\/www.verdieditions.com\\\/equilibre-de-vie\\\/boutique\\\/\"},{\"@type\":\"ListItem\",\"position\":3,\"name\":\"La r\u00e9alit\u00e9 de l&#8217;\u00e2me &#8211; Carl Gustav JUNG\"}]},{\"@type\":\"WebSite\",\"@id\":\"https:\\\/\\\/www.verdieditions.com\\\/equilibre-de-vie\\\/#website\",\"url\":\"https:\\\/\\\/www.verdieditions.com\\\/equilibre-de-vie\\\/\",\"name\":\"Equilibre de Vie\",\"description\":\"Ma boutique livres sant\u00e9, \u00e9sot\u00e9risme et d\u00e9veloppement personnel\",\"publisher\":{\"@id\":\"https:\\\/\\\/www.verdieditions.com\\\/equilibre-de-vie\\\/#\\\/schema\\\/person\\\/9dcb2a6759f2f5fbf43ac0b44649cecb\"},\"potentialAction\":[{\"@type\":\"SearchAction\",\"target\":{\"@type\":\"EntryPoint\",\"urlTemplate\":\"https:\\\/\\\/www.verdieditions.com\\\/equilibre-de-vie\\\/?s={search_term_string}\"},\"query-input\":{\"@type\":\"PropertyValueSpecification\",\"valueRequired\":true,\"valueName\":\"search_term_string\"}}],\"inLanguage\":\"fr-FR\"},{\"@type\":[\"Person\",\"Organization\"],\"@id\":\"https:\\\/\\\/www.verdieditions.com\\\/equilibre-de-vie\\\/#\\\/schema\\\/person\\\/9dcb2a6759f2f5fbf43ac0b44649cecb\",\"name\":\"Sylvie VERDI\",\"image\":{\"@type\":\"ImageObject\",\"inLanguage\":\"fr-FR\",\"@id\":\"https:\\\/\\\/www.verdieditions.com\\\/equilibre-de-vie\\\/wp-content\\\/uploads\\\/2020\\\/04\\\/livres-occasion-sante-esoterisme-developpement-personnel-2.jpg\",\"url\":\"https:\\\/\\\/www.verdieditions.com\\\/equilibre-de-vie\\\/wp-content\\\/uploads\\\/2020\\\/04\\\/livres-occasion-sante-esoterisme-developpement-personnel-2.jpg\",\"contentUrl\":\"https:\\\/\\\/www.verdieditions.com\\\/equilibre-de-vie\\\/wp-content\\\/uploads\\\/2020\\\/04\\\/livres-occasion-sante-esoterisme-developpement-personnel-2.jpg\",\"width\":800,\"height\":572,\"caption\":\"Sylvie VERDI\"},\"logo\":{\"@id\":\"https:\\\/\\\/www.verdieditions.com\\\/equilibre-de-vie\\\/wp-content\\\/uploads\\\/2020\\\/04\\\/livres-occasion-sante-esoterisme-developpement-personnel-2.jpg\"},\"sameAs\":[\"https:\\\/\\\/www.verdieditions.com\\\/equilibre-de-vie\"]}]}<\/script>\n<!-- \/ Yoast SEO plugin. -->","yoast_head_json":{"title":"La r\u00e9alit\u00e9 de l'\u00e2me - Carl Gustav JUNG - Equilibre de Vie","description":"Auteur : Carl Gustav JUNG Titre : La r\u00e9alit\u00e9 de l\u2019\u00e2me \u2013 1. Structure et dynamique de l\u2019inconscient \u00c9diteur : Livre de poche \u2013 La pochoth\u00e8que, collection Classiques modernes, 1998 Etat neuf Dim. 12,5 x 19 1171 pages","robots":{"index":"index","follow":"follow","max-snippet":"max-snippet:-1","max-image-preview":"max-image-preview:large","max-video-preview":"max-video-preview:-1"},"canonical":"https:\/\/www.verdieditions.com\/equilibre-de-vie\/produit\/jung-realite-ame-inconscient\/","og_locale":"fr_FR","og_type":"article","og_title":"La r\u00e9alit\u00e9 de l'\u00e2me - Carl Gustav JUNG - Equilibre de Vie","og_description":"Auteur : Carl Gustav JUNG Titre : La r\u00e9alit\u00e9 de l\u2019\u00e2me \u2013 1. Structure et dynamique de l\u2019inconscient \u00c9diteur : Livre de poche \u2013 La pochoth\u00e8que, collection Classiques modernes, 1998 Etat neuf Dim. 12,5 x 19 1171 pages","og_url":"https:\/\/www.verdieditions.com\/equilibre-de-vie\/produit\/jung-realite-ame-inconscient\/","og_site_name":"Equilibre de Vie","article_modified_time":"2022-03-18T18:34:53+00:00","og_image":[{"width":837,"height":1222,"url":"https:\/\/www.verdieditions.com\/equilibre-de-vie\/wp-content\/uploads\/2020\/04\/Jung-realites-ame-inconscient-1.jpg","type":"image\/jpeg"}],"twitter_card":"summary_large_image","twitter_misc":{"Dur\u00e9e de lecture estim\u00e9e":"1 minute"},"schema":{"@context":"https:\/\/schema.org","@graph":[{"@type":"WebPage","@id":"https:\/\/www.verdieditions.com\/equilibre-de-vie\/produit\/jung-realite-ame-inconscient\/","url":"https:\/\/www.verdieditions.com\/equilibre-de-vie\/produit\/jung-realite-ame-inconscient\/","name":"La r\u00e9alit\u00e9 de l'\u00e2me - Carl Gustav JUNG - Equilibre de Vie","isPartOf":{"@id":"https:\/\/www.verdieditions.com\/equilibre-de-vie\/#website"},"primaryImageOfPage":{"@id":"https:\/\/www.verdieditions.com\/equilibre-de-vie\/produit\/jung-realite-ame-inconscient\/#primaryimage"},"image":{"@id":"https:\/\/www.verdieditions.com\/equilibre-de-vie\/produit\/jung-realite-ame-inconscient\/#primaryimage"},"thumbnailUrl":"https:\/\/www.verdieditions.com\/equilibre-de-vie\/wp-content\/uploads\/2020\/04\/Jung-realites-ame-inconscient-1.jpg","datePublished":"2020-04-26T15:40:21+00:00","dateModified":"2022-03-18T18:34:53+00:00","description":"Auteur : Carl Gustav JUNG Titre : La r\u00e9alit\u00e9 de l\u2019\u00e2me \u2013 1. Structure et dynamique de l\u2019inconscient \u00c9diteur : Livre de poche \u2013 La pochoth\u00e8que, collection Classiques modernes, 1998 Etat neuf Dim. 12,5 x 19 1171 pages","breadcrumb":{"@id":"https:\/\/www.verdieditions.com\/equilibre-de-vie\/produit\/jung-realite-ame-inconscient\/#breadcrumb"},"inLanguage":"fr-FR","potentialAction":[{"@type":"ReadAction","target":["https:\/\/www.verdieditions.com\/equilibre-de-vie\/produit\/jung-realite-ame-inconscient\/"]}]},{"@type":"ImageObject","inLanguage":"fr-FR","@id":"https:\/\/www.verdieditions.com\/equilibre-de-vie\/produit\/jung-realite-ame-inconscient\/#primaryimage","url":"https:\/\/www.verdieditions.com\/equilibre-de-vie\/wp-content\/uploads\/2020\/04\/Jung-realites-ame-inconscient-1.jpg","contentUrl":"https:\/\/www.verdieditions.com\/equilibre-de-vie\/wp-content\/uploads\/2020\/04\/Jung-realites-ame-inconscient-1.jpg","width":837,"height":1222,"caption":"Jung-realites-ame-inconscient-1"},{"@type":"BreadcrumbList","@id":"https:\/\/www.verdieditions.com\/equilibre-de-vie\/produit\/jung-realite-ame-inconscient\/#breadcrumb","itemListElement":[{"@type":"ListItem","position":1,"name":"Accueil","item":"https:\/\/www.verdieditions.com\/equilibre-de-vie\/"},{"@type":"ListItem","position":2,"name":"La boutique","item":"https:\/\/www.verdieditions.com\/equilibre-de-vie\/boutique\/"},{"@type":"ListItem","position":3,"name":"La r\u00e9alit\u00e9 de l&#8217;\u00e2me &#8211; Carl Gustav JUNG"}]},{"@type":"WebSite","@id":"https:\/\/www.verdieditions.com\/equilibre-de-vie\/#website","url":"https:\/\/www.verdieditions.com\/equilibre-de-vie\/","name":"Equilibre de Vie","description":"Ma boutique livres sant\u00e9, \u00e9sot\u00e9risme et d\u00e9veloppement personnel","publisher":{"@id":"https:\/\/www.verdieditions.com\/equilibre-de-vie\/#\/schema\/person\/9dcb2a6759f2f5fbf43ac0b44649cecb"},"potentialAction":[{"@type":"SearchAction","target":{"@type":"EntryPoint","urlTemplate":"https:\/\/www.verdieditions.com\/equilibre-de-vie\/?s={search_term_string}"},"query-input":{"@type":"PropertyValueSpecification","valueRequired":true,"valueName":"search_term_string"}}],"inLanguage":"fr-FR"},{"@type":["Person","Organization"],"@id":"https:\/\/www.verdieditions.com\/equilibre-de-vie\/#\/schema\/person\/9dcb2a6759f2f5fbf43ac0b44649cecb","name":"Sylvie VERDI","image":{"@type":"ImageObject","inLanguage":"fr-FR","@id":"https:\/\/www.verdieditions.com\/equilibre-de-vie\/wp-content\/uploads\/2020\/04\/livres-occasion-sante-esoterisme-developpement-personnel-2.jpg","url":"https:\/\/www.verdieditions.com\/equilibre-de-vie\/wp-content\/uploads\/2020\/04\/livres-occasion-sante-esoterisme-developpement-personnel-2.jpg","contentUrl":"https:\/\/www.verdieditions.com\/equilibre-de-vie\/wp-content\/uploads\/2020\/04\/livres-occasion-sante-esoterisme-developpement-personnel-2.jpg","width":800,"height":572,"caption":"Sylvie VERDI"},"logo":{"@id":"https:\/\/www.verdieditions.com\/equilibre-de-vie\/wp-content\/uploads\/2020\/04\/livres-occasion-sante-esoterisme-developpement-personnel-2.jpg"},"sameAs":["https:\/\/www.verdieditions.com\/equilibre-de-vie"]}]}},"_links":{"self":[{"href":"https:\/\/www.verdieditions.com\/equilibre-de-vie\/wp-json\/wp\/v2\/product\/747","targetHints":{"allow":["GET"]}}],"collection":[{"href":"https:\/\/www.verdieditions.com\/equilibre-de-vie\/wp-json\/wp\/v2\/product"}],"about":[{"href":"https:\/\/www.verdieditions.com\/equilibre-de-vie\/wp-json\/wp\/v2\/types\/product"}],"wp:featuredmedia":[{"embeddable":true,"href":"https:\/\/www.verdieditions.com\/equilibre-de-vie\/wp-json\/wp\/v2\/media\/748"}],"wp:attachment":[{"href":"https:\/\/www.verdieditions.com\/equilibre-de-vie\/wp-json\/wp\/v2\/media?parent=747"}],"wp:term":[{"taxonomy":"product_brand","embeddable":true,"href":"https:\/\/www.verdieditions.com\/equilibre-de-vie\/wp-json\/wp\/v2\/product_brand?post=747"},{"taxonomy":"product_cat","embeddable":true,"href":"https:\/\/www.verdieditions.com\/equilibre-de-vie\/wp-json\/wp\/v2\/product_cat?post=747"},{"taxonomy":"product_tag","embeddable":true,"href":"https:\/\/www.verdieditions.com\/equilibre-de-vie\/wp-json\/wp\/v2\/product_tag?post=747"}],"curies":[{"name":"wp","href":"https:\/\/api.w.org\/{rel}","templated":true}]}}