{"id":714,"date":"2020-04-26T14:28:46","date_gmt":"2020-04-26T12:28:46","guid":{"rendered":"https:\/\/www.verdieditions.com\/equilibre-de-vie\/?post_type=product&#038;p=714"},"modified":"2023-03-20T06:46:32","modified_gmt":"2023-03-20T05:46:32","slug":"rythmes-lune-defranoux","status":"publish","type":"product","link":"https:\/\/www.verdieditions.com\/equilibre-de-vie\/produit\/rythmes-lune-defranoux\/","title":{"rendered":"Rythmes de lune &#8211; Laetitia DEFRANOUX"},"content":{"rendered":"<p>Auteur : Laetitia DEFRANOUX<br \/>\nTitre : Rythmes de lune<br \/>\n\u00c9diteur : Le Rocher, Jean Paul Bertrand, 1997, collection astrologie<br \/>\n\u00c9dition originale (textes violets)<br \/>\nDim. 15,5 x 24<br \/>\n470 pages<\/p>\n<p>L&rsquo;Astrologie, comme toute connaissance traditionnelle, redonne \u00e0 l&rsquo;homme sa vraie dimension : elle recr\u00e9e entre lui, l&rsquo;Univers et ses cycles une harmonie de vie et d&rsquo;action. Cet ouvrage, pratique et ludique, pr\u00e9sente les rythmes de la Lune comme le chemin id\u00e9al vers cet \u00e9quilibre. La Lune symbolise le terrain sur lequel nous sommes construits et refl\u00e8te la qualit\u00e9 de nos \u00e9nergies physiques et psychiques. Une fois par mois, lorsqu&rsquo;elle revient- dans le signe qu&rsquo;elle occupait le jour de notre naissance, l&rsquo;occasion nous est donn\u00e9e de nous relier \u00e0 notre programme de vie et de ressentir jusque dans notre corps ce dont nous disposons pour mieux nous orienter. \u00c0 travers l&rsquo;exploration des 144 combinaisons Soleil-Lune, couple indissociable et essentiel du Zodiaque, chacun, astrologue ou non, peut se relier a sa beaut\u00e9 int\u00e9rieure, et \u00e0 la beaut\u00e9 du monde. Rythmes de Lune propose des exercices simples pour s&rsquo;affranchir des maux et des douleurs que l&rsquo;on s&rsquo;inflige parfois inconsciemment.<\/p>\n","protected":false},"excerpt":{"rendered":"<p>Auteur : Laetitia DEFRANOUX<br \/>\nTitre : Rythmes de lune<br \/>\n\u00c9diteur : Le Rocher, Jean Paul Bertrand, 1997, collection astrologie<br \/>\n\u00c9dition originale (textes violets)<br \/>\nDim. 15,5 x 24<br \/>\n470 pages<\/p>\n","protected":false},"featured_media":715,"template":"","meta":[],"product_brand":[],"product_cat":[23],"product_tag":[34,91,186,163,180],"class_list":{"0":"post-714","1":"product","2":"type-product","3":"status-publish","4":"has-post-thumbnail","6":"product_cat-esoterisme","7":"product_tag-astrologie","8":"product_tag-lune","9":"product_tag-signes","10":"product_tag-theme-astral","11":"product_tag-zodiaque","13":"first","14":"outofstock","15":"shipping-taxable","16":"product-type-simple"},"yoast_head":"<!-- This site is optimized with the Yoast SEO plugin v27.4 - https:\/\/yoast.com\/product\/yoast-seo-wordpress\/ -->\n<title>Rythmes de lune - Laetitia DEFRANOUX - Equilibre de Vie<\/title>\n<meta name=\"description\" content=\"Auteur : Laetitia DEFRANOUX Titre : Rythmes de lune \u00c9diteur : Le Rocher, Jean Paul Bertrand, 1997, collection astrologie \u00c9dition originale (textes violets) Dim. 15,5 x 24 470 pages\" \/>\n<meta name=\"robots\" content=\"index, follow, max-snippet:-1, max-image-preview:large, max-video-preview:-1\" \/>\n<link rel=\"canonical\" href=\"https:\/\/www.verdieditions.com\/equilibre-de-vie\/produit\/rythmes-lune-defranoux\/\" \/>\n<meta property=\"og:locale\" content=\"fr_FR\" \/>\n<meta property=\"og:type\" content=\"article\" \/>\n<meta property=\"og:title\" content=\"Rythmes de lune - Laetitia DEFRANOUX - Equilibre de Vie\" \/>\n<meta property=\"og:description\" content=\"Auteur : Laetitia DEFRANOUX Titre : Rythmes de lune \u00c9diteur : Le Rocher, Jean Paul Bertrand, 1997, collection astrologie \u00c9dition originale (textes violets) Dim. 15,5 x 24 470 pages\" \/>\n<meta property=\"og:url\" content=\"https:\/\/www.verdieditions.com\/equilibre-de-vie\/produit\/rythmes-lune-defranoux\/\" \/>\n<meta property=\"og:site_name\" content=\"Equilibre de Vie\" \/>\n<meta property=\"article:modified_time\" content=\"2023-03-20T05:46:32+00:00\" \/>\n<meta property=\"og:image\" content=\"https:\/\/www.verdieditions.com\/equilibre-de-vie\/wp-content\/uploads\/2020\/04\/Astrologie-Rythmes-Lune-Defranoux.jpg\" \/>\n\t<meta property=\"og:image:width\" content=\"859\" \/>\n\t<meta property=\"og:image:height\" content=\"1328\" \/>\n\t<meta property=\"og:image:type\" content=\"image\/jpeg\" \/>\n<meta name=\"twitter:card\" content=\"summary_large_image\" \/>\n<meta name=\"twitter:label1\" content=\"Dur\u00e9e de lecture estim\u00e9e\" \/>\n\t<meta name=\"twitter:data1\" content=\"1 minute\" \/>\n<script type=\"application\/ld+json\" class=\"yoast-schema-graph\">{\"@context\":\"https:\\\/\\\/schema.org\",\"@graph\":[{\"@type\":\"WebPage\",\"@id\":\"https:\\\/\\\/www.verdieditions.com\\\/equilibre-de-vie\\\/produit\\\/rythmes-lune-defranoux\\\/\",\"url\":\"https:\\\/\\\/www.verdieditions.com\\\/equilibre-de-vie\\\/produit\\\/rythmes-lune-defranoux\\\/\",\"name\":\"Rythmes de lune - Laetitia DEFRANOUX - Equilibre de Vie\",\"isPartOf\":{\"@id\":\"https:\\\/\\\/www.verdieditions.com\\\/equilibre-de-vie\\\/#website\"},\"primaryImageOfPage\":{\"@id\":\"https:\\\/\\\/www.verdieditions.com\\\/equilibre-de-vie\\\/produit\\\/rythmes-lune-defranoux\\\/#primaryimage\"},\"image\":{\"@id\":\"https:\\\/\\\/www.verdieditions.com\\\/equilibre-de-vie\\\/produit\\\/rythmes-lune-defranoux\\\/#primaryimage\"},\"thumbnailUrl\":\"https:\\\/\\\/www.verdieditions.com\\\/equilibre-de-vie\\\/wp-content\\\/uploads\\\/2020\\\/04\\\/Astrologie-Rythmes-Lune-Defranoux.jpg\",\"datePublished\":\"2020-04-26T12:28:46+00:00\",\"dateModified\":\"2023-03-20T05:46:32+00:00\",\"description\":\"Auteur : Laetitia DEFRANOUX Titre : Rythmes de lune \u00c9diteur : Le Rocher, Jean Paul Bertrand, 1997, collection astrologie \u00c9dition originale (textes violets) Dim. 15,5 x 24 470 pages\",\"breadcrumb\":{\"@id\":\"https:\\\/\\\/www.verdieditions.com\\\/equilibre-de-vie\\\/produit\\\/rythmes-lune-defranoux\\\/#breadcrumb\"},\"inLanguage\":\"fr-FR\",\"potentialAction\":[{\"@type\":\"ReadAction\",\"target\":[\"https:\\\/\\\/www.verdieditions.com\\\/equilibre-de-vie\\\/produit\\\/rythmes-lune-defranoux\\\/\"]}]},{\"@type\":\"ImageObject\",\"inLanguage\":\"fr-FR\",\"@id\":\"https:\\\/\\\/www.verdieditions.com\\\/equilibre-de-vie\\\/produit\\\/rythmes-lune-defranoux\\\/#primaryimage\",\"url\":\"https:\\\/\\\/www.verdieditions.com\\\/equilibre-de-vie\\\/wp-content\\\/uploads\\\/2020\\\/04\\\/Astrologie-Rythmes-Lune-Defranoux.jpg\",\"contentUrl\":\"https:\\\/\\\/www.verdieditions.com\\\/equilibre-de-vie\\\/wp-content\\\/uploads\\\/2020\\\/04\\\/Astrologie-Rythmes-Lune-Defranoux.jpg\",\"width\":859,\"height\":1328,\"caption\":\"Astrologie-Rythmes-Lune-Defranoux\"},{\"@type\":\"BreadcrumbList\",\"@id\":\"https:\\\/\\\/www.verdieditions.com\\\/equilibre-de-vie\\\/produit\\\/rythmes-lune-defranoux\\\/#breadcrumb\",\"itemListElement\":[{\"@type\":\"ListItem\",\"position\":1,\"name\":\"Accueil\",\"item\":\"https:\\\/\\\/www.verdieditions.com\\\/equilibre-de-vie\\\/\"},{\"@type\":\"ListItem\",\"position\":2,\"name\":\"La boutique\",\"item\":\"https:\\\/\\\/www.verdieditions.com\\\/equilibre-de-vie\\\/boutique\\\/\"},{\"@type\":\"ListItem\",\"position\":3,\"name\":\"Rythmes de lune &#8211; Laetitia DEFRANOUX\"}]},{\"@type\":\"WebSite\",\"@id\":\"https:\\\/\\\/www.verdieditions.com\\\/equilibre-de-vie\\\/#website\",\"url\":\"https:\\\/\\\/www.verdieditions.com\\\/equilibre-de-vie\\\/\",\"name\":\"Equilibre de Vie\",\"description\":\"Ma boutique livres sant\u00e9, \u00e9sot\u00e9risme et d\u00e9veloppement personnel\",\"publisher\":{\"@id\":\"https:\\\/\\\/www.verdieditions.com\\\/equilibre-de-vie\\\/#\\\/schema\\\/person\\\/9dcb2a6759f2f5fbf43ac0b44649cecb\"},\"potentialAction\":[{\"@type\":\"SearchAction\",\"target\":{\"@type\":\"EntryPoint\",\"urlTemplate\":\"https:\\\/\\\/www.verdieditions.com\\\/equilibre-de-vie\\\/?s={search_term_string}\"},\"query-input\":{\"@type\":\"PropertyValueSpecification\",\"valueRequired\":true,\"valueName\":\"search_term_string\"}}],\"inLanguage\":\"fr-FR\"},{\"@type\":[\"Person\",\"Organization\"],\"@id\":\"https:\\\/\\\/www.verdieditions.com\\\/equilibre-de-vie\\\/#\\\/schema\\\/person\\\/9dcb2a6759f2f5fbf43ac0b44649cecb\",\"name\":\"Sylvie VERDI\",\"image\":{\"@type\":\"ImageObject\",\"inLanguage\":\"fr-FR\",\"@id\":\"https:\\\/\\\/www.verdieditions.com\\\/equilibre-de-vie\\\/wp-content\\\/uploads\\\/2020\\\/04\\\/livres-occasion-sante-esoterisme-developpement-personnel-2.jpg\",\"url\":\"https:\\\/\\\/www.verdieditions.com\\\/equilibre-de-vie\\\/wp-content\\\/uploads\\\/2020\\\/04\\\/livres-occasion-sante-esoterisme-developpement-personnel-2.jpg\",\"contentUrl\":\"https:\\\/\\\/www.verdieditions.com\\\/equilibre-de-vie\\\/wp-content\\\/uploads\\\/2020\\\/04\\\/livres-occasion-sante-esoterisme-developpement-personnel-2.jpg\",\"width\":800,\"height\":572,\"caption\":\"Sylvie VERDI\"},\"logo\":{\"@id\":\"https:\\\/\\\/www.verdieditions.com\\\/equilibre-de-vie\\\/wp-content\\\/uploads\\\/2020\\\/04\\\/livres-occasion-sante-esoterisme-developpement-personnel-2.jpg\"},\"sameAs\":[\"https:\\\/\\\/www.verdieditions.com\\\/equilibre-de-vie\"]}]}<\/script>\n<!-- \/ Yoast SEO plugin. -->","yoast_head_json":{"title":"Rythmes de lune - Laetitia DEFRANOUX - Equilibre de Vie","description":"Auteur : Laetitia DEFRANOUX Titre : Rythmes de lune \u00c9diteur : Le Rocher, Jean Paul Bertrand, 1997, collection astrologie \u00c9dition originale (textes violets) Dim. 15,5 x 24 470 pages","robots":{"index":"index","follow":"follow","max-snippet":"max-snippet:-1","max-image-preview":"max-image-preview:large","max-video-preview":"max-video-preview:-1"},"canonical":"https:\/\/www.verdieditions.com\/equilibre-de-vie\/produit\/rythmes-lune-defranoux\/","og_locale":"fr_FR","og_type":"article","og_title":"Rythmes de lune - Laetitia DEFRANOUX - Equilibre de Vie","og_description":"Auteur : Laetitia DEFRANOUX Titre : Rythmes de lune \u00c9diteur : Le Rocher, Jean Paul Bertrand, 1997, collection astrologie \u00c9dition originale (textes violets) Dim. 15,5 x 24 470 pages","og_url":"https:\/\/www.verdieditions.com\/equilibre-de-vie\/produit\/rythmes-lune-defranoux\/","og_site_name":"Equilibre de Vie","article_modified_time":"2023-03-20T05:46:32+00:00","og_image":[{"width":859,"height":1328,"url":"https:\/\/www.verdieditions.com\/equilibre-de-vie\/wp-content\/uploads\/2020\/04\/Astrologie-Rythmes-Lune-Defranoux.jpg","type":"image\/jpeg"}],"twitter_card":"summary_large_image","twitter_misc":{"Dur\u00e9e de lecture estim\u00e9e":"1 minute"},"schema":{"@context":"https:\/\/schema.org","@graph":[{"@type":"WebPage","@id":"https:\/\/www.verdieditions.com\/equilibre-de-vie\/produit\/rythmes-lune-defranoux\/","url":"https:\/\/www.verdieditions.com\/equilibre-de-vie\/produit\/rythmes-lune-defranoux\/","name":"Rythmes de lune - Laetitia DEFRANOUX - Equilibre de Vie","isPartOf":{"@id":"https:\/\/www.verdieditions.com\/equilibre-de-vie\/#website"},"primaryImageOfPage":{"@id":"https:\/\/www.verdieditions.com\/equilibre-de-vie\/produit\/rythmes-lune-defranoux\/#primaryimage"},"image":{"@id":"https:\/\/www.verdieditions.com\/equilibre-de-vie\/produit\/rythmes-lune-defranoux\/#primaryimage"},"thumbnailUrl":"https:\/\/www.verdieditions.com\/equilibre-de-vie\/wp-content\/uploads\/2020\/04\/Astrologie-Rythmes-Lune-Defranoux.jpg","datePublished":"2020-04-26T12:28:46+00:00","dateModified":"2023-03-20T05:46:32+00:00","description":"Auteur : Laetitia DEFRANOUX Titre : Rythmes de lune \u00c9diteur : Le Rocher, Jean Paul Bertrand, 1997, collection astrologie \u00c9dition originale (textes violets) Dim. 15,5 x 24 470 pages","breadcrumb":{"@id":"https:\/\/www.verdieditions.com\/equilibre-de-vie\/produit\/rythmes-lune-defranoux\/#breadcrumb"},"inLanguage":"fr-FR","potentialAction":[{"@type":"ReadAction","target":["https:\/\/www.verdieditions.com\/equilibre-de-vie\/produit\/rythmes-lune-defranoux\/"]}]},{"@type":"ImageObject","inLanguage":"fr-FR","@id":"https:\/\/www.verdieditions.com\/equilibre-de-vie\/produit\/rythmes-lune-defranoux\/#primaryimage","url":"https:\/\/www.verdieditions.com\/equilibre-de-vie\/wp-content\/uploads\/2020\/04\/Astrologie-Rythmes-Lune-Defranoux.jpg","contentUrl":"https:\/\/www.verdieditions.com\/equilibre-de-vie\/wp-content\/uploads\/2020\/04\/Astrologie-Rythmes-Lune-Defranoux.jpg","width":859,"height":1328,"caption":"Astrologie-Rythmes-Lune-Defranoux"},{"@type":"BreadcrumbList","@id":"https:\/\/www.verdieditions.com\/equilibre-de-vie\/produit\/rythmes-lune-defranoux\/#breadcrumb","itemListElement":[{"@type":"ListItem","position":1,"name":"Accueil","item":"https:\/\/www.verdieditions.com\/equilibre-de-vie\/"},{"@type":"ListItem","position":2,"name":"La boutique","item":"https:\/\/www.verdieditions.com\/equilibre-de-vie\/boutique\/"},{"@type":"ListItem","position":3,"name":"Rythmes de lune &#8211; Laetitia DEFRANOUX"}]},{"@type":"WebSite","@id":"https:\/\/www.verdieditions.com\/equilibre-de-vie\/#website","url":"https:\/\/www.verdieditions.com\/equilibre-de-vie\/","name":"Equilibre de Vie","description":"Ma boutique livres sant\u00e9, \u00e9sot\u00e9risme et d\u00e9veloppement personnel","publisher":{"@id":"https:\/\/www.verdieditions.com\/equilibre-de-vie\/#\/schema\/person\/9dcb2a6759f2f5fbf43ac0b44649cecb"},"potentialAction":[{"@type":"SearchAction","target":{"@type":"EntryPoint","urlTemplate":"https:\/\/www.verdieditions.com\/equilibre-de-vie\/?s={search_term_string}"},"query-input":{"@type":"PropertyValueSpecification","valueRequired":true,"valueName":"search_term_string"}}],"inLanguage":"fr-FR"},{"@type":["Person","Organization"],"@id":"https:\/\/www.verdieditions.com\/equilibre-de-vie\/#\/schema\/person\/9dcb2a6759f2f5fbf43ac0b44649cecb","name":"Sylvie VERDI","image":{"@type":"ImageObject","inLanguage":"fr-FR","@id":"https:\/\/www.verdieditions.com\/equilibre-de-vie\/wp-content\/uploads\/2020\/04\/livres-occasion-sante-esoterisme-developpement-personnel-2.jpg","url":"https:\/\/www.verdieditions.com\/equilibre-de-vie\/wp-content\/uploads\/2020\/04\/livres-occasion-sante-esoterisme-developpement-personnel-2.jpg","contentUrl":"https:\/\/www.verdieditions.com\/equilibre-de-vie\/wp-content\/uploads\/2020\/04\/livres-occasion-sante-esoterisme-developpement-personnel-2.jpg","width":800,"height":572,"caption":"Sylvie VERDI"},"logo":{"@id":"https:\/\/www.verdieditions.com\/equilibre-de-vie\/wp-content\/uploads\/2020\/04\/livres-occasion-sante-esoterisme-developpement-personnel-2.jpg"},"sameAs":["https:\/\/www.verdieditions.com\/equilibre-de-vie"]}]}},"_links":{"self":[{"href":"https:\/\/www.verdieditions.com\/equilibre-de-vie\/wp-json\/wp\/v2\/product\/714","targetHints":{"allow":["GET"]}}],"collection":[{"href":"https:\/\/www.verdieditions.com\/equilibre-de-vie\/wp-json\/wp\/v2\/product"}],"about":[{"href":"https:\/\/www.verdieditions.com\/equilibre-de-vie\/wp-json\/wp\/v2\/types\/product"}],"wp:featuredmedia":[{"embeddable":true,"href":"https:\/\/www.verdieditions.com\/equilibre-de-vie\/wp-json\/wp\/v2\/media\/715"}],"wp:attachment":[{"href":"https:\/\/www.verdieditions.com\/equilibre-de-vie\/wp-json\/wp\/v2\/media?parent=714"}],"wp:term":[{"taxonomy":"product_brand","embeddable":true,"href":"https:\/\/www.verdieditions.com\/equilibre-de-vie\/wp-json\/wp\/v2\/product_brand?post=714"},{"taxonomy":"product_cat","embeddable":true,"href":"https:\/\/www.verdieditions.com\/equilibre-de-vie\/wp-json\/wp\/v2\/product_cat?post=714"},{"taxonomy":"product_tag","embeddable":true,"href":"https:\/\/www.verdieditions.com\/equilibre-de-vie\/wp-json\/wp\/v2\/product_tag?post=714"}],"curies":[{"name":"wp","href":"https:\/\/api.w.org\/{rel}","templated":true}]}}