{"id":699,"date":"2020-04-26T13:42:09","date_gmt":"2020-04-26T11:42:09","guid":{"rendered":"https:\/\/www.verdieditions.com\/equilibre-de-vie\/?post_type=product&#038;p=699"},"modified":"2024-02-07T16:21:26","modified_gmt":"2024-02-07T15:21:26","slug":"acouphenes-debarrasser-definitivement-lefevre","status":"publish","type":"product","link":"https:\/\/www.verdieditions.com\/equilibre-de-vie\/produit\/acouphenes-debarrasser-definitivement-lefevre\/","title":{"rendered":"Acouph\u00e8nes, s&rsquo;en d\u00e9barrasser d\u00e9finitivement &#8211; Cl\u00e9mence LEF\u00c8VRE"},"content":{"rendered":"<p>Auteur : Cl\u00e9mence LEF\u00c8VRE<br \/>\nTitre : Acouph\u00e8nes, s&rsquo;en d\u00e9barrasser d\u00e9finitivement, les meilleures m\u00e9thodes pour supprimer ces bruits ind\u00e9licats<br \/>\n\u00c9diteur : Mondadori France, 2012<br \/>\nDim. 13 x 20<br \/>\n184 pages<\/p>\n<p>Les acouph\u00e8nes (bourdonnements, sifflements, bruits r\u00e9p\u00e9titifs, tintements d&rsquo;oreilles, etc.) touchent actuellement plus de 10 % de nos concitoyens. Les graves perturbations caus\u00e9es par cette maladie entra\u00eenent un stress quasi permanent des malades (qui vivent continuellement dans la crainte d&rsquo;une crise), accentu\u00e9 d&rsquo;un \u00e9tat de fatigue (emp\u00eachement de dormir, de se concentrer, de vivre normalement) et de r\u00e9percussions sur le caract\u00e8re avec tout ce que \u00e7a entra\u00eene au niveau des relations familiales, de travail&#8230; C&rsquo;est le cercle vicieux : vivre avec des acouph\u00e8nes est source de stress ; or le stress ne fait qu&#8217;empirer les choses. Pour aller mieux, il est notamment conseill\u00e9 de d\u00e9velopper des techniques de relaxation qui vont vous permettre de vous d\u00e9tendre et de ne plus focaliser sur les bourdonnements et les sifflements. Longtemps dans l&rsquo;expectative et gr\u00e2ce aux m\u00e9thodes naturelles, c&rsquo;est aujourd&rsquo;hui possible de proposer aux malades toute une gamme de solutions efficaces, adapt\u00e9es \u00e0 chaque cas pr\u00e9cis. Avant tout p\u00e9dagogique, ce livre n&rsquo;a qu&rsquo;un but : aider les personnes qui souffrent &#8211; parfois depuis longtemps -, qui sont d\u00e9sorient\u00e9es et qui se croient condamn\u00e9es \u00e0 ne jamais gu\u00e9rir. Les conseils et les explications de Cl\u00e9mence Lef\u00e8vre vont les convaincre \u00e0 engager imm\u00e9diatement le combat contre cette maladie, qui aujourd&rsquo;hui n&rsquo;a plus rien d&rsquo;irr\u00e9m\u00e9diable.<\/p>\n","protected":false},"excerpt":{"rendered":"<p>Auteur : Cl\u00e9mence LEF\u00c8VRE<br \/>\nTitre : Acouph\u00e8nes, s&rsquo;en d\u00e9barrasser d\u00e9finitivement, les meilleures m\u00e9thodes pour supprimer ces bruits ind\u00e9licats<br \/>\n\u00c9diteur : Mondadori France, 2012<br \/>\nDim. 13 x 20<br \/>\n184 pages<\/p>\n","protected":false},"featured_media":700,"template":"","meta":[],"product_brand":[],"product_cat":[21],"product_tag":[24,73,74,100,118,140,149,152],"class_list":{"0":"post-699","1":"product","2":"type-product","3":"status-publish","4":"has-post-thumbnail","6":"product_cat-sante","7":"product_tag-acouphenes","8":"product_tag-guerir","9":"product_tag-guerison","10":"product_tag-medecine-naturelle","11":"product_tag-pensee-positive","12":"product_tag-relaxation","13":"product_tag-soigner","14":"product_tag-sophrologie","16":"first","17":"instock","18":"shipping-taxable","19":"product-type-simple"},"yoast_head":"<!-- This site is optimized with the Yoast SEO plugin v27.4 - https:\/\/yoast.com\/product\/yoast-seo-wordpress\/ -->\n<title>Acouph\u00e8nes, s&#039;en d\u00e9barrasser d\u00e9finitivement - Cl\u00e9mence LEF\u00c8VRE - Equilibre de Vie<\/title>\n<meta name=\"description\" content=\"Auteur : Cl\u00e9mence LEF\u00c8VRE Titre : Acouph\u00e8nes, s\u2019en d\u00e9barrasser d\u00e9finitivement, les meilleures m\u00e9thodes pour supprimer ces bruits ind\u00e9licats \u00c9diteur : Mondadori France, 2012 Dim. 13 x 20 184 pages\" \/>\n<meta name=\"robots\" content=\"index, follow, max-snippet:-1, max-image-preview:large, max-video-preview:-1\" \/>\n<link rel=\"canonical\" href=\"https:\/\/www.verdieditions.com\/equilibre-de-vie\/produit\/acouphenes-debarrasser-definitivement-lefevre\/\" \/>\n<meta property=\"og:locale\" content=\"fr_FR\" \/>\n<meta property=\"og:type\" content=\"article\" \/>\n<meta property=\"og:title\" content=\"Acouph\u00e8nes, s&#039;en d\u00e9barrasser d\u00e9finitivement - Cl\u00e9mence LEF\u00c8VRE - Equilibre de Vie\" \/>\n<meta property=\"og:description\" content=\"Auteur : Cl\u00e9mence LEF\u00c8VRE Titre : Acouph\u00e8nes, s\u2019en d\u00e9barrasser d\u00e9finitivement, les meilleures m\u00e9thodes pour supprimer ces bruits ind\u00e9licats \u00c9diteur : Mondadori France, 2012 Dim. 13 x 20 184 pages\" \/>\n<meta property=\"og:url\" content=\"https:\/\/www.verdieditions.com\/equilibre-de-vie\/produit\/acouphenes-debarrasser-definitivement-lefevre\/\" \/>\n<meta property=\"og:site_name\" content=\"Equilibre de Vie\" \/>\n<meta property=\"article:modified_time\" content=\"2024-02-07T15:21:26+00:00\" \/>\n<meta property=\"og:image\" content=\"https:\/\/www.verdieditions.com\/equilibre-de-vie\/wp-content\/uploads\/2020\/04\/Acouphenes-debarrasser-Lefevre.jpg\" \/>\n\t<meta property=\"og:image:width\" content=\"741\" \/>\n\t<meta property=\"og:image:height\" content=\"1100\" \/>\n\t<meta property=\"og:image:type\" content=\"image\/jpeg\" \/>\n<meta name=\"twitter:card\" content=\"summary_large_image\" \/>\n<meta name=\"twitter:label1\" content=\"Dur\u00e9e de lecture estim\u00e9e\" \/>\n\t<meta name=\"twitter:data1\" content=\"1 minute\" \/>\n<script type=\"application\/ld+json\" class=\"yoast-schema-graph\">{\"@context\":\"https:\\\/\\\/schema.org\",\"@graph\":[{\"@type\":\"WebPage\",\"@id\":\"https:\\\/\\\/www.verdieditions.com\\\/equilibre-de-vie\\\/produit\\\/acouphenes-debarrasser-definitivement-lefevre\\\/\",\"url\":\"https:\\\/\\\/www.verdieditions.com\\\/equilibre-de-vie\\\/produit\\\/acouphenes-debarrasser-definitivement-lefevre\\\/\",\"name\":\"Acouph\u00e8nes, s'en d\u00e9barrasser d\u00e9finitivement - Cl\u00e9mence LEF\u00c8VRE - Equilibre de Vie\",\"isPartOf\":{\"@id\":\"https:\\\/\\\/www.verdieditions.com\\\/equilibre-de-vie\\\/#website\"},\"primaryImageOfPage\":{\"@id\":\"https:\\\/\\\/www.verdieditions.com\\\/equilibre-de-vie\\\/produit\\\/acouphenes-debarrasser-definitivement-lefevre\\\/#primaryimage\"},\"image\":{\"@id\":\"https:\\\/\\\/www.verdieditions.com\\\/equilibre-de-vie\\\/produit\\\/acouphenes-debarrasser-definitivement-lefevre\\\/#primaryimage\"},\"thumbnailUrl\":\"https:\\\/\\\/www.verdieditions.com\\\/equilibre-de-vie\\\/wp-content\\\/uploads\\\/2020\\\/04\\\/Acouphenes-debarrasser-Lefevre.jpg\",\"datePublished\":\"2020-04-26T11:42:09+00:00\",\"dateModified\":\"2024-02-07T15:21:26+00:00\",\"description\":\"Auteur : Cl\u00e9mence LEF\u00c8VRE Titre : Acouph\u00e8nes, s\u2019en d\u00e9barrasser d\u00e9finitivement, les meilleures m\u00e9thodes pour supprimer ces bruits ind\u00e9licats \u00c9diteur : Mondadori France, 2012 Dim. 13 x 20 184 pages\",\"breadcrumb\":{\"@id\":\"https:\\\/\\\/www.verdieditions.com\\\/equilibre-de-vie\\\/produit\\\/acouphenes-debarrasser-definitivement-lefevre\\\/#breadcrumb\"},\"inLanguage\":\"fr-FR\",\"potentialAction\":[{\"@type\":\"ReadAction\",\"target\":[\"https:\\\/\\\/www.verdieditions.com\\\/equilibre-de-vie\\\/produit\\\/acouphenes-debarrasser-definitivement-lefevre\\\/\"]}]},{\"@type\":\"ImageObject\",\"inLanguage\":\"fr-FR\",\"@id\":\"https:\\\/\\\/www.verdieditions.com\\\/equilibre-de-vie\\\/produit\\\/acouphenes-debarrasser-definitivement-lefevre\\\/#primaryimage\",\"url\":\"https:\\\/\\\/www.verdieditions.com\\\/equilibre-de-vie\\\/wp-content\\\/uploads\\\/2020\\\/04\\\/Acouphenes-debarrasser-Lefevre.jpg\",\"contentUrl\":\"https:\\\/\\\/www.verdieditions.com\\\/equilibre-de-vie\\\/wp-content\\\/uploads\\\/2020\\\/04\\\/Acouphenes-debarrasser-Lefevre.jpg\",\"width\":741,\"height\":1100,\"caption\":\"Acouphenes-debarrasser-Lefevre\"},{\"@type\":\"BreadcrumbList\",\"@id\":\"https:\\\/\\\/www.verdieditions.com\\\/equilibre-de-vie\\\/produit\\\/acouphenes-debarrasser-definitivement-lefevre\\\/#breadcrumb\",\"itemListElement\":[{\"@type\":\"ListItem\",\"position\":1,\"name\":\"Accueil\",\"item\":\"https:\\\/\\\/www.verdieditions.com\\\/equilibre-de-vie\\\/\"},{\"@type\":\"ListItem\",\"position\":2,\"name\":\"La boutique\",\"item\":\"https:\\\/\\\/www.verdieditions.com\\\/equilibre-de-vie\\\/boutique\\\/\"},{\"@type\":\"ListItem\",\"position\":3,\"name\":\"Acouph\u00e8nes, s&#8217;en d\u00e9barrasser d\u00e9finitivement &#8211; Cl\u00e9mence LEF\u00c8VRE\"}]},{\"@type\":\"WebSite\",\"@id\":\"https:\\\/\\\/www.verdieditions.com\\\/equilibre-de-vie\\\/#website\",\"url\":\"https:\\\/\\\/www.verdieditions.com\\\/equilibre-de-vie\\\/\",\"name\":\"Equilibre de Vie\",\"description\":\"Ma boutique livres sant\u00e9, \u00e9sot\u00e9risme et d\u00e9veloppement personnel\",\"publisher\":{\"@id\":\"https:\\\/\\\/www.verdieditions.com\\\/equilibre-de-vie\\\/#\\\/schema\\\/person\\\/9dcb2a6759f2f5fbf43ac0b44649cecb\"},\"potentialAction\":[{\"@type\":\"SearchAction\",\"target\":{\"@type\":\"EntryPoint\",\"urlTemplate\":\"https:\\\/\\\/www.verdieditions.com\\\/equilibre-de-vie\\\/?s={search_term_string}\"},\"query-input\":{\"@type\":\"PropertyValueSpecification\",\"valueRequired\":true,\"valueName\":\"search_term_string\"}}],\"inLanguage\":\"fr-FR\"},{\"@type\":[\"Person\",\"Organization\"],\"@id\":\"https:\\\/\\\/www.verdieditions.com\\\/equilibre-de-vie\\\/#\\\/schema\\\/person\\\/9dcb2a6759f2f5fbf43ac0b44649cecb\",\"name\":\"Sylvie VERDI\",\"image\":{\"@type\":\"ImageObject\",\"inLanguage\":\"fr-FR\",\"@id\":\"https:\\\/\\\/www.verdieditions.com\\\/equilibre-de-vie\\\/wp-content\\\/uploads\\\/2020\\\/04\\\/livres-occasion-sante-esoterisme-developpement-personnel-2.jpg\",\"url\":\"https:\\\/\\\/www.verdieditions.com\\\/equilibre-de-vie\\\/wp-content\\\/uploads\\\/2020\\\/04\\\/livres-occasion-sante-esoterisme-developpement-personnel-2.jpg\",\"contentUrl\":\"https:\\\/\\\/www.verdieditions.com\\\/equilibre-de-vie\\\/wp-content\\\/uploads\\\/2020\\\/04\\\/livres-occasion-sante-esoterisme-developpement-personnel-2.jpg\",\"width\":800,\"height\":572,\"caption\":\"Sylvie VERDI\"},\"logo\":{\"@id\":\"https:\\\/\\\/www.verdieditions.com\\\/equilibre-de-vie\\\/wp-content\\\/uploads\\\/2020\\\/04\\\/livres-occasion-sante-esoterisme-developpement-personnel-2.jpg\"},\"sameAs\":[\"https:\\\/\\\/www.verdieditions.com\\\/equilibre-de-vie\"]}]}<\/script>\n<!-- \/ Yoast SEO plugin. -->","yoast_head_json":{"title":"Acouph\u00e8nes, s'en d\u00e9barrasser d\u00e9finitivement - Cl\u00e9mence LEF\u00c8VRE - Equilibre de Vie","description":"Auteur : Cl\u00e9mence LEF\u00c8VRE Titre : Acouph\u00e8nes, s\u2019en d\u00e9barrasser d\u00e9finitivement, les meilleures m\u00e9thodes pour supprimer ces bruits ind\u00e9licats \u00c9diteur : Mondadori France, 2012 Dim. 13 x 20 184 pages","robots":{"index":"index","follow":"follow","max-snippet":"max-snippet:-1","max-image-preview":"max-image-preview:large","max-video-preview":"max-video-preview:-1"},"canonical":"https:\/\/www.verdieditions.com\/equilibre-de-vie\/produit\/acouphenes-debarrasser-definitivement-lefevre\/","og_locale":"fr_FR","og_type":"article","og_title":"Acouph\u00e8nes, s'en d\u00e9barrasser d\u00e9finitivement - Cl\u00e9mence LEF\u00c8VRE - Equilibre de Vie","og_description":"Auteur : Cl\u00e9mence LEF\u00c8VRE Titre : Acouph\u00e8nes, s\u2019en d\u00e9barrasser d\u00e9finitivement, les meilleures m\u00e9thodes pour supprimer ces bruits ind\u00e9licats \u00c9diteur : Mondadori France, 2012 Dim. 13 x 20 184 pages","og_url":"https:\/\/www.verdieditions.com\/equilibre-de-vie\/produit\/acouphenes-debarrasser-definitivement-lefevre\/","og_site_name":"Equilibre de Vie","article_modified_time":"2024-02-07T15:21:26+00:00","og_image":[{"width":741,"height":1100,"url":"https:\/\/www.verdieditions.com\/equilibre-de-vie\/wp-content\/uploads\/2020\/04\/Acouphenes-debarrasser-Lefevre.jpg","type":"image\/jpeg"}],"twitter_card":"summary_large_image","twitter_misc":{"Dur\u00e9e de lecture estim\u00e9e":"1 minute"},"schema":{"@context":"https:\/\/schema.org","@graph":[{"@type":"WebPage","@id":"https:\/\/www.verdieditions.com\/equilibre-de-vie\/produit\/acouphenes-debarrasser-definitivement-lefevre\/","url":"https:\/\/www.verdieditions.com\/equilibre-de-vie\/produit\/acouphenes-debarrasser-definitivement-lefevre\/","name":"Acouph\u00e8nes, s'en d\u00e9barrasser d\u00e9finitivement - Cl\u00e9mence LEF\u00c8VRE - Equilibre de Vie","isPartOf":{"@id":"https:\/\/www.verdieditions.com\/equilibre-de-vie\/#website"},"primaryImageOfPage":{"@id":"https:\/\/www.verdieditions.com\/equilibre-de-vie\/produit\/acouphenes-debarrasser-definitivement-lefevre\/#primaryimage"},"image":{"@id":"https:\/\/www.verdieditions.com\/equilibre-de-vie\/produit\/acouphenes-debarrasser-definitivement-lefevre\/#primaryimage"},"thumbnailUrl":"https:\/\/www.verdieditions.com\/equilibre-de-vie\/wp-content\/uploads\/2020\/04\/Acouphenes-debarrasser-Lefevre.jpg","datePublished":"2020-04-26T11:42:09+00:00","dateModified":"2024-02-07T15:21:26+00:00","description":"Auteur : Cl\u00e9mence LEF\u00c8VRE Titre : Acouph\u00e8nes, s\u2019en d\u00e9barrasser d\u00e9finitivement, les meilleures m\u00e9thodes pour supprimer ces bruits ind\u00e9licats \u00c9diteur : Mondadori France, 2012 Dim. 13 x 20 184 pages","breadcrumb":{"@id":"https:\/\/www.verdieditions.com\/equilibre-de-vie\/produit\/acouphenes-debarrasser-definitivement-lefevre\/#breadcrumb"},"inLanguage":"fr-FR","potentialAction":[{"@type":"ReadAction","target":["https:\/\/www.verdieditions.com\/equilibre-de-vie\/produit\/acouphenes-debarrasser-definitivement-lefevre\/"]}]},{"@type":"ImageObject","inLanguage":"fr-FR","@id":"https:\/\/www.verdieditions.com\/equilibre-de-vie\/produit\/acouphenes-debarrasser-definitivement-lefevre\/#primaryimage","url":"https:\/\/www.verdieditions.com\/equilibre-de-vie\/wp-content\/uploads\/2020\/04\/Acouphenes-debarrasser-Lefevre.jpg","contentUrl":"https:\/\/www.verdieditions.com\/equilibre-de-vie\/wp-content\/uploads\/2020\/04\/Acouphenes-debarrasser-Lefevre.jpg","width":741,"height":1100,"caption":"Acouphenes-debarrasser-Lefevre"},{"@type":"BreadcrumbList","@id":"https:\/\/www.verdieditions.com\/equilibre-de-vie\/produit\/acouphenes-debarrasser-definitivement-lefevre\/#breadcrumb","itemListElement":[{"@type":"ListItem","position":1,"name":"Accueil","item":"https:\/\/www.verdieditions.com\/equilibre-de-vie\/"},{"@type":"ListItem","position":2,"name":"La boutique","item":"https:\/\/www.verdieditions.com\/equilibre-de-vie\/boutique\/"},{"@type":"ListItem","position":3,"name":"Acouph\u00e8nes, s&#8217;en d\u00e9barrasser d\u00e9finitivement &#8211; Cl\u00e9mence LEF\u00c8VRE"}]},{"@type":"WebSite","@id":"https:\/\/www.verdieditions.com\/equilibre-de-vie\/#website","url":"https:\/\/www.verdieditions.com\/equilibre-de-vie\/","name":"Equilibre de Vie","description":"Ma boutique livres sant\u00e9, \u00e9sot\u00e9risme et d\u00e9veloppement personnel","publisher":{"@id":"https:\/\/www.verdieditions.com\/equilibre-de-vie\/#\/schema\/person\/9dcb2a6759f2f5fbf43ac0b44649cecb"},"potentialAction":[{"@type":"SearchAction","target":{"@type":"EntryPoint","urlTemplate":"https:\/\/www.verdieditions.com\/equilibre-de-vie\/?s={search_term_string}"},"query-input":{"@type":"PropertyValueSpecification","valueRequired":true,"valueName":"search_term_string"}}],"inLanguage":"fr-FR"},{"@type":["Person","Organization"],"@id":"https:\/\/www.verdieditions.com\/equilibre-de-vie\/#\/schema\/person\/9dcb2a6759f2f5fbf43ac0b44649cecb","name":"Sylvie VERDI","image":{"@type":"ImageObject","inLanguage":"fr-FR","@id":"https:\/\/www.verdieditions.com\/equilibre-de-vie\/wp-content\/uploads\/2020\/04\/livres-occasion-sante-esoterisme-developpement-personnel-2.jpg","url":"https:\/\/www.verdieditions.com\/equilibre-de-vie\/wp-content\/uploads\/2020\/04\/livres-occasion-sante-esoterisme-developpement-personnel-2.jpg","contentUrl":"https:\/\/www.verdieditions.com\/equilibre-de-vie\/wp-content\/uploads\/2020\/04\/livres-occasion-sante-esoterisme-developpement-personnel-2.jpg","width":800,"height":572,"caption":"Sylvie VERDI"},"logo":{"@id":"https:\/\/www.verdieditions.com\/equilibre-de-vie\/wp-content\/uploads\/2020\/04\/livres-occasion-sante-esoterisme-developpement-personnel-2.jpg"},"sameAs":["https:\/\/www.verdieditions.com\/equilibre-de-vie"]}]}},"_links":{"self":[{"href":"https:\/\/www.verdieditions.com\/equilibre-de-vie\/wp-json\/wp\/v2\/product\/699","targetHints":{"allow":["GET"]}}],"collection":[{"href":"https:\/\/www.verdieditions.com\/equilibre-de-vie\/wp-json\/wp\/v2\/product"}],"about":[{"href":"https:\/\/www.verdieditions.com\/equilibre-de-vie\/wp-json\/wp\/v2\/types\/product"}],"wp:featuredmedia":[{"embeddable":true,"href":"https:\/\/www.verdieditions.com\/equilibre-de-vie\/wp-json\/wp\/v2\/media\/700"}],"wp:attachment":[{"href":"https:\/\/www.verdieditions.com\/equilibre-de-vie\/wp-json\/wp\/v2\/media?parent=699"}],"wp:term":[{"taxonomy":"product_brand","embeddable":true,"href":"https:\/\/www.verdieditions.com\/equilibre-de-vie\/wp-json\/wp\/v2\/product_brand?post=699"},{"taxonomy":"product_cat","embeddable":true,"href":"https:\/\/www.verdieditions.com\/equilibre-de-vie\/wp-json\/wp\/v2\/product_cat?post=699"},{"taxonomy":"product_tag","embeddable":true,"href":"https:\/\/www.verdieditions.com\/equilibre-de-vie\/wp-json\/wp\/v2\/product_tag?post=699"}],"curies":[{"name":"wp","href":"https:\/\/api.w.org\/{rel}","templated":true}]}}