{"id":603,"date":"2020-04-25T15:55:42","date_gmt":"2020-04-25T13:55:42","guid":{"rendered":"https:\/\/www.verdieditions.com\/equilibre-de-vie\/?post_type=product&#038;p=603"},"modified":"2024-02-07T15:19:05","modified_gmt":"2024-02-07T14:19:05","slug":"peur-autres-andre-legeron","status":"publish","type":"product","link":"https:\/\/www.verdieditions.com\/equilibre-de-vie\/produit\/peur-autres-andre-legeron\/","title":{"rendered":"La peur des autres &#8211; Christophe ANDR\u00c9 &#8211; Patrick L\u00c9GERON"},"content":{"rendered":"<p>Auteur : Christophe ANDR\u00c9 &#8211; Patrick L\u00c9GERON<br \/>\nTitre : La peur des autres, trac, timidit\u00e9 et phobie sociale<br \/>\n\u00c9diteur : Odile Jacob, 1995, Psychologie<br \/>\nDim. 14,5 x 22<br \/>\n272 pages<\/p>\n","protected":false},"excerpt":{"rendered":"<p>Auteur : Christophe ANDR\u00c9 &#8211; Patrick L\u00c9GERON<br \/>\nTitre : La peur des autres, trac, timidit\u00e9 et phobie sociale<br \/>\n\u00c9diteur : Odile Jacob, 1995, Psychologie<br \/>\nDim. 14,5 x 22<br \/>\n272 pages<\/p>\n","protected":false},"featured_media":604,"template":"","meta":[],"product_brand":[],"product_cat":[22],"product_tag":[119,121,122,135,139,169],"class_list":{"0":"post-603","1":"product","2":"type-product","3":"status-publish","4":"has-post-thumbnail","6":"product_cat-developpement-personnel","7":"product_tag-peur","8":"product_tag-phobie","9":"product_tag-phobie-sociale","10":"product_tag-psychologie","11":"product_tag-relations-humaines","12":"product_tag-travail","14":"first","15":"instock","16":"shipping-taxable","17":"product-type-simple"},"yoast_head":"<!-- This site is optimized with the Yoast SEO plugin v27.4 - https:\/\/yoast.com\/product\/yoast-seo-wordpress\/ -->\n<title>La peur des autres - Christophe ANDR\u00c9 - Patrick L\u00c9GERON - Equilibre de Vie<\/title>\n<meta name=\"description\" content=\"Auteur : Christophe ANDR\u00c9 \u2013 Patrick L\u00c9GERON Titre : La peur des autres, trac, timidit\u00e9 et phobie sociale \u00c9diteur : Odile Jacob, 1995, Psychologie Dim. 14,5 x 22 272 pages\" \/>\n<meta name=\"robots\" content=\"index, follow, max-snippet:-1, max-image-preview:large, max-video-preview:-1\" \/>\n<link rel=\"canonical\" href=\"https:\/\/www.verdieditions.com\/equilibre-de-vie\/produit\/peur-autres-andre-legeron\/\" \/>\n<meta property=\"og:locale\" content=\"fr_FR\" \/>\n<meta property=\"og:type\" content=\"article\" \/>\n<meta property=\"og:title\" content=\"La peur des autres - Christophe ANDR\u00c9 - Patrick L\u00c9GERON - Equilibre de Vie\" \/>\n<meta property=\"og:description\" content=\"Auteur : Christophe ANDR\u00c9 \u2013 Patrick L\u00c9GERON Titre : La peur des autres, trac, timidit\u00e9 et phobie sociale \u00c9diteur : Odile Jacob, 1995, Psychologie Dim. 14,5 x 22 272 pages\" \/>\n<meta property=\"og:url\" content=\"https:\/\/www.verdieditions.com\/equilibre-de-vie\/produit\/peur-autres-andre-legeron\/\" \/>\n<meta property=\"og:site_name\" content=\"Equilibre de Vie\" \/>\n<meta property=\"article:modified_time\" content=\"2024-02-07T14:19:05+00:00\" \/>\n<meta property=\"og:image\" content=\"https:\/\/www.verdieditions.com\/equilibre-de-vie\/wp-content\/uploads\/2020\/04\/peur-autres-timidite-phobie-sociale-andre-legeron.jpg\" \/>\n\t<meta property=\"og:image:width\" content=\"759\" \/>\n\t<meta property=\"og:image:height\" content=\"1122\" \/>\n\t<meta property=\"og:image:type\" content=\"image\/jpeg\" \/>\n<meta name=\"twitter:card\" content=\"summary_large_image\" \/>\n<script type=\"application\/ld+json\" class=\"yoast-schema-graph\">{\"@context\":\"https:\\\/\\\/schema.org\",\"@graph\":[{\"@type\":\"WebPage\",\"@id\":\"https:\\\/\\\/www.verdieditions.com\\\/equilibre-de-vie\\\/produit\\\/peur-autres-andre-legeron\\\/\",\"url\":\"https:\\\/\\\/www.verdieditions.com\\\/equilibre-de-vie\\\/produit\\\/peur-autres-andre-legeron\\\/\",\"name\":\"La peur des autres - Christophe ANDR\u00c9 - Patrick L\u00c9GERON - Equilibre de Vie\",\"isPartOf\":{\"@id\":\"https:\\\/\\\/www.verdieditions.com\\\/equilibre-de-vie\\\/#website\"},\"primaryImageOfPage\":{\"@id\":\"https:\\\/\\\/www.verdieditions.com\\\/equilibre-de-vie\\\/produit\\\/peur-autres-andre-legeron\\\/#primaryimage\"},\"image\":{\"@id\":\"https:\\\/\\\/www.verdieditions.com\\\/equilibre-de-vie\\\/produit\\\/peur-autres-andre-legeron\\\/#primaryimage\"},\"thumbnailUrl\":\"https:\\\/\\\/www.verdieditions.com\\\/equilibre-de-vie\\\/wp-content\\\/uploads\\\/2020\\\/04\\\/peur-autres-timidite-phobie-sociale-andre-legeron.jpg\",\"datePublished\":\"2020-04-25T13:55:42+00:00\",\"dateModified\":\"2024-02-07T14:19:05+00:00\",\"description\":\"Auteur : Christophe ANDR\u00c9 \u2013 Patrick L\u00c9GERON Titre : La peur des autres, trac, timidit\u00e9 et phobie sociale \u00c9diteur : Odile Jacob, 1995, Psychologie Dim. 14,5 x 22 272 pages\",\"breadcrumb\":{\"@id\":\"https:\\\/\\\/www.verdieditions.com\\\/equilibre-de-vie\\\/produit\\\/peur-autres-andre-legeron\\\/#breadcrumb\"},\"inLanguage\":\"fr-FR\",\"potentialAction\":[{\"@type\":\"ReadAction\",\"target\":[\"https:\\\/\\\/www.verdieditions.com\\\/equilibre-de-vie\\\/produit\\\/peur-autres-andre-legeron\\\/\"]}]},{\"@type\":\"ImageObject\",\"inLanguage\":\"fr-FR\",\"@id\":\"https:\\\/\\\/www.verdieditions.com\\\/equilibre-de-vie\\\/produit\\\/peur-autres-andre-legeron\\\/#primaryimage\",\"url\":\"https:\\\/\\\/www.verdieditions.com\\\/equilibre-de-vie\\\/wp-content\\\/uploads\\\/2020\\\/04\\\/peur-autres-timidite-phobie-sociale-andre-legeron.jpg\",\"contentUrl\":\"https:\\\/\\\/www.verdieditions.com\\\/equilibre-de-vie\\\/wp-content\\\/uploads\\\/2020\\\/04\\\/peur-autres-timidite-phobie-sociale-andre-legeron.jpg\",\"width\":759,\"height\":1122,\"caption\":\"peur-autres-timidite-phobie-sociale-andre-legeron\"},{\"@type\":\"BreadcrumbList\",\"@id\":\"https:\\\/\\\/www.verdieditions.com\\\/equilibre-de-vie\\\/produit\\\/peur-autres-andre-legeron\\\/#breadcrumb\",\"itemListElement\":[{\"@type\":\"ListItem\",\"position\":1,\"name\":\"Accueil\",\"item\":\"https:\\\/\\\/www.verdieditions.com\\\/equilibre-de-vie\\\/\"},{\"@type\":\"ListItem\",\"position\":2,\"name\":\"La boutique\",\"item\":\"https:\\\/\\\/www.verdieditions.com\\\/equilibre-de-vie\\\/boutique\\\/\"},{\"@type\":\"ListItem\",\"position\":3,\"name\":\"La peur des autres &#8211; Christophe ANDR\u00c9 &#8211; Patrick L\u00c9GERON\"}]},{\"@type\":\"WebSite\",\"@id\":\"https:\\\/\\\/www.verdieditions.com\\\/equilibre-de-vie\\\/#website\",\"url\":\"https:\\\/\\\/www.verdieditions.com\\\/equilibre-de-vie\\\/\",\"name\":\"Equilibre de Vie\",\"description\":\"Ma boutique livres sant\u00e9, \u00e9sot\u00e9risme et d\u00e9veloppement personnel\",\"publisher\":{\"@id\":\"https:\\\/\\\/www.verdieditions.com\\\/equilibre-de-vie\\\/#\\\/schema\\\/person\\\/9dcb2a6759f2f5fbf43ac0b44649cecb\"},\"potentialAction\":[{\"@type\":\"SearchAction\",\"target\":{\"@type\":\"EntryPoint\",\"urlTemplate\":\"https:\\\/\\\/www.verdieditions.com\\\/equilibre-de-vie\\\/?s={search_term_string}\"},\"query-input\":{\"@type\":\"PropertyValueSpecification\",\"valueRequired\":true,\"valueName\":\"search_term_string\"}}],\"inLanguage\":\"fr-FR\"},{\"@type\":[\"Person\",\"Organization\"],\"@id\":\"https:\\\/\\\/www.verdieditions.com\\\/equilibre-de-vie\\\/#\\\/schema\\\/person\\\/9dcb2a6759f2f5fbf43ac0b44649cecb\",\"name\":\"Sylvie VERDI\",\"image\":{\"@type\":\"ImageObject\",\"inLanguage\":\"fr-FR\",\"@id\":\"https:\\\/\\\/www.verdieditions.com\\\/equilibre-de-vie\\\/wp-content\\\/uploads\\\/2020\\\/04\\\/livres-occasion-sante-esoterisme-developpement-personnel-2.jpg\",\"url\":\"https:\\\/\\\/www.verdieditions.com\\\/equilibre-de-vie\\\/wp-content\\\/uploads\\\/2020\\\/04\\\/livres-occasion-sante-esoterisme-developpement-personnel-2.jpg\",\"contentUrl\":\"https:\\\/\\\/www.verdieditions.com\\\/equilibre-de-vie\\\/wp-content\\\/uploads\\\/2020\\\/04\\\/livres-occasion-sante-esoterisme-developpement-personnel-2.jpg\",\"width\":800,\"height\":572,\"caption\":\"Sylvie VERDI\"},\"logo\":{\"@id\":\"https:\\\/\\\/www.verdieditions.com\\\/equilibre-de-vie\\\/wp-content\\\/uploads\\\/2020\\\/04\\\/livres-occasion-sante-esoterisme-developpement-personnel-2.jpg\"},\"sameAs\":[\"https:\\\/\\\/www.verdieditions.com\\\/equilibre-de-vie\"]}]}<\/script>\n<!-- \/ Yoast SEO plugin. -->","yoast_head_json":{"title":"La peur des autres - Christophe ANDR\u00c9 - Patrick L\u00c9GERON - Equilibre de Vie","description":"Auteur : Christophe ANDR\u00c9 \u2013 Patrick L\u00c9GERON Titre : La peur des autres, trac, timidit\u00e9 et phobie sociale \u00c9diteur : Odile Jacob, 1995, Psychologie Dim. 14,5 x 22 272 pages","robots":{"index":"index","follow":"follow","max-snippet":"max-snippet:-1","max-image-preview":"max-image-preview:large","max-video-preview":"max-video-preview:-1"},"canonical":"https:\/\/www.verdieditions.com\/equilibre-de-vie\/produit\/peur-autres-andre-legeron\/","og_locale":"fr_FR","og_type":"article","og_title":"La peur des autres - Christophe ANDR\u00c9 - Patrick L\u00c9GERON - Equilibre de Vie","og_description":"Auteur : Christophe ANDR\u00c9 \u2013 Patrick L\u00c9GERON Titre : La peur des autres, trac, timidit\u00e9 et phobie sociale \u00c9diteur : Odile Jacob, 1995, Psychologie Dim. 14,5 x 22 272 pages","og_url":"https:\/\/www.verdieditions.com\/equilibre-de-vie\/produit\/peur-autres-andre-legeron\/","og_site_name":"Equilibre de Vie","article_modified_time":"2024-02-07T14:19:05+00:00","og_image":[{"width":759,"height":1122,"url":"https:\/\/www.verdieditions.com\/equilibre-de-vie\/wp-content\/uploads\/2020\/04\/peur-autres-timidite-phobie-sociale-andre-legeron.jpg","type":"image\/jpeg"}],"twitter_card":"summary_large_image","schema":{"@context":"https:\/\/schema.org","@graph":[{"@type":"WebPage","@id":"https:\/\/www.verdieditions.com\/equilibre-de-vie\/produit\/peur-autres-andre-legeron\/","url":"https:\/\/www.verdieditions.com\/equilibre-de-vie\/produit\/peur-autres-andre-legeron\/","name":"La peur des autres - Christophe ANDR\u00c9 - Patrick L\u00c9GERON - Equilibre de Vie","isPartOf":{"@id":"https:\/\/www.verdieditions.com\/equilibre-de-vie\/#website"},"primaryImageOfPage":{"@id":"https:\/\/www.verdieditions.com\/equilibre-de-vie\/produit\/peur-autres-andre-legeron\/#primaryimage"},"image":{"@id":"https:\/\/www.verdieditions.com\/equilibre-de-vie\/produit\/peur-autres-andre-legeron\/#primaryimage"},"thumbnailUrl":"https:\/\/www.verdieditions.com\/equilibre-de-vie\/wp-content\/uploads\/2020\/04\/peur-autres-timidite-phobie-sociale-andre-legeron.jpg","datePublished":"2020-04-25T13:55:42+00:00","dateModified":"2024-02-07T14:19:05+00:00","description":"Auteur : Christophe ANDR\u00c9 \u2013 Patrick L\u00c9GERON Titre : La peur des autres, trac, timidit\u00e9 et phobie sociale \u00c9diteur : Odile Jacob, 1995, Psychologie Dim. 14,5 x 22 272 pages","breadcrumb":{"@id":"https:\/\/www.verdieditions.com\/equilibre-de-vie\/produit\/peur-autres-andre-legeron\/#breadcrumb"},"inLanguage":"fr-FR","potentialAction":[{"@type":"ReadAction","target":["https:\/\/www.verdieditions.com\/equilibre-de-vie\/produit\/peur-autres-andre-legeron\/"]}]},{"@type":"ImageObject","inLanguage":"fr-FR","@id":"https:\/\/www.verdieditions.com\/equilibre-de-vie\/produit\/peur-autres-andre-legeron\/#primaryimage","url":"https:\/\/www.verdieditions.com\/equilibre-de-vie\/wp-content\/uploads\/2020\/04\/peur-autres-timidite-phobie-sociale-andre-legeron.jpg","contentUrl":"https:\/\/www.verdieditions.com\/equilibre-de-vie\/wp-content\/uploads\/2020\/04\/peur-autres-timidite-phobie-sociale-andre-legeron.jpg","width":759,"height":1122,"caption":"peur-autres-timidite-phobie-sociale-andre-legeron"},{"@type":"BreadcrumbList","@id":"https:\/\/www.verdieditions.com\/equilibre-de-vie\/produit\/peur-autres-andre-legeron\/#breadcrumb","itemListElement":[{"@type":"ListItem","position":1,"name":"Accueil","item":"https:\/\/www.verdieditions.com\/equilibre-de-vie\/"},{"@type":"ListItem","position":2,"name":"La boutique","item":"https:\/\/www.verdieditions.com\/equilibre-de-vie\/boutique\/"},{"@type":"ListItem","position":3,"name":"La peur des autres &#8211; Christophe ANDR\u00c9 &#8211; Patrick L\u00c9GERON"}]},{"@type":"WebSite","@id":"https:\/\/www.verdieditions.com\/equilibre-de-vie\/#website","url":"https:\/\/www.verdieditions.com\/equilibre-de-vie\/","name":"Equilibre de Vie","description":"Ma boutique livres sant\u00e9, \u00e9sot\u00e9risme et d\u00e9veloppement personnel","publisher":{"@id":"https:\/\/www.verdieditions.com\/equilibre-de-vie\/#\/schema\/person\/9dcb2a6759f2f5fbf43ac0b44649cecb"},"potentialAction":[{"@type":"SearchAction","target":{"@type":"EntryPoint","urlTemplate":"https:\/\/www.verdieditions.com\/equilibre-de-vie\/?s={search_term_string}"},"query-input":{"@type":"PropertyValueSpecification","valueRequired":true,"valueName":"search_term_string"}}],"inLanguage":"fr-FR"},{"@type":["Person","Organization"],"@id":"https:\/\/www.verdieditions.com\/equilibre-de-vie\/#\/schema\/person\/9dcb2a6759f2f5fbf43ac0b44649cecb","name":"Sylvie VERDI","image":{"@type":"ImageObject","inLanguage":"fr-FR","@id":"https:\/\/www.verdieditions.com\/equilibre-de-vie\/wp-content\/uploads\/2020\/04\/livres-occasion-sante-esoterisme-developpement-personnel-2.jpg","url":"https:\/\/www.verdieditions.com\/equilibre-de-vie\/wp-content\/uploads\/2020\/04\/livres-occasion-sante-esoterisme-developpement-personnel-2.jpg","contentUrl":"https:\/\/www.verdieditions.com\/equilibre-de-vie\/wp-content\/uploads\/2020\/04\/livres-occasion-sante-esoterisme-developpement-personnel-2.jpg","width":800,"height":572,"caption":"Sylvie VERDI"},"logo":{"@id":"https:\/\/www.verdieditions.com\/equilibre-de-vie\/wp-content\/uploads\/2020\/04\/livres-occasion-sante-esoterisme-developpement-personnel-2.jpg"},"sameAs":["https:\/\/www.verdieditions.com\/equilibre-de-vie"]}]}},"_links":{"self":[{"href":"https:\/\/www.verdieditions.com\/equilibre-de-vie\/wp-json\/wp\/v2\/product\/603","targetHints":{"allow":["GET"]}}],"collection":[{"href":"https:\/\/www.verdieditions.com\/equilibre-de-vie\/wp-json\/wp\/v2\/product"}],"about":[{"href":"https:\/\/www.verdieditions.com\/equilibre-de-vie\/wp-json\/wp\/v2\/types\/product"}],"wp:featuredmedia":[{"embeddable":true,"href":"https:\/\/www.verdieditions.com\/equilibre-de-vie\/wp-json\/wp\/v2\/media\/604"}],"wp:attachment":[{"href":"https:\/\/www.verdieditions.com\/equilibre-de-vie\/wp-json\/wp\/v2\/media?parent=603"}],"wp:term":[{"taxonomy":"product_brand","embeddable":true,"href":"https:\/\/www.verdieditions.com\/equilibre-de-vie\/wp-json\/wp\/v2\/product_brand?post=603"},{"taxonomy":"product_cat","embeddable":true,"href":"https:\/\/www.verdieditions.com\/equilibre-de-vie\/wp-json\/wp\/v2\/product_cat?post=603"},{"taxonomy":"product_tag","embeddable":true,"href":"https:\/\/www.verdieditions.com\/equilibre-de-vie\/wp-json\/wp\/v2\/product_tag?post=603"}],"curies":[{"name":"wp","href":"https:\/\/api.w.org\/{rel}","templated":true}]}}