{"id":283,"date":"2020-04-23T15:07:47","date_gmt":"2020-04-23T13:07:47","guid":{"rendered":"https:\/\/www.verdieditions.com\/equilibre-de-vie\/?post_type=product&#038;p=283"},"modified":"2024-04-05T10:26:15","modified_gmt":"2024-04-05T08:26:15","slug":"gestes-vie-professionnelle-messinger","status":"publish","type":"product","link":"https:\/\/www.verdieditions.com\/equilibre-de-vie\/produit\/gestes-vie-professionnelle-messinger\/","title":{"rendered":"Les gestes de la vie professionnelle &#8211; Joseph MESSINGER"},"content":{"rendered":"<p>Auteur : Joseph MESSINGER<br \/>\nTitre : Les gestes de la vie professionnelle, n\u00e9gociation difficile, r\u00e9union tendue, premier entretien&#8230; Chaque jour, vos gestes vous trahissent. Sachez les d\u00e9crypter dans 800 situations de votre vie professionnelle.<br \/>\n\u00c9diteur : First, 1997, collection Savoir pour agir<br \/>\nEdition originale, \u00e9tat comme neuf<br \/>\nDim. 14,5 x 22,5<br \/>\n398 pages<\/p>\n<p>La fa\u00e7on de se tenir, de bouger une main, de croiser ses jambes &#8230; Montaigne l&rsquo;avait \u00e9crit en son temps : chaque geste nous r\u00e9v\u00e8le. Parfois, c&rsquo;est un rien, un signe, une vague indication. Souvent, c&rsquo;est plus grave, d\u00e9cisif, voire r\u00e9dhibitoire. Dans l&rsquo;atmosph\u00e8re confin\u00e9e et hautement concurrentielle de la vie professionnelle, il devient n\u00e9cessaire de d\u00e9crypter le langage secret des gestes. Pour \u00e9viter d&rsquo;\u00eatre mal compris. Pour mieux deviner ce que cachent vos interlocuteurs. N\u00e9gociation difficile, r\u00e9union tendue, premier entretien ou m\u00eame signes avant-coureurs de harc\u00e8lement sexuel, Joseph Messinger a fait un tour complet de tout ce qu&rsquo;il vous faut conna\u00eetre en mati\u00e8re de gestuelle professionnelle. Il d\u00e9crit 800 situations que vous pouvez rencontrer tous les jours et vous explique comment les interpr\u00e9ter. Indispensable pour une prise de contact professionnelle. N\u00e9cessaire au quotidien.<\/p>\n","protected":false},"excerpt":{"rendered":"<p>Auteur : Joseph MESSINGER<br \/>\nTitre : Les gestes de la vie professionnelle, n\u00e9gociation difficile, r\u00e9union tendue, premier entretien&#8230; Chaque jour, vos gestes vous trahissent. Sachez les d\u00e9crypter dans 800 situations de votre vie professionnelle.<br \/>\n\u00c9diteur : First, 1997, collection Savoir pour agir<br \/>\nEdition originale, \u00e9tat comme neuf<br \/>\nDim. 14,5 x 22,5<br \/>\n398 pages<\/p>\n","protected":false},"featured_media":284,"template":"","meta":[],"product_brand":[],"product_cat":[22],"product_tag":[132,135,139,169],"class_list":{"0":"post-283","1":"product","2":"type-product","3":"status-publish","4":"has-post-thumbnail","6":"product_cat-developpement-personnel","7":"product_tag-professionnel","8":"product_tag-psychologie","9":"product_tag-relations-humaines","10":"product_tag-travail","12":"first","13":"instock","14":"shipping-taxable","15":"product-type-simple"},"yoast_head":"<!-- This site is optimized with the Yoast SEO plugin v27.4 - https:\/\/yoast.com\/product\/yoast-seo-wordpress\/ -->\n<title>Les gestes de la vie professionnelle - Joseph MESSINGER - Equilibre de Vie<\/title>\n<meta name=\"description\" content=\"Auteur : Joseph MESSINGER Titre : Les gestes de la vie professionnelle, n\u00e9gociation difficile, r\u00e9union tendue, premier entretien\u2026 Chaque jour, vos gestes vous trahissent. Sachez les d\u00e9crypter dans 800 situations de votre vie professionnelle. \u00c9diteur : First, 1997, collection Savoir pour agir Edition originale, \u00e9tat comme neuf Dim. 14,5 x 22,5 398 pages\" \/>\n<meta name=\"robots\" content=\"index, follow, max-snippet:-1, max-image-preview:large, max-video-preview:-1\" \/>\n<link rel=\"canonical\" href=\"https:\/\/www.verdieditions.com\/equilibre-de-vie\/produit\/gestes-vie-professionnelle-messinger\/\" \/>\n<meta property=\"og:locale\" content=\"fr_FR\" \/>\n<meta property=\"og:type\" content=\"article\" \/>\n<meta property=\"og:title\" content=\"Les gestes de la vie professionnelle - Joseph MESSINGER - Equilibre de Vie\" \/>\n<meta property=\"og:description\" content=\"Auteur : Joseph MESSINGER Titre : Les gestes de la vie professionnelle, n\u00e9gociation difficile, r\u00e9union tendue, premier entretien\u2026 Chaque jour, vos gestes vous trahissent. Sachez les d\u00e9crypter dans 800 situations de votre vie professionnelle. \u00c9diteur : First, 1997, collection Savoir pour agir Edition originale, \u00e9tat comme neuf Dim. 14,5 x 22,5 398 pages\" \/>\n<meta property=\"og:url\" content=\"https:\/\/www.verdieditions.com\/equilibre-de-vie\/produit\/gestes-vie-professionnelle-messinger\/\" \/>\n<meta property=\"og:site_name\" content=\"Equilibre de Vie\" \/>\n<meta property=\"article:modified_time\" content=\"2024-04-05T08:26:15+00:00\" \/>\n<meta property=\"og:image\" content=\"https:\/\/www.verdieditions.com\/equilibre-de-vie\/wp-content\/uploads\/2020\/04\/Gestes-vie-professionnelle-Messinger.jpg\" \/>\n\t<meta property=\"og:image:width\" content=\"800\" \/>\n\t<meta property=\"og:image:height\" content=\"1184\" \/>\n\t<meta property=\"og:image:type\" content=\"image\/jpeg\" \/>\n<meta name=\"twitter:card\" content=\"summary_large_image\" \/>\n<meta name=\"twitter:label1\" content=\"Dur\u00e9e de lecture estim\u00e9e\" \/>\n\t<meta name=\"twitter:data1\" content=\"1 minute\" \/>\n<script type=\"application\/ld+json\" class=\"yoast-schema-graph\">{\"@context\":\"https:\\\/\\\/schema.org\",\"@graph\":[{\"@type\":\"WebPage\",\"@id\":\"https:\\\/\\\/www.verdieditions.com\\\/equilibre-de-vie\\\/produit\\\/gestes-vie-professionnelle-messinger\\\/\",\"url\":\"https:\\\/\\\/www.verdieditions.com\\\/equilibre-de-vie\\\/produit\\\/gestes-vie-professionnelle-messinger\\\/\",\"name\":\"Les gestes de la vie professionnelle - Joseph MESSINGER - Equilibre de Vie\",\"isPartOf\":{\"@id\":\"https:\\\/\\\/www.verdieditions.com\\\/equilibre-de-vie\\\/#website\"},\"primaryImageOfPage\":{\"@id\":\"https:\\\/\\\/www.verdieditions.com\\\/equilibre-de-vie\\\/produit\\\/gestes-vie-professionnelle-messinger\\\/#primaryimage\"},\"image\":{\"@id\":\"https:\\\/\\\/www.verdieditions.com\\\/equilibre-de-vie\\\/produit\\\/gestes-vie-professionnelle-messinger\\\/#primaryimage\"},\"thumbnailUrl\":\"https:\\\/\\\/www.verdieditions.com\\\/equilibre-de-vie\\\/wp-content\\\/uploads\\\/2020\\\/04\\\/Gestes-vie-professionnelle-Messinger.jpg\",\"datePublished\":\"2020-04-23T13:07:47+00:00\",\"dateModified\":\"2024-04-05T08:26:15+00:00\",\"description\":\"Auteur : Joseph MESSINGER Titre : Les gestes de la vie professionnelle, n\u00e9gociation difficile, r\u00e9union tendue, premier entretien\u2026 Chaque jour, vos gestes vous trahissent. Sachez les d\u00e9crypter dans 800 situations de votre vie professionnelle. \u00c9diteur : First, 1997, collection Savoir pour agir Edition originale, \u00e9tat comme neuf Dim. 14,5 x 22,5 398 pages\",\"breadcrumb\":{\"@id\":\"https:\\\/\\\/www.verdieditions.com\\\/equilibre-de-vie\\\/produit\\\/gestes-vie-professionnelle-messinger\\\/#breadcrumb\"},\"inLanguage\":\"fr-FR\",\"potentialAction\":[{\"@type\":\"ReadAction\",\"target\":[\"https:\\\/\\\/www.verdieditions.com\\\/equilibre-de-vie\\\/produit\\\/gestes-vie-professionnelle-messinger\\\/\"]}]},{\"@type\":\"ImageObject\",\"inLanguage\":\"fr-FR\",\"@id\":\"https:\\\/\\\/www.verdieditions.com\\\/equilibre-de-vie\\\/produit\\\/gestes-vie-professionnelle-messinger\\\/#primaryimage\",\"url\":\"https:\\\/\\\/www.verdieditions.com\\\/equilibre-de-vie\\\/wp-content\\\/uploads\\\/2020\\\/04\\\/Gestes-vie-professionnelle-Messinger.jpg\",\"contentUrl\":\"https:\\\/\\\/www.verdieditions.com\\\/equilibre-de-vie\\\/wp-content\\\/uploads\\\/2020\\\/04\\\/Gestes-vie-professionnelle-Messinger.jpg\",\"width\":800,\"height\":1184,\"caption\":\"Gestes-vie-professionnelle-Messinger\"},{\"@type\":\"BreadcrumbList\",\"@id\":\"https:\\\/\\\/www.verdieditions.com\\\/equilibre-de-vie\\\/produit\\\/gestes-vie-professionnelle-messinger\\\/#breadcrumb\",\"itemListElement\":[{\"@type\":\"ListItem\",\"position\":1,\"name\":\"Accueil\",\"item\":\"https:\\\/\\\/www.verdieditions.com\\\/equilibre-de-vie\\\/\"},{\"@type\":\"ListItem\",\"position\":2,\"name\":\"La boutique\",\"item\":\"https:\\\/\\\/www.verdieditions.com\\\/equilibre-de-vie\\\/boutique\\\/\"},{\"@type\":\"ListItem\",\"position\":3,\"name\":\"Les gestes de la vie professionnelle &#8211; Joseph MESSINGER\"}]},{\"@type\":\"WebSite\",\"@id\":\"https:\\\/\\\/www.verdieditions.com\\\/equilibre-de-vie\\\/#website\",\"url\":\"https:\\\/\\\/www.verdieditions.com\\\/equilibre-de-vie\\\/\",\"name\":\"Equilibre de Vie\",\"description\":\"Ma boutique livres sant\u00e9, \u00e9sot\u00e9risme et d\u00e9veloppement personnel\",\"publisher\":{\"@id\":\"https:\\\/\\\/www.verdieditions.com\\\/equilibre-de-vie\\\/#\\\/schema\\\/person\\\/9dcb2a6759f2f5fbf43ac0b44649cecb\"},\"potentialAction\":[{\"@type\":\"SearchAction\",\"target\":{\"@type\":\"EntryPoint\",\"urlTemplate\":\"https:\\\/\\\/www.verdieditions.com\\\/equilibre-de-vie\\\/?s={search_term_string}\"},\"query-input\":{\"@type\":\"PropertyValueSpecification\",\"valueRequired\":true,\"valueName\":\"search_term_string\"}}],\"inLanguage\":\"fr-FR\"},{\"@type\":[\"Person\",\"Organization\"],\"@id\":\"https:\\\/\\\/www.verdieditions.com\\\/equilibre-de-vie\\\/#\\\/schema\\\/person\\\/9dcb2a6759f2f5fbf43ac0b44649cecb\",\"name\":\"Sylvie VERDI\",\"image\":{\"@type\":\"ImageObject\",\"inLanguage\":\"fr-FR\",\"@id\":\"https:\\\/\\\/www.verdieditions.com\\\/equilibre-de-vie\\\/wp-content\\\/uploads\\\/2020\\\/04\\\/livres-occasion-sante-esoterisme-developpement-personnel-2.jpg\",\"url\":\"https:\\\/\\\/www.verdieditions.com\\\/equilibre-de-vie\\\/wp-content\\\/uploads\\\/2020\\\/04\\\/livres-occasion-sante-esoterisme-developpement-personnel-2.jpg\",\"contentUrl\":\"https:\\\/\\\/www.verdieditions.com\\\/equilibre-de-vie\\\/wp-content\\\/uploads\\\/2020\\\/04\\\/livres-occasion-sante-esoterisme-developpement-personnel-2.jpg\",\"width\":800,\"height\":572,\"caption\":\"Sylvie VERDI\"},\"logo\":{\"@id\":\"https:\\\/\\\/www.verdieditions.com\\\/equilibre-de-vie\\\/wp-content\\\/uploads\\\/2020\\\/04\\\/livres-occasion-sante-esoterisme-developpement-personnel-2.jpg\"},\"sameAs\":[\"https:\\\/\\\/www.verdieditions.com\\\/equilibre-de-vie\"]}]}<\/script>\n<!-- \/ Yoast SEO plugin. -->","yoast_head_json":{"title":"Les gestes de la vie professionnelle - Joseph MESSINGER - Equilibre de Vie","description":"Auteur : Joseph MESSINGER Titre : Les gestes de la vie professionnelle, n\u00e9gociation difficile, r\u00e9union tendue, premier entretien\u2026 Chaque jour, vos gestes vous trahissent. Sachez les d\u00e9crypter dans 800 situations de votre vie professionnelle. \u00c9diteur : First, 1997, collection Savoir pour agir Edition originale, \u00e9tat comme neuf Dim. 14,5 x 22,5 398 pages","robots":{"index":"index","follow":"follow","max-snippet":"max-snippet:-1","max-image-preview":"max-image-preview:large","max-video-preview":"max-video-preview:-1"},"canonical":"https:\/\/www.verdieditions.com\/equilibre-de-vie\/produit\/gestes-vie-professionnelle-messinger\/","og_locale":"fr_FR","og_type":"article","og_title":"Les gestes de la vie professionnelle - Joseph MESSINGER - Equilibre de Vie","og_description":"Auteur : Joseph MESSINGER Titre : Les gestes de la vie professionnelle, n\u00e9gociation difficile, r\u00e9union tendue, premier entretien\u2026 Chaque jour, vos gestes vous trahissent. Sachez les d\u00e9crypter dans 800 situations de votre vie professionnelle. \u00c9diteur : First, 1997, collection Savoir pour agir Edition originale, \u00e9tat comme neuf Dim. 14,5 x 22,5 398 pages","og_url":"https:\/\/www.verdieditions.com\/equilibre-de-vie\/produit\/gestes-vie-professionnelle-messinger\/","og_site_name":"Equilibre de Vie","article_modified_time":"2024-04-05T08:26:15+00:00","og_image":[{"width":800,"height":1184,"url":"https:\/\/www.verdieditions.com\/equilibre-de-vie\/wp-content\/uploads\/2020\/04\/Gestes-vie-professionnelle-Messinger.jpg","type":"image\/jpeg"}],"twitter_card":"summary_large_image","twitter_misc":{"Dur\u00e9e de lecture estim\u00e9e":"1 minute"},"schema":{"@context":"https:\/\/schema.org","@graph":[{"@type":"WebPage","@id":"https:\/\/www.verdieditions.com\/equilibre-de-vie\/produit\/gestes-vie-professionnelle-messinger\/","url":"https:\/\/www.verdieditions.com\/equilibre-de-vie\/produit\/gestes-vie-professionnelle-messinger\/","name":"Les gestes de la vie professionnelle - Joseph MESSINGER - Equilibre de Vie","isPartOf":{"@id":"https:\/\/www.verdieditions.com\/equilibre-de-vie\/#website"},"primaryImageOfPage":{"@id":"https:\/\/www.verdieditions.com\/equilibre-de-vie\/produit\/gestes-vie-professionnelle-messinger\/#primaryimage"},"image":{"@id":"https:\/\/www.verdieditions.com\/equilibre-de-vie\/produit\/gestes-vie-professionnelle-messinger\/#primaryimage"},"thumbnailUrl":"https:\/\/www.verdieditions.com\/equilibre-de-vie\/wp-content\/uploads\/2020\/04\/Gestes-vie-professionnelle-Messinger.jpg","datePublished":"2020-04-23T13:07:47+00:00","dateModified":"2024-04-05T08:26:15+00:00","description":"Auteur : Joseph MESSINGER Titre : Les gestes de la vie professionnelle, n\u00e9gociation difficile, r\u00e9union tendue, premier entretien\u2026 Chaque jour, vos gestes vous trahissent. Sachez les d\u00e9crypter dans 800 situations de votre vie professionnelle. \u00c9diteur : First, 1997, collection Savoir pour agir Edition originale, \u00e9tat comme neuf Dim. 14,5 x 22,5 398 pages","breadcrumb":{"@id":"https:\/\/www.verdieditions.com\/equilibre-de-vie\/produit\/gestes-vie-professionnelle-messinger\/#breadcrumb"},"inLanguage":"fr-FR","potentialAction":[{"@type":"ReadAction","target":["https:\/\/www.verdieditions.com\/equilibre-de-vie\/produit\/gestes-vie-professionnelle-messinger\/"]}]},{"@type":"ImageObject","inLanguage":"fr-FR","@id":"https:\/\/www.verdieditions.com\/equilibre-de-vie\/produit\/gestes-vie-professionnelle-messinger\/#primaryimage","url":"https:\/\/www.verdieditions.com\/equilibre-de-vie\/wp-content\/uploads\/2020\/04\/Gestes-vie-professionnelle-Messinger.jpg","contentUrl":"https:\/\/www.verdieditions.com\/equilibre-de-vie\/wp-content\/uploads\/2020\/04\/Gestes-vie-professionnelle-Messinger.jpg","width":800,"height":1184,"caption":"Gestes-vie-professionnelle-Messinger"},{"@type":"BreadcrumbList","@id":"https:\/\/www.verdieditions.com\/equilibre-de-vie\/produit\/gestes-vie-professionnelle-messinger\/#breadcrumb","itemListElement":[{"@type":"ListItem","position":1,"name":"Accueil","item":"https:\/\/www.verdieditions.com\/equilibre-de-vie\/"},{"@type":"ListItem","position":2,"name":"La boutique","item":"https:\/\/www.verdieditions.com\/equilibre-de-vie\/boutique\/"},{"@type":"ListItem","position":3,"name":"Les gestes de la vie professionnelle &#8211; Joseph MESSINGER"}]},{"@type":"WebSite","@id":"https:\/\/www.verdieditions.com\/equilibre-de-vie\/#website","url":"https:\/\/www.verdieditions.com\/equilibre-de-vie\/","name":"Equilibre de Vie","description":"Ma boutique livres sant\u00e9, \u00e9sot\u00e9risme et d\u00e9veloppement personnel","publisher":{"@id":"https:\/\/www.verdieditions.com\/equilibre-de-vie\/#\/schema\/person\/9dcb2a6759f2f5fbf43ac0b44649cecb"},"potentialAction":[{"@type":"SearchAction","target":{"@type":"EntryPoint","urlTemplate":"https:\/\/www.verdieditions.com\/equilibre-de-vie\/?s={search_term_string}"},"query-input":{"@type":"PropertyValueSpecification","valueRequired":true,"valueName":"search_term_string"}}],"inLanguage":"fr-FR"},{"@type":["Person","Organization"],"@id":"https:\/\/www.verdieditions.com\/equilibre-de-vie\/#\/schema\/person\/9dcb2a6759f2f5fbf43ac0b44649cecb","name":"Sylvie VERDI","image":{"@type":"ImageObject","inLanguage":"fr-FR","@id":"https:\/\/www.verdieditions.com\/equilibre-de-vie\/wp-content\/uploads\/2020\/04\/livres-occasion-sante-esoterisme-developpement-personnel-2.jpg","url":"https:\/\/www.verdieditions.com\/equilibre-de-vie\/wp-content\/uploads\/2020\/04\/livres-occasion-sante-esoterisme-developpement-personnel-2.jpg","contentUrl":"https:\/\/www.verdieditions.com\/equilibre-de-vie\/wp-content\/uploads\/2020\/04\/livres-occasion-sante-esoterisme-developpement-personnel-2.jpg","width":800,"height":572,"caption":"Sylvie VERDI"},"logo":{"@id":"https:\/\/www.verdieditions.com\/equilibre-de-vie\/wp-content\/uploads\/2020\/04\/livres-occasion-sante-esoterisme-developpement-personnel-2.jpg"},"sameAs":["https:\/\/www.verdieditions.com\/equilibre-de-vie"]}]}},"_links":{"self":[{"href":"https:\/\/www.verdieditions.com\/equilibre-de-vie\/wp-json\/wp\/v2\/product\/283","targetHints":{"allow":["GET"]}}],"collection":[{"href":"https:\/\/www.verdieditions.com\/equilibre-de-vie\/wp-json\/wp\/v2\/product"}],"about":[{"href":"https:\/\/www.verdieditions.com\/equilibre-de-vie\/wp-json\/wp\/v2\/types\/product"}],"wp:featuredmedia":[{"embeddable":true,"href":"https:\/\/www.verdieditions.com\/equilibre-de-vie\/wp-json\/wp\/v2\/media\/284"}],"wp:attachment":[{"href":"https:\/\/www.verdieditions.com\/equilibre-de-vie\/wp-json\/wp\/v2\/media?parent=283"}],"wp:term":[{"taxonomy":"product_brand","embeddable":true,"href":"https:\/\/www.verdieditions.com\/equilibre-de-vie\/wp-json\/wp\/v2\/product_brand?post=283"},{"taxonomy":"product_cat","embeddable":true,"href":"https:\/\/www.verdieditions.com\/equilibre-de-vie\/wp-json\/wp\/v2\/product_cat?post=283"},{"taxonomy":"product_tag","embeddable":true,"href":"https:\/\/www.verdieditions.com\/equilibre-de-vie\/wp-json\/wp\/v2\/product_tag?post=283"}],"curies":[{"name":"wp","href":"https:\/\/api.w.org\/{rel}","templated":true}]}}