{"id":2271,"date":"2023-11-10T11:13:49","date_gmt":"2023-11-10T10:13:49","guid":{"rendered":"https:\/\/www.verdieditions.com\/equilibre-de-vie\/?post_type=product&#038;p=2271"},"modified":"2024-02-07T16:07:28","modified_gmt":"2024-02-07T15:07:28","slug":"salome-vie-se-dire","status":"publish","type":"product","link":"https:\/\/www.verdieditions.com\/equilibre-de-vie\/produit\/salome-vie-se-dire\/","title":{"rendered":"Une vie \u00e0 se dire &#8211; Jacques SALOM\u00c9"},"content":{"rendered":"<p>Auteur : Jacques SALOM\u00c9<br \/>\nTitre : Une vie \u00e0 se dire<br \/>\n\u00c9diteur : Les \u00e9ditions de l&rsquo;Homme, 1998<br \/>\nEdition originale<br \/>\nDim. 15 x 23<br \/>\n336 pages<\/p>\n<p>Dans ce livre rempli d\u2019humour et teinte de tendresse, Jacques Salom\u00e9 utilise le mode du r\u00e9cit pour t\u00e9moigner, au moyen d\u2019une fiction plus r\u00e9elle que la r\u00e9alit\u00e9-celle d\u2019un couple, Anne et Laurent-, des changements personnels que l\u2019un et l\u2019autre sont entra\u00eenes a introduire dans leur vie afin de pouvoir continuer \u00e0 s\u2019aimer et \u00e0 rester ensemble.<br \/>\nPartageant les \u00e9merveillements, les enthousiasmes, mais aussi les d\u00e9sespoirs, les r\u00e9voltes et les t\u00e2tonnements de chacun, nous aurons la confirmation de l\u2019incroyable justesse de l\u2019analyse qui nous est propos\u00e9e. Sortir de la victimisation, acc\u00e9der \u00e0 plus d\u2019autonomie, se responsabiliser, refuser les relations toxiques, d\u00e9couvrir la possibilit\u00e9 de s\u2019aimer pour pouvoir aimer dans la libert\u00e9 d\u2019\u00eatre.<br \/>\nJacques Salom\u00e9 illustre ainsi, de fa\u00e7on concr\u00e8te, en mettant en sc\u00e8ne des \u00eatres qui nous ressemblent, les difficult\u00e9s et les r\u00e9ussites de la mise en pratique au quotidien de la m\u00e9thode qu\u2019il enseigne depuis plusieurs ann\u00e9es, la m\u00e9thode ESOERE : Energie Sp\u00e9cifique Pour une Ecologie Relationnelle Essentielle.<\/p>\n","protected":false},"excerpt":{"rendered":"<p>Auteur : Jacques SALOM\u00c9<br \/>\nTitre : Une vie \u00e0 se dire<br \/>\n\u00c9diteur : Les \u00e9ditions de l&rsquo;Homme, 1998<br \/>\nEdition originale<br \/>\nDim. 15 x 23<br \/>\n336 pages<\/p>\n","protected":false},"featured_media":2277,"template":"","meta":[],"product_brand":[],"product_cat":[22],"product_tag":[30,139],"class_list":{"0":"post-2271","1":"product","2":"type-product","3":"status-publish","4":"has-post-thumbnail","6":"product_cat-developpement-personnel","7":"product_tag-amour","8":"product_tag-relations-humaines","10":"first","11":"instock","12":"shipping-taxable","13":"product-type-simple"},"yoast_head":"<!-- This site is optimized with the Yoast SEO plugin v27.4 - https:\/\/yoast.com\/product\/yoast-seo-wordpress\/ -->\n<title>Une vie \u00e0 se dire - Jacques SALOM\u00c9 - Equilibre de Vie<\/title>\n<meta name=\"description\" content=\"Auteur : Jacques SALOM\u00c9 Titre : Une vie \u00e0 se dire \u00c9diteur : Les \u00e9ditions de l&#039;Homme, 1998 Edition originale Dim. 15 x 23 336 pages\" \/>\n<meta name=\"robots\" content=\"index, follow, max-snippet:-1, max-image-preview:large, max-video-preview:-1\" \/>\n<link rel=\"canonical\" href=\"https:\/\/www.verdieditions.com\/equilibre-de-vie\/produit\/salome-vie-se-dire\/\" \/>\n<meta property=\"og:locale\" content=\"fr_FR\" \/>\n<meta property=\"og:type\" content=\"article\" \/>\n<meta property=\"og:title\" content=\"Une vie \u00e0 se dire - Jacques SALOM\u00c9 - Equilibre de Vie\" \/>\n<meta property=\"og:description\" content=\"Auteur : Jacques SALOM\u00c9 Titre : Une vie \u00e0 se dire \u00c9diteur : Les \u00e9ditions de l&#039;Homme, 1998 Edition originale Dim. 15 x 23 336 pages\" \/>\n<meta property=\"og:url\" content=\"https:\/\/www.verdieditions.com\/equilibre-de-vie\/produit\/salome-vie-se-dire\/\" \/>\n<meta property=\"og:site_name\" content=\"Equilibre de Vie\" \/>\n<meta property=\"article:modified_time\" content=\"2024-02-07T15:07:28+00:00\" \/>\n<meta property=\"og:image\" content=\"https:\/\/www.verdieditions.com\/equilibre-de-vie\/wp-content\/uploads\/2023\/11\/jacques-salome-vie-se-dire.jpg\" \/>\n\t<meta property=\"og:image:width\" content=\"554\" \/>\n\t<meta property=\"og:image:height\" content=\"800\" \/>\n\t<meta property=\"og:image:type\" content=\"image\/jpeg\" \/>\n<meta name=\"twitter:card\" content=\"summary_large_image\" \/>\n<meta name=\"twitter:label1\" content=\"Dur\u00e9e de lecture estim\u00e9e\" \/>\n\t<meta name=\"twitter:data1\" content=\"1 minute\" \/>\n<script type=\"application\/ld+json\" class=\"yoast-schema-graph\">{\"@context\":\"https:\\\/\\\/schema.org\",\"@graph\":[{\"@type\":\"WebPage\",\"@id\":\"https:\\\/\\\/www.verdieditions.com\\\/equilibre-de-vie\\\/produit\\\/salome-vie-se-dire\\\/\",\"url\":\"https:\\\/\\\/www.verdieditions.com\\\/equilibre-de-vie\\\/produit\\\/salome-vie-se-dire\\\/\",\"name\":\"Une vie \u00e0 se dire - Jacques SALOM\u00c9 - Equilibre de Vie\",\"isPartOf\":{\"@id\":\"https:\\\/\\\/www.verdieditions.com\\\/equilibre-de-vie\\\/#website\"},\"primaryImageOfPage\":{\"@id\":\"https:\\\/\\\/www.verdieditions.com\\\/equilibre-de-vie\\\/produit\\\/salome-vie-se-dire\\\/#primaryimage\"},\"image\":{\"@id\":\"https:\\\/\\\/www.verdieditions.com\\\/equilibre-de-vie\\\/produit\\\/salome-vie-se-dire\\\/#primaryimage\"},\"thumbnailUrl\":\"https:\\\/\\\/www.verdieditions.com\\\/equilibre-de-vie\\\/wp-content\\\/uploads\\\/2023\\\/11\\\/jacques-salome-vie-se-dire.jpg\",\"datePublished\":\"2023-11-10T10:13:49+00:00\",\"dateModified\":\"2024-02-07T15:07:28+00:00\",\"description\":\"Auteur : Jacques SALOM\u00c9 Titre : Une vie \u00e0 se dire \u00c9diteur : Les \u00e9ditions de l'Homme, 1998 Edition originale Dim. 15 x 23 336 pages\",\"breadcrumb\":{\"@id\":\"https:\\\/\\\/www.verdieditions.com\\\/equilibre-de-vie\\\/produit\\\/salome-vie-se-dire\\\/#breadcrumb\"},\"inLanguage\":\"fr-FR\",\"potentialAction\":[{\"@type\":\"ReadAction\",\"target\":[\"https:\\\/\\\/www.verdieditions.com\\\/equilibre-de-vie\\\/produit\\\/salome-vie-se-dire\\\/\"]}]},{\"@type\":\"ImageObject\",\"inLanguage\":\"fr-FR\",\"@id\":\"https:\\\/\\\/www.verdieditions.com\\\/equilibre-de-vie\\\/produit\\\/salome-vie-se-dire\\\/#primaryimage\",\"url\":\"https:\\\/\\\/www.verdieditions.com\\\/equilibre-de-vie\\\/wp-content\\\/uploads\\\/2023\\\/11\\\/jacques-salome-vie-se-dire.jpg\",\"contentUrl\":\"https:\\\/\\\/www.verdieditions.com\\\/equilibre-de-vie\\\/wp-content\\\/uploads\\\/2023\\\/11\\\/jacques-salome-vie-se-dire.jpg\",\"width\":554,\"height\":800,\"caption\":\"jacques-salome-vie-se-dire\"},{\"@type\":\"BreadcrumbList\",\"@id\":\"https:\\\/\\\/www.verdieditions.com\\\/equilibre-de-vie\\\/produit\\\/salome-vie-se-dire\\\/#breadcrumb\",\"itemListElement\":[{\"@type\":\"ListItem\",\"position\":1,\"name\":\"Accueil\",\"item\":\"https:\\\/\\\/www.verdieditions.com\\\/equilibre-de-vie\\\/\"},{\"@type\":\"ListItem\",\"position\":2,\"name\":\"La boutique\",\"item\":\"https:\\\/\\\/www.verdieditions.com\\\/equilibre-de-vie\\\/boutique\\\/\"},{\"@type\":\"ListItem\",\"position\":3,\"name\":\"Une vie \u00e0 se dire &#8211; Jacques SALOM\u00c9\"}]},{\"@type\":\"WebSite\",\"@id\":\"https:\\\/\\\/www.verdieditions.com\\\/equilibre-de-vie\\\/#website\",\"url\":\"https:\\\/\\\/www.verdieditions.com\\\/equilibre-de-vie\\\/\",\"name\":\"Equilibre de Vie\",\"description\":\"Ma boutique livres sant\u00e9, \u00e9sot\u00e9risme et d\u00e9veloppement personnel\",\"publisher\":{\"@id\":\"https:\\\/\\\/www.verdieditions.com\\\/equilibre-de-vie\\\/#\\\/schema\\\/person\\\/9dcb2a6759f2f5fbf43ac0b44649cecb\"},\"potentialAction\":[{\"@type\":\"SearchAction\",\"target\":{\"@type\":\"EntryPoint\",\"urlTemplate\":\"https:\\\/\\\/www.verdieditions.com\\\/equilibre-de-vie\\\/?s={search_term_string}\"},\"query-input\":{\"@type\":\"PropertyValueSpecification\",\"valueRequired\":true,\"valueName\":\"search_term_string\"}}],\"inLanguage\":\"fr-FR\"},{\"@type\":[\"Person\",\"Organization\"],\"@id\":\"https:\\\/\\\/www.verdieditions.com\\\/equilibre-de-vie\\\/#\\\/schema\\\/person\\\/9dcb2a6759f2f5fbf43ac0b44649cecb\",\"name\":\"Sylvie VERDI\",\"image\":{\"@type\":\"ImageObject\",\"inLanguage\":\"fr-FR\",\"@id\":\"https:\\\/\\\/www.verdieditions.com\\\/equilibre-de-vie\\\/wp-content\\\/uploads\\\/2020\\\/04\\\/livres-occasion-sante-esoterisme-developpement-personnel-2.jpg\",\"url\":\"https:\\\/\\\/www.verdieditions.com\\\/equilibre-de-vie\\\/wp-content\\\/uploads\\\/2020\\\/04\\\/livres-occasion-sante-esoterisme-developpement-personnel-2.jpg\",\"contentUrl\":\"https:\\\/\\\/www.verdieditions.com\\\/equilibre-de-vie\\\/wp-content\\\/uploads\\\/2020\\\/04\\\/livres-occasion-sante-esoterisme-developpement-personnel-2.jpg\",\"width\":800,\"height\":572,\"caption\":\"Sylvie VERDI\"},\"logo\":{\"@id\":\"https:\\\/\\\/www.verdieditions.com\\\/equilibre-de-vie\\\/wp-content\\\/uploads\\\/2020\\\/04\\\/livres-occasion-sante-esoterisme-developpement-personnel-2.jpg\"},\"sameAs\":[\"https:\\\/\\\/www.verdieditions.com\\\/equilibre-de-vie\"]}]}<\/script>\n<!-- \/ Yoast SEO plugin. -->","yoast_head_json":{"title":"Une vie \u00e0 se dire - Jacques SALOM\u00c9 - Equilibre de Vie","description":"Auteur : Jacques SALOM\u00c9 Titre : Une vie \u00e0 se dire \u00c9diteur : Les \u00e9ditions de l'Homme, 1998 Edition originale Dim. 15 x 23 336 pages","robots":{"index":"index","follow":"follow","max-snippet":"max-snippet:-1","max-image-preview":"max-image-preview:large","max-video-preview":"max-video-preview:-1"},"canonical":"https:\/\/www.verdieditions.com\/equilibre-de-vie\/produit\/salome-vie-se-dire\/","og_locale":"fr_FR","og_type":"article","og_title":"Une vie \u00e0 se dire - Jacques SALOM\u00c9 - Equilibre de Vie","og_description":"Auteur : Jacques SALOM\u00c9 Titre : Une vie \u00e0 se dire \u00c9diteur : Les \u00e9ditions de l'Homme, 1998 Edition originale Dim. 15 x 23 336 pages","og_url":"https:\/\/www.verdieditions.com\/equilibre-de-vie\/produit\/salome-vie-se-dire\/","og_site_name":"Equilibre de Vie","article_modified_time":"2024-02-07T15:07:28+00:00","og_image":[{"width":554,"height":800,"url":"https:\/\/www.verdieditions.com\/equilibre-de-vie\/wp-content\/uploads\/2023\/11\/jacques-salome-vie-se-dire.jpg","type":"image\/jpeg"}],"twitter_card":"summary_large_image","twitter_misc":{"Dur\u00e9e de lecture estim\u00e9e":"1 minute"},"schema":{"@context":"https:\/\/schema.org","@graph":[{"@type":"WebPage","@id":"https:\/\/www.verdieditions.com\/equilibre-de-vie\/produit\/salome-vie-se-dire\/","url":"https:\/\/www.verdieditions.com\/equilibre-de-vie\/produit\/salome-vie-se-dire\/","name":"Une vie \u00e0 se dire - Jacques SALOM\u00c9 - Equilibre de Vie","isPartOf":{"@id":"https:\/\/www.verdieditions.com\/equilibre-de-vie\/#website"},"primaryImageOfPage":{"@id":"https:\/\/www.verdieditions.com\/equilibre-de-vie\/produit\/salome-vie-se-dire\/#primaryimage"},"image":{"@id":"https:\/\/www.verdieditions.com\/equilibre-de-vie\/produit\/salome-vie-se-dire\/#primaryimage"},"thumbnailUrl":"https:\/\/www.verdieditions.com\/equilibre-de-vie\/wp-content\/uploads\/2023\/11\/jacques-salome-vie-se-dire.jpg","datePublished":"2023-11-10T10:13:49+00:00","dateModified":"2024-02-07T15:07:28+00:00","description":"Auteur : Jacques SALOM\u00c9 Titre : Une vie \u00e0 se dire \u00c9diteur : Les \u00e9ditions de l'Homme, 1998 Edition originale Dim. 15 x 23 336 pages","breadcrumb":{"@id":"https:\/\/www.verdieditions.com\/equilibre-de-vie\/produit\/salome-vie-se-dire\/#breadcrumb"},"inLanguage":"fr-FR","potentialAction":[{"@type":"ReadAction","target":["https:\/\/www.verdieditions.com\/equilibre-de-vie\/produit\/salome-vie-se-dire\/"]}]},{"@type":"ImageObject","inLanguage":"fr-FR","@id":"https:\/\/www.verdieditions.com\/equilibre-de-vie\/produit\/salome-vie-se-dire\/#primaryimage","url":"https:\/\/www.verdieditions.com\/equilibre-de-vie\/wp-content\/uploads\/2023\/11\/jacques-salome-vie-se-dire.jpg","contentUrl":"https:\/\/www.verdieditions.com\/equilibre-de-vie\/wp-content\/uploads\/2023\/11\/jacques-salome-vie-se-dire.jpg","width":554,"height":800,"caption":"jacques-salome-vie-se-dire"},{"@type":"BreadcrumbList","@id":"https:\/\/www.verdieditions.com\/equilibre-de-vie\/produit\/salome-vie-se-dire\/#breadcrumb","itemListElement":[{"@type":"ListItem","position":1,"name":"Accueil","item":"https:\/\/www.verdieditions.com\/equilibre-de-vie\/"},{"@type":"ListItem","position":2,"name":"La boutique","item":"https:\/\/www.verdieditions.com\/equilibre-de-vie\/boutique\/"},{"@type":"ListItem","position":3,"name":"Une vie \u00e0 se dire &#8211; Jacques SALOM\u00c9"}]},{"@type":"WebSite","@id":"https:\/\/www.verdieditions.com\/equilibre-de-vie\/#website","url":"https:\/\/www.verdieditions.com\/equilibre-de-vie\/","name":"Equilibre de Vie","description":"Ma boutique livres sant\u00e9, \u00e9sot\u00e9risme et d\u00e9veloppement personnel","publisher":{"@id":"https:\/\/www.verdieditions.com\/equilibre-de-vie\/#\/schema\/person\/9dcb2a6759f2f5fbf43ac0b44649cecb"},"potentialAction":[{"@type":"SearchAction","target":{"@type":"EntryPoint","urlTemplate":"https:\/\/www.verdieditions.com\/equilibre-de-vie\/?s={search_term_string}"},"query-input":{"@type":"PropertyValueSpecification","valueRequired":true,"valueName":"search_term_string"}}],"inLanguage":"fr-FR"},{"@type":["Person","Organization"],"@id":"https:\/\/www.verdieditions.com\/equilibre-de-vie\/#\/schema\/person\/9dcb2a6759f2f5fbf43ac0b44649cecb","name":"Sylvie VERDI","image":{"@type":"ImageObject","inLanguage":"fr-FR","@id":"https:\/\/www.verdieditions.com\/equilibre-de-vie\/wp-content\/uploads\/2020\/04\/livres-occasion-sante-esoterisme-developpement-personnel-2.jpg","url":"https:\/\/www.verdieditions.com\/equilibre-de-vie\/wp-content\/uploads\/2020\/04\/livres-occasion-sante-esoterisme-developpement-personnel-2.jpg","contentUrl":"https:\/\/www.verdieditions.com\/equilibre-de-vie\/wp-content\/uploads\/2020\/04\/livres-occasion-sante-esoterisme-developpement-personnel-2.jpg","width":800,"height":572,"caption":"Sylvie VERDI"},"logo":{"@id":"https:\/\/www.verdieditions.com\/equilibre-de-vie\/wp-content\/uploads\/2020\/04\/livres-occasion-sante-esoterisme-developpement-personnel-2.jpg"},"sameAs":["https:\/\/www.verdieditions.com\/equilibre-de-vie"]}]}},"_links":{"self":[{"href":"https:\/\/www.verdieditions.com\/equilibre-de-vie\/wp-json\/wp\/v2\/product\/2271","targetHints":{"allow":["GET"]}}],"collection":[{"href":"https:\/\/www.verdieditions.com\/equilibre-de-vie\/wp-json\/wp\/v2\/product"}],"about":[{"href":"https:\/\/www.verdieditions.com\/equilibre-de-vie\/wp-json\/wp\/v2\/types\/product"}],"wp:featuredmedia":[{"embeddable":true,"href":"https:\/\/www.verdieditions.com\/equilibre-de-vie\/wp-json\/wp\/v2\/media\/2277"}],"wp:attachment":[{"href":"https:\/\/www.verdieditions.com\/equilibre-de-vie\/wp-json\/wp\/v2\/media?parent=2271"}],"wp:term":[{"taxonomy":"product_brand","embeddable":true,"href":"https:\/\/www.verdieditions.com\/equilibre-de-vie\/wp-json\/wp\/v2\/product_brand?post=2271"},{"taxonomy":"product_cat","embeddable":true,"href":"https:\/\/www.verdieditions.com\/equilibre-de-vie\/wp-json\/wp\/v2\/product_cat?post=2271"},{"taxonomy":"product_tag","embeddable":true,"href":"https:\/\/www.verdieditions.com\/equilibre-de-vie\/wp-json\/wp\/v2\/product_tag?post=2271"}],"curies":[{"name":"wp","href":"https:\/\/api.w.org\/{rel}","templated":true}]}}