{"id":2229,"date":"2023-07-10T16:56:49","date_gmt":"2023-07-10T14:56:49","guid":{"rendered":"https:\/\/www.verdieditions.com\/equilibre-de-vie\/?post_type=product&#038;p=2229"},"modified":"2025-06-06T16:12:38","modified_gmt":"2025-06-06T14:12:38","slug":"weil-corps-medecin","status":"publish","type":"product","link":"https:\/\/www.verdieditions.com\/equilibre-de-vie\/produit\/weil-corps-medecin\/","title":{"rendered":"Le corps m\u00e9decin &#8211; Andrew WEIL"},"content":{"rendered":"<p>Auteur : Andrew WEIL<br \/>\nTitre : Le corps m\u00e9decin<br \/>\n\u00c9diteur : J&rsquo;ai Lu, coll. aventure secr\u00e8te, 1998<br \/>\nFormat poche<br \/>\nDim. 11 x 17,5<br \/>\n378 pages<\/p>\n<p>Cancer diagnostiqu\u00e9 trop tard, coma prolong\u00e9, c\u0153ur inop\u00e9rable&#8230; alors que les m\u00e9decins les jugeaient perdus, ces malades ont surv\u00e9cu. Qui n&rsquo;a entendu parler de ces gu\u00e9risons spontan\u00e9es, inexplicables ? Bien s\u00fbr, elles nous laissent sceptiques. Le Dr Andrew Weil a voulu comprendre. M\u00e9decin de formation classique, tr\u00e8s jeune il est frapp\u00e9 par l&rsquo;inefficacit\u00e9 et le danger des th\u00e9rapies occidentales antibiotiques, cortico\u00efdes et autres produits chimiques qui souvent masquent le mal &#8211; voire l&rsquo;aggravent &#8211; au lieu de l&rsquo;\u00e9radiquer. Apr\u00e8s quinze ans de recherche, de voyages dans le monde entier et de milliers de cas \u00e9tudi\u00e9s, il est formel : le corps peut \u00eatre son propre m\u00e9decin, nous poss\u00e9dons d&rsquo;inestimables ressources d&rsquo;autogu\u00e9rison. Nouvelle vision de la m\u00e9decine : ce livre \u00e9crit dans un langage clair et rigoureux s&rsquo;adresse \u00e0 tous. Un formidable espoir pour ceux qui cherchent en vain et depuis des ann\u00e9es le rem\u00e8de \u00e0 leur mal&#8230;<\/p>\n","protected":false},"excerpt":{"rendered":"<p>Auteur : Andrew WEIL<br \/>\nTitre : Le corps m\u00e9decin<br \/>\n\u00c9diteur : J&rsquo;ai Lu, coll. aventure secr\u00e8te, 1998<br \/>\nFormat poche<br \/>\nDim. 11 x 17,5<br \/>\n378 pages<\/p>\n","protected":false},"featured_media":2242,"template":"","meta":[],"product_brand":[],"product_cat":[21],"product_tag":[292,60,73,74,99,291],"class_list":{"0":"post-2229","1":"product","2":"type-product","3":"status-publish","4":"has-post-thumbnail","6":"product_cat-sante","7":"product_tag-autoguerison","8":"product_tag-energie","9":"product_tag-guerir","10":"product_tag-guerison","11":"product_tag-medecine-douce","12":"product_tag-medicaments","14":"first","15":"outofstock","16":"sale","17":"shipping-taxable","18":"product-type-simple"},"yoast_head":"<!-- This site is optimized with the Yoast SEO plugin v27.4 - https:\/\/yoast.com\/product\/yoast-seo-wordpress\/ -->\n<title>Le corps m\u00e9decin - Andrew WEIL - Equilibre de Vie<\/title>\n<meta name=\"description\" content=\"Auteur : Andrew WEIL Titre : Le corps m\u00e9decin \u00c9diteur : J&#039;ai Lu, coll. aventure secr\u00e8te, 1998 Format pocheDim. 11 x 17,5378 pages\" \/>\n<meta name=\"robots\" content=\"index, follow, max-snippet:-1, max-image-preview:large, max-video-preview:-1\" \/>\n<link rel=\"canonical\" href=\"https:\/\/www.verdieditions.com\/equilibre-de-vie\/produit\/weil-corps-medecin\/\" \/>\n<meta property=\"og:locale\" content=\"fr_FR\" \/>\n<meta property=\"og:type\" content=\"article\" \/>\n<meta property=\"og:title\" content=\"Le corps m\u00e9decin - Andrew WEIL - Equilibre de Vie\" \/>\n<meta property=\"og:description\" content=\"Auteur : Andrew WEIL Titre : Le corps m\u00e9decin \u00c9diteur : J&#039;ai Lu, coll. aventure secr\u00e8te, 1998 Format pocheDim. 11 x 17,5378 pages\" \/>\n<meta property=\"og:url\" content=\"https:\/\/www.verdieditions.com\/equilibre-de-vie\/produit\/weil-corps-medecin\/\" \/>\n<meta property=\"og:site_name\" content=\"Equilibre de Vie\" \/>\n<meta property=\"article:modified_time\" content=\"2025-06-06T14:12:38+00:00\" \/>\n<meta property=\"og:image\" content=\"https:\/\/www.verdieditions.com\/equilibre-de-vie\/wp-content\/uploads\/2023\/07\/weil-corps-medecin.jpg\" \/>\n\t<meta property=\"og:image:width\" content=\"503\" \/>\n\t<meta property=\"og:image:height\" content=\"800\" \/>\n\t<meta property=\"og:image:type\" content=\"image\/jpeg\" \/>\n<meta name=\"twitter:card\" content=\"summary_large_image\" \/>\n<meta name=\"twitter:label1\" content=\"Dur\u00e9e de lecture estim\u00e9e\" \/>\n\t<meta name=\"twitter:data1\" content=\"2 minutes\" \/>\n<script type=\"application\/ld+json\" class=\"yoast-schema-graph\">{\"@context\":\"https:\\\/\\\/schema.org\",\"@graph\":[{\"@type\":\"WebPage\",\"@id\":\"https:\\\/\\\/www.verdieditions.com\\\/equilibre-de-vie\\\/produit\\\/weil-corps-medecin\\\/\",\"url\":\"https:\\\/\\\/www.verdieditions.com\\\/equilibre-de-vie\\\/produit\\\/weil-corps-medecin\\\/\",\"name\":\"Le corps m\u00e9decin - Andrew WEIL - Equilibre de Vie\",\"isPartOf\":{\"@id\":\"https:\\\/\\\/www.verdieditions.com\\\/equilibre-de-vie\\\/#website\"},\"primaryImageOfPage\":{\"@id\":\"https:\\\/\\\/www.verdieditions.com\\\/equilibre-de-vie\\\/produit\\\/weil-corps-medecin\\\/#primaryimage\"},\"image\":{\"@id\":\"https:\\\/\\\/www.verdieditions.com\\\/equilibre-de-vie\\\/produit\\\/weil-corps-medecin\\\/#primaryimage\"},\"thumbnailUrl\":\"https:\\\/\\\/www.verdieditions.com\\\/equilibre-de-vie\\\/wp-content\\\/uploads\\\/2023\\\/07\\\/weil-corps-medecin.jpg\",\"datePublished\":\"2023-07-10T14:56:49+00:00\",\"dateModified\":\"2025-06-06T14:12:38+00:00\",\"description\":\"Auteur : Andrew WEIL Titre : Le corps m\u00e9decin \u00c9diteur : J'ai Lu, coll. aventure secr\u00e8te, 1998 Format pocheDim. 11 x 17,5378 pages\",\"breadcrumb\":{\"@id\":\"https:\\\/\\\/www.verdieditions.com\\\/equilibre-de-vie\\\/produit\\\/weil-corps-medecin\\\/#breadcrumb\"},\"inLanguage\":\"fr-FR\",\"potentialAction\":[{\"@type\":\"ReadAction\",\"target\":[\"https:\\\/\\\/www.verdieditions.com\\\/equilibre-de-vie\\\/produit\\\/weil-corps-medecin\\\/\"]}]},{\"@type\":\"ImageObject\",\"inLanguage\":\"fr-FR\",\"@id\":\"https:\\\/\\\/www.verdieditions.com\\\/equilibre-de-vie\\\/produit\\\/weil-corps-medecin\\\/#primaryimage\",\"url\":\"https:\\\/\\\/www.verdieditions.com\\\/equilibre-de-vie\\\/wp-content\\\/uploads\\\/2023\\\/07\\\/weil-corps-medecin.jpg\",\"contentUrl\":\"https:\\\/\\\/www.verdieditions.com\\\/equilibre-de-vie\\\/wp-content\\\/uploads\\\/2023\\\/07\\\/weil-corps-medecin.jpg\",\"width\":503,\"height\":800,\"caption\":\"weil-corps-medecin\"},{\"@type\":\"BreadcrumbList\",\"@id\":\"https:\\\/\\\/www.verdieditions.com\\\/equilibre-de-vie\\\/produit\\\/weil-corps-medecin\\\/#breadcrumb\",\"itemListElement\":[{\"@type\":\"ListItem\",\"position\":1,\"name\":\"Accueil\",\"item\":\"https:\\\/\\\/www.verdieditions.com\\\/equilibre-de-vie\\\/\"},{\"@type\":\"ListItem\",\"position\":2,\"name\":\"La boutique\",\"item\":\"https:\\\/\\\/www.verdieditions.com\\\/equilibre-de-vie\\\/boutique\\\/\"},{\"@type\":\"ListItem\",\"position\":3,\"name\":\"Le corps m\u00e9decin &#8211; Andrew WEIL\"}]},{\"@type\":\"WebSite\",\"@id\":\"https:\\\/\\\/www.verdieditions.com\\\/equilibre-de-vie\\\/#website\",\"url\":\"https:\\\/\\\/www.verdieditions.com\\\/equilibre-de-vie\\\/\",\"name\":\"Equilibre de Vie\",\"description\":\"Ma boutique livres sant\u00e9, \u00e9sot\u00e9risme et d\u00e9veloppement personnel\",\"publisher\":{\"@id\":\"https:\\\/\\\/www.verdieditions.com\\\/equilibre-de-vie\\\/#\\\/schema\\\/person\\\/9dcb2a6759f2f5fbf43ac0b44649cecb\"},\"potentialAction\":[{\"@type\":\"SearchAction\",\"target\":{\"@type\":\"EntryPoint\",\"urlTemplate\":\"https:\\\/\\\/www.verdieditions.com\\\/equilibre-de-vie\\\/?s={search_term_string}\"},\"query-input\":{\"@type\":\"PropertyValueSpecification\",\"valueRequired\":true,\"valueName\":\"search_term_string\"}}],\"inLanguage\":\"fr-FR\"},{\"@type\":[\"Person\",\"Organization\"],\"@id\":\"https:\\\/\\\/www.verdieditions.com\\\/equilibre-de-vie\\\/#\\\/schema\\\/person\\\/9dcb2a6759f2f5fbf43ac0b44649cecb\",\"name\":\"Sylvie VERDI\",\"image\":{\"@type\":\"ImageObject\",\"inLanguage\":\"fr-FR\",\"@id\":\"https:\\\/\\\/www.verdieditions.com\\\/equilibre-de-vie\\\/wp-content\\\/uploads\\\/2020\\\/04\\\/livres-occasion-sante-esoterisme-developpement-personnel-2.jpg\",\"url\":\"https:\\\/\\\/www.verdieditions.com\\\/equilibre-de-vie\\\/wp-content\\\/uploads\\\/2020\\\/04\\\/livres-occasion-sante-esoterisme-developpement-personnel-2.jpg\",\"contentUrl\":\"https:\\\/\\\/www.verdieditions.com\\\/equilibre-de-vie\\\/wp-content\\\/uploads\\\/2020\\\/04\\\/livres-occasion-sante-esoterisme-developpement-personnel-2.jpg\",\"width\":800,\"height\":572,\"caption\":\"Sylvie VERDI\"},\"logo\":{\"@id\":\"https:\\\/\\\/www.verdieditions.com\\\/equilibre-de-vie\\\/wp-content\\\/uploads\\\/2020\\\/04\\\/livres-occasion-sante-esoterisme-developpement-personnel-2.jpg\"},\"sameAs\":[\"https:\\\/\\\/www.verdieditions.com\\\/equilibre-de-vie\"]}]}<\/script>\n<!-- \/ Yoast SEO plugin. -->","yoast_head_json":{"title":"Le corps m\u00e9decin - Andrew WEIL - Equilibre de Vie","description":"Auteur : Andrew WEIL Titre : Le corps m\u00e9decin \u00c9diteur : J'ai Lu, coll. aventure secr\u00e8te, 1998 Format pocheDim. 11 x 17,5378 pages","robots":{"index":"index","follow":"follow","max-snippet":"max-snippet:-1","max-image-preview":"max-image-preview:large","max-video-preview":"max-video-preview:-1"},"canonical":"https:\/\/www.verdieditions.com\/equilibre-de-vie\/produit\/weil-corps-medecin\/","og_locale":"fr_FR","og_type":"article","og_title":"Le corps m\u00e9decin - Andrew WEIL - Equilibre de Vie","og_description":"Auteur : Andrew WEIL Titre : Le corps m\u00e9decin \u00c9diteur : J'ai Lu, coll. aventure secr\u00e8te, 1998 Format pocheDim. 11 x 17,5378 pages","og_url":"https:\/\/www.verdieditions.com\/equilibre-de-vie\/produit\/weil-corps-medecin\/","og_site_name":"Equilibre de Vie","article_modified_time":"2025-06-06T14:12:38+00:00","og_image":[{"width":503,"height":800,"url":"https:\/\/www.verdieditions.com\/equilibre-de-vie\/wp-content\/uploads\/2023\/07\/weil-corps-medecin.jpg","type":"image\/jpeg"}],"twitter_card":"summary_large_image","twitter_misc":{"Dur\u00e9e de lecture estim\u00e9e":"2 minutes"},"schema":{"@context":"https:\/\/schema.org","@graph":[{"@type":"WebPage","@id":"https:\/\/www.verdieditions.com\/equilibre-de-vie\/produit\/weil-corps-medecin\/","url":"https:\/\/www.verdieditions.com\/equilibre-de-vie\/produit\/weil-corps-medecin\/","name":"Le corps m\u00e9decin - Andrew WEIL - Equilibre de Vie","isPartOf":{"@id":"https:\/\/www.verdieditions.com\/equilibre-de-vie\/#website"},"primaryImageOfPage":{"@id":"https:\/\/www.verdieditions.com\/equilibre-de-vie\/produit\/weil-corps-medecin\/#primaryimage"},"image":{"@id":"https:\/\/www.verdieditions.com\/equilibre-de-vie\/produit\/weil-corps-medecin\/#primaryimage"},"thumbnailUrl":"https:\/\/www.verdieditions.com\/equilibre-de-vie\/wp-content\/uploads\/2023\/07\/weil-corps-medecin.jpg","datePublished":"2023-07-10T14:56:49+00:00","dateModified":"2025-06-06T14:12:38+00:00","description":"Auteur : Andrew WEIL Titre : Le corps m\u00e9decin \u00c9diteur : J'ai Lu, coll. aventure secr\u00e8te, 1998 Format pocheDim. 11 x 17,5378 pages","breadcrumb":{"@id":"https:\/\/www.verdieditions.com\/equilibre-de-vie\/produit\/weil-corps-medecin\/#breadcrumb"},"inLanguage":"fr-FR","potentialAction":[{"@type":"ReadAction","target":["https:\/\/www.verdieditions.com\/equilibre-de-vie\/produit\/weil-corps-medecin\/"]}]},{"@type":"ImageObject","inLanguage":"fr-FR","@id":"https:\/\/www.verdieditions.com\/equilibre-de-vie\/produit\/weil-corps-medecin\/#primaryimage","url":"https:\/\/www.verdieditions.com\/equilibre-de-vie\/wp-content\/uploads\/2023\/07\/weil-corps-medecin.jpg","contentUrl":"https:\/\/www.verdieditions.com\/equilibre-de-vie\/wp-content\/uploads\/2023\/07\/weil-corps-medecin.jpg","width":503,"height":800,"caption":"weil-corps-medecin"},{"@type":"BreadcrumbList","@id":"https:\/\/www.verdieditions.com\/equilibre-de-vie\/produit\/weil-corps-medecin\/#breadcrumb","itemListElement":[{"@type":"ListItem","position":1,"name":"Accueil","item":"https:\/\/www.verdieditions.com\/equilibre-de-vie\/"},{"@type":"ListItem","position":2,"name":"La boutique","item":"https:\/\/www.verdieditions.com\/equilibre-de-vie\/boutique\/"},{"@type":"ListItem","position":3,"name":"Le corps m\u00e9decin &#8211; Andrew WEIL"}]},{"@type":"WebSite","@id":"https:\/\/www.verdieditions.com\/equilibre-de-vie\/#website","url":"https:\/\/www.verdieditions.com\/equilibre-de-vie\/","name":"Equilibre de Vie","description":"Ma boutique livres sant\u00e9, \u00e9sot\u00e9risme et d\u00e9veloppement personnel","publisher":{"@id":"https:\/\/www.verdieditions.com\/equilibre-de-vie\/#\/schema\/person\/9dcb2a6759f2f5fbf43ac0b44649cecb"},"potentialAction":[{"@type":"SearchAction","target":{"@type":"EntryPoint","urlTemplate":"https:\/\/www.verdieditions.com\/equilibre-de-vie\/?s={search_term_string}"},"query-input":{"@type":"PropertyValueSpecification","valueRequired":true,"valueName":"search_term_string"}}],"inLanguage":"fr-FR"},{"@type":["Person","Organization"],"@id":"https:\/\/www.verdieditions.com\/equilibre-de-vie\/#\/schema\/person\/9dcb2a6759f2f5fbf43ac0b44649cecb","name":"Sylvie VERDI","image":{"@type":"ImageObject","inLanguage":"fr-FR","@id":"https:\/\/www.verdieditions.com\/equilibre-de-vie\/wp-content\/uploads\/2020\/04\/livres-occasion-sante-esoterisme-developpement-personnel-2.jpg","url":"https:\/\/www.verdieditions.com\/equilibre-de-vie\/wp-content\/uploads\/2020\/04\/livres-occasion-sante-esoterisme-developpement-personnel-2.jpg","contentUrl":"https:\/\/www.verdieditions.com\/equilibre-de-vie\/wp-content\/uploads\/2020\/04\/livres-occasion-sante-esoterisme-developpement-personnel-2.jpg","width":800,"height":572,"caption":"Sylvie VERDI"},"logo":{"@id":"https:\/\/www.verdieditions.com\/equilibre-de-vie\/wp-content\/uploads\/2020\/04\/livres-occasion-sante-esoterisme-developpement-personnel-2.jpg"},"sameAs":["https:\/\/www.verdieditions.com\/equilibre-de-vie"]}]}},"_links":{"self":[{"href":"https:\/\/www.verdieditions.com\/equilibre-de-vie\/wp-json\/wp\/v2\/product\/2229","targetHints":{"allow":["GET"]}}],"collection":[{"href":"https:\/\/www.verdieditions.com\/equilibre-de-vie\/wp-json\/wp\/v2\/product"}],"about":[{"href":"https:\/\/www.verdieditions.com\/equilibre-de-vie\/wp-json\/wp\/v2\/types\/product"}],"wp:featuredmedia":[{"embeddable":true,"href":"https:\/\/www.verdieditions.com\/equilibre-de-vie\/wp-json\/wp\/v2\/media\/2242"}],"wp:attachment":[{"href":"https:\/\/www.verdieditions.com\/equilibre-de-vie\/wp-json\/wp\/v2\/media?parent=2229"}],"wp:term":[{"taxonomy":"product_brand","embeddable":true,"href":"https:\/\/www.verdieditions.com\/equilibre-de-vie\/wp-json\/wp\/v2\/product_brand?post=2229"},{"taxonomy":"product_cat","embeddable":true,"href":"https:\/\/www.verdieditions.com\/equilibre-de-vie\/wp-json\/wp\/v2\/product_cat?post=2229"},{"taxonomy":"product_tag","embeddable":true,"href":"https:\/\/www.verdieditions.com\/equilibre-de-vie\/wp-json\/wp\/v2\/product_tag?post=2229"}],"curies":[{"name":"wp","href":"https:\/\/api.w.org\/{rel}","templated":true}]}}