{"id":2218,"date":"2023-07-04T10:22:48","date_gmt":"2023-07-04T08:22:48","guid":{"rendered":"https:\/\/www.verdieditions.com\/equilibre-de-vie\/?post_type=product&#038;p=2218"},"modified":"2023-07-10T16:54:08","modified_gmt":"2023-07-10T14:54:08","slug":"krzyzak-encyclopedie-medecine-familiale","status":"publish","type":"product","link":"https:\/\/www.verdieditions.com\/equilibre-de-vie\/produit\/krzyzak-encyclopedie-medecine-familiale\/","title":{"rendered":"Encyclop\u00e9die de la m\u00e9decine familiale &#8211; K. KRZYZAK"},"content":{"rendered":"<p>Auteur : K. KRZYZAK<br \/>\nTitre : Encyclop\u00e9die de la m\u00e9decine familiale, Connaissance et vie<br \/>\n\u00c9diteur : Christophe Colomb, 1984<br \/>\nCouverture rigide, avec jaquette d&rsquo;origine<br \/>\nAvec nombreuses photos couleur<br \/>\nEtat : Excellent<br \/>\nDim. 21,5 x 29<br \/>\n336 pages <\/p>\n","protected":false},"excerpt":{"rendered":"<p>Auteur : K. KRZYZAK<br \/>\nTitre : Encyclop\u00e9die de la m\u00e9decine familiale, Connaissance et vie<br \/>\n\u00c9diteur : Christophe Colomb, 1984<br \/>\nCouverture rigide, avec jaquette d&rsquo;origine<br \/>\nAvec nombreuses photos couleur<br \/>\nEtat : Excellent<br \/>\nDim. 21,5 x 29<br \/>\n336 pages <\/p>\n","protected":false},"featured_media":2227,"template":"","meta":[],"product_brand":[],"product_cat":[21],"product_tag":[53,74],"class_list":{"0":"post-2218","1":"product","2":"type-product","3":"status-publish","4":"has-post-thumbnail","6":"product_cat-sante","7":"product_tag-couleurs","8":"product_tag-guerison","10":"first","11":"instock","12":"shipping-taxable","13":"product-type-simple"},"yoast_head":"<!-- This site is optimized with the Yoast SEO plugin v27.4 - https:\/\/yoast.com\/product\/yoast-seo-wordpress\/ -->\n<title>Encyclop\u00e9die de la m\u00e9decine familiale - K. KRZYZAK<\/title>\n<meta name=\"description\" content=\"K. KRZYZAK Encyclop\u00e9die de la m\u00e9decine familiale \u00c9d: Colomb, 1984 Couverture rigide Nb photos couleur Etat : Excellent Dim. 21,5 x 29 336 p\" \/>\n<meta name=\"robots\" content=\"index, follow, max-snippet:-1, max-image-preview:large, max-video-preview:-1\" \/>\n<link rel=\"canonical\" href=\"https:\/\/www.verdieditions.com\/equilibre-de-vie\/produit\/krzyzak-encyclopedie-medecine-familiale\/\" \/>\n<meta property=\"og:locale\" content=\"fr_FR\" \/>\n<meta property=\"og:type\" content=\"article\" \/>\n<meta property=\"og:title\" content=\"Encyclop\u00e9die de la m\u00e9decine familiale - K. KRZYZAK\" \/>\n<meta property=\"og:description\" content=\"K. KRZYZAK Encyclop\u00e9die de la m\u00e9decine familiale \u00c9d: Colomb, 1984 Couverture rigide Nb photos couleur Etat : Excellent Dim. 21,5 x 29 336 p\" \/>\n<meta property=\"og:url\" content=\"https:\/\/www.verdieditions.com\/equilibre-de-vie\/produit\/krzyzak-encyclopedie-medecine-familiale\/\" \/>\n<meta property=\"og:site_name\" content=\"Equilibre de Vie\" \/>\n<meta property=\"article:modified_time\" content=\"2023-07-10T14:54:08+00:00\" \/>\n<meta property=\"og:image\" content=\"https:\/\/www.verdieditions.com\/equilibre-de-vie\/wp-content\/uploads\/2023\/07\/encyclopedie-medecine-familiale-KRZYZAK-2.jpg\" \/>\n\t<meta property=\"og:image:width\" content=\"629\" \/>\n\t<meta property=\"og:image:height\" content=\"800\" \/>\n\t<meta property=\"og:image:type\" content=\"image\/jpeg\" \/>\n<meta name=\"twitter:card\" content=\"summary_large_image\" \/>\n<meta name=\"twitter:label1\" content=\"Dur\u00e9e de lecture estim\u00e9e\" \/>\n\t<meta name=\"twitter:data1\" content=\"1 minute\" \/>\n<script type=\"application\/ld+json\" class=\"yoast-schema-graph\">{\"@context\":\"https:\\\/\\\/schema.org\",\"@graph\":[{\"@type\":\"WebPage\",\"@id\":\"https:\\\/\\\/www.verdieditions.com\\\/equilibre-de-vie\\\/produit\\\/krzyzak-encyclopedie-medecine-familiale\\\/\",\"url\":\"https:\\\/\\\/www.verdieditions.com\\\/equilibre-de-vie\\\/produit\\\/krzyzak-encyclopedie-medecine-familiale\\\/\",\"name\":\"Encyclop\u00e9die de la m\u00e9decine familiale - K. KRZYZAK\",\"isPartOf\":{\"@id\":\"https:\\\/\\\/www.verdieditions.com\\\/equilibre-de-vie\\\/#website\"},\"primaryImageOfPage\":{\"@id\":\"https:\\\/\\\/www.verdieditions.com\\\/equilibre-de-vie\\\/produit\\\/krzyzak-encyclopedie-medecine-familiale\\\/#primaryimage\"},\"image\":{\"@id\":\"https:\\\/\\\/www.verdieditions.com\\\/equilibre-de-vie\\\/produit\\\/krzyzak-encyclopedie-medecine-familiale\\\/#primaryimage\"},\"thumbnailUrl\":\"https:\\\/\\\/www.verdieditions.com\\\/equilibre-de-vie\\\/wp-content\\\/uploads\\\/2023\\\/07\\\/encyclopedie-medecine-familiale-KRZYZAK-2.jpg\",\"datePublished\":\"2023-07-04T08:22:48+00:00\",\"dateModified\":\"2023-07-10T14:54:08+00:00\",\"description\":\"K. KRZYZAK Encyclop\u00e9die de la m\u00e9decine familiale \u00c9d: Colomb, 1984 Couverture rigide Nb photos couleur Etat : Excellent Dim. 21,5 x 29 336 p\",\"breadcrumb\":{\"@id\":\"https:\\\/\\\/www.verdieditions.com\\\/equilibre-de-vie\\\/produit\\\/krzyzak-encyclopedie-medecine-familiale\\\/#breadcrumb\"},\"inLanguage\":\"fr-FR\",\"potentialAction\":[{\"@type\":\"ReadAction\",\"target\":[\"https:\\\/\\\/www.verdieditions.com\\\/equilibre-de-vie\\\/produit\\\/krzyzak-encyclopedie-medecine-familiale\\\/\"]}]},{\"@type\":\"ImageObject\",\"inLanguage\":\"fr-FR\",\"@id\":\"https:\\\/\\\/www.verdieditions.com\\\/equilibre-de-vie\\\/produit\\\/krzyzak-encyclopedie-medecine-familiale\\\/#primaryimage\",\"url\":\"https:\\\/\\\/www.verdieditions.com\\\/equilibre-de-vie\\\/wp-content\\\/uploads\\\/2023\\\/07\\\/encyclopedie-medecine-familiale-KRZYZAK-2.jpg\",\"contentUrl\":\"https:\\\/\\\/www.verdieditions.com\\\/equilibre-de-vie\\\/wp-content\\\/uploads\\\/2023\\\/07\\\/encyclopedie-medecine-familiale-KRZYZAK-2.jpg\",\"width\":629,\"height\":800,\"caption\":\"encyclopedie-medecine-familiale-KRZYZAK-2\"},{\"@type\":\"BreadcrumbList\",\"@id\":\"https:\\\/\\\/www.verdieditions.com\\\/equilibre-de-vie\\\/produit\\\/krzyzak-encyclopedie-medecine-familiale\\\/#breadcrumb\",\"itemListElement\":[{\"@type\":\"ListItem\",\"position\":1,\"name\":\"Accueil\",\"item\":\"https:\\\/\\\/www.verdieditions.com\\\/equilibre-de-vie\\\/\"},{\"@type\":\"ListItem\",\"position\":2,\"name\":\"La boutique\",\"item\":\"https:\\\/\\\/www.verdieditions.com\\\/equilibre-de-vie\\\/boutique\\\/\"},{\"@type\":\"ListItem\",\"position\":3,\"name\":\"Encyclop\u00e9die de la m\u00e9decine familiale &#8211; K. KRZYZAK\"}]},{\"@type\":\"WebSite\",\"@id\":\"https:\\\/\\\/www.verdieditions.com\\\/equilibre-de-vie\\\/#website\",\"url\":\"https:\\\/\\\/www.verdieditions.com\\\/equilibre-de-vie\\\/\",\"name\":\"Equilibre de Vie\",\"description\":\"Ma boutique livres sant\u00e9, \u00e9sot\u00e9risme et d\u00e9veloppement personnel\",\"publisher\":{\"@id\":\"https:\\\/\\\/www.verdieditions.com\\\/equilibre-de-vie\\\/#\\\/schema\\\/person\\\/9dcb2a6759f2f5fbf43ac0b44649cecb\"},\"potentialAction\":[{\"@type\":\"SearchAction\",\"target\":{\"@type\":\"EntryPoint\",\"urlTemplate\":\"https:\\\/\\\/www.verdieditions.com\\\/equilibre-de-vie\\\/?s={search_term_string}\"},\"query-input\":{\"@type\":\"PropertyValueSpecification\",\"valueRequired\":true,\"valueName\":\"search_term_string\"}}],\"inLanguage\":\"fr-FR\"},{\"@type\":[\"Person\",\"Organization\"],\"@id\":\"https:\\\/\\\/www.verdieditions.com\\\/equilibre-de-vie\\\/#\\\/schema\\\/person\\\/9dcb2a6759f2f5fbf43ac0b44649cecb\",\"name\":\"Sylvie VERDI\",\"image\":{\"@type\":\"ImageObject\",\"inLanguage\":\"fr-FR\",\"@id\":\"https:\\\/\\\/www.verdieditions.com\\\/equilibre-de-vie\\\/wp-content\\\/uploads\\\/2020\\\/04\\\/livres-occasion-sante-esoterisme-developpement-personnel-2.jpg\",\"url\":\"https:\\\/\\\/www.verdieditions.com\\\/equilibre-de-vie\\\/wp-content\\\/uploads\\\/2020\\\/04\\\/livres-occasion-sante-esoterisme-developpement-personnel-2.jpg\",\"contentUrl\":\"https:\\\/\\\/www.verdieditions.com\\\/equilibre-de-vie\\\/wp-content\\\/uploads\\\/2020\\\/04\\\/livres-occasion-sante-esoterisme-developpement-personnel-2.jpg\",\"width\":800,\"height\":572,\"caption\":\"Sylvie VERDI\"},\"logo\":{\"@id\":\"https:\\\/\\\/www.verdieditions.com\\\/equilibre-de-vie\\\/wp-content\\\/uploads\\\/2020\\\/04\\\/livres-occasion-sante-esoterisme-developpement-personnel-2.jpg\"},\"sameAs\":[\"https:\\\/\\\/www.verdieditions.com\\\/equilibre-de-vie\"]}]}<\/script>\n<!-- \/ Yoast SEO plugin. -->","yoast_head_json":{"title":"Encyclop\u00e9die de la m\u00e9decine familiale - K. KRZYZAK","description":"K. KRZYZAK Encyclop\u00e9die de la m\u00e9decine familiale \u00c9d: Colomb, 1984 Couverture rigide Nb photos couleur Etat : Excellent Dim. 21,5 x 29 336 p","robots":{"index":"index","follow":"follow","max-snippet":"max-snippet:-1","max-image-preview":"max-image-preview:large","max-video-preview":"max-video-preview:-1"},"canonical":"https:\/\/www.verdieditions.com\/equilibre-de-vie\/produit\/krzyzak-encyclopedie-medecine-familiale\/","og_locale":"fr_FR","og_type":"article","og_title":"Encyclop\u00e9die de la m\u00e9decine familiale - K. KRZYZAK","og_description":"K. KRZYZAK Encyclop\u00e9die de la m\u00e9decine familiale \u00c9d: Colomb, 1984 Couverture rigide Nb photos couleur Etat : Excellent Dim. 21,5 x 29 336 p","og_url":"https:\/\/www.verdieditions.com\/equilibre-de-vie\/produit\/krzyzak-encyclopedie-medecine-familiale\/","og_site_name":"Equilibre de Vie","article_modified_time":"2023-07-10T14:54:08+00:00","og_image":[{"width":629,"height":800,"url":"https:\/\/www.verdieditions.com\/equilibre-de-vie\/wp-content\/uploads\/2023\/07\/encyclopedie-medecine-familiale-KRZYZAK-2.jpg","type":"image\/jpeg"}],"twitter_card":"summary_large_image","twitter_misc":{"Dur\u00e9e de lecture estim\u00e9e":"1 minute"},"schema":{"@context":"https:\/\/schema.org","@graph":[{"@type":"WebPage","@id":"https:\/\/www.verdieditions.com\/equilibre-de-vie\/produit\/krzyzak-encyclopedie-medecine-familiale\/","url":"https:\/\/www.verdieditions.com\/equilibre-de-vie\/produit\/krzyzak-encyclopedie-medecine-familiale\/","name":"Encyclop\u00e9die de la m\u00e9decine familiale - K. KRZYZAK","isPartOf":{"@id":"https:\/\/www.verdieditions.com\/equilibre-de-vie\/#website"},"primaryImageOfPage":{"@id":"https:\/\/www.verdieditions.com\/equilibre-de-vie\/produit\/krzyzak-encyclopedie-medecine-familiale\/#primaryimage"},"image":{"@id":"https:\/\/www.verdieditions.com\/equilibre-de-vie\/produit\/krzyzak-encyclopedie-medecine-familiale\/#primaryimage"},"thumbnailUrl":"https:\/\/www.verdieditions.com\/equilibre-de-vie\/wp-content\/uploads\/2023\/07\/encyclopedie-medecine-familiale-KRZYZAK-2.jpg","datePublished":"2023-07-04T08:22:48+00:00","dateModified":"2023-07-10T14:54:08+00:00","description":"K. KRZYZAK Encyclop\u00e9die de la m\u00e9decine familiale \u00c9d: Colomb, 1984 Couverture rigide Nb photos couleur Etat : Excellent Dim. 21,5 x 29 336 p","breadcrumb":{"@id":"https:\/\/www.verdieditions.com\/equilibre-de-vie\/produit\/krzyzak-encyclopedie-medecine-familiale\/#breadcrumb"},"inLanguage":"fr-FR","potentialAction":[{"@type":"ReadAction","target":["https:\/\/www.verdieditions.com\/equilibre-de-vie\/produit\/krzyzak-encyclopedie-medecine-familiale\/"]}]},{"@type":"ImageObject","inLanguage":"fr-FR","@id":"https:\/\/www.verdieditions.com\/equilibre-de-vie\/produit\/krzyzak-encyclopedie-medecine-familiale\/#primaryimage","url":"https:\/\/www.verdieditions.com\/equilibre-de-vie\/wp-content\/uploads\/2023\/07\/encyclopedie-medecine-familiale-KRZYZAK-2.jpg","contentUrl":"https:\/\/www.verdieditions.com\/equilibre-de-vie\/wp-content\/uploads\/2023\/07\/encyclopedie-medecine-familiale-KRZYZAK-2.jpg","width":629,"height":800,"caption":"encyclopedie-medecine-familiale-KRZYZAK-2"},{"@type":"BreadcrumbList","@id":"https:\/\/www.verdieditions.com\/equilibre-de-vie\/produit\/krzyzak-encyclopedie-medecine-familiale\/#breadcrumb","itemListElement":[{"@type":"ListItem","position":1,"name":"Accueil","item":"https:\/\/www.verdieditions.com\/equilibre-de-vie\/"},{"@type":"ListItem","position":2,"name":"La boutique","item":"https:\/\/www.verdieditions.com\/equilibre-de-vie\/boutique\/"},{"@type":"ListItem","position":3,"name":"Encyclop\u00e9die de la m\u00e9decine familiale &#8211; K. KRZYZAK"}]},{"@type":"WebSite","@id":"https:\/\/www.verdieditions.com\/equilibre-de-vie\/#website","url":"https:\/\/www.verdieditions.com\/equilibre-de-vie\/","name":"Equilibre de Vie","description":"Ma boutique livres sant\u00e9, \u00e9sot\u00e9risme et d\u00e9veloppement personnel","publisher":{"@id":"https:\/\/www.verdieditions.com\/equilibre-de-vie\/#\/schema\/person\/9dcb2a6759f2f5fbf43ac0b44649cecb"},"potentialAction":[{"@type":"SearchAction","target":{"@type":"EntryPoint","urlTemplate":"https:\/\/www.verdieditions.com\/equilibre-de-vie\/?s={search_term_string}"},"query-input":{"@type":"PropertyValueSpecification","valueRequired":true,"valueName":"search_term_string"}}],"inLanguage":"fr-FR"},{"@type":["Person","Organization"],"@id":"https:\/\/www.verdieditions.com\/equilibre-de-vie\/#\/schema\/person\/9dcb2a6759f2f5fbf43ac0b44649cecb","name":"Sylvie VERDI","image":{"@type":"ImageObject","inLanguage":"fr-FR","@id":"https:\/\/www.verdieditions.com\/equilibre-de-vie\/wp-content\/uploads\/2020\/04\/livres-occasion-sante-esoterisme-developpement-personnel-2.jpg","url":"https:\/\/www.verdieditions.com\/equilibre-de-vie\/wp-content\/uploads\/2020\/04\/livres-occasion-sante-esoterisme-developpement-personnel-2.jpg","contentUrl":"https:\/\/www.verdieditions.com\/equilibre-de-vie\/wp-content\/uploads\/2020\/04\/livres-occasion-sante-esoterisme-developpement-personnel-2.jpg","width":800,"height":572,"caption":"Sylvie VERDI"},"logo":{"@id":"https:\/\/www.verdieditions.com\/equilibre-de-vie\/wp-content\/uploads\/2020\/04\/livres-occasion-sante-esoterisme-developpement-personnel-2.jpg"},"sameAs":["https:\/\/www.verdieditions.com\/equilibre-de-vie"]}]}},"_links":{"self":[{"href":"https:\/\/www.verdieditions.com\/equilibre-de-vie\/wp-json\/wp\/v2\/product\/2218","targetHints":{"allow":["GET"]}}],"collection":[{"href":"https:\/\/www.verdieditions.com\/equilibre-de-vie\/wp-json\/wp\/v2\/product"}],"about":[{"href":"https:\/\/www.verdieditions.com\/equilibre-de-vie\/wp-json\/wp\/v2\/types\/product"}],"wp:featuredmedia":[{"embeddable":true,"href":"https:\/\/www.verdieditions.com\/equilibre-de-vie\/wp-json\/wp\/v2\/media\/2227"}],"wp:attachment":[{"href":"https:\/\/www.verdieditions.com\/equilibre-de-vie\/wp-json\/wp\/v2\/media?parent=2218"}],"wp:term":[{"taxonomy":"product_brand","embeddable":true,"href":"https:\/\/www.verdieditions.com\/equilibre-de-vie\/wp-json\/wp\/v2\/product_brand?post=2218"},{"taxonomy":"product_cat","embeddable":true,"href":"https:\/\/www.verdieditions.com\/equilibre-de-vie\/wp-json\/wp\/v2\/product_cat?post=2218"},{"taxonomy":"product_tag","embeddable":true,"href":"https:\/\/www.verdieditions.com\/equilibre-de-vie\/wp-json\/wp\/v2\/product_tag?post=2218"}],"curies":[{"name":"wp","href":"https:\/\/api.w.org\/{rel}","templated":true}]}}