{"id":2216,"date":"2023-07-04T10:14:21","date_gmt":"2023-07-04T08:14:21","guid":{"rendered":"https:\/\/www.verdieditions.com\/equilibre-de-vie\/?post_type=product&#038;p=2216"},"modified":"2025-07-26T08:20:06","modified_gmt":"2025-07-26T06:20:06","slug":"magentisme-source-vie-geneves","status":"publish","type":"product","link":"https:\/\/www.verdieditions.com\/equilibre-de-vie\/produit\/magentisme-source-vie-geneves\/","title":{"rendered":"Le Magn\u00e9tisme, \u00ab Source de vie \u00bb &#8211; Jean-Fran\u00e7ois GENEV\u00c8S"},"content":{"rendered":"<p>Auteur : Jean-Fran\u00e7ois GENEV\u00c8S<br \/>\nTitre : Le Magn\u00e9tisme, \u00ab Source de vie \u00bb<br \/>\n\u00c9diteur : JF genev\u00e8s, Association D\u00e9couvertes, Querrien<br \/>\nDim. 21 x 29,7<br \/>\n33 pages <\/p>\n<p>Depuis des mill\u00e9naires, le magn\u00e9tisme est un moyen curatif d\u2019une efficacit\u00e9 extraordinaire. Cependant, pour \u00eatre pleinement efficace sa pratique se doit de respecter certaines r\u00e8gles \u00e9l\u00e9mentaires que cette brochure vous propose de d\u00e9couvrir. Car il est n\u00e9cessaire de rappeler que gu\u00e9rir l\u2019autre ce n\u2019est pas prendre, par transfert, son probl\u00e8me ou sa maladie !<\/p>\n","protected":false},"excerpt":{"rendered":"<p>Auteur : Jean-Fran\u00e7ois GENEV\u00c8S<br \/>\nTitre : Le Magn\u00e9tisme, \u00ab Source de vie \u00bb<br \/>\n\u00c9diteur : JF genev\u00e8s, Association D\u00e9couvertes, Querrien<br \/>\nDim. 21 x 29,7<br \/>\n33 pages <\/p>\n","protected":false},"featured_media":2237,"template":"","meta":[],"product_brand":[],"product_cat":[21],"product_tag":[94],"class_list":{"0":"post-2216","1":"product","2":"type-product","3":"status-publish","4":"has-post-thumbnail","6":"product_cat-sante","7":"product_tag-magnetisme","9":"first","10":"outofstock","11":"shipping-taxable","12":"product-type-simple"},"yoast_head":"<!-- This site is optimized with the Yoast SEO plugin v27.4 - https:\/\/yoast.com\/product\/yoast-seo-wordpress\/ -->\n<title>Le Magn\u00e9tisme, \u00ab Source de vie \u00bb - Jean-Fran\u00e7ois GENEV\u00c8S<\/title>\n<meta name=\"description\" content=\"Auteur : Jean-Fran\u00e7ois GENEV\u00c8S Titre : Le Magn\u00e9tisme, \u00ab Source de vie \u00bb \u00c9diteur : JF genev\u00e8s, Association D\u00e9couvertes, Querrien Dim. 21 x 29,7 33 pages\" \/>\n<meta name=\"robots\" content=\"index, follow, max-snippet:-1, max-image-preview:large, max-video-preview:-1\" \/>\n<link rel=\"canonical\" href=\"https:\/\/www.verdieditions.com\/equilibre-de-vie\/produit\/magentisme-source-vie-geneves\/\" \/>\n<meta property=\"og:locale\" content=\"fr_FR\" \/>\n<meta property=\"og:type\" content=\"article\" \/>\n<meta property=\"og:title\" content=\"Le Magn\u00e9tisme, \u00ab Source de vie \u00bb - Jean-Fran\u00e7ois GENEV\u00c8S\" \/>\n<meta property=\"og:description\" content=\"Auteur : Jean-Fran\u00e7ois GENEV\u00c8S Titre : Le Magn\u00e9tisme, \u00ab Source de vie \u00bb \u00c9diteur : JF genev\u00e8s, Association D\u00e9couvertes, Querrien Dim. 21 x 29,7 33 pages\" \/>\n<meta property=\"og:url\" content=\"https:\/\/www.verdieditions.com\/equilibre-de-vie\/produit\/magentisme-source-vie-geneves\/\" \/>\n<meta property=\"og:site_name\" content=\"Equilibre de Vie\" \/>\n<meta property=\"article:modified_time\" content=\"2025-07-26T06:20:06+00:00\" \/>\n<meta property=\"og:image\" content=\"https:\/\/www.verdieditions.com\/equilibre-de-vie\/wp-content\/uploads\/2023\/07\/geneves-magnetisme-source-vie.jpg\" \/>\n\t<meta property=\"og:image:width\" content=\"611\" \/>\n\t<meta property=\"og:image:height\" content=\"800\" \/>\n\t<meta property=\"og:image:type\" content=\"image\/jpeg\" \/>\n<meta name=\"twitter:card\" content=\"summary_large_image\" \/>\n<meta name=\"twitter:label1\" content=\"Dur\u00e9e de lecture estim\u00e9e\" \/>\n\t<meta name=\"twitter:data1\" content=\"1 minute\" \/>\n<script type=\"application\/ld+json\" class=\"yoast-schema-graph\">{\"@context\":\"https:\\\/\\\/schema.org\",\"@graph\":[{\"@type\":\"WebPage\",\"@id\":\"https:\\\/\\\/www.verdieditions.com\\\/equilibre-de-vie\\\/produit\\\/magentisme-source-vie-geneves\\\/\",\"url\":\"https:\\\/\\\/www.verdieditions.com\\\/equilibre-de-vie\\\/produit\\\/magentisme-source-vie-geneves\\\/\",\"name\":\"Le Magn\u00e9tisme, \u00ab Source de vie \u00bb - Jean-Fran\u00e7ois GENEV\u00c8S\",\"isPartOf\":{\"@id\":\"https:\\\/\\\/www.verdieditions.com\\\/equilibre-de-vie\\\/#website\"},\"primaryImageOfPage\":{\"@id\":\"https:\\\/\\\/www.verdieditions.com\\\/equilibre-de-vie\\\/produit\\\/magentisme-source-vie-geneves\\\/#primaryimage\"},\"image\":{\"@id\":\"https:\\\/\\\/www.verdieditions.com\\\/equilibre-de-vie\\\/produit\\\/magentisme-source-vie-geneves\\\/#primaryimage\"},\"thumbnailUrl\":\"https:\\\/\\\/www.verdieditions.com\\\/equilibre-de-vie\\\/wp-content\\\/uploads\\\/2023\\\/07\\\/geneves-magnetisme-source-vie.jpg\",\"datePublished\":\"2023-07-04T08:14:21+00:00\",\"dateModified\":\"2025-07-26T06:20:06+00:00\",\"description\":\"Auteur : Jean-Fran\u00e7ois GENEV\u00c8S Titre : Le Magn\u00e9tisme, \u00ab Source de vie \u00bb \u00c9diteur : JF genev\u00e8s, Association D\u00e9couvertes, Querrien Dim. 21 x 29,7 33 pages\",\"breadcrumb\":{\"@id\":\"https:\\\/\\\/www.verdieditions.com\\\/equilibre-de-vie\\\/produit\\\/magentisme-source-vie-geneves\\\/#breadcrumb\"},\"inLanguage\":\"fr-FR\",\"potentialAction\":[{\"@type\":\"ReadAction\",\"target\":[\"https:\\\/\\\/www.verdieditions.com\\\/equilibre-de-vie\\\/produit\\\/magentisme-source-vie-geneves\\\/\"]}]},{\"@type\":\"ImageObject\",\"inLanguage\":\"fr-FR\",\"@id\":\"https:\\\/\\\/www.verdieditions.com\\\/equilibre-de-vie\\\/produit\\\/magentisme-source-vie-geneves\\\/#primaryimage\",\"url\":\"https:\\\/\\\/www.verdieditions.com\\\/equilibre-de-vie\\\/wp-content\\\/uploads\\\/2023\\\/07\\\/geneves-magnetisme-source-vie.jpg\",\"contentUrl\":\"https:\\\/\\\/www.verdieditions.com\\\/equilibre-de-vie\\\/wp-content\\\/uploads\\\/2023\\\/07\\\/geneves-magnetisme-source-vie.jpg\",\"width\":611,\"height\":800,\"caption\":\"geneves-magnetisme-source-vie\"},{\"@type\":\"BreadcrumbList\",\"@id\":\"https:\\\/\\\/www.verdieditions.com\\\/equilibre-de-vie\\\/produit\\\/magentisme-source-vie-geneves\\\/#breadcrumb\",\"itemListElement\":[{\"@type\":\"ListItem\",\"position\":1,\"name\":\"Accueil\",\"item\":\"https:\\\/\\\/www.verdieditions.com\\\/equilibre-de-vie\\\/\"},{\"@type\":\"ListItem\",\"position\":2,\"name\":\"La boutique\",\"item\":\"https:\\\/\\\/www.verdieditions.com\\\/equilibre-de-vie\\\/boutique\\\/\"},{\"@type\":\"ListItem\",\"position\":3,\"name\":\"Le Magn\u00e9tisme, \u00ab Source de vie \u00bb &#8211; Jean-Fran\u00e7ois GENEV\u00c8S\"}]},{\"@type\":\"WebSite\",\"@id\":\"https:\\\/\\\/www.verdieditions.com\\\/equilibre-de-vie\\\/#website\",\"url\":\"https:\\\/\\\/www.verdieditions.com\\\/equilibre-de-vie\\\/\",\"name\":\"Equilibre de Vie\",\"description\":\"Ma boutique livres sant\u00e9, \u00e9sot\u00e9risme et d\u00e9veloppement personnel\",\"publisher\":{\"@id\":\"https:\\\/\\\/www.verdieditions.com\\\/equilibre-de-vie\\\/#\\\/schema\\\/person\\\/9dcb2a6759f2f5fbf43ac0b44649cecb\"},\"potentialAction\":[{\"@type\":\"SearchAction\",\"target\":{\"@type\":\"EntryPoint\",\"urlTemplate\":\"https:\\\/\\\/www.verdieditions.com\\\/equilibre-de-vie\\\/?s={search_term_string}\"},\"query-input\":{\"@type\":\"PropertyValueSpecification\",\"valueRequired\":true,\"valueName\":\"search_term_string\"}}],\"inLanguage\":\"fr-FR\"},{\"@type\":[\"Person\",\"Organization\"],\"@id\":\"https:\\\/\\\/www.verdieditions.com\\\/equilibre-de-vie\\\/#\\\/schema\\\/person\\\/9dcb2a6759f2f5fbf43ac0b44649cecb\",\"name\":\"Sylvie VERDI\",\"image\":{\"@type\":\"ImageObject\",\"inLanguage\":\"fr-FR\",\"@id\":\"https:\\\/\\\/www.verdieditions.com\\\/equilibre-de-vie\\\/wp-content\\\/uploads\\\/2020\\\/04\\\/livres-occasion-sante-esoterisme-developpement-personnel-2.jpg\",\"url\":\"https:\\\/\\\/www.verdieditions.com\\\/equilibre-de-vie\\\/wp-content\\\/uploads\\\/2020\\\/04\\\/livres-occasion-sante-esoterisme-developpement-personnel-2.jpg\",\"contentUrl\":\"https:\\\/\\\/www.verdieditions.com\\\/equilibre-de-vie\\\/wp-content\\\/uploads\\\/2020\\\/04\\\/livres-occasion-sante-esoterisme-developpement-personnel-2.jpg\",\"width\":800,\"height\":572,\"caption\":\"Sylvie VERDI\"},\"logo\":{\"@id\":\"https:\\\/\\\/www.verdieditions.com\\\/equilibre-de-vie\\\/wp-content\\\/uploads\\\/2020\\\/04\\\/livres-occasion-sante-esoterisme-developpement-personnel-2.jpg\"},\"sameAs\":[\"https:\\\/\\\/www.verdieditions.com\\\/equilibre-de-vie\"]}]}<\/script>\n<!-- \/ Yoast SEO plugin. -->","yoast_head_json":{"title":"Le Magn\u00e9tisme, \u00ab Source de vie \u00bb - Jean-Fran\u00e7ois GENEV\u00c8S","description":"Auteur : Jean-Fran\u00e7ois GENEV\u00c8S Titre : Le Magn\u00e9tisme, \u00ab Source de vie \u00bb \u00c9diteur : JF genev\u00e8s, Association D\u00e9couvertes, Querrien Dim. 21 x 29,7 33 pages","robots":{"index":"index","follow":"follow","max-snippet":"max-snippet:-1","max-image-preview":"max-image-preview:large","max-video-preview":"max-video-preview:-1"},"canonical":"https:\/\/www.verdieditions.com\/equilibre-de-vie\/produit\/magentisme-source-vie-geneves\/","og_locale":"fr_FR","og_type":"article","og_title":"Le Magn\u00e9tisme, \u00ab Source de vie \u00bb - Jean-Fran\u00e7ois GENEV\u00c8S","og_description":"Auteur : Jean-Fran\u00e7ois GENEV\u00c8S Titre : Le Magn\u00e9tisme, \u00ab Source de vie \u00bb \u00c9diteur : JF genev\u00e8s, Association D\u00e9couvertes, Querrien Dim. 21 x 29,7 33 pages","og_url":"https:\/\/www.verdieditions.com\/equilibre-de-vie\/produit\/magentisme-source-vie-geneves\/","og_site_name":"Equilibre de Vie","article_modified_time":"2025-07-26T06:20:06+00:00","og_image":[{"width":611,"height":800,"url":"https:\/\/www.verdieditions.com\/equilibre-de-vie\/wp-content\/uploads\/2023\/07\/geneves-magnetisme-source-vie.jpg","type":"image\/jpeg"}],"twitter_card":"summary_large_image","twitter_misc":{"Dur\u00e9e de lecture estim\u00e9e":"1 minute"},"schema":{"@context":"https:\/\/schema.org","@graph":[{"@type":"WebPage","@id":"https:\/\/www.verdieditions.com\/equilibre-de-vie\/produit\/magentisme-source-vie-geneves\/","url":"https:\/\/www.verdieditions.com\/equilibre-de-vie\/produit\/magentisme-source-vie-geneves\/","name":"Le Magn\u00e9tisme, \u00ab Source de vie \u00bb - Jean-Fran\u00e7ois GENEV\u00c8S","isPartOf":{"@id":"https:\/\/www.verdieditions.com\/equilibre-de-vie\/#website"},"primaryImageOfPage":{"@id":"https:\/\/www.verdieditions.com\/equilibre-de-vie\/produit\/magentisme-source-vie-geneves\/#primaryimage"},"image":{"@id":"https:\/\/www.verdieditions.com\/equilibre-de-vie\/produit\/magentisme-source-vie-geneves\/#primaryimage"},"thumbnailUrl":"https:\/\/www.verdieditions.com\/equilibre-de-vie\/wp-content\/uploads\/2023\/07\/geneves-magnetisme-source-vie.jpg","datePublished":"2023-07-04T08:14:21+00:00","dateModified":"2025-07-26T06:20:06+00:00","description":"Auteur : Jean-Fran\u00e7ois GENEV\u00c8S Titre : Le Magn\u00e9tisme, \u00ab Source de vie \u00bb \u00c9diteur : JF genev\u00e8s, Association D\u00e9couvertes, Querrien Dim. 21 x 29,7 33 pages","breadcrumb":{"@id":"https:\/\/www.verdieditions.com\/equilibre-de-vie\/produit\/magentisme-source-vie-geneves\/#breadcrumb"},"inLanguage":"fr-FR","potentialAction":[{"@type":"ReadAction","target":["https:\/\/www.verdieditions.com\/equilibre-de-vie\/produit\/magentisme-source-vie-geneves\/"]}]},{"@type":"ImageObject","inLanguage":"fr-FR","@id":"https:\/\/www.verdieditions.com\/equilibre-de-vie\/produit\/magentisme-source-vie-geneves\/#primaryimage","url":"https:\/\/www.verdieditions.com\/equilibre-de-vie\/wp-content\/uploads\/2023\/07\/geneves-magnetisme-source-vie.jpg","contentUrl":"https:\/\/www.verdieditions.com\/equilibre-de-vie\/wp-content\/uploads\/2023\/07\/geneves-magnetisme-source-vie.jpg","width":611,"height":800,"caption":"geneves-magnetisme-source-vie"},{"@type":"BreadcrumbList","@id":"https:\/\/www.verdieditions.com\/equilibre-de-vie\/produit\/magentisme-source-vie-geneves\/#breadcrumb","itemListElement":[{"@type":"ListItem","position":1,"name":"Accueil","item":"https:\/\/www.verdieditions.com\/equilibre-de-vie\/"},{"@type":"ListItem","position":2,"name":"La boutique","item":"https:\/\/www.verdieditions.com\/equilibre-de-vie\/boutique\/"},{"@type":"ListItem","position":3,"name":"Le Magn\u00e9tisme, \u00ab Source de vie \u00bb &#8211; Jean-Fran\u00e7ois GENEV\u00c8S"}]},{"@type":"WebSite","@id":"https:\/\/www.verdieditions.com\/equilibre-de-vie\/#website","url":"https:\/\/www.verdieditions.com\/equilibre-de-vie\/","name":"Equilibre de Vie","description":"Ma boutique livres sant\u00e9, \u00e9sot\u00e9risme et d\u00e9veloppement personnel","publisher":{"@id":"https:\/\/www.verdieditions.com\/equilibre-de-vie\/#\/schema\/person\/9dcb2a6759f2f5fbf43ac0b44649cecb"},"potentialAction":[{"@type":"SearchAction","target":{"@type":"EntryPoint","urlTemplate":"https:\/\/www.verdieditions.com\/equilibre-de-vie\/?s={search_term_string}"},"query-input":{"@type":"PropertyValueSpecification","valueRequired":true,"valueName":"search_term_string"}}],"inLanguage":"fr-FR"},{"@type":["Person","Organization"],"@id":"https:\/\/www.verdieditions.com\/equilibre-de-vie\/#\/schema\/person\/9dcb2a6759f2f5fbf43ac0b44649cecb","name":"Sylvie VERDI","image":{"@type":"ImageObject","inLanguage":"fr-FR","@id":"https:\/\/www.verdieditions.com\/equilibre-de-vie\/wp-content\/uploads\/2020\/04\/livres-occasion-sante-esoterisme-developpement-personnel-2.jpg","url":"https:\/\/www.verdieditions.com\/equilibre-de-vie\/wp-content\/uploads\/2020\/04\/livres-occasion-sante-esoterisme-developpement-personnel-2.jpg","contentUrl":"https:\/\/www.verdieditions.com\/equilibre-de-vie\/wp-content\/uploads\/2020\/04\/livres-occasion-sante-esoterisme-developpement-personnel-2.jpg","width":800,"height":572,"caption":"Sylvie VERDI"},"logo":{"@id":"https:\/\/www.verdieditions.com\/equilibre-de-vie\/wp-content\/uploads\/2020\/04\/livres-occasion-sante-esoterisme-developpement-personnel-2.jpg"},"sameAs":["https:\/\/www.verdieditions.com\/equilibre-de-vie"]}]}},"_links":{"self":[{"href":"https:\/\/www.verdieditions.com\/equilibre-de-vie\/wp-json\/wp\/v2\/product\/2216","targetHints":{"allow":["GET"]}}],"collection":[{"href":"https:\/\/www.verdieditions.com\/equilibre-de-vie\/wp-json\/wp\/v2\/product"}],"about":[{"href":"https:\/\/www.verdieditions.com\/equilibre-de-vie\/wp-json\/wp\/v2\/types\/product"}],"wp:featuredmedia":[{"embeddable":true,"href":"https:\/\/www.verdieditions.com\/equilibre-de-vie\/wp-json\/wp\/v2\/media\/2237"}],"wp:attachment":[{"href":"https:\/\/www.verdieditions.com\/equilibre-de-vie\/wp-json\/wp\/v2\/media?parent=2216"}],"wp:term":[{"taxonomy":"product_brand","embeddable":true,"href":"https:\/\/www.verdieditions.com\/equilibre-de-vie\/wp-json\/wp\/v2\/product_brand?post=2216"},{"taxonomy":"product_cat","embeddable":true,"href":"https:\/\/www.verdieditions.com\/equilibre-de-vie\/wp-json\/wp\/v2\/product_cat?post=2216"},{"taxonomy":"product_tag","embeddable":true,"href":"https:\/\/www.verdieditions.com\/equilibre-de-vie\/wp-json\/wp\/v2\/product_tag?post=2216"}],"curies":[{"name":"wp","href":"https:\/\/api.w.org\/{rel}","templated":true}]}}