{"id":2213,"date":"2023-07-04T09:51:17","date_gmt":"2023-07-04T07:51:17","guid":{"rendered":"https:\/\/www.verdieditions.com\/equilibre-de-vie\/?post_type=product&#038;p=2213"},"modified":"2023-07-10T16:45:55","modified_gmt":"2023-07-10T14:45:55","slug":"bach-guerison-fleurs","status":"publish","type":"product","link":"https:\/\/www.verdieditions.com\/equilibre-de-vie\/produit\/bach-guerison-fleurs\/","title":{"rendered":"La gu\u00e9rison par les fleurs &#8211; Dr E. BACH"},"content":{"rendered":"<p>Auteur : Dr E. BACH<br \/>\nTitre : La gu\u00e9rison par les fleurs<br \/>\n\u00c9diteur : Le courrier du livre, 1996<br \/>\nDim. 13,5 x 19<br \/>\n124 pages<\/p>\n<p>Bact\u00e9riologiste puis hom\u00e9opathe, Edward Bach acquit fort jeune une grande r\u00e9putation pour ses recherches sur le rapport entre les maladies chroniques et l&rsquo;intoxication intestinale, recherches qui aboutirent \u00e0 une th\u00e9rapeutique en renom. Mais bient\u00f4t, insatisfait des ressources offertes par la m\u00e9decine orthodoxe, il abandonna \u00e0 ses confr\u00e8res le fruit de ses recherches et laissa ses fonctions, son laboratoire, sa client\u00e8le et les profits qui en r\u00e9sultaient afin de poursuivre au sein de la nature sa qu\u00eate de la vraie m\u00e9decine \u00e0 sa source m\u00eame. Il apporta alors \u00e0 l&rsquo;\u00e9tude des plantes son don d&rsquo;observation et la m\u00eame minutie que dans ses recherches pr\u00e9c\u00e9dentes. Aid\u00e9 par une sensibilit\u00e9 hors de pair, il d\u00e9couvrit ainsi trente-huit rem\u00e8des naturels correspondant \u00e0 trente-huit \u00e9tats d&rsquo;esprit n\u00e9gatifs courants chez l&rsquo;homme, \u00e0 la fois causes premi\u00e8res de la maladie et obstacles au r\u00e9tablissement de la sant\u00e9. Dans ce livre, l&rsquo;auteur expose ce qu&rsquo;est la maladie et comment s&rsquo;en lib\u00e9rer. puis il \u00e9num\u00e8re les \u00e9tats d&rsquo;esprit qui peuvent \u00eatre corrig\u00e9s par les extraits de fleurs. La m\u00e9thode d&rsquo;application est tr\u00e8s simple.<\/p>\n","protected":false},"excerpt":{"rendered":"<p>Auteur : Dr E. BACH<br \/>\nTitre : La gu\u00e9rison par les fleurs<br \/>\n\u00c9diteur : Le courrier du livre, 1996<br \/>\nDim. 13,5 x 19<br \/>\n124 pages<\/p>\n","protected":false},"featured_media":2220,"template":"","meta":[],"product_brand":[],"product_cat":[21],"product_tag":[73,74,98,100,256],"class_list":{"0":"post-2213","1":"product","2":"type-product","3":"status-publish","4":"has-post-thumbnail","6":"product_cat-sante","7":"product_tag-guerir","8":"product_tag-guerison","9":"product_tag-medecine-alternative","10":"product_tag-medecine-naturelle","11":"product_tag-nature","13":"first","14":"instock","15":"shipping-taxable","16":"product-type-simple"},"yoast_head":"<!-- This site is optimized with the Yoast SEO plugin v27.4 - https:\/\/yoast.com\/product\/yoast-seo-wordpress\/ -->\n<title>La gu\u00e9rison par les fleurs - Dr E. BACH - Equilibre de Vie<\/title>\n<meta name=\"description\" content=\"Auteur : Dr E. BACH Titre : La gu\u00e9rison par les fleurs \u00c9diteur : Le courrier du livre, 1996 Dim. 13,5 x 19 124 pages\" \/>\n<meta name=\"robots\" content=\"index, follow, max-snippet:-1, max-image-preview:large, max-video-preview:-1\" \/>\n<link rel=\"canonical\" href=\"https:\/\/www.verdieditions.com\/equilibre-de-vie\/produit\/bach-guerison-fleurs\/\" \/>\n<meta property=\"og:locale\" content=\"fr_FR\" \/>\n<meta property=\"og:type\" content=\"article\" \/>\n<meta property=\"og:title\" content=\"La gu\u00e9rison par les fleurs - Dr E. BACH - Equilibre de Vie\" \/>\n<meta property=\"og:description\" content=\"Auteur : Dr E. BACH Titre : La gu\u00e9rison par les fleurs \u00c9diteur : Le courrier du livre, 1996 Dim. 13,5 x 19 124 pages\" \/>\n<meta property=\"og:url\" content=\"https:\/\/www.verdieditions.com\/equilibre-de-vie\/produit\/bach-guerison-fleurs\/\" \/>\n<meta property=\"og:site_name\" content=\"Equilibre de Vie\" \/>\n<meta property=\"article:modified_time\" content=\"2023-07-10T14:45:55+00:00\" \/>\n<meta property=\"og:image\" content=\"https:\/\/www.verdieditions.com\/equilibre-de-vie\/wp-content\/uploads\/2023\/07\/bach-guerison-fleurs.jpg\" \/>\n\t<meta property=\"og:image:width\" content=\"617\" \/>\n\t<meta property=\"og:image:height\" content=\"800\" \/>\n\t<meta property=\"og:image:type\" content=\"image\/jpeg\" \/>\n<meta name=\"twitter:card\" content=\"summary_large_image\" \/>\n<meta name=\"twitter:label1\" content=\"Dur\u00e9e de lecture estim\u00e9e\" \/>\n\t<meta name=\"twitter:data1\" content=\"2 minutes\" \/>\n<script type=\"application\/ld+json\" class=\"yoast-schema-graph\">{\"@context\":\"https:\\\/\\\/schema.org\",\"@graph\":[{\"@type\":\"WebPage\",\"@id\":\"https:\\\/\\\/www.verdieditions.com\\\/equilibre-de-vie\\\/produit\\\/bach-guerison-fleurs\\\/\",\"url\":\"https:\\\/\\\/www.verdieditions.com\\\/equilibre-de-vie\\\/produit\\\/bach-guerison-fleurs\\\/\",\"name\":\"La gu\u00e9rison par les fleurs - Dr E. BACH - Equilibre de Vie\",\"isPartOf\":{\"@id\":\"https:\\\/\\\/www.verdieditions.com\\\/equilibre-de-vie\\\/#website\"},\"primaryImageOfPage\":{\"@id\":\"https:\\\/\\\/www.verdieditions.com\\\/equilibre-de-vie\\\/produit\\\/bach-guerison-fleurs\\\/#primaryimage\"},\"image\":{\"@id\":\"https:\\\/\\\/www.verdieditions.com\\\/equilibre-de-vie\\\/produit\\\/bach-guerison-fleurs\\\/#primaryimage\"},\"thumbnailUrl\":\"https:\\\/\\\/www.verdieditions.com\\\/equilibre-de-vie\\\/wp-content\\\/uploads\\\/2023\\\/07\\\/bach-guerison-fleurs.jpg\",\"datePublished\":\"2023-07-04T07:51:17+00:00\",\"dateModified\":\"2023-07-10T14:45:55+00:00\",\"description\":\"Auteur : Dr E. BACH Titre : La gu\u00e9rison par les fleurs \u00c9diteur : Le courrier du livre, 1996 Dim. 13,5 x 19 124 pages\",\"breadcrumb\":{\"@id\":\"https:\\\/\\\/www.verdieditions.com\\\/equilibre-de-vie\\\/produit\\\/bach-guerison-fleurs\\\/#breadcrumb\"},\"inLanguage\":\"fr-FR\",\"potentialAction\":[{\"@type\":\"ReadAction\",\"target\":[\"https:\\\/\\\/www.verdieditions.com\\\/equilibre-de-vie\\\/produit\\\/bach-guerison-fleurs\\\/\"]}]},{\"@type\":\"ImageObject\",\"inLanguage\":\"fr-FR\",\"@id\":\"https:\\\/\\\/www.verdieditions.com\\\/equilibre-de-vie\\\/produit\\\/bach-guerison-fleurs\\\/#primaryimage\",\"url\":\"https:\\\/\\\/www.verdieditions.com\\\/equilibre-de-vie\\\/wp-content\\\/uploads\\\/2023\\\/07\\\/bach-guerison-fleurs.jpg\",\"contentUrl\":\"https:\\\/\\\/www.verdieditions.com\\\/equilibre-de-vie\\\/wp-content\\\/uploads\\\/2023\\\/07\\\/bach-guerison-fleurs.jpg\",\"width\":617,\"height\":800,\"caption\":\"bach-guerison-fleurs\"},{\"@type\":\"BreadcrumbList\",\"@id\":\"https:\\\/\\\/www.verdieditions.com\\\/equilibre-de-vie\\\/produit\\\/bach-guerison-fleurs\\\/#breadcrumb\",\"itemListElement\":[{\"@type\":\"ListItem\",\"position\":1,\"name\":\"Accueil\",\"item\":\"https:\\\/\\\/www.verdieditions.com\\\/equilibre-de-vie\\\/\"},{\"@type\":\"ListItem\",\"position\":2,\"name\":\"La boutique\",\"item\":\"https:\\\/\\\/www.verdieditions.com\\\/equilibre-de-vie\\\/boutique\\\/\"},{\"@type\":\"ListItem\",\"position\":3,\"name\":\"La gu\u00e9rison par les fleurs &#8211; Dr E. BACH\"}]},{\"@type\":\"WebSite\",\"@id\":\"https:\\\/\\\/www.verdieditions.com\\\/equilibre-de-vie\\\/#website\",\"url\":\"https:\\\/\\\/www.verdieditions.com\\\/equilibre-de-vie\\\/\",\"name\":\"Equilibre de Vie\",\"description\":\"Ma boutique livres sant\u00e9, \u00e9sot\u00e9risme et d\u00e9veloppement personnel\",\"publisher\":{\"@id\":\"https:\\\/\\\/www.verdieditions.com\\\/equilibre-de-vie\\\/#\\\/schema\\\/person\\\/9dcb2a6759f2f5fbf43ac0b44649cecb\"},\"potentialAction\":[{\"@type\":\"SearchAction\",\"target\":{\"@type\":\"EntryPoint\",\"urlTemplate\":\"https:\\\/\\\/www.verdieditions.com\\\/equilibre-de-vie\\\/?s={search_term_string}\"},\"query-input\":{\"@type\":\"PropertyValueSpecification\",\"valueRequired\":true,\"valueName\":\"search_term_string\"}}],\"inLanguage\":\"fr-FR\"},{\"@type\":[\"Person\",\"Organization\"],\"@id\":\"https:\\\/\\\/www.verdieditions.com\\\/equilibre-de-vie\\\/#\\\/schema\\\/person\\\/9dcb2a6759f2f5fbf43ac0b44649cecb\",\"name\":\"Sylvie VERDI\",\"image\":{\"@type\":\"ImageObject\",\"inLanguage\":\"fr-FR\",\"@id\":\"https:\\\/\\\/www.verdieditions.com\\\/equilibre-de-vie\\\/wp-content\\\/uploads\\\/2020\\\/04\\\/livres-occasion-sante-esoterisme-developpement-personnel-2.jpg\",\"url\":\"https:\\\/\\\/www.verdieditions.com\\\/equilibre-de-vie\\\/wp-content\\\/uploads\\\/2020\\\/04\\\/livres-occasion-sante-esoterisme-developpement-personnel-2.jpg\",\"contentUrl\":\"https:\\\/\\\/www.verdieditions.com\\\/equilibre-de-vie\\\/wp-content\\\/uploads\\\/2020\\\/04\\\/livres-occasion-sante-esoterisme-developpement-personnel-2.jpg\",\"width\":800,\"height\":572,\"caption\":\"Sylvie VERDI\"},\"logo\":{\"@id\":\"https:\\\/\\\/www.verdieditions.com\\\/equilibre-de-vie\\\/wp-content\\\/uploads\\\/2020\\\/04\\\/livres-occasion-sante-esoterisme-developpement-personnel-2.jpg\"},\"sameAs\":[\"https:\\\/\\\/www.verdieditions.com\\\/equilibre-de-vie\"]}]}<\/script>\n<!-- \/ Yoast SEO plugin. -->","yoast_head_json":{"title":"La gu\u00e9rison par les fleurs - Dr E. BACH - Equilibre de Vie","description":"Auteur : Dr E. BACH Titre : La gu\u00e9rison par les fleurs \u00c9diteur : Le courrier du livre, 1996 Dim. 13,5 x 19 124 pages","robots":{"index":"index","follow":"follow","max-snippet":"max-snippet:-1","max-image-preview":"max-image-preview:large","max-video-preview":"max-video-preview:-1"},"canonical":"https:\/\/www.verdieditions.com\/equilibre-de-vie\/produit\/bach-guerison-fleurs\/","og_locale":"fr_FR","og_type":"article","og_title":"La gu\u00e9rison par les fleurs - Dr E. BACH - Equilibre de Vie","og_description":"Auteur : Dr E. BACH Titre : La gu\u00e9rison par les fleurs \u00c9diteur : Le courrier du livre, 1996 Dim. 13,5 x 19 124 pages","og_url":"https:\/\/www.verdieditions.com\/equilibre-de-vie\/produit\/bach-guerison-fleurs\/","og_site_name":"Equilibre de Vie","article_modified_time":"2023-07-10T14:45:55+00:00","og_image":[{"width":617,"height":800,"url":"https:\/\/www.verdieditions.com\/equilibre-de-vie\/wp-content\/uploads\/2023\/07\/bach-guerison-fleurs.jpg","type":"image\/jpeg"}],"twitter_card":"summary_large_image","twitter_misc":{"Dur\u00e9e de lecture estim\u00e9e":"2 minutes"},"schema":{"@context":"https:\/\/schema.org","@graph":[{"@type":"WebPage","@id":"https:\/\/www.verdieditions.com\/equilibre-de-vie\/produit\/bach-guerison-fleurs\/","url":"https:\/\/www.verdieditions.com\/equilibre-de-vie\/produit\/bach-guerison-fleurs\/","name":"La gu\u00e9rison par les fleurs - Dr E. BACH - Equilibre de Vie","isPartOf":{"@id":"https:\/\/www.verdieditions.com\/equilibre-de-vie\/#website"},"primaryImageOfPage":{"@id":"https:\/\/www.verdieditions.com\/equilibre-de-vie\/produit\/bach-guerison-fleurs\/#primaryimage"},"image":{"@id":"https:\/\/www.verdieditions.com\/equilibre-de-vie\/produit\/bach-guerison-fleurs\/#primaryimage"},"thumbnailUrl":"https:\/\/www.verdieditions.com\/equilibre-de-vie\/wp-content\/uploads\/2023\/07\/bach-guerison-fleurs.jpg","datePublished":"2023-07-04T07:51:17+00:00","dateModified":"2023-07-10T14:45:55+00:00","description":"Auteur : Dr E. BACH Titre : La gu\u00e9rison par les fleurs \u00c9diteur : Le courrier du livre, 1996 Dim. 13,5 x 19 124 pages","breadcrumb":{"@id":"https:\/\/www.verdieditions.com\/equilibre-de-vie\/produit\/bach-guerison-fleurs\/#breadcrumb"},"inLanguage":"fr-FR","potentialAction":[{"@type":"ReadAction","target":["https:\/\/www.verdieditions.com\/equilibre-de-vie\/produit\/bach-guerison-fleurs\/"]}]},{"@type":"ImageObject","inLanguage":"fr-FR","@id":"https:\/\/www.verdieditions.com\/equilibre-de-vie\/produit\/bach-guerison-fleurs\/#primaryimage","url":"https:\/\/www.verdieditions.com\/equilibre-de-vie\/wp-content\/uploads\/2023\/07\/bach-guerison-fleurs.jpg","contentUrl":"https:\/\/www.verdieditions.com\/equilibre-de-vie\/wp-content\/uploads\/2023\/07\/bach-guerison-fleurs.jpg","width":617,"height":800,"caption":"bach-guerison-fleurs"},{"@type":"BreadcrumbList","@id":"https:\/\/www.verdieditions.com\/equilibre-de-vie\/produit\/bach-guerison-fleurs\/#breadcrumb","itemListElement":[{"@type":"ListItem","position":1,"name":"Accueil","item":"https:\/\/www.verdieditions.com\/equilibre-de-vie\/"},{"@type":"ListItem","position":2,"name":"La boutique","item":"https:\/\/www.verdieditions.com\/equilibre-de-vie\/boutique\/"},{"@type":"ListItem","position":3,"name":"La gu\u00e9rison par les fleurs &#8211; Dr E. BACH"}]},{"@type":"WebSite","@id":"https:\/\/www.verdieditions.com\/equilibre-de-vie\/#website","url":"https:\/\/www.verdieditions.com\/equilibre-de-vie\/","name":"Equilibre de Vie","description":"Ma boutique livres sant\u00e9, \u00e9sot\u00e9risme et d\u00e9veloppement personnel","publisher":{"@id":"https:\/\/www.verdieditions.com\/equilibre-de-vie\/#\/schema\/person\/9dcb2a6759f2f5fbf43ac0b44649cecb"},"potentialAction":[{"@type":"SearchAction","target":{"@type":"EntryPoint","urlTemplate":"https:\/\/www.verdieditions.com\/equilibre-de-vie\/?s={search_term_string}"},"query-input":{"@type":"PropertyValueSpecification","valueRequired":true,"valueName":"search_term_string"}}],"inLanguage":"fr-FR"},{"@type":["Person","Organization"],"@id":"https:\/\/www.verdieditions.com\/equilibre-de-vie\/#\/schema\/person\/9dcb2a6759f2f5fbf43ac0b44649cecb","name":"Sylvie VERDI","image":{"@type":"ImageObject","inLanguage":"fr-FR","@id":"https:\/\/www.verdieditions.com\/equilibre-de-vie\/wp-content\/uploads\/2020\/04\/livres-occasion-sante-esoterisme-developpement-personnel-2.jpg","url":"https:\/\/www.verdieditions.com\/equilibre-de-vie\/wp-content\/uploads\/2020\/04\/livres-occasion-sante-esoterisme-developpement-personnel-2.jpg","contentUrl":"https:\/\/www.verdieditions.com\/equilibre-de-vie\/wp-content\/uploads\/2020\/04\/livres-occasion-sante-esoterisme-developpement-personnel-2.jpg","width":800,"height":572,"caption":"Sylvie VERDI"},"logo":{"@id":"https:\/\/www.verdieditions.com\/equilibre-de-vie\/wp-content\/uploads\/2020\/04\/livres-occasion-sante-esoterisme-developpement-personnel-2.jpg"},"sameAs":["https:\/\/www.verdieditions.com\/equilibre-de-vie"]}]}},"_links":{"self":[{"href":"https:\/\/www.verdieditions.com\/equilibre-de-vie\/wp-json\/wp\/v2\/product\/2213","targetHints":{"allow":["GET"]}}],"collection":[{"href":"https:\/\/www.verdieditions.com\/equilibre-de-vie\/wp-json\/wp\/v2\/product"}],"about":[{"href":"https:\/\/www.verdieditions.com\/equilibre-de-vie\/wp-json\/wp\/v2\/types\/product"}],"wp:featuredmedia":[{"embeddable":true,"href":"https:\/\/www.verdieditions.com\/equilibre-de-vie\/wp-json\/wp\/v2\/media\/2220"}],"wp:attachment":[{"href":"https:\/\/www.verdieditions.com\/equilibre-de-vie\/wp-json\/wp\/v2\/media?parent=2213"}],"wp:term":[{"taxonomy":"product_brand","embeddable":true,"href":"https:\/\/www.verdieditions.com\/equilibre-de-vie\/wp-json\/wp\/v2\/product_brand?post=2213"},{"taxonomy":"product_cat","embeddable":true,"href":"https:\/\/www.verdieditions.com\/equilibre-de-vie\/wp-json\/wp\/v2\/product_cat?post=2213"},{"taxonomy":"product_tag","embeddable":true,"href":"https:\/\/www.verdieditions.com\/equilibre-de-vie\/wp-json\/wp\/v2\/product_tag?post=2213"}],"curies":[{"name":"wp","href":"https:\/\/api.w.org\/{rel}","templated":true}]}}