{"id":2151,"date":"2022-12-26T16:53:59","date_gmt":"2022-12-26T15:53:59","guid":{"rendered":"https:\/\/www.verdieditions.com\/equilibre-de-vie\/?post_type=product&#038;p=2151"},"modified":"2024-02-06T14:42:43","modified_gmt":"2024-02-06T13:42:43","slug":"guide-contraception-naturelle-2","status":"publish","type":"product","link":"https:\/\/www.verdieditions.com\/equilibre-de-vie\/produit\/guide-contraception-naturelle-2\/","title":{"rendered":"Guide de la contraception naturelle &#8211; Volume 2"},"content":{"rendered":"<p>Auteur : Projet Nature Contraception<br \/>\nTitre : Guide de la contraception naturelle, sp\u00e9cial d\u00e9butant, Vol.2 Cycles complexes, comprendre pour bien analyser<br \/>\n\u00c9diteur : PJC, Fluoo imprimeur, 2017<br \/>\nEdition originale<br \/>\nDim. 15 x 21<br \/>\n85 pages<\/p>\n<p>Suite directe du VOLUME 1, le VOLUME 2 des Guides de la Contraception naturelle, sp\u00e9cial d\u00e9butant, a pour but de vous apprendre \u00e0 interpr\u00e9ter les cycles parfois \u00ab\u00a0moins lin\u00e9aires\u00a0\u00bb, un peu complexes ou un peu diff\u00e9rents pouvant arriver \u00e0 toutes les femmes, selon les variations de leur moral, de leur sant\u00e9.<br \/>\nIl s&rsquo;agit de d\u00e9mystifier notamment les probl\u00e8mes du quotidien : d\u00e9calages horaires dans les prises de temp\u00e9rature, temp\u00e9ratures complexes, \u00e9pisodes de glaire insuffisants ou d\u00e9licats \u00e0 interpr\u00e9ter, maladie temporaire pouvant fausser certains des signaux fertiles&#8230;<br \/>\nPour savoir comment analyser correctement vos cycles parfois moins lin\u00e9aires, mais toujours sans aucune statistique, ni aucun pr\u00e9visionnel, ni aucune approximation.<br \/>\nCe volume explique \u00e9galement comment la M\u00e9thode peut se d\u00e9buter \u00e0 la sortie d&rsquo;une contraception hormonale, et en p\u00e9ri-m\u00e9nopause.<\/p>\n","protected":false},"excerpt":{"rendered":"<p>Auteur : Projet Nature Contraception<br \/>\nTitre : Guide de la contraception naturelle, sp\u00e9cial d\u00e9butant, Vol.2 Cycles complexes, comprendre pour bien analyser<br \/>\n\u00c9diteur : PJC, Fluoo imprimeur, 2017<br \/>\nEdition originale<br \/>\nDim. 15 x 21<br \/>\n85 pages<\/p>\n","protected":false},"featured_media":2158,"template":"","meta":[],"product_brand":[],"product_cat":[21],"product_tag":[289,100],"class_list":{"0":"post-2151","1":"product","2":"type-product","3":"status-publish","4":"has-post-thumbnail","6":"product_cat-sante","7":"product_tag-contraception","8":"product_tag-medecine-naturelle","10":"first","11":"instock","12":"shipping-taxable","13":"product-type-simple"},"yoast_head":"<!-- This site is optimized with the Yoast SEO plugin v27.4 - https:\/\/yoast.com\/product\/yoast-seo-wordpress\/ -->\n<title>Guide de la contraception naturelle - Volume 2 - Equilibre de Vie<\/title>\n<meta name=\"description\" content=\"Projet Nature Contraception Guide de la contraception naturelle, d\u00e9butant, Vol.2 Cycles complexes, comprendre pour bien analyser PJC 2017 Dim. 15 x 21 85 p\" \/>\n<meta name=\"robots\" content=\"index, follow, max-snippet:-1, max-image-preview:large, max-video-preview:-1\" \/>\n<link rel=\"canonical\" href=\"https:\/\/www.verdieditions.com\/equilibre-de-vie\/produit\/guide-contraception-naturelle-2\/\" \/>\n<meta property=\"og:locale\" content=\"fr_FR\" \/>\n<meta property=\"og:type\" content=\"article\" \/>\n<meta property=\"og:title\" content=\"Guide de la contraception naturelle - Volume 2 - Equilibre de Vie\" \/>\n<meta property=\"og:description\" content=\"Projet Nature Contraception Guide de la contraception naturelle, d\u00e9butant, Vol.2 Cycles complexes, comprendre pour bien analyser PJC 2017 Dim. 15 x 21 85 p\" \/>\n<meta property=\"og:url\" content=\"https:\/\/www.verdieditions.com\/equilibre-de-vie\/produit\/guide-contraception-naturelle-2\/\" \/>\n<meta property=\"og:site_name\" content=\"Equilibre de Vie\" \/>\n<meta property=\"article:modified_time\" content=\"2024-02-06T13:42:43+00:00\" \/>\n<meta property=\"og:image\" content=\"https:\/\/www.verdieditions.com\/equilibre-de-vie\/wp-content\/uploads\/2022\/12\/guide-contraception-naturelle-vol-2.jpg\" \/>\n\t<meta property=\"og:image:width\" content=\"585\" \/>\n\t<meta property=\"og:image:height\" content=\"800\" \/>\n\t<meta property=\"og:image:type\" content=\"image\/jpeg\" \/>\n<meta name=\"twitter:card\" content=\"summary_large_image\" \/>\n<meta name=\"twitter:label1\" content=\"Dur\u00e9e de lecture estim\u00e9e\" \/>\n\t<meta name=\"twitter:data1\" content=\"1 minute\" \/>\n<script type=\"application\/ld+json\" class=\"yoast-schema-graph\">{\"@context\":\"https:\\\/\\\/schema.org\",\"@graph\":[{\"@type\":\"WebPage\",\"@id\":\"https:\\\/\\\/www.verdieditions.com\\\/equilibre-de-vie\\\/produit\\\/guide-contraception-naturelle-2\\\/\",\"url\":\"https:\\\/\\\/www.verdieditions.com\\\/equilibre-de-vie\\\/produit\\\/guide-contraception-naturelle-2\\\/\",\"name\":\"Guide de la contraception naturelle - Volume 2 - Equilibre de Vie\",\"isPartOf\":{\"@id\":\"https:\\\/\\\/www.verdieditions.com\\\/equilibre-de-vie\\\/#website\"},\"primaryImageOfPage\":{\"@id\":\"https:\\\/\\\/www.verdieditions.com\\\/equilibre-de-vie\\\/produit\\\/guide-contraception-naturelle-2\\\/#primaryimage\"},\"image\":{\"@id\":\"https:\\\/\\\/www.verdieditions.com\\\/equilibre-de-vie\\\/produit\\\/guide-contraception-naturelle-2\\\/#primaryimage\"},\"thumbnailUrl\":\"https:\\\/\\\/www.verdieditions.com\\\/equilibre-de-vie\\\/wp-content\\\/uploads\\\/2022\\\/12\\\/guide-contraception-naturelle-vol-2.jpg\",\"datePublished\":\"2022-12-26T15:53:59+00:00\",\"dateModified\":\"2024-02-06T13:42:43+00:00\",\"description\":\"Projet Nature Contraception Guide de la contraception naturelle, d\u00e9butant, Vol.2 Cycles complexes, comprendre pour bien analyser PJC 2017 Dim. 15 x 21 85 p\",\"breadcrumb\":{\"@id\":\"https:\\\/\\\/www.verdieditions.com\\\/equilibre-de-vie\\\/produit\\\/guide-contraception-naturelle-2\\\/#breadcrumb\"},\"inLanguage\":\"fr-FR\",\"potentialAction\":[{\"@type\":\"ReadAction\",\"target\":[\"https:\\\/\\\/www.verdieditions.com\\\/equilibre-de-vie\\\/produit\\\/guide-contraception-naturelle-2\\\/\"]}]},{\"@type\":\"ImageObject\",\"inLanguage\":\"fr-FR\",\"@id\":\"https:\\\/\\\/www.verdieditions.com\\\/equilibre-de-vie\\\/produit\\\/guide-contraception-naturelle-2\\\/#primaryimage\",\"url\":\"https:\\\/\\\/www.verdieditions.com\\\/equilibre-de-vie\\\/wp-content\\\/uploads\\\/2022\\\/12\\\/guide-contraception-naturelle-vol-2.jpg\",\"contentUrl\":\"https:\\\/\\\/www.verdieditions.com\\\/equilibre-de-vie\\\/wp-content\\\/uploads\\\/2022\\\/12\\\/guide-contraception-naturelle-vol-2.jpg\",\"width\":585,\"height\":800,\"caption\":\"guide-contraception-naturelle-vol-2\"},{\"@type\":\"BreadcrumbList\",\"@id\":\"https:\\\/\\\/www.verdieditions.com\\\/equilibre-de-vie\\\/produit\\\/guide-contraception-naturelle-2\\\/#breadcrumb\",\"itemListElement\":[{\"@type\":\"ListItem\",\"position\":1,\"name\":\"Accueil\",\"item\":\"https:\\\/\\\/www.verdieditions.com\\\/equilibre-de-vie\\\/\"},{\"@type\":\"ListItem\",\"position\":2,\"name\":\"La boutique\",\"item\":\"https:\\\/\\\/www.verdieditions.com\\\/equilibre-de-vie\\\/boutique\\\/\"},{\"@type\":\"ListItem\",\"position\":3,\"name\":\"Guide de la contraception naturelle &#8211; Volume 2\"}]},{\"@type\":\"WebSite\",\"@id\":\"https:\\\/\\\/www.verdieditions.com\\\/equilibre-de-vie\\\/#website\",\"url\":\"https:\\\/\\\/www.verdieditions.com\\\/equilibre-de-vie\\\/\",\"name\":\"Equilibre de Vie\",\"description\":\"Ma boutique livres sant\u00e9, \u00e9sot\u00e9risme et d\u00e9veloppement personnel\",\"publisher\":{\"@id\":\"https:\\\/\\\/www.verdieditions.com\\\/equilibre-de-vie\\\/#\\\/schema\\\/person\\\/9dcb2a6759f2f5fbf43ac0b44649cecb\"},\"potentialAction\":[{\"@type\":\"SearchAction\",\"target\":{\"@type\":\"EntryPoint\",\"urlTemplate\":\"https:\\\/\\\/www.verdieditions.com\\\/equilibre-de-vie\\\/?s={search_term_string}\"},\"query-input\":{\"@type\":\"PropertyValueSpecification\",\"valueRequired\":true,\"valueName\":\"search_term_string\"}}],\"inLanguage\":\"fr-FR\"},{\"@type\":[\"Person\",\"Organization\"],\"@id\":\"https:\\\/\\\/www.verdieditions.com\\\/equilibre-de-vie\\\/#\\\/schema\\\/person\\\/9dcb2a6759f2f5fbf43ac0b44649cecb\",\"name\":\"Sylvie VERDI\",\"image\":{\"@type\":\"ImageObject\",\"inLanguage\":\"fr-FR\",\"@id\":\"https:\\\/\\\/www.verdieditions.com\\\/equilibre-de-vie\\\/wp-content\\\/uploads\\\/2020\\\/04\\\/livres-occasion-sante-esoterisme-developpement-personnel-2.jpg\",\"url\":\"https:\\\/\\\/www.verdieditions.com\\\/equilibre-de-vie\\\/wp-content\\\/uploads\\\/2020\\\/04\\\/livres-occasion-sante-esoterisme-developpement-personnel-2.jpg\",\"contentUrl\":\"https:\\\/\\\/www.verdieditions.com\\\/equilibre-de-vie\\\/wp-content\\\/uploads\\\/2020\\\/04\\\/livres-occasion-sante-esoterisme-developpement-personnel-2.jpg\",\"width\":800,\"height\":572,\"caption\":\"Sylvie VERDI\"},\"logo\":{\"@id\":\"https:\\\/\\\/www.verdieditions.com\\\/equilibre-de-vie\\\/wp-content\\\/uploads\\\/2020\\\/04\\\/livres-occasion-sante-esoterisme-developpement-personnel-2.jpg\"},\"sameAs\":[\"https:\\\/\\\/www.verdieditions.com\\\/equilibre-de-vie\"]}]}<\/script>\n<!-- \/ Yoast SEO plugin. -->","yoast_head_json":{"title":"Guide de la contraception naturelle - Volume 2 - Equilibre de Vie","description":"Projet Nature Contraception Guide de la contraception naturelle, d\u00e9butant, Vol.2 Cycles complexes, comprendre pour bien analyser PJC 2017 Dim. 15 x 21 85 p","robots":{"index":"index","follow":"follow","max-snippet":"max-snippet:-1","max-image-preview":"max-image-preview:large","max-video-preview":"max-video-preview:-1"},"canonical":"https:\/\/www.verdieditions.com\/equilibre-de-vie\/produit\/guide-contraception-naturelle-2\/","og_locale":"fr_FR","og_type":"article","og_title":"Guide de la contraception naturelle - Volume 2 - Equilibre de Vie","og_description":"Projet Nature Contraception Guide de la contraception naturelle, d\u00e9butant, Vol.2 Cycles complexes, comprendre pour bien analyser PJC 2017 Dim. 15 x 21 85 p","og_url":"https:\/\/www.verdieditions.com\/equilibre-de-vie\/produit\/guide-contraception-naturelle-2\/","og_site_name":"Equilibre de Vie","article_modified_time":"2024-02-06T13:42:43+00:00","og_image":[{"width":585,"height":800,"url":"https:\/\/www.verdieditions.com\/equilibre-de-vie\/wp-content\/uploads\/2022\/12\/guide-contraception-naturelle-vol-2.jpg","type":"image\/jpeg"}],"twitter_card":"summary_large_image","twitter_misc":{"Dur\u00e9e de lecture estim\u00e9e":"1 minute"},"schema":{"@context":"https:\/\/schema.org","@graph":[{"@type":"WebPage","@id":"https:\/\/www.verdieditions.com\/equilibre-de-vie\/produit\/guide-contraception-naturelle-2\/","url":"https:\/\/www.verdieditions.com\/equilibre-de-vie\/produit\/guide-contraception-naturelle-2\/","name":"Guide de la contraception naturelle - Volume 2 - Equilibre de Vie","isPartOf":{"@id":"https:\/\/www.verdieditions.com\/equilibre-de-vie\/#website"},"primaryImageOfPage":{"@id":"https:\/\/www.verdieditions.com\/equilibre-de-vie\/produit\/guide-contraception-naturelle-2\/#primaryimage"},"image":{"@id":"https:\/\/www.verdieditions.com\/equilibre-de-vie\/produit\/guide-contraception-naturelle-2\/#primaryimage"},"thumbnailUrl":"https:\/\/www.verdieditions.com\/equilibre-de-vie\/wp-content\/uploads\/2022\/12\/guide-contraception-naturelle-vol-2.jpg","datePublished":"2022-12-26T15:53:59+00:00","dateModified":"2024-02-06T13:42:43+00:00","description":"Projet Nature Contraception Guide de la contraception naturelle, d\u00e9butant, Vol.2 Cycles complexes, comprendre pour bien analyser PJC 2017 Dim. 15 x 21 85 p","breadcrumb":{"@id":"https:\/\/www.verdieditions.com\/equilibre-de-vie\/produit\/guide-contraception-naturelle-2\/#breadcrumb"},"inLanguage":"fr-FR","potentialAction":[{"@type":"ReadAction","target":["https:\/\/www.verdieditions.com\/equilibre-de-vie\/produit\/guide-contraception-naturelle-2\/"]}]},{"@type":"ImageObject","inLanguage":"fr-FR","@id":"https:\/\/www.verdieditions.com\/equilibre-de-vie\/produit\/guide-contraception-naturelle-2\/#primaryimage","url":"https:\/\/www.verdieditions.com\/equilibre-de-vie\/wp-content\/uploads\/2022\/12\/guide-contraception-naturelle-vol-2.jpg","contentUrl":"https:\/\/www.verdieditions.com\/equilibre-de-vie\/wp-content\/uploads\/2022\/12\/guide-contraception-naturelle-vol-2.jpg","width":585,"height":800,"caption":"guide-contraception-naturelle-vol-2"},{"@type":"BreadcrumbList","@id":"https:\/\/www.verdieditions.com\/equilibre-de-vie\/produit\/guide-contraception-naturelle-2\/#breadcrumb","itemListElement":[{"@type":"ListItem","position":1,"name":"Accueil","item":"https:\/\/www.verdieditions.com\/equilibre-de-vie\/"},{"@type":"ListItem","position":2,"name":"La boutique","item":"https:\/\/www.verdieditions.com\/equilibre-de-vie\/boutique\/"},{"@type":"ListItem","position":3,"name":"Guide de la contraception naturelle &#8211; Volume 2"}]},{"@type":"WebSite","@id":"https:\/\/www.verdieditions.com\/equilibre-de-vie\/#website","url":"https:\/\/www.verdieditions.com\/equilibre-de-vie\/","name":"Equilibre de Vie","description":"Ma boutique livres sant\u00e9, \u00e9sot\u00e9risme et d\u00e9veloppement personnel","publisher":{"@id":"https:\/\/www.verdieditions.com\/equilibre-de-vie\/#\/schema\/person\/9dcb2a6759f2f5fbf43ac0b44649cecb"},"potentialAction":[{"@type":"SearchAction","target":{"@type":"EntryPoint","urlTemplate":"https:\/\/www.verdieditions.com\/equilibre-de-vie\/?s={search_term_string}"},"query-input":{"@type":"PropertyValueSpecification","valueRequired":true,"valueName":"search_term_string"}}],"inLanguage":"fr-FR"},{"@type":["Person","Organization"],"@id":"https:\/\/www.verdieditions.com\/equilibre-de-vie\/#\/schema\/person\/9dcb2a6759f2f5fbf43ac0b44649cecb","name":"Sylvie VERDI","image":{"@type":"ImageObject","inLanguage":"fr-FR","@id":"https:\/\/www.verdieditions.com\/equilibre-de-vie\/wp-content\/uploads\/2020\/04\/livres-occasion-sante-esoterisme-developpement-personnel-2.jpg","url":"https:\/\/www.verdieditions.com\/equilibre-de-vie\/wp-content\/uploads\/2020\/04\/livres-occasion-sante-esoterisme-developpement-personnel-2.jpg","contentUrl":"https:\/\/www.verdieditions.com\/equilibre-de-vie\/wp-content\/uploads\/2020\/04\/livres-occasion-sante-esoterisme-developpement-personnel-2.jpg","width":800,"height":572,"caption":"Sylvie VERDI"},"logo":{"@id":"https:\/\/www.verdieditions.com\/equilibre-de-vie\/wp-content\/uploads\/2020\/04\/livres-occasion-sante-esoterisme-developpement-personnel-2.jpg"},"sameAs":["https:\/\/www.verdieditions.com\/equilibre-de-vie"]}]}},"_links":{"self":[{"href":"https:\/\/www.verdieditions.com\/equilibre-de-vie\/wp-json\/wp\/v2\/product\/2151","targetHints":{"allow":["GET"]}}],"collection":[{"href":"https:\/\/www.verdieditions.com\/equilibre-de-vie\/wp-json\/wp\/v2\/product"}],"about":[{"href":"https:\/\/www.verdieditions.com\/equilibre-de-vie\/wp-json\/wp\/v2\/types\/product"}],"wp:featuredmedia":[{"embeddable":true,"href":"https:\/\/www.verdieditions.com\/equilibre-de-vie\/wp-json\/wp\/v2\/media\/2158"}],"wp:attachment":[{"href":"https:\/\/www.verdieditions.com\/equilibre-de-vie\/wp-json\/wp\/v2\/media?parent=2151"}],"wp:term":[{"taxonomy":"product_brand","embeddable":true,"href":"https:\/\/www.verdieditions.com\/equilibre-de-vie\/wp-json\/wp\/v2\/product_brand?post=2151"},{"taxonomy":"product_cat","embeddable":true,"href":"https:\/\/www.verdieditions.com\/equilibre-de-vie\/wp-json\/wp\/v2\/product_cat?post=2151"},{"taxonomy":"product_tag","embeddable":true,"href":"https:\/\/www.verdieditions.com\/equilibre-de-vie\/wp-json\/wp\/v2\/product_tag?post=2151"}],"curies":[{"name":"wp","href":"https:\/\/api.w.org\/{rel}","templated":true}]}}