{"id":2097,"date":"2022-09-08T10:20:34","date_gmt":"2022-09-08T08:20:34","guid":{"rendered":"https:\/\/www.verdieditions.com\/equilibre-de-vie\/?post_type=product&#038;p=2097"},"modified":"2024-02-06T12:35:28","modified_gmt":"2024-02-06T11:35:28","slug":"messe-noire-innocents-subiela","status":"publish","type":"product","link":"https:\/\/www.verdieditions.com\/equilibre-de-vie\/produit\/messe-noire-innocents-subiela\/","title":{"rendered":"La messe noire des innocents &#8211; Michel SUBIELA"},"content":{"rendered":"<p>Auteur : Michel SUBIELA<br \/>\nTitre : La messe noire des innocents, la Haye-du-Puits, 1668 &#8211; 1672<br \/>\n\u00c9diteur : Pygmalion, biblioth\u00e8que infernale, 1976<br \/>\nDim. 15,5 x 24<br \/>\n252 pages<\/p>\n<p>\u00c0 la No\u00ebl 1667, au bourg de la Haye-du-Puits, en Normandie, un adolescent rencontre le Diable dont il devient poss\u00e9d\u00e9. Dans la paille d\u2019une grange mis\u00e9rable, deux enfants s\u2019aiment et veulent la mort d\u2019un pr\u00eatre. Sur la lande sauvage du Mont d\u2019Etenclin, un berger envo\u00fbteur m\u00e8ne la ronde folle du Sabbat. Dans la nuit, les corps s\u2019\u00e9puisent de plaisir et les imaginations se gorgent d\u2019esp\u00e9rance. Il n\u2019en faut pas plus pour que s\u2019enclenche l\u2019un des plus grands proc\u00e8s de sorcellerie de notre histoire. Proc\u00e8s exemplaire o\u00f9 les d\u00e9lires des suspects font \u00e9cho \u00e0 l\u2019hyst\u00e9rie des juges et \u00e0 la cruaut\u00e9 des bourreaux. Mais aussi ultime proc\u00e8s, puisque le Pouvoir (c\u2019est-\u00e0-dire Louis XIV et Colbert) a d\u00e9cid\u00e9 d\u2019en finir avec le Diable et ses d\u00e9sordres. Au terme de l\u2019affaire de La Haye-du-Puits, qui est \u00e0 l\u2019origine de la c\u00e9l\u00e8bre Ordonnance g\u00e9n\u00e9rale de 1682, on ne br\u00fblera plus pour fait de sorcellerie. Racont\u00e9e pour la premi\u00e8re fois, voici l\u2019histoire monstrueuse et tragique de ses derniers martyrs.<\/p>\n","protected":false},"excerpt":{"rendered":"<p>Auteur : Michel SUBIELA<br \/>\nTitre : La messe noire des innocents, la Haye-du-Puits, 1668 &#8211; 1672<br \/>\n\u00c9diteur : Pygmalion, biblioth\u00e8que infernale, 1976<br \/>\nDim. 15,5 x 24<br \/>\n252 pages<\/p>\n","protected":false},"featured_media":2099,"template":"","meta":[],"product_brand":[],"product_cat":[23],"product_tag":[108,127],"class_list":{"0":"post-2097","1":"product","2":"type-product","3":"status-publish","4":"has-post-thumbnail","6":"product_cat-esoterisme","7":"product_tag-mysteres","8":"product_tag-pouvoirs","10":"first","11":"instock","12":"shipping-taxable","13":"product-type-simple"},"yoast_head":"<!-- This site is optimized with the Yoast SEO plugin v27.4 - https:\/\/yoast.com\/product\/yoast-seo-wordpress\/ -->\n<title>La messe noire des innocents - Michel SUBIELA - Equilibre de Vie<\/title>\n<meta name=\"description\" content=\"Auteur : Michel SUBIELA Titre : La messe noire des innocents \u00c9diteur : Pygmalion, biblioth\u00e8que infernale, 1976 Dim. 15,5 x 24 252 pages\" \/>\n<meta name=\"robots\" content=\"index, follow, max-snippet:-1, max-image-preview:large, max-video-preview:-1\" \/>\n<link rel=\"canonical\" href=\"https:\/\/www.verdieditions.com\/equilibre-de-vie\/produit\/messe-noire-innocents-subiela\/\" \/>\n<meta property=\"og:locale\" content=\"fr_FR\" \/>\n<meta property=\"og:type\" content=\"article\" \/>\n<meta property=\"og:title\" content=\"La messe noire des innocents - Michel SUBIELA - Equilibre de Vie\" \/>\n<meta property=\"og:description\" content=\"Auteur : Michel SUBIELA Titre : La messe noire des innocents \u00c9diteur : Pygmalion, biblioth\u00e8que infernale, 1976 Dim. 15,5 x 24 252 pages\" \/>\n<meta property=\"og:url\" content=\"https:\/\/www.verdieditions.com\/equilibre-de-vie\/produit\/messe-noire-innocents-subiela\/\" \/>\n<meta property=\"og:site_name\" content=\"Equilibre de Vie\" \/>\n<meta property=\"article:modified_time\" content=\"2024-02-06T11:35:28+00:00\" \/>\n<meta property=\"og:image\" content=\"https:\/\/www.verdieditions.com\/equilibre-de-vie\/wp-content\/uploads\/2022\/09\/subiela-messe-noire-innocents.jpg\" \/>\n\t<meta property=\"og:image:width\" content=\"532\" \/>\n\t<meta property=\"og:image:height\" content=\"800\" \/>\n\t<meta property=\"og:image:type\" content=\"image\/jpeg\" \/>\n<meta name=\"twitter:card\" content=\"summary_large_image\" \/>\n<meta name=\"twitter:label1\" content=\"Dur\u00e9e de lecture estim\u00e9e\" \/>\n\t<meta name=\"twitter:data1\" content=\"1 minute\" \/>\n<script type=\"application\/ld+json\" class=\"yoast-schema-graph\">{\"@context\":\"https:\\\/\\\/schema.org\",\"@graph\":[{\"@type\":\"WebPage\",\"@id\":\"https:\\\/\\\/www.verdieditions.com\\\/equilibre-de-vie\\\/produit\\\/messe-noire-innocents-subiela\\\/\",\"url\":\"https:\\\/\\\/www.verdieditions.com\\\/equilibre-de-vie\\\/produit\\\/messe-noire-innocents-subiela\\\/\",\"name\":\"La messe noire des innocents - Michel SUBIELA - Equilibre de Vie\",\"isPartOf\":{\"@id\":\"https:\\\/\\\/www.verdieditions.com\\\/equilibre-de-vie\\\/#website\"},\"primaryImageOfPage\":{\"@id\":\"https:\\\/\\\/www.verdieditions.com\\\/equilibre-de-vie\\\/produit\\\/messe-noire-innocents-subiela\\\/#primaryimage\"},\"image\":{\"@id\":\"https:\\\/\\\/www.verdieditions.com\\\/equilibre-de-vie\\\/produit\\\/messe-noire-innocents-subiela\\\/#primaryimage\"},\"thumbnailUrl\":\"https:\\\/\\\/www.verdieditions.com\\\/equilibre-de-vie\\\/wp-content\\\/uploads\\\/2022\\\/09\\\/subiela-messe-noire-innocents.jpg\",\"datePublished\":\"2022-09-08T08:20:34+00:00\",\"dateModified\":\"2024-02-06T11:35:28+00:00\",\"description\":\"Auteur : Michel SUBIELA Titre : La messe noire des innocents \u00c9diteur : Pygmalion, biblioth\u00e8que infernale, 1976 Dim. 15,5 x 24 252 pages\",\"breadcrumb\":{\"@id\":\"https:\\\/\\\/www.verdieditions.com\\\/equilibre-de-vie\\\/produit\\\/messe-noire-innocents-subiela\\\/#breadcrumb\"},\"inLanguage\":\"fr-FR\",\"potentialAction\":[{\"@type\":\"ReadAction\",\"target\":[\"https:\\\/\\\/www.verdieditions.com\\\/equilibre-de-vie\\\/produit\\\/messe-noire-innocents-subiela\\\/\"]}]},{\"@type\":\"ImageObject\",\"inLanguage\":\"fr-FR\",\"@id\":\"https:\\\/\\\/www.verdieditions.com\\\/equilibre-de-vie\\\/produit\\\/messe-noire-innocents-subiela\\\/#primaryimage\",\"url\":\"https:\\\/\\\/www.verdieditions.com\\\/equilibre-de-vie\\\/wp-content\\\/uploads\\\/2022\\\/09\\\/subiela-messe-noire-innocents.jpg\",\"contentUrl\":\"https:\\\/\\\/www.verdieditions.com\\\/equilibre-de-vie\\\/wp-content\\\/uploads\\\/2022\\\/09\\\/subiela-messe-noire-innocents.jpg\",\"width\":532,\"height\":800,\"caption\":\"subiela-messe-noire-innocents\"},{\"@type\":\"BreadcrumbList\",\"@id\":\"https:\\\/\\\/www.verdieditions.com\\\/equilibre-de-vie\\\/produit\\\/messe-noire-innocents-subiela\\\/#breadcrumb\",\"itemListElement\":[{\"@type\":\"ListItem\",\"position\":1,\"name\":\"Accueil\",\"item\":\"https:\\\/\\\/www.verdieditions.com\\\/equilibre-de-vie\\\/\"},{\"@type\":\"ListItem\",\"position\":2,\"name\":\"La boutique\",\"item\":\"https:\\\/\\\/www.verdieditions.com\\\/equilibre-de-vie\\\/boutique\\\/\"},{\"@type\":\"ListItem\",\"position\":3,\"name\":\"La messe noire des innocents &#8211; Michel SUBIELA\"}]},{\"@type\":\"WebSite\",\"@id\":\"https:\\\/\\\/www.verdieditions.com\\\/equilibre-de-vie\\\/#website\",\"url\":\"https:\\\/\\\/www.verdieditions.com\\\/equilibre-de-vie\\\/\",\"name\":\"Equilibre de Vie\",\"description\":\"Ma boutique livres sant\u00e9, \u00e9sot\u00e9risme et d\u00e9veloppement personnel\",\"publisher\":{\"@id\":\"https:\\\/\\\/www.verdieditions.com\\\/equilibre-de-vie\\\/#\\\/schema\\\/person\\\/9dcb2a6759f2f5fbf43ac0b44649cecb\"},\"potentialAction\":[{\"@type\":\"SearchAction\",\"target\":{\"@type\":\"EntryPoint\",\"urlTemplate\":\"https:\\\/\\\/www.verdieditions.com\\\/equilibre-de-vie\\\/?s={search_term_string}\"},\"query-input\":{\"@type\":\"PropertyValueSpecification\",\"valueRequired\":true,\"valueName\":\"search_term_string\"}}],\"inLanguage\":\"fr-FR\"},{\"@type\":[\"Person\",\"Organization\"],\"@id\":\"https:\\\/\\\/www.verdieditions.com\\\/equilibre-de-vie\\\/#\\\/schema\\\/person\\\/9dcb2a6759f2f5fbf43ac0b44649cecb\",\"name\":\"Sylvie VERDI\",\"image\":{\"@type\":\"ImageObject\",\"inLanguage\":\"fr-FR\",\"@id\":\"https:\\\/\\\/www.verdieditions.com\\\/equilibre-de-vie\\\/wp-content\\\/uploads\\\/2020\\\/04\\\/livres-occasion-sante-esoterisme-developpement-personnel-2.jpg\",\"url\":\"https:\\\/\\\/www.verdieditions.com\\\/equilibre-de-vie\\\/wp-content\\\/uploads\\\/2020\\\/04\\\/livres-occasion-sante-esoterisme-developpement-personnel-2.jpg\",\"contentUrl\":\"https:\\\/\\\/www.verdieditions.com\\\/equilibre-de-vie\\\/wp-content\\\/uploads\\\/2020\\\/04\\\/livres-occasion-sante-esoterisme-developpement-personnel-2.jpg\",\"width\":800,\"height\":572,\"caption\":\"Sylvie VERDI\"},\"logo\":{\"@id\":\"https:\\\/\\\/www.verdieditions.com\\\/equilibre-de-vie\\\/wp-content\\\/uploads\\\/2020\\\/04\\\/livres-occasion-sante-esoterisme-developpement-personnel-2.jpg\"},\"sameAs\":[\"https:\\\/\\\/www.verdieditions.com\\\/equilibre-de-vie\"]}]}<\/script>\n<!-- \/ Yoast SEO plugin. -->","yoast_head_json":{"title":"La messe noire des innocents - Michel SUBIELA - Equilibre de Vie","description":"Auteur : Michel SUBIELA Titre : La messe noire des innocents \u00c9diteur : Pygmalion, biblioth\u00e8que infernale, 1976 Dim. 15,5 x 24 252 pages","robots":{"index":"index","follow":"follow","max-snippet":"max-snippet:-1","max-image-preview":"max-image-preview:large","max-video-preview":"max-video-preview:-1"},"canonical":"https:\/\/www.verdieditions.com\/equilibre-de-vie\/produit\/messe-noire-innocents-subiela\/","og_locale":"fr_FR","og_type":"article","og_title":"La messe noire des innocents - Michel SUBIELA - Equilibre de Vie","og_description":"Auteur : Michel SUBIELA Titre : La messe noire des innocents \u00c9diteur : Pygmalion, biblioth\u00e8que infernale, 1976 Dim. 15,5 x 24 252 pages","og_url":"https:\/\/www.verdieditions.com\/equilibre-de-vie\/produit\/messe-noire-innocents-subiela\/","og_site_name":"Equilibre de Vie","article_modified_time":"2024-02-06T11:35:28+00:00","og_image":[{"width":532,"height":800,"url":"https:\/\/www.verdieditions.com\/equilibre-de-vie\/wp-content\/uploads\/2022\/09\/subiela-messe-noire-innocents.jpg","type":"image\/jpeg"}],"twitter_card":"summary_large_image","twitter_misc":{"Dur\u00e9e de lecture estim\u00e9e":"1 minute"},"schema":{"@context":"https:\/\/schema.org","@graph":[{"@type":"WebPage","@id":"https:\/\/www.verdieditions.com\/equilibre-de-vie\/produit\/messe-noire-innocents-subiela\/","url":"https:\/\/www.verdieditions.com\/equilibre-de-vie\/produit\/messe-noire-innocents-subiela\/","name":"La messe noire des innocents - Michel SUBIELA - Equilibre de Vie","isPartOf":{"@id":"https:\/\/www.verdieditions.com\/equilibre-de-vie\/#website"},"primaryImageOfPage":{"@id":"https:\/\/www.verdieditions.com\/equilibre-de-vie\/produit\/messe-noire-innocents-subiela\/#primaryimage"},"image":{"@id":"https:\/\/www.verdieditions.com\/equilibre-de-vie\/produit\/messe-noire-innocents-subiela\/#primaryimage"},"thumbnailUrl":"https:\/\/www.verdieditions.com\/equilibre-de-vie\/wp-content\/uploads\/2022\/09\/subiela-messe-noire-innocents.jpg","datePublished":"2022-09-08T08:20:34+00:00","dateModified":"2024-02-06T11:35:28+00:00","description":"Auteur : Michel SUBIELA Titre : La messe noire des innocents \u00c9diteur : Pygmalion, biblioth\u00e8que infernale, 1976 Dim. 15,5 x 24 252 pages","breadcrumb":{"@id":"https:\/\/www.verdieditions.com\/equilibre-de-vie\/produit\/messe-noire-innocents-subiela\/#breadcrumb"},"inLanguage":"fr-FR","potentialAction":[{"@type":"ReadAction","target":["https:\/\/www.verdieditions.com\/equilibre-de-vie\/produit\/messe-noire-innocents-subiela\/"]}]},{"@type":"ImageObject","inLanguage":"fr-FR","@id":"https:\/\/www.verdieditions.com\/equilibre-de-vie\/produit\/messe-noire-innocents-subiela\/#primaryimage","url":"https:\/\/www.verdieditions.com\/equilibre-de-vie\/wp-content\/uploads\/2022\/09\/subiela-messe-noire-innocents.jpg","contentUrl":"https:\/\/www.verdieditions.com\/equilibre-de-vie\/wp-content\/uploads\/2022\/09\/subiela-messe-noire-innocents.jpg","width":532,"height":800,"caption":"subiela-messe-noire-innocents"},{"@type":"BreadcrumbList","@id":"https:\/\/www.verdieditions.com\/equilibre-de-vie\/produit\/messe-noire-innocents-subiela\/#breadcrumb","itemListElement":[{"@type":"ListItem","position":1,"name":"Accueil","item":"https:\/\/www.verdieditions.com\/equilibre-de-vie\/"},{"@type":"ListItem","position":2,"name":"La boutique","item":"https:\/\/www.verdieditions.com\/equilibre-de-vie\/boutique\/"},{"@type":"ListItem","position":3,"name":"La messe noire des innocents &#8211; Michel SUBIELA"}]},{"@type":"WebSite","@id":"https:\/\/www.verdieditions.com\/equilibre-de-vie\/#website","url":"https:\/\/www.verdieditions.com\/equilibre-de-vie\/","name":"Equilibre de Vie","description":"Ma boutique livres sant\u00e9, \u00e9sot\u00e9risme et d\u00e9veloppement personnel","publisher":{"@id":"https:\/\/www.verdieditions.com\/equilibre-de-vie\/#\/schema\/person\/9dcb2a6759f2f5fbf43ac0b44649cecb"},"potentialAction":[{"@type":"SearchAction","target":{"@type":"EntryPoint","urlTemplate":"https:\/\/www.verdieditions.com\/equilibre-de-vie\/?s={search_term_string}"},"query-input":{"@type":"PropertyValueSpecification","valueRequired":true,"valueName":"search_term_string"}}],"inLanguage":"fr-FR"},{"@type":["Person","Organization"],"@id":"https:\/\/www.verdieditions.com\/equilibre-de-vie\/#\/schema\/person\/9dcb2a6759f2f5fbf43ac0b44649cecb","name":"Sylvie VERDI","image":{"@type":"ImageObject","inLanguage":"fr-FR","@id":"https:\/\/www.verdieditions.com\/equilibre-de-vie\/wp-content\/uploads\/2020\/04\/livres-occasion-sante-esoterisme-developpement-personnel-2.jpg","url":"https:\/\/www.verdieditions.com\/equilibre-de-vie\/wp-content\/uploads\/2020\/04\/livres-occasion-sante-esoterisme-developpement-personnel-2.jpg","contentUrl":"https:\/\/www.verdieditions.com\/equilibre-de-vie\/wp-content\/uploads\/2020\/04\/livres-occasion-sante-esoterisme-developpement-personnel-2.jpg","width":800,"height":572,"caption":"Sylvie VERDI"},"logo":{"@id":"https:\/\/www.verdieditions.com\/equilibre-de-vie\/wp-content\/uploads\/2020\/04\/livres-occasion-sante-esoterisme-developpement-personnel-2.jpg"},"sameAs":["https:\/\/www.verdieditions.com\/equilibre-de-vie"]}]}},"_links":{"self":[{"href":"https:\/\/www.verdieditions.com\/equilibre-de-vie\/wp-json\/wp\/v2\/product\/2097","targetHints":{"allow":["GET"]}}],"collection":[{"href":"https:\/\/www.verdieditions.com\/equilibre-de-vie\/wp-json\/wp\/v2\/product"}],"about":[{"href":"https:\/\/www.verdieditions.com\/equilibre-de-vie\/wp-json\/wp\/v2\/types\/product"}],"wp:featuredmedia":[{"embeddable":true,"href":"https:\/\/www.verdieditions.com\/equilibre-de-vie\/wp-json\/wp\/v2\/media\/2099"}],"wp:attachment":[{"href":"https:\/\/www.verdieditions.com\/equilibre-de-vie\/wp-json\/wp\/v2\/media?parent=2097"}],"wp:term":[{"taxonomy":"product_brand","embeddable":true,"href":"https:\/\/www.verdieditions.com\/equilibre-de-vie\/wp-json\/wp\/v2\/product_brand?post=2097"},{"taxonomy":"product_cat","embeddable":true,"href":"https:\/\/www.verdieditions.com\/equilibre-de-vie\/wp-json\/wp\/v2\/product_cat?post=2097"},{"taxonomy":"product_tag","embeddable":true,"href":"https:\/\/www.verdieditions.com\/equilibre-de-vie\/wp-json\/wp\/v2\/product_tag?post=2097"}],"curies":[{"name":"wp","href":"https:\/\/api.w.org\/{rel}","templated":true}]}}