{"id":209,"date":"2020-04-23T10:15:22","date_gmt":"2020-04-23T08:15:22","guid":{"rendered":"https:\/\/www.verdieditions.com\/equilibre-de-vie\/?post_type=product&#038;p=209"},"modified":"2024-02-06T12:24:03","modified_gmt":"2024-02-06T11:24:03","slug":"developper-pouvoirs-psy-moine","status":"publish","type":"product","link":"https:\/\/www.verdieditions.com\/equilibre-de-vie\/produit\/developper-pouvoirs-psy-moine\/","title":{"rendered":"D\u00e9veloppez vos pouvoirs psy &#8211; Fran\u00e7oise &#038; Michel MOINE"},"content":{"rendered":"<p>Auteur : Fran\u00e7oise &#038; Michel MOINE<br \/>\nTitre : D\u00e9veloppez vos pouvoirs psy, parapsychologie pratique, clairvoyance, pr\u00e9monition, t\u00e9l\u00e9pathie, psychocin\u00e8se, hypnomagn\u00e9tisme, magie<br \/>\n\u00c9diteur : Stock, 1986, collection horizons \u00e9sot\u00e9riques<br \/>\nDim. 11 x 21,5<br \/>\n288 pages<\/p>\n","protected":false},"excerpt":{"rendered":"<p>Auteur : Fran\u00e7oise &#038; Michel MOINE<br \/>\nTitre : D\u00e9veloppez vos pouvoirs psy, parapsychologie pratique, clairvoyance, pr\u00e9monition, t\u00e9l\u00e9pathie, psychocin\u00e8se, hypnomagn\u00e9tisme, magie<br \/>\n\u00c9diteur : Stock, 1986, collection horizons \u00e9sot\u00e9riques<br \/>\nDim. 11 x 21,5<br \/>\n288 pages<\/p>\n","protected":false},"featured_media":210,"template":"","meta":[],"product_brand":[],"product_cat":[23],"product_tag":[187,80,81,93,127],"class_list":{"0":"post-209","1":"product","2":"type-product","3":"status-publish","4":"has-post-thumbnail","6":"product_cat-esoterisme","7":"product_tag-clairvoyance","8":"product_tag-hypnose","9":"product_tag-hypnotisme","10":"product_tag-magie","11":"product_tag-pouvoirs","13":"first","14":"instock","15":"shipping-taxable","16":"product-type-simple"},"yoast_head":"<!-- This site is optimized with the Yoast SEO plugin v27.4 - https:\/\/yoast.com\/product\/yoast-seo-wordpress\/ -->\n<title>D\u00e9veloppez vos pouvoirs psy - Fran\u00e7oise &amp; Michel MOINE -<\/title>\n<meta name=\"description\" content=\"Fran\u00e7oise &amp; Michel MOINE - D\u00e9veloppez vos pouvoirs psy, parapsychologie pratique, clairvoyance, pr\u00e9monition, t\u00e9l\u00e9pathie, magie - Stock, 1986, coll horizons \u00e9sot\u00e9riques Dim. 11 x 21,5 288 p\" \/>\n<meta name=\"robots\" content=\"index, follow, max-snippet:-1, max-image-preview:large, max-video-preview:-1\" \/>\n<link rel=\"canonical\" href=\"https:\/\/www.verdieditions.com\/equilibre-de-vie\/produit\/developper-pouvoirs-psy-moine\/\" \/>\n<meta property=\"og:locale\" content=\"fr_FR\" \/>\n<meta property=\"og:type\" content=\"article\" \/>\n<meta property=\"og:title\" content=\"D\u00e9veloppez vos pouvoirs psy - Fran\u00e7oise &amp; Michel MOINE -\" \/>\n<meta property=\"og:description\" content=\"Fran\u00e7oise &amp; Michel MOINE - D\u00e9veloppez vos pouvoirs psy, parapsychologie pratique, clairvoyance, pr\u00e9monition, t\u00e9l\u00e9pathie, magie - Stock, 1986, coll horizons \u00e9sot\u00e9riques Dim. 11 x 21,5 288 p\" \/>\n<meta property=\"og:url\" content=\"https:\/\/www.verdieditions.com\/equilibre-de-vie\/produit\/developper-pouvoirs-psy-moine\/\" \/>\n<meta property=\"og:site_name\" content=\"Equilibre de Vie\" \/>\n<meta property=\"article:modified_time\" content=\"2024-02-06T11:24:03+00:00\" \/>\n<meta property=\"og:image\" content=\"https:\/\/www.verdieditions.com\/equilibre-de-vie\/wp-content\/uploads\/2020\/04\/developper-pouvoirs-psy-Moine.jpg\" \/>\n\t<meta property=\"og:image:width\" content=\"662\" \/>\n\t<meta property=\"og:image:height\" content=\"1250\" \/>\n\t<meta property=\"og:image:type\" content=\"image\/jpeg\" \/>\n<meta name=\"twitter:card\" content=\"summary_large_image\" \/>\n<script type=\"application\/ld+json\" class=\"yoast-schema-graph\">{\"@context\":\"https:\\\/\\\/schema.org\",\"@graph\":[{\"@type\":\"WebPage\",\"@id\":\"https:\\\/\\\/www.verdieditions.com\\\/equilibre-de-vie\\\/produit\\\/developper-pouvoirs-psy-moine\\\/\",\"url\":\"https:\\\/\\\/www.verdieditions.com\\\/equilibre-de-vie\\\/produit\\\/developper-pouvoirs-psy-moine\\\/\",\"name\":\"D\u00e9veloppez vos pouvoirs psy - Fran\u00e7oise & Michel MOINE -\",\"isPartOf\":{\"@id\":\"https:\\\/\\\/www.verdieditions.com\\\/equilibre-de-vie\\\/#website\"},\"primaryImageOfPage\":{\"@id\":\"https:\\\/\\\/www.verdieditions.com\\\/equilibre-de-vie\\\/produit\\\/developper-pouvoirs-psy-moine\\\/#primaryimage\"},\"image\":{\"@id\":\"https:\\\/\\\/www.verdieditions.com\\\/equilibre-de-vie\\\/produit\\\/developper-pouvoirs-psy-moine\\\/#primaryimage\"},\"thumbnailUrl\":\"https:\\\/\\\/www.verdieditions.com\\\/equilibre-de-vie\\\/wp-content\\\/uploads\\\/2020\\\/04\\\/developper-pouvoirs-psy-Moine.jpg\",\"datePublished\":\"2020-04-23T08:15:22+00:00\",\"dateModified\":\"2024-02-06T11:24:03+00:00\",\"description\":\"Fran\u00e7oise & Michel MOINE - D\u00e9veloppez vos pouvoirs psy, parapsychologie pratique, clairvoyance, pr\u00e9monition, t\u00e9l\u00e9pathie, magie - Stock, 1986, coll horizons \u00e9sot\u00e9riques Dim. 11 x 21,5 288 p\",\"breadcrumb\":{\"@id\":\"https:\\\/\\\/www.verdieditions.com\\\/equilibre-de-vie\\\/produit\\\/developper-pouvoirs-psy-moine\\\/#breadcrumb\"},\"inLanguage\":\"fr-FR\",\"potentialAction\":[{\"@type\":\"ReadAction\",\"target\":[\"https:\\\/\\\/www.verdieditions.com\\\/equilibre-de-vie\\\/produit\\\/developper-pouvoirs-psy-moine\\\/\"]}]},{\"@type\":\"ImageObject\",\"inLanguage\":\"fr-FR\",\"@id\":\"https:\\\/\\\/www.verdieditions.com\\\/equilibre-de-vie\\\/produit\\\/developper-pouvoirs-psy-moine\\\/#primaryimage\",\"url\":\"https:\\\/\\\/www.verdieditions.com\\\/equilibre-de-vie\\\/wp-content\\\/uploads\\\/2020\\\/04\\\/developper-pouvoirs-psy-Moine.jpg\",\"contentUrl\":\"https:\\\/\\\/www.verdieditions.com\\\/equilibre-de-vie\\\/wp-content\\\/uploads\\\/2020\\\/04\\\/developper-pouvoirs-psy-Moine.jpg\",\"width\":662,\"height\":1250,\"caption\":\"developper-pouvoirs-psy-Moine\"},{\"@type\":\"BreadcrumbList\",\"@id\":\"https:\\\/\\\/www.verdieditions.com\\\/equilibre-de-vie\\\/produit\\\/developper-pouvoirs-psy-moine\\\/#breadcrumb\",\"itemListElement\":[{\"@type\":\"ListItem\",\"position\":1,\"name\":\"Accueil\",\"item\":\"https:\\\/\\\/www.verdieditions.com\\\/equilibre-de-vie\\\/\"},{\"@type\":\"ListItem\",\"position\":2,\"name\":\"La boutique\",\"item\":\"https:\\\/\\\/www.verdieditions.com\\\/equilibre-de-vie\\\/boutique\\\/\"},{\"@type\":\"ListItem\",\"position\":3,\"name\":\"D\u00e9veloppez vos pouvoirs psy &#8211; Fran\u00e7oise &#038; Michel MOINE\"}]},{\"@type\":\"WebSite\",\"@id\":\"https:\\\/\\\/www.verdieditions.com\\\/equilibre-de-vie\\\/#website\",\"url\":\"https:\\\/\\\/www.verdieditions.com\\\/equilibre-de-vie\\\/\",\"name\":\"Equilibre de Vie\",\"description\":\"Ma boutique livres sant\u00e9, \u00e9sot\u00e9risme et d\u00e9veloppement personnel\",\"publisher\":{\"@id\":\"https:\\\/\\\/www.verdieditions.com\\\/equilibre-de-vie\\\/#\\\/schema\\\/person\\\/9dcb2a6759f2f5fbf43ac0b44649cecb\"},\"potentialAction\":[{\"@type\":\"SearchAction\",\"target\":{\"@type\":\"EntryPoint\",\"urlTemplate\":\"https:\\\/\\\/www.verdieditions.com\\\/equilibre-de-vie\\\/?s={search_term_string}\"},\"query-input\":{\"@type\":\"PropertyValueSpecification\",\"valueRequired\":true,\"valueName\":\"search_term_string\"}}],\"inLanguage\":\"fr-FR\"},{\"@type\":[\"Person\",\"Organization\"],\"@id\":\"https:\\\/\\\/www.verdieditions.com\\\/equilibre-de-vie\\\/#\\\/schema\\\/person\\\/9dcb2a6759f2f5fbf43ac0b44649cecb\",\"name\":\"Sylvie VERDI\",\"image\":{\"@type\":\"ImageObject\",\"inLanguage\":\"fr-FR\",\"@id\":\"https:\\\/\\\/www.verdieditions.com\\\/equilibre-de-vie\\\/wp-content\\\/uploads\\\/2020\\\/04\\\/livres-occasion-sante-esoterisme-developpement-personnel-2.jpg\",\"url\":\"https:\\\/\\\/www.verdieditions.com\\\/equilibre-de-vie\\\/wp-content\\\/uploads\\\/2020\\\/04\\\/livres-occasion-sante-esoterisme-developpement-personnel-2.jpg\",\"contentUrl\":\"https:\\\/\\\/www.verdieditions.com\\\/equilibre-de-vie\\\/wp-content\\\/uploads\\\/2020\\\/04\\\/livres-occasion-sante-esoterisme-developpement-personnel-2.jpg\",\"width\":800,\"height\":572,\"caption\":\"Sylvie VERDI\"},\"logo\":{\"@id\":\"https:\\\/\\\/www.verdieditions.com\\\/equilibre-de-vie\\\/wp-content\\\/uploads\\\/2020\\\/04\\\/livres-occasion-sante-esoterisme-developpement-personnel-2.jpg\"},\"sameAs\":[\"https:\\\/\\\/www.verdieditions.com\\\/equilibre-de-vie\"]}]}<\/script>\n<!-- \/ Yoast SEO plugin. -->","yoast_head_json":{"title":"D\u00e9veloppez vos pouvoirs psy - Fran\u00e7oise & Michel MOINE -","description":"Fran\u00e7oise & Michel MOINE - D\u00e9veloppez vos pouvoirs psy, parapsychologie pratique, clairvoyance, pr\u00e9monition, t\u00e9l\u00e9pathie, magie - Stock, 1986, coll horizons \u00e9sot\u00e9riques Dim. 11 x 21,5 288 p","robots":{"index":"index","follow":"follow","max-snippet":"max-snippet:-1","max-image-preview":"max-image-preview:large","max-video-preview":"max-video-preview:-1"},"canonical":"https:\/\/www.verdieditions.com\/equilibre-de-vie\/produit\/developper-pouvoirs-psy-moine\/","og_locale":"fr_FR","og_type":"article","og_title":"D\u00e9veloppez vos pouvoirs psy - Fran\u00e7oise & Michel MOINE -","og_description":"Fran\u00e7oise & Michel MOINE - D\u00e9veloppez vos pouvoirs psy, parapsychologie pratique, clairvoyance, pr\u00e9monition, t\u00e9l\u00e9pathie, magie - Stock, 1986, coll horizons \u00e9sot\u00e9riques Dim. 11 x 21,5 288 p","og_url":"https:\/\/www.verdieditions.com\/equilibre-de-vie\/produit\/developper-pouvoirs-psy-moine\/","og_site_name":"Equilibre de Vie","article_modified_time":"2024-02-06T11:24:03+00:00","og_image":[{"width":662,"height":1250,"url":"https:\/\/www.verdieditions.com\/equilibre-de-vie\/wp-content\/uploads\/2020\/04\/developper-pouvoirs-psy-Moine.jpg","type":"image\/jpeg"}],"twitter_card":"summary_large_image","schema":{"@context":"https:\/\/schema.org","@graph":[{"@type":"WebPage","@id":"https:\/\/www.verdieditions.com\/equilibre-de-vie\/produit\/developper-pouvoirs-psy-moine\/","url":"https:\/\/www.verdieditions.com\/equilibre-de-vie\/produit\/developper-pouvoirs-psy-moine\/","name":"D\u00e9veloppez vos pouvoirs psy - Fran\u00e7oise & Michel MOINE -","isPartOf":{"@id":"https:\/\/www.verdieditions.com\/equilibre-de-vie\/#website"},"primaryImageOfPage":{"@id":"https:\/\/www.verdieditions.com\/equilibre-de-vie\/produit\/developper-pouvoirs-psy-moine\/#primaryimage"},"image":{"@id":"https:\/\/www.verdieditions.com\/equilibre-de-vie\/produit\/developper-pouvoirs-psy-moine\/#primaryimage"},"thumbnailUrl":"https:\/\/www.verdieditions.com\/equilibre-de-vie\/wp-content\/uploads\/2020\/04\/developper-pouvoirs-psy-Moine.jpg","datePublished":"2020-04-23T08:15:22+00:00","dateModified":"2024-02-06T11:24:03+00:00","description":"Fran\u00e7oise & Michel MOINE - D\u00e9veloppez vos pouvoirs psy, parapsychologie pratique, clairvoyance, pr\u00e9monition, t\u00e9l\u00e9pathie, magie - Stock, 1986, coll horizons \u00e9sot\u00e9riques Dim. 11 x 21,5 288 p","breadcrumb":{"@id":"https:\/\/www.verdieditions.com\/equilibre-de-vie\/produit\/developper-pouvoirs-psy-moine\/#breadcrumb"},"inLanguage":"fr-FR","potentialAction":[{"@type":"ReadAction","target":["https:\/\/www.verdieditions.com\/equilibre-de-vie\/produit\/developper-pouvoirs-psy-moine\/"]}]},{"@type":"ImageObject","inLanguage":"fr-FR","@id":"https:\/\/www.verdieditions.com\/equilibre-de-vie\/produit\/developper-pouvoirs-psy-moine\/#primaryimage","url":"https:\/\/www.verdieditions.com\/equilibre-de-vie\/wp-content\/uploads\/2020\/04\/developper-pouvoirs-psy-Moine.jpg","contentUrl":"https:\/\/www.verdieditions.com\/equilibre-de-vie\/wp-content\/uploads\/2020\/04\/developper-pouvoirs-psy-Moine.jpg","width":662,"height":1250,"caption":"developper-pouvoirs-psy-Moine"},{"@type":"BreadcrumbList","@id":"https:\/\/www.verdieditions.com\/equilibre-de-vie\/produit\/developper-pouvoirs-psy-moine\/#breadcrumb","itemListElement":[{"@type":"ListItem","position":1,"name":"Accueil","item":"https:\/\/www.verdieditions.com\/equilibre-de-vie\/"},{"@type":"ListItem","position":2,"name":"La boutique","item":"https:\/\/www.verdieditions.com\/equilibre-de-vie\/boutique\/"},{"@type":"ListItem","position":3,"name":"D\u00e9veloppez vos pouvoirs psy &#8211; Fran\u00e7oise &#038; Michel MOINE"}]},{"@type":"WebSite","@id":"https:\/\/www.verdieditions.com\/equilibre-de-vie\/#website","url":"https:\/\/www.verdieditions.com\/equilibre-de-vie\/","name":"Equilibre de Vie","description":"Ma boutique livres sant\u00e9, \u00e9sot\u00e9risme et d\u00e9veloppement personnel","publisher":{"@id":"https:\/\/www.verdieditions.com\/equilibre-de-vie\/#\/schema\/person\/9dcb2a6759f2f5fbf43ac0b44649cecb"},"potentialAction":[{"@type":"SearchAction","target":{"@type":"EntryPoint","urlTemplate":"https:\/\/www.verdieditions.com\/equilibre-de-vie\/?s={search_term_string}"},"query-input":{"@type":"PropertyValueSpecification","valueRequired":true,"valueName":"search_term_string"}}],"inLanguage":"fr-FR"},{"@type":["Person","Organization"],"@id":"https:\/\/www.verdieditions.com\/equilibre-de-vie\/#\/schema\/person\/9dcb2a6759f2f5fbf43ac0b44649cecb","name":"Sylvie VERDI","image":{"@type":"ImageObject","inLanguage":"fr-FR","@id":"https:\/\/www.verdieditions.com\/equilibre-de-vie\/wp-content\/uploads\/2020\/04\/livres-occasion-sante-esoterisme-developpement-personnel-2.jpg","url":"https:\/\/www.verdieditions.com\/equilibre-de-vie\/wp-content\/uploads\/2020\/04\/livres-occasion-sante-esoterisme-developpement-personnel-2.jpg","contentUrl":"https:\/\/www.verdieditions.com\/equilibre-de-vie\/wp-content\/uploads\/2020\/04\/livres-occasion-sante-esoterisme-developpement-personnel-2.jpg","width":800,"height":572,"caption":"Sylvie VERDI"},"logo":{"@id":"https:\/\/www.verdieditions.com\/equilibre-de-vie\/wp-content\/uploads\/2020\/04\/livres-occasion-sante-esoterisme-developpement-personnel-2.jpg"},"sameAs":["https:\/\/www.verdieditions.com\/equilibre-de-vie"]}]}},"_links":{"self":[{"href":"https:\/\/www.verdieditions.com\/equilibre-de-vie\/wp-json\/wp\/v2\/product\/209","targetHints":{"allow":["GET"]}}],"collection":[{"href":"https:\/\/www.verdieditions.com\/equilibre-de-vie\/wp-json\/wp\/v2\/product"}],"about":[{"href":"https:\/\/www.verdieditions.com\/equilibre-de-vie\/wp-json\/wp\/v2\/types\/product"}],"wp:featuredmedia":[{"embeddable":true,"href":"https:\/\/www.verdieditions.com\/equilibre-de-vie\/wp-json\/wp\/v2\/media\/210"}],"wp:attachment":[{"href":"https:\/\/www.verdieditions.com\/equilibre-de-vie\/wp-json\/wp\/v2\/media?parent=209"}],"wp:term":[{"taxonomy":"product_brand","embeddable":true,"href":"https:\/\/www.verdieditions.com\/equilibre-de-vie\/wp-json\/wp\/v2\/product_brand?post=209"},{"taxonomy":"product_cat","embeddable":true,"href":"https:\/\/www.verdieditions.com\/equilibre-de-vie\/wp-json\/wp\/v2\/product_cat?post=209"},{"taxonomy":"product_tag","embeddable":true,"href":"https:\/\/www.verdieditions.com\/equilibre-de-vie\/wp-json\/wp\/v2\/product_tag?post=209"}],"curies":[{"name":"wp","href":"https:\/\/api.w.org\/{rel}","templated":true}]}}