{"id":2070,"date":"2022-08-04T15:10:06","date_gmt":"2022-08-04T13:10:06","guid":{"rendered":"https:\/\/www.verdieditions.com\/equilibre-de-vie\/?post_type=product&#038;p=2070"},"modified":"2024-02-08T09:57:35","modified_gmt":"2024-02-08T08:57:35","slug":"clefs-zen-thich-nhat-hanh","status":"publish","type":"product","link":"https:\/\/www.verdieditions.com\/equilibre-de-vie\/produit\/clefs-zen-thich-nhat-hanh\/","title":{"rendered":"Clefs pour le Zen &#8211; Thich Nhat HANH"},"content":{"rendered":"<p>Auteur : Thich Nhat HANH<br \/>\nTitre : Clefs pour le Zen<br \/>\n\u00c9diteur : Seghers, 1973<br \/>\nFormat poche<br \/>\n206 pages<\/p>\n<p>Plut\u00f4t que de th\u00e9oriser, ce livre nous apprend comment vivre le Zen dans la r\u00e9alit\u00e9, rejoignant par l\u00e0 l&rsquo;injonction du Premier Patriarche Bodhidharma : \u00a0\u00bb Une transmission ind\u00e9pendante des \u00e9critures, qui ne se fonde ni sur les mots, ni sur les lettres, et qui touche directement au Coeur de la R\u00e9alit\u00e9 afin que nous puissions voir dans notre propre nature et nous \u00e9veiller.\u00a0\u00bb<\/p>\n<p>Le point central en est l&rsquo;acc\u00e8s \u00e0 la Pleine Conscience qui nous permet de trouver l&rsquo;absolu au sein de la pr\u00e9sence au monde. Nous poss\u00e9dons tous la nature de Bouddha. Il suffit pour la toucher de regarder en soi-m\u00eame en abandonnant toute recherche ext\u00e9rieure. Lib\u00e9r\u00e9s des dogmes, des croyances et des notions, le Zen nous propose une communication directe avec notre nature absolue.<\/p>\n<p>La derni\u00e8re partie du livre pr\u00e9sent quarante-trois kong-an du ma\u00eetre vietnamien du XIIIe si\u00e8cle, Tran Th\u00e0i Tong.<\/p>\n<p>Le V\u00e9n\u00e9rable Thich Nhat Hanh est un ma\u00eetre bouddhiste vietnamien. Son action, son courage, l&rsquo;amour de son peuple l&rsquo;ont fait proposer, par Martin Luther King, pour le prix Nobel de la paix en 1967. R\u00e9fugi\u00e9 politique en France depuis 1972, il a anim\u00e9 chaque \u00e9t\u00e9 au \u00ab\u00a0Village des Pruniers\u00a0\u00bb en Dordogne des s\u00e9minaires r\u00e9unissant des centaines de participants venus du monde entier.<\/p>\n","protected":false},"excerpt":{"rendered":"<p>Auteur : Thich Nhat HANH<br \/>\nTitre : Clefs pour le Zen<br \/>\n\u00c9diteur : Seghers, 1973<br \/>\nFormat poche<br \/>\n206 pages<\/p>\n","protected":false},"featured_media":2071,"template":"","meta":[],"product_brand":[],"product_cat":[22],"product_tag":[102,179],"class_list":{"0":"post-2070","1":"product","2":"type-product","3":"status-publish","4":"has-post-thumbnail","6":"product_cat-developpement-personnel","7":"product_tag-meditation","8":"product_tag-zen","10":"first","11":"instock","12":"shipping-taxable","13":"product-type-simple"},"yoast_head":"<!-- This site is optimized with the Yoast SEO plugin v27.4 - https:\/\/yoast.com\/product\/yoast-seo-wordpress\/ -->\n<title>Clefs pour le Zen - Thich Nhat HANH - Equilibre de Vie<\/title>\n<meta name=\"description\" content=\"Auteur : Thich Nhat HANH - Titre : Clefs pour le Zen - \u00c9diteur : Seghers, 1973 - Format poche - 206 pages\" \/>\n<meta name=\"robots\" content=\"index, follow, max-snippet:-1, max-image-preview:large, max-video-preview:-1\" \/>\n<link rel=\"canonical\" href=\"https:\/\/www.verdieditions.com\/equilibre-de-vie\/produit\/clefs-zen-thich-nhat-hanh\/\" \/>\n<meta property=\"og:locale\" content=\"fr_FR\" \/>\n<meta property=\"og:type\" content=\"article\" \/>\n<meta property=\"og:title\" content=\"Clefs pour le Zen - Thich Nhat HANH - Equilibre de Vie\" \/>\n<meta property=\"og:description\" content=\"Auteur : Thich Nhat HANH - Titre : Clefs pour le Zen - \u00c9diteur : Seghers, 1973 - Format poche - 206 pages\" \/>\n<meta property=\"og:url\" content=\"https:\/\/www.verdieditions.com\/equilibre-de-vie\/produit\/clefs-zen-thich-nhat-hanh\/\" \/>\n<meta property=\"og:site_name\" content=\"Equilibre de Vie\" \/>\n<meta property=\"article:modified_time\" content=\"2024-02-08T08:57:35+00:00\" \/>\n<meta property=\"og:image\" content=\"https:\/\/www.verdieditions.com\/equilibre-de-vie\/wp-content\/uploads\/2022\/08\/clefs-zen-thich-nhat-hanh.jpg\" \/>\n\t<meta property=\"og:image:width\" content=\"516\" \/>\n\t<meta property=\"og:image:height\" content=\"800\" \/>\n\t<meta property=\"og:image:type\" content=\"image\/jpeg\" \/>\n<meta name=\"twitter:card\" content=\"summary_large_image\" \/>\n<meta name=\"twitter:label1\" content=\"Dur\u00e9e de lecture estim\u00e9e\" \/>\n\t<meta name=\"twitter:data1\" content=\"1 minute\" \/>\n<script type=\"application\/ld+json\" class=\"yoast-schema-graph\">{\"@context\":\"https:\\\/\\\/schema.org\",\"@graph\":[{\"@type\":\"WebPage\",\"@id\":\"https:\\\/\\\/www.verdieditions.com\\\/equilibre-de-vie\\\/produit\\\/clefs-zen-thich-nhat-hanh\\\/\",\"url\":\"https:\\\/\\\/www.verdieditions.com\\\/equilibre-de-vie\\\/produit\\\/clefs-zen-thich-nhat-hanh\\\/\",\"name\":\"Clefs pour le Zen - Thich Nhat HANH - Equilibre de Vie\",\"isPartOf\":{\"@id\":\"https:\\\/\\\/www.verdieditions.com\\\/equilibre-de-vie\\\/#website\"},\"primaryImageOfPage\":{\"@id\":\"https:\\\/\\\/www.verdieditions.com\\\/equilibre-de-vie\\\/produit\\\/clefs-zen-thich-nhat-hanh\\\/#primaryimage\"},\"image\":{\"@id\":\"https:\\\/\\\/www.verdieditions.com\\\/equilibre-de-vie\\\/produit\\\/clefs-zen-thich-nhat-hanh\\\/#primaryimage\"},\"thumbnailUrl\":\"https:\\\/\\\/www.verdieditions.com\\\/equilibre-de-vie\\\/wp-content\\\/uploads\\\/2022\\\/08\\\/clefs-zen-thich-nhat-hanh.jpg\",\"datePublished\":\"2022-08-04T13:10:06+00:00\",\"dateModified\":\"2024-02-08T08:57:35+00:00\",\"description\":\"Auteur : Thich Nhat HANH - Titre : Clefs pour le Zen - \u00c9diteur : Seghers, 1973 - Format poche - 206 pages\",\"breadcrumb\":{\"@id\":\"https:\\\/\\\/www.verdieditions.com\\\/equilibre-de-vie\\\/produit\\\/clefs-zen-thich-nhat-hanh\\\/#breadcrumb\"},\"inLanguage\":\"fr-FR\",\"potentialAction\":[{\"@type\":\"ReadAction\",\"target\":[\"https:\\\/\\\/www.verdieditions.com\\\/equilibre-de-vie\\\/produit\\\/clefs-zen-thich-nhat-hanh\\\/\"]}]},{\"@type\":\"ImageObject\",\"inLanguage\":\"fr-FR\",\"@id\":\"https:\\\/\\\/www.verdieditions.com\\\/equilibre-de-vie\\\/produit\\\/clefs-zen-thich-nhat-hanh\\\/#primaryimage\",\"url\":\"https:\\\/\\\/www.verdieditions.com\\\/equilibre-de-vie\\\/wp-content\\\/uploads\\\/2022\\\/08\\\/clefs-zen-thich-nhat-hanh.jpg\",\"contentUrl\":\"https:\\\/\\\/www.verdieditions.com\\\/equilibre-de-vie\\\/wp-content\\\/uploads\\\/2022\\\/08\\\/clefs-zen-thich-nhat-hanh.jpg\",\"width\":516,\"height\":800,\"caption\":\"clefs-zen-thich-nhat-hanh\"},{\"@type\":\"BreadcrumbList\",\"@id\":\"https:\\\/\\\/www.verdieditions.com\\\/equilibre-de-vie\\\/produit\\\/clefs-zen-thich-nhat-hanh\\\/#breadcrumb\",\"itemListElement\":[{\"@type\":\"ListItem\",\"position\":1,\"name\":\"Accueil\",\"item\":\"https:\\\/\\\/www.verdieditions.com\\\/equilibre-de-vie\\\/\"},{\"@type\":\"ListItem\",\"position\":2,\"name\":\"La boutique\",\"item\":\"https:\\\/\\\/www.verdieditions.com\\\/equilibre-de-vie\\\/boutique\\\/\"},{\"@type\":\"ListItem\",\"position\":3,\"name\":\"Clefs pour le Zen &#8211; Thich Nhat HANH\"}]},{\"@type\":\"WebSite\",\"@id\":\"https:\\\/\\\/www.verdieditions.com\\\/equilibre-de-vie\\\/#website\",\"url\":\"https:\\\/\\\/www.verdieditions.com\\\/equilibre-de-vie\\\/\",\"name\":\"Equilibre de Vie\",\"description\":\"Ma boutique livres sant\u00e9, \u00e9sot\u00e9risme et d\u00e9veloppement personnel\",\"publisher\":{\"@id\":\"https:\\\/\\\/www.verdieditions.com\\\/equilibre-de-vie\\\/#\\\/schema\\\/person\\\/9dcb2a6759f2f5fbf43ac0b44649cecb\"},\"potentialAction\":[{\"@type\":\"SearchAction\",\"target\":{\"@type\":\"EntryPoint\",\"urlTemplate\":\"https:\\\/\\\/www.verdieditions.com\\\/equilibre-de-vie\\\/?s={search_term_string}\"},\"query-input\":{\"@type\":\"PropertyValueSpecification\",\"valueRequired\":true,\"valueName\":\"search_term_string\"}}],\"inLanguage\":\"fr-FR\"},{\"@type\":[\"Person\",\"Organization\"],\"@id\":\"https:\\\/\\\/www.verdieditions.com\\\/equilibre-de-vie\\\/#\\\/schema\\\/person\\\/9dcb2a6759f2f5fbf43ac0b44649cecb\",\"name\":\"Sylvie VERDI\",\"image\":{\"@type\":\"ImageObject\",\"inLanguage\":\"fr-FR\",\"@id\":\"https:\\\/\\\/www.verdieditions.com\\\/equilibre-de-vie\\\/wp-content\\\/uploads\\\/2020\\\/04\\\/livres-occasion-sante-esoterisme-developpement-personnel-2.jpg\",\"url\":\"https:\\\/\\\/www.verdieditions.com\\\/equilibre-de-vie\\\/wp-content\\\/uploads\\\/2020\\\/04\\\/livres-occasion-sante-esoterisme-developpement-personnel-2.jpg\",\"contentUrl\":\"https:\\\/\\\/www.verdieditions.com\\\/equilibre-de-vie\\\/wp-content\\\/uploads\\\/2020\\\/04\\\/livres-occasion-sante-esoterisme-developpement-personnel-2.jpg\",\"width\":800,\"height\":572,\"caption\":\"Sylvie VERDI\"},\"logo\":{\"@id\":\"https:\\\/\\\/www.verdieditions.com\\\/equilibre-de-vie\\\/wp-content\\\/uploads\\\/2020\\\/04\\\/livres-occasion-sante-esoterisme-developpement-personnel-2.jpg\"},\"sameAs\":[\"https:\\\/\\\/www.verdieditions.com\\\/equilibre-de-vie\"]}]}<\/script>\n<!-- \/ Yoast SEO plugin. -->","yoast_head_json":{"title":"Clefs pour le Zen - Thich Nhat HANH - Equilibre de Vie","description":"Auteur : Thich Nhat HANH - Titre : Clefs pour le Zen - \u00c9diteur : Seghers, 1973 - Format poche - 206 pages","robots":{"index":"index","follow":"follow","max-snippet":"max-snippet:-1","max-image-preview":"max-image-preview:large","max-video-preview":"max-video-preview:-1"},"canonical":"https:\/\/www.verdieditions.com\/equilibre-de-vie\/produit\/clefs-zen-thich-nhat-hanh\/","og_locale":"fr_FR","og_type":"article","og_title":"Clefs pour le Zen - Thich Nhat HANH - Equilibre de Vie","og_description":"Auteur : Thich Nhat HANH - Titre : Clefs pour le Zen - \u00c9diteur : Seghers, 1973 - Format poche - 206 pages","og_url":"https:\/\/www.verdieditions.com\/equilibre-de-vie\/produit\/clefs-zen-thich-nhat-hanh\/","og_site_name":"Equilibre de Vie","article_modified_time":"2024-02-08T08:57:35+00:00","og_image":[{"width":516,"height":800,"url":"https:\/\/www.verdieditions.com\/equilibre-de-vie\/wp-content\/uploads\/2022\/08\/clefs-zen-thich-nhat-hanh.jpg","type":"image\/jpeg"}],"twitter_card":"summary_large_image","twitter_misc":{"Dur\u00e9e de lecture estim\u00e9e":"1 minute"},"schema":{"@context":"https:\/\/schema.org","@graph":[{"@type":"WebPage","@id":"https:\/\/www.verdieditions.com\/equilibre-de-vie\/produit\/clefs-zen-thich-nhat-hanh\/","url":"https:\/\/www.verdieditions.com\/equilibre-de-vie\/produit\/clefs-zen-thich-nhat-hanh\/","name":"Clefs pour le Zen - Thich Nhat HANH - Equilibre de Vie","isPartOf":{"@id":"https:\/\/www.verdieditions.com\/equilibre-de-vie\/#website"},"primaryImageOfPage":{"@id":"https:\/\/www.verdieditions.com\/equilibre-de-vie\/produit\/clefs-zen-thich-nhat-hanh\/#primaryimage"},"image":{"@id":"https:\/\/www.verdieditions.com\/equilibre-de-vie\/produit\/clefs-zen-thich-nhat-hanh\/#primaryimage"},"thumbnailUrl":"https:\/\/www.verdieditions.com\/equilibre-de-vie\/wp-content\/uploads\/2022\/08\/clefs-zen-thich-nhat-hanh.jpg","datePublished":"2022-08-04T13:10:06+00:00","dateModified":"2024-02-08T08:57:35+00:00","description":"Auteur : Thich Nhat HANH - Titre : Clefs pour le Zen - \u00c9diteur : Seghers, 1973 - Format poche - 206 pages","breadcrumb":{"@id":"https:\/\/www.verdieditions.com\/equilibre-de-vie\/produit\/clefs-zen-thich-nhat-hanh\/#breadcrumb"},"inLanguage":"fr-FR","potentialAction":[{"@type":"ReadAction","target":["https:\/\/www.verdieditions.com\/equilibre-de-vie\/produit\/clefs-zen-thich-nhat-hanh\/"]}]},{"@type":"ImageObject","inLanguage":"fr-FR","@id":"https:\/\/www.verdieditions.com\/equilibre-de-vie\/produit\/clefs-zen-thich-nhat-hanh\/#primaryimage","url":"https:\/\/www.verdieditions.com\/equilibre-de-vie\/wp-content\/uploads\/2022\/08\/clefs-zen-thich-nhat-hanh.jpg","contentUrl":"https:\/\/www.verdieditions.com\/equilibre-de-vie\/wp-content\/uploads\/2022\/08\/clefs-zen-thich-nhat-hanh.jpg","width":516,"height":800,"caption":"clefs-zen-thich-nhat-hanh"},{"@type":"BreadcrumbList","@id":"https:\/\/www.verdieditions.com\/equilibre-de-vie\/produit\/clefs-zen-thich-nhat-hanh\/#breadcrumb","itemListElement":[{"@type":"ListItem","position":1,"name":"Accueil","item":"https:\/\/www.verdieditions.com\/equilibre-de-vie\/"},{"@type":"ListItem","position":2,"name":"La boutique","item":"https:\/\/www.verdieditions.com\/equilibre-de-vie\/boutique\/"},{"@type":"ListItem","position":3,"name":"Clefs pour le Zen &#8211; Thich Nhat HANH"}]},{"@type":"WebSite","@id":"https:\/\/www.verdieditions.com\/equilibre-de-vie\/#website","url":"https:\/\/www.verdieditions.com\/equilibre-de-vie\/","name":"Equilibre de Vie","description":"Ma boutique livres sant\u00e9, \u00e9sot\u00e9risme et d\u00e9veloppement personnel","publisher":{"@id":"https:\/\/www.verdieditions.com\/equilibre-de-vie\/#\/schema\/person\/9dcb2a6759f2f5fbf43ac0b44649cecb"},"potentialAction":[{"@type":"SearchAction","target":{"@type":"EntryPoint","urlTemplate":"https:\/\/www.verdieditions.com\/equilibre-de-vie\/?s={search_term_string}"},"query-input":{"@type":"PropertyValueSpecification","valueRequired":true,"valueName":"search_term_string"}}],"inLanguage":"fr-FR"},{"@type":["Person","Organization"],"@id":"https:\/\/www.verdieditions.com\/equilibre-de-vie\/#\/schema\/person\/9dcb2a6759f2f5fbf43ac0b44649cecb","name":"Sylvie VERDI","image":{"@type":"ImageObject","inLanguage":"fr-FR","@id":"https:\/\/www.verdieditions.com\/equilibre-de-vie\/wp-content\/uploads\/2020\/04\/livres-occasion-sante-esoterisme-developpement-personnel-2.jpg","url":"https:\/\/www.verdieditions.com\/equilibre-de-vie\/wp-content\/uploads\/2020\/04\/livres-occasion-sante-esoterisme-developpement-personnel-2.jpg","contentUrl":"https:\/\/www.verdieditions.com\/equilibre-de-vie\/wp-content\/uploads\/2020\/04\/livres-occasion-sante-esoterisme-developpement-personnel-2.jpg","width":800,"height":572,"caption":"Sylvie VERDI"},"logo":{"@id":"https:\/\/www.verdieditions.com\/equilibre-de-vie\/wp-content\/uploads\/2020\/04\/livres-occasion-sante-esoterisme-developpement-personnel-2.jpg"},"sameAs":["https:\/\/www.verdieditions.com\/equilibre-de-vie"]}]}},"_links":{"self":[{"href":"https:\/\/www.verdieditions.com\/equilibre-de-vie\/wp-json\/wp\/v2\/product\/2070","targetHints":{"allow":["GET"]}}],"collection":[{"href":"https:\/\/www.verdieditions.com\/equilibre-de-vie\/wp-json\/wp\/v2\/product"}],"about":[{"href":"https:\/\/www.verdieditions.com\/equilibre-de-vie\/wp-json\/wp\/v2\/types\/product"}],"wp:featuredmedia":[{"embeddable":true,"href":"https:\/\/www.verdieditions.com\/equilibre-de-vie\/wp-json\/wp\/v2\/media\/2071"}],"wp:attachment":[{"href":"https:\/\/www.verdieditions.com\/equilibre-de-vie\/wp-json\/wp\/v2\/media?parent=2070"}],"wp:term":[{"taxonomy":"product_brand","embeddable":true,"href":"https:\/\/www.verdieditions.com\/equilibre-de-vie\/wp-json\/wp\/v2\/product_brand?post=2070"},{"taxonomy":"product_cat","embeddable":true,"href":"https:\/\/www.verdieditions.com\/equilibre-de-vie\/wp-json\/wp\/v2\/product_cat?post=2070"},{"taxonomy":"product_tag","embeddable":true,"href":"https:\/\/www.verdieditions.com\/equilibre-de-vie\/wp-json\/wp\/v2\/product_tag?post=2070"}],"curies":[{"name":"wp","href":"https:\/\/api.w.org\/{rel}","templated":true}]}}