{"id":2033,"date":"2022-05-09T12:04:04","date_gmt":"2022-05-09T10:04:04","guid":{"rendered":"https:\/\/www.verdieditions.com\/equilibre-de-vie\/?post_type=product&#038;p=2033"},"modified":"2023-06-05T13:40:15","modified_gmt":"2023-06-05T11:40:15","slug":"fontbrune-2025-nostradamus","status":"publish","type":"product","link":"https:\/\/www.verdieditions.com\/equilibre-de-vie\/produit\/fontbrune-2025-nostradamus\/","title":{"rendered":"470 ans d&rsquo;histoire pr\u00e9dites par Nostradamus : 1555-2025 &#8211; JC de FONTBRUNE"},"content":{"rendered":"<p>Auteur : Jean-Charles de Fontbrune<br \/>\nTitre : 470 ans d&rsquo;histoire pr\u00e9dites par Nostradamus 1555-2025<br \/>\n\u00c9diteur : Privat, 2006<br \/>\nDim. 15 x 24<br \/>\n564 pages<\/p>\n<p>Quel sens accorder aux pr\u00e9dictions de Nostradamus? Sont-elles v\u00e9rit\u00e9s, songes ou mensonges? Jean-Charles de Fontbrune a su lever le voile sur les quatrains du proph\u00e8te et r\u00e9v\u00e9ler leur authenticit\u00e9. L&rsquo;arriv\u00e9e de la \u00abrose\u00bb, la chute du mur de Berlin, la Yougoslavie livr\u00e9e aux massacres, la mont\u00e9e de l&rsquo;int\u00e9grisme en Alg\u00e9rie, tous ces faits \u00e9taient \u00e9crits dans son premier ouvrage, publi\u00e9 en 1981 et devenu aujourd&rsquo;hui un best-seller.<\/p>\n<p>Pour la premi\u00e8re fois, Nostradamus, relay\u00e9 par Jean-Charles de Fontbrune, propose un regard complet sur l&rsquo;histoire, de la Renaissance (1555) jusqu&rsquo;\u00e0 l&rsquo;ann\u00e9e 2025. Pand\u00e9mie, cataclysmes, guerres et famine sont annonc\u00e9s avec pr\u00e9cision, dat\u00e9s et situ\u00e9s g\u00e9ographiquement pour les deux prochaines d\u00e9cennies. Si l&rsquo;\u00e2ge d&rsquo;or nous est promis, ce sera au prix de grands sacrifices&#8230; mais qui ne voudrait savoir ce que l&rsquo;avenir lui r\u00e9serve?<\/p>\n<p>Biographie<br \/>\nJean-Charles de Fontbrune est le sp\u00e9cialiste incontest\u00e9, en France et \u00e0 l&rsquo;\u00e9tranger, des \u00e9crits de Nostradamus. Il a notamment publi\u00e9 Nostradamus, historien et proph\u00e8te (Le Rocher, 1980), La Com\u00e8te et les Proph\u00e9ties (Michel Lafont, 1986), Nostradamus, de 1999 \u00e0 l&rsquo;\u00e2ge d&rsquo;or (Le Rocher, 1999), ainsi qu&rsquo;une biographie, Nostradamus, m\u00e9decin et proph\u00e8te (Le Rocher, 2000).<\/p>\n","protected":false},"excerpt":{"rendered":"<p>Auteur : Jean-Charles de Fontbrune<br \/>\nTitre : 470 ans d&rsquo;histoire pr\u00e9dites par Nostradamus 1555-2025<br \/>\n\u00c9diteur : Privat, 2006<br \/>\nDim. 15 x 24<br \/>\n564 pages<\/p>\n","protected":false},"featured_media":2034,"template":"","meta":[],"product_brand":[],"product_cat":[23],"product_tag":[34,129],"class_list":{"0":"post-2033","1":"product","2":"type-product","3":"status-publish","4":"has-post-thumbnail","6":"product_cat-esoterisme","7":"product_tag-astrologie","8":"product_tag-previsions","10":"first","11":"outofstock","12":"shipping-taxable","13":"product-type-simple"},"yoast_head":"<!-- This site is optimized with the Yoast SEO plugin v27.4 - https:\/\/yoast.com\/product\/yoast-seo-wordpress\/ -->\n<title>Pr\u00e9dictions de 470 ans, Nostradamus : 1555-2025 - JC de FONTBRUNE<\/title>\n<meta name=\"description\" content=\"Jean-Charles de Fontbrune Titre : 470 ans d&#039;histoire pr\u00e9dites par Nostradamus 1555-2025 \u00c9diteur : Privat, 2006 Dim. 15 x 24 564 pages\" \/>\n<meta name=\"robots\" content=\"index, follow, max-snippet:-1, max-image-preview:large, max-video-preview:-1\" \/>\n<link rel=\"canonical\" href=\"https:\/\/www.verdieditions.com\/equilibre-de-vie\/produit\/fontbrune-2025-nostradamus\/\" \/>\n<meta property=\"og:locale\" content=\"fr_FR\" \/>\n<meta property=\"og:type\" content=\"article\" \/>\n<meta property=\"og:title\" content=\"Pr\u00e9dictions de 470 ans, Nostradamus : 1555-2025 - JC de FONTBRUNE\" \/>\n<meta property=\"og:description\" content=\"Jean-Charles de Fontbrune Titre : 470 ans d&#039;histoire pr\u00e9dites par Nostradamus 1555-2025 \u00c9diteur : Privat, 2006 Dim. 15 x 24 564 pages\" \/>\n<meta property=\"og:url\" content=\"https:\/\/www.verdieditions.com\/equilibre-de-vie\/produit\/fontbrune-2025-nostradamus\/\" \/>\n<meta property=\"og:site_name\" content=\"Equilibre de Vie\" \/>\n<meta property=\"article:modified_time\" content=\"2023-06-05T11:40:15+00:00\" \/>\n<meta property=\"og:image\" content=\"https:\/\/www.verdieditions.com\/equilibre-de-vie\/wp-content\/uploads\/2022\/05\/fontbrune-2025-nostradamus-e1652091189284.jpg\" \/>\n\t<meta property=\"og:image:width\" content=\"490\" \/>\n\t<meta property=\"og:image:height\" content=\"800\" \/>\n\t<meta property=\"og:image:type\" content=\"image\/jpeg\" \/>\n<meta name=\"twitter:card\" content=\"summary_large_image\" \/>\n<meta name=\"twitter:label1\" content=\"Dur\u00e9e de lecture estim\u00e9e\" \/>\n\t<meta name=\"twitter:data1\" content=\"1 minute\" \/>\n<script type=\"application\/ld+json\" class=\"yoast-schema-graph\">{\"@context\":\"https:\\\/\\\/schema.org\",\"@graph\":[{\"@type\":\"WebPage\",\"@id\":\"https:\\\/\\\/www.verdieditions.com\\\/equilibre-de-vie\\\/produit\\\/fontbrune-2025-nostradamus\\\/\",\"url\":\"https:\\\/\\\/www.verdieditions.com\\\/equilibre-de-vie\\\/produit\\\/fontbrune-2025-nostradamus\\\/\",\"name\":\"Pr\u00e9dictions de 470 ans, Nostradamus : 1555-2025 - JC de FONTBRUNE\",\"isPartOf\":{\"@id\":\"https:\\\/\\\/www.verdieditions.com\\\/equilibre-de-vie\\\/#website\"},\"primaryImageOfPage\":{\"@id\":\"https:\\\/\\\/www.verdieditions.com\\\/equilibre-de-vie\\\/produit\\\/fontbrune-2025-nostradamus\\\/#primaryimage\"},\"image\":{\"@id\":\"https:\\\/\\\/www.verdieditions.com\\\/equilibre-de-vie\\\/produit\\\/fontbrune-2025-nostradamus\\\/#primaryimage\"},\"thumbnailUrl\":\"https:\\\/\\\/www.verdieditions.com\\\/equilibre-de-vie\\\/wp-content\\\/uploads\\\/2022\\\/05\\\/fontbrune-2025-nostradamus-e1652091189284.jpg\",\"datePublished\":\"2022-05-09T10:04:04+00:00\",\"dateModified\":\"2023-06-05T11:40:15+00:00\",\"description\":\"Jean-Charles de Fontbrune Titre : 470 ans d'histoire pr\u00e9dites par Nostradamus 1555-2025 \u00c9diteur : Privat, 2006 Dim. 15 x 24 564 pages\",\"breadcrumb\":{\"@id\":\"https:\\\/\\\/www.verdieditions.com\\\/equilibre-de-vie\\\/produit\\\/fontbrune-2025-nostradamus\\\/#breadcrumb\"},\"inLanguage\":\"fr-FR\",\"potentialAction\":[{\"@type\":\"ReadAction\",\"target\":[\"https:\\\/\\\/www.verdieditions.com\\\/equilibre-de-vie\\\/produit\\\/fontbrune-2025-nostradamus\\\/\"]}]},{\"@type\":\"ImageObject\",\"inLanguage\":\"fr-FR\",\"@id\":\"https:\\\/\\\/www.verdieditions.com\\\/equilibre-de-vie\\\/produit\\\/fontbrune-2025-nostradamus\\\/#primaryimage\",\"url\":\"https:\\\/\\\/www.verdieditions.com\\\/equilibre-de-vie\\\/wp-content\\\/uploads\\\/2022\\\/05\\\/fontbrune-2025-nostradamus-e1652091189284.jpg\",\"contentUrl\":\"https:\\\/\\\/www.verdieditions.com\\\/equilibre-de-vie\\\/wp-content\\\/uploads\\\/2022\\\/05\\\/fontbrune-2025-nostradamus-e1652091189284.jpg\",\"width\":490,\"height\":800,\"caption\":\"fontbrune-2025-nostradamus\"},{\"@type\":\"BreadcrumbList\",\"@id\":\"https:\\\/\\\/www.verdieditions.com\\\/equilibre-de-vie\\\/produit\\\/fontbrune-2025-nostradamus\\\/#breadcrumb\",\"itemListElement\":[{\"@type\":\"ListItem\",\"position\":1,\"name\":\"Accueil\",\"item\":\"https:\\\/\\\/www.verdieditions.com\\\/equilibre-de-vie\\\/\"},{\"@type\":\"ListItem\",\"position\":2,\"name\":\"La boutique\",\"item\":\"https:\\\/\\\/www.verdieditions.com\\\/equilibre-de-vie\\\/boutique\\\/\"},{\"@type\":\"ListItem\",\"position\":3,\"name\":\"470 ans d&#8217;histoire pr\u00e9dites par Nostradamus : 1555-2025 &#8211; JC de FONTBRUNE\"}]},{\"@type\":\"WebSite\",\"@id\":\"https:\\\/\\\/www.verdieditions.com\\\/equilibre-de-vie\\\/#website\",\"url\":\"https:\\\/\\\/www.verdieditions.com\\\/equilibre-de-vie\\\/\",\"name\":\"Equilibre de Vie\",\"description\":\"Ma boutique livres sant\u00e9, \u00e9sot\u00e9risme et d\u00e9veloppement personnel\",\"publisher\":{\"@id\":\"https:\\\/\\\/www.verdieditions.com\\\/equilibre-de-vie\\\/#\\\/schema\\\/person\\\/9dcb2a6759f2f5fbf43ac0b44649cecb\"},\"potentialAction\":[{\"@type\":\"SearchAction\",\"target\":{\"@type\":\"EntryPoint\",\"urlTemplate\":\"https:\\\/\\\/www.verdieditions.com\\\/equilibre-de-vie\\\/?s={search_term_string}\"},\"query-input\":{\"@type\":\"PropertyValueSpecification\",\"valueRequired\":true,\"valueName\":\"search_term_string\"}}],\"inLanguage\":\"fr-FR\"},{\"@type\":[\"Person\",\"Organization\"],\"@id\":\"https:\\\/\\\/www.verdieditions.com\\\/equilibre-de-vie\\\/#\\\/schema\\\/person\\\/9dcb2a6759f2f5fbf43ac0b44649cecb\",\"name\":\"Sylvie VERDI\",\"image\":{\"@type\":\"ImageObject\",\"inLanguage\":\"fr-FR\",\"@id\":\"https:\\\/\\\/www.verdieditions.com\\\/equilibre-de-vie\\\/wp-content\\\/uploads\\\/2020\\\/04\\\/livres-occasion-sante-esoterisme-developpement-personnel-2.jpg\",\"url\":\"https:\\\/\\\/www.verdieditions.com\\\/equilibre-de-vie\\\/wp-content\\\/uploads\\\/2020\\\/04\\\/livres-occasion-sante-esoterisme-developpement-personnel-2.jpg\",\"contentUrl\":\"https:\\\/\\\/www.verdieditions.com\\\/equilibre-de-vie\\\/wp-content\\\/uploads\\\/2020\\\/04\\\/livres-occasion-sante-esoterisme-developpement-personnel-2.jpg\",\"width\":800,\"height\":572,\"caption\":\"Sylvie VERDI\"},\"logo\":{\"@id\":\"https:\\\/\\\/www.verdieditions.com\\\/equilibre-de-vie\\\/wp-content\\\/uploads\\\/2020\\\/04\\\/livres-occasion-sante-esoterisme-developpement-personnel-2.jpg\"},\"sameAs\":[\"https:\\\/\\\/www.verdieditions.com\\\/equilibre-de-vie\"]}]}<\/script>\n<!-- \/ Yoast SEO plugin. -->","yoast_head_json":{"title":"Pr\u00e9dictions de 470 ans, Nostradamus : 1555-2025 - JC de FONTBRUNE","description":"Jean-Charles de Fontbrune Titre : 470 ans d'histoire pr\u00e9dites par Nostradamus 1555-2025 \u00c9diteur : Privat, 2006 Dim. 15 x 24 564 pages","robots":{"index":"index","follow":"follow","max-snippet":"max-snippet:-1","max-image-preview":"max-image-preview:large","max-video-preview":"max-video-preview:-1"},"canonical":"https:\/\/www.verdieditions.com\/equilibre-de-vie\/produit\/fontbrune-2025-nostradamus\/","og_locale":"fr_FR","og_type":"article","og_title":"Pr\u00e9dictions de 470 ans, Nostradamus : 1555-2025 - JC de FONTBRUNE","og_description":"Jean-Charles de Fontbrune Titre : 470 ans d'histoire pr\u00e9dites par Nostradamus 1555-2025 \u00c9diteur : Privat, 2006 Dim. 15 x 24 564 pages","og_url":"https:\/\/www.verdieditions.com\/equilibre-de-vie\/produit\/fontbrune-2025-nostradamus\/","og_site_name":"Equilibre de Vie","article_modified_time":"2023-06-05T11:40:15+00:00","og_image":[{"width":490,"height":800,"url":"https:\/\/www.verdieditions.com\/equilibre-de-vie\/wp-content\/uploads\/2022\/05\/fontbrune-2025-nostradamus-e1652091189284.jpg","type":"image\/jpeg"}],"twitter_card":"summary_large_image","twitter_misc":{"Dur\u00e9e de lecture estim\u00e9e":"1 minute"},"schema":{"@context":"https:\/\/schema.org","@graph":[{"@type":"WebPage","@id":"https:\/\/www.verdieditions.com\/equilibre-de-vie\/produit\/fontbrune-2025-nostradamus\/","url":"https:\/\/www.verdieditions.com\/equilibre-de-vie\/produit\/fontbrune-2025-nostradamus\/","name":"Pr\u00e9dictions de 470 ans, Nostradamus : 1555-2025 - JC de FONTBRUNE","isPartOf":{"@id":"https:\/\/www.verdieditions.com\/equilibre-de-vie\/#website"},"primaryImageOfPage":{"@id":"https:\/\/www.verdieditions.com\/equilibre-de-vie\/produit\/fontbrune-2025-nostradamus\/#primaryimage"},"image":{"@id":"https:\/\/www.verdieditions.com\/equilibre-de-vie\/produit\/fontbrune-2025-nostradamus\/#primaryimage"},"thumbnailUrl":"https:\/\/www.verdieditions.com\/equilibre-de-vie\/wp-content\/uploads\/2022\/05\/fontbrune-2025-nostradamus-e1652091189284.jpg","datePublished":"2022-05-09T10:04:04+00:00","dateModified":"2023-06-05T11:40:15+00:00","description":"Jean-Charles de Fontbrune Titre : 470 ans d'histoire pr\u00e9dites par Nostradamus 1555-2025 \u00c9diteur : Privat, 2006 Dim. 15 x 24 564 pages","breadcrumb":{"@id":"https:\/\/www.verdieditions.com\/equilibre-de-vie\/produit\/fontbrune-2025-nostradamus\/#breadcrumb"},"inLanguage":"fr-FR","potentialAction":[{"@type":"ReadAction","target":["https:\/\/www.verdieditions.com\/equilibre-de-vie\/produit\/fontbrune-2025-nostradamus\/"]}]},{"@type":"ImageObject","inLanguage":"fr-FR","@id":"https:\/\/www.verdieditions.com\/equilibre-de-vie\/produit\/fontbrune-2025-nostradamus\/#primaryimage","url":"https:\/\/www.verdieditions.com\/equilibre-de-vie\/wp-content\/uploads\/2022\/05\/fontbrune-2025-nostradamus-e1652091189284.jpg","contentUrl":"https:\/\/www.verdieditions.com\/equilibre-de-vie\/wp-content\/uploads\/2022\/05\/fontbrune-2025-nostradamus-e1652091189284.jpg","width":490,"height":800,"caption":"fontbrune-2025-nostradamus"},{"@type":"BreadcrumbList","@id":"https:\/\/www.verdieditions.com\/equilibre-de-vie\/produit\/fontbrune-2025-nostradamus\/#breadcrumb","itemListElement":[{"@type":"ListItem","position":1,"name":"Accueil","item":"https:\/\/www.verdieditions.com\/equilibre-de-vie\/"},{"@type":"ListItem","position":2,"name":"La boutique","item":"https:\/\/www.verdieditions.com\/equilibre-de-vie\/boutique\/"},{"@type":"ListItem","position":3,"name":"470 ans d&#8217;histoire pr\u00e9dites par Nostradamus : 1555-2025 &#8211; JC de FONTBRUNE"}]},{"@type":"WebSite","@id":"https:\/\/www.verdieditions.com\/equilibre-de-vie\/#website","url":"https:\/\/www.verdieditions.com\/equilibre-de-vie\/","name":"Equilibre de Vie","description":"Ma boutique livres sant\u00e9, \u00e9sot\u00e9risme et d\u00e9veloppement personnel","publisher":{"@id":"https:\/\/www.verdieditions.com\/equilibre-de-vie\/#\/schema\/person\/9dcb2a6759f2f5fbf43ac0b44649cecb"},"potentialAction":[{"@type":"SearchAction","target":{"@type":"EntryPoint","urlTemplate":"https:\/\/www.verdieditions.com\/equilibre-de-vie\/?s={search_term_string}"},"query-input":{"@type":"PropertyValueSpecification","valueRequired":true,"valueName":"search_term_string"}}],"inLanguage":"fr-FR"},{"@type":["Person","Organization"],"@id":"https:\/\/www.verdieditions.com\/equilibre-de-vie\/#\/schema\/person\/9dcb2a6759f2f5fbf43ac0b44649cecb","name":"Sylvie VERDI","image":{"@type":"ImageObject","inLanguage":"fr-FR","@id":"https:\/\/www.verdieditions.com\/equilibre-de-vie\/wp-content\/uploads\/2020\/04\/livres-occasion-sante-esoterisme-developpement-personnel-2.jpg","url":"https:\/\/www.verdieditions.com\/equilibre-de-vie\/wp-content\/uploads\/2020\/04\/livres-occasion-sante-esoterisme-developpement-personnel-2.jpg","contentUrl":"https:\/\/www.verdieditions.com\/equilibre-de-vie\/wp-content\/uploads\/2020\/04\/livres-occasion-sante-esoterisme-developpement-personnel-2.jpg","width":800,"height":572,"caption":"Sylvie VERDI"},"logo":{"@id":"https:\/\/www.verdieditions.com\/equilibre-de-vie\/wp-content\/uploads\/2020\/04\/livres-occasion-sante-esoterisme-developpement-personnel-2.jpg"},"sameAs":["https:\/\/www.verdieditions.com\/equilibre-de-vie"]}]}},"_links":{"self":[{"href":"https:\/\/www.verdieditions.com\/equilibre-de-vie\/wp-json\/wp\/v2\/product\/2033","targetHints":{"allow":["GET"]}}],"collection":[{"href":"https:\/\/www.verdieditions.com\/equilibre-de-vie\/wp-json\/wp\/v2\/product"}],"about":[{"href":"https:\/\/www.verdieditions.com\/equilibre-de-vie\/wp-json\/wp\/v2\/types\/product"}],"wp:featuredmedia":[{"embeddable":true,"href":"https:\/\/www.verdieditions.com\/equilibre-de-vie\/wp-json\/wp\/v2\/media\/2034"}],"wp:attachment":[{"href":"https:\/\/www.verdieditions.com\/equilibre-de-vie\/wp-json\/wp\/v2\/media?parent=2033"}],"wp:term":[{"taxonomy":"product_brand","embeddable":true,"href":"https:\/\/www.verdieditions.com\/equilibre-de-vie\/wp-json\/wp\/v2\/product_brand?post=2033"},{"taxonomy":"product_cat","embeddable":true,"href":"https:\/\/www.verdieditions.com\/equilibre-de-vie\/wp-json\/wp\/v2\/product_cat?post=2033"},{"taxonomy":"product_tag","embeddable":true,"href":"https:\/\/www.verdieditions.com\/equilibre-de-vie\/wp-json\/wp\/v2\/product_tag?post=2033"}],"curies":[{"name":"wp","href":"https:\/\/api.w.org\/{rel}","templated":true}]}}