{"id":2012,"date":"2022-05-09T11:13:17","date_gmt":"2022-05-09T09:13:17","guid":{"rendered":"https:\/\/www.verdieditions.com\/equilibre-de-vie\/?post_type=product&#038;p=2012"},"modified":"2022-11-08T18:23:58","modified_gmt":"2022-11-08T17:23:58","slug":"alimentation-dissociee-hay","status":"publish","type":"product","link":"https:\/\/www.verdieditions.com\/equilibre-de-vie\/produit\/alimentation-dissociee-hay\/","title":{"rendered":"L&rsquo;alimentation dissoci\u00e9e d&rsquo;apr\u00e8s Hay &#8211; Dr HAY"},"content":{"rendered":"<p>Auteur : Dr Hay et Dr Walb<br \/>\nTitre : L&rsquo;alimentation dissoci\u00e9e d&rsquo;apr\u00e8s Hay<br \/>\n\u00c9diteur : Verlag, Heidelberg, 1981, 35\u00e8me \u00e9dition<br \/>\nAvec chapitre supple\u0301mentaire pour diabe\u0301tiques<br \/>\nDim. 14 x 21<br \/>\n160 pages <\/p>\n<p>L&rsquo;Alimentation Dissoci\u00e9e d&rsquo;apr\u00e8s HAY tient compte de la chimie du corps humain. Les syndromes engendr\u00e9s par une constitution insens\u00e9e de la nourriture sont connus. Le m\u00e9lange inconsid\u00e9r\u00e9 des substances de prot\u00e9ine, des hydrates de carbone et de la graisse ainsi que la n\u00e9gligence des \u00e9l\u00e9ments essentiels, dont l&rsquo;absence perturbe les fonctions du corps humain, entra\u00eene non seulement des d\u00e9rangements de la digestion et des maladies du m\u00e9tabolisme mais \u00e9galement de nombreuses autres maladies y compris le cancer. La nourriture doit \u00eatre d&rsquo;abord constructive, ensuite agr\u00e9able et s&rsquo;harmoniser enfin avec les lois de la chimie. HAY a d\u00e9montr\u00e9 l&rsquo;efficacit\u00e9 r\u00e9sultant d&rsquo;une nourriture constitu\u00e9e de mani\u00e8re judicieuse et n&rsquo;impliquant nullement le renoncement aux plaisirs de la table. L&rsquo;Alimentation Dissoci\u00e9e d&rsquo;apr\u00e8s HAY sauvegarde la sant\u00e9, procure le bien-\u00eatre et la joie de vivre, m\u00eame dans des cas o\u00f9 r\u00e9gnait d\u00e9j\u00e0 la maladie et la souffrance. L&rsquo;Alimentation Dissoci\u00e9e est praticable dans tous les m\u00e9nages sans qu&rsquo;elle n&rsquo;entra\u00eene une charge suppl\u00e9mentaire pour la m\u00e9nag\u00e8re.<\/p>\n","protected":false},"excerpt":{"rendered":"<p>Auteur : Dr Hay et Dr Walb<br \/>\nTitre : L&rsquo;alimentation dissoci\u00e9e d&rsquo;apr\u00e8s Hay<br \/>\n\u00c9diteur : Verlag, Heidelberg, 1981, 35\u00e8me \u00e9dition<br \/>\nAvec chapitre supple\u0301mentaire pour diabe\u0301tiques<br \/>\nDim. 14 x 21<br \/>\n160 pages <\/p>\n","protected":false},"featured_media":2013,"template":"","meta":[],"product_brand":[],"product_cat":[21],"product_tag":[238,136],"class_list":{"0":"post-2012","1":"product","2":"type-product","3":"status-publish","4":"has-post-thumbnail","6":"product_cat-sante","7":"product_tag-alimentation","8":"product_tag-regime","10":"first","11":"outofstock","12":"shipping-taxable","13":"product-type-simple"},"yoast_head":"<!-- This site is optimized with the Yoast SEO plugin v27.4 - https:\/\/yoast.com\/product\/yoast-seo-wordpress\/ -->\n<title>L&#039;alimentation dissoci\u00e9e d&#039;apr\u00e8s Hay - Dr HAY<\/title>\n<meta name=\"description\" content=\"Dr Hay et Dr Walb - L&#039;alimentation dissoci\u00e9e d&#039;apr\u00e8s Hay - Verlag, Heidelberg, 1981, Avec chapitre supple\u0301mentaire pour diabe\u0301tiques 160 p\" \/>\n<meta name=\"robots\" content=\"index, follow, max-snippet:-1, max-image-preview:large, max-video-preview:-1\" \/>\n<link rel=\"canonical\" href=\"https:\/\/www.verdieditions.com\/equilibre-de-vie\/produit\/alimentation-dissociee-hay\/\" \/>\n<meta property=\"og:locale\" content=\"fr_FR\" \/>\n<meta property=\"og:type\" content=\"article\" \/>\n<meta property=\"og:title\" content=\"L&#039;alimentation dissoci\u00e9e d&#039;apr\u00e8s Hay - Dr HAY\" \/>\n<meta property=\"og:description\" content=\"Dr Hay et Dr Walb - L&#039;alimentation dissoci\u00e9e d&#039;apr\u00e8s Hay - Verlag, Heidelberg, 1981, Avec chapitre supple\u0301mentaire pour diabe\u0301tiques 160 p\" \/>\n<meta property=\"og:url\" content=\"https:\/\/www.verdieditions.com\/equilibre-de-vie\/produit\/alimentation-dissociee-hay\/\" \/>\n<meta property=\"og:site_name\" content=\"Equilibre de Vie\" \/>\n<meta property=\"article:modified_time\" content=\"2022-11-08T17:23:58+00:00\" \/>\n<meta property=\"og:image\" content=\"https:\/\/www.verdieditions.com\/equilibre-de-vie\/wp-content\/uploads\/2022\/05\/hay-alimentation-dissociee-e1652087951620.jpg\" \/>\n\t<meta property=\"og:image:width\" content=\"522\" \/>\n\t<meta property=\"og:image:height\" content=\"800\" \/>\n\t<meta property=\"og:image:type\" content=\"image\/jpeg\" \/>\n<meta name=\"twitter:card\" content=\"summary_large_image\" \/>\n<meta name=\"twitter:label1\" content=\"Dur\u00e9e de lecture estim\u00e9e\" \/>\n\t<meta name=\"twitter:data1\" content=\"1 minute\" \/>\n<script type=\"application\/ld+json\" class=\"yoast-schema-graph\">{\"@context\":\"https:\\\/\\\/schema.org\",\"@graph\":[{\"@type\":\"WebPage\",\"@id\":\"https:\\\/\\\/www.verdieditions.com\\\/equilibre-de-vie\\\/produit\\\/alimentation-dissociee-hay\\\/\",\"url\":\"https:\\\/\\\/www.verdieditions.com\\\/equilibre-de-vie\\\/produit\\\/alimentation-dissociee-hay\\\/\",\"name\":\"L'alimentation dissoci\u00e9e d'apr\u00e8s Hay - Dr HAY\",\"isPartOf\":{\"@id\":\"https:\\\/\\\/www.verdieditions.com\\\/equilibre-de-vie\\\/#website\"},\"primaryImageOfPage\":{\"@id\":\"https:\\\/\\\/www.verdieditions.com\\\/equilibre-de-vie\\\/produit\\\/alimentation-dissociee-hay\\\/#primaryimage\"},\"image\":{\"@id\":\"https:\\\/\\\/www.verdieditions.com\\\/equilibre-de-vie\\\/produit\\\/alimentation-dissociee-hay\\\/#primaryimage\"},\"thumbnailUrl\":\"https:\\\/\\\/www.verdieditions.com\\\/equilibre-de-vie\\\/wp-content\\\/uploads\\\/2022\\\/05\\\/hay-alimentation-dissociee-e1652087951620.jpg\",\"datePublished\":\"2022-05-09T09:13:17+00:00\",\"dateModified\":\"2022-11-08T17:23:58+00:00\",\"description\":\"Dr Hay et Dr Walb - L'alimentation dissoci\u00e9e d'apr\u00e8s Hay - Verlag, Heidelberg, 1981, Avec chapitre supple\u0301mentaire pour diabe\u0301tiques 160 p\",\"breadcrumb\":{\"@id\":\"https:\\\/\\\/www.verdieditions.com\\\/equilibre-de-vie\\\/produit\\\/alimentation-dissociee-hay\\\/#breadcrumb\"},\"inLanguage\":\"fr-FR\",\"potentialAction\":[{\"@type\":\"ReadAction\",\"target\":[\"https:\\\/\\\/www.verdieditions.com\\\/equilibre-de-vie\\\/produit\\\/alimentation-dissociee-hay\\\/\"]}]},{\"@type\":\"ImageObject\",\"inLanguage\":\"fr-FR\",\"@id\":\"https:\\\/\\\/www.verdieditions.com\\\/equilibre-de-vie\\\/produit\\\/alimentation-dissociee-hay\\\/#primaryimage\",\"url\":\"https:\\\/\\\/www.verdieditions.com\\\/equilibre-de-vie\\\/wp-content\\\/uploads\\\/2022\\\/05\\\/hay-alimentation-dissociee-e1652087951620.jpg\",\"contentUrl\":\"https:\\\/\\\/www.verdieditions.com\\\/equilibre-de-vie\\\/wp-content\\\/uploads\\\/2022\\\/05\\\/hay-alimentation-dissociee-e1652087951620.jpg\",\"width\":522,\"height\":800,\"caption\":\"hay-alimentation-dissociee\"},{\"@type\":\"BreadcrumbList\",\"@id\":\"https:\\\/\\\/www.verdieditions.com\\\/equilibre-de-vie\\\/produit\\\/alimentation-dissociee-hay\\\/#breadcrumb\",\"itemListElement\":[{\"@type\":\"ListItem\",\"position\":1,\"name\":\"Accueil\",\"item\":\"https:\\\/\\\/www.verdieditions.com\\\/equilibre-de-vie\\\/\"},{\"@type\":\"ListItem\",\"position\":2,\"name\":\"La boutique\",\"item\":\"https:\\\/\\\/www.verdieditions.com\\\/equilibre-de-vie\\\/boutique\\\/\"},{\"@type\":\"ListItem\",\"position\":3,\"name\":\"L&#8217;alimentation dissoci\u00e9e d&#8217;apr\u00e8s Hay &#8211; Dr HAY\"}]},{\"@type\":\"WebSite\",\"@id\":\"https:\\\/\\\/www.verdieditions.com\\\/equilibre-de-vie\\\/#website\",\"url\":\"https:\\\/\\\/www.verdieditions.com\\\/equilibre-de-vie\\\/\",\"name\":\"Equilibre de Vie\",\"description\":\"Ma boutique livres sant\u00e9, \u00e9sot\u00e9risme et d\u00e9veloppement personnel\",\"publisher\":{\"@id\":\"https:\\\/\\\/www.verdieditions.com\\\/equilibre-de-vie\\\/#\\\/schema\\\/person\\\/9dcb2a6759f2f5fbf43ac0b44649cecb\"},\"potentialAction\":[{\"@type\":\"SearchAction\",\"target\":{\"@type\":\"EntryPoint\",\"urlTemplate\":\"https:\\\/\\\/www.verdieditions.com\\\/equilibre-de-vie\\\/?s={search_term_string}\"},\"query-input\":{\"@type\":\"PropertyValueSpecification\",\"valueRequired\":true,\"valueName\":\"search_term_string\"}}],\"inLanguage\":\"fr-FR\"},{\"@type\":[\"Person\",\"Organization\"],\"@id\":\"https:\\\/\\\/www.verdieditions.com\\\/equilibre-de-vie\\\/#\\\/schema\\\/person\\\/9dcb2a6759f2f5fbf43ac0b44649cecb\",\"name\":\"Sylvie VERDI\",\"image\":{\"@type\":\"ImageObject\",\"inLanguage\":\"fr-FR\",\"@id\":\"https:\\\/\\\/www.verdieditions.com\\\/equilibre-de-vie\\\/wp-content\\\/uploads\\\/2020\\\/04\\\/livres-occasion-sante-esoterisme-developpement-personnel-2.jpg\",\"url\":\"https:\\\/\\\/www.verdieditions.com\\\/equilibre-de-vie\\\/wp-content\\\/uploads\\\/2020\\\/04\\\/livres-occasion-sante-esoterisme-developpement-personnel-2.jpg\",\"contentUrl\":\"https:\\\/\\\/www.verdieditions.com\\\/equilibre-de-vie\\\/wp-content\\\/uploads\\\/2020\\\/04\\\/livres-occasion-sante-esoterisme-developpement-personnel-2.jpg\",\"width\":800,\"height\":572,\"caption\":\"Sylvie VERDI\"},\"logo\":{\"@id\":\"https:\\\/\\\/www.verdieditions.com\\\/equilibre-de-vie\\\/wp-content\\\/uploads\\\/2020\\\/04\\\/livres-occasion-sante-esoterisme-developpement-personnel-2.jpg\"},\"sameAs\":[\"https:\\\/\\\/www.verdieditions.com\\\/equilibre-de-vie\"]}]}<\/script>\n<!-- \/ Yoast SEO plugin. -->","yoast_head_json":{"title":"L'alimentation dissoci\u00e9e d'apr\u00e8s Hay - Dr HAY","description":"Dr Hay et Dr Walb - L'alimentation dissoci\u00e9e d'apr\u00e8s Hay - Verlag, Heidelberg, 1981, Avec chapitre supple\u0301mentaire pour diabe\u0301tiques 160 p","robots":{"index":"index","follow":"follow","max-snippet":"max-snippet:-1","max-image-preview":"max-image-preview:large","max-video-preview":"max-video-preview:-1"},"canonical":"https:\/\/www.verdieditions.com\/equilibre-de-vie\/produit\/alimentation-dissociee-hay\/","og_locale":"fr_FR","og_type":"article","og_title":"L'alimentation dissoci\u00e9e d'apr\u00e8s Hay - Dr HAY","og_description":"Dr Hay et Dr Walb - L'alimentation dissoci\u00e9e d'apr\u00e8s Hay - Verlag, Heidelberg, 1981, Avec chapitre supple\u0301mentaire pour diabe\u0301tiques 160 p","og_url":"https:\/\/www.verdieditions.com\/equilibre-de-vie\/produit\/alimentation-dissociee-hay\/","og_site_name":"Equilibre de Vie","article_modified_time":"2022-11-08T17:23:58+00:00","og_image":[{"width":522,"height":800,"url":"https:\/\/www.verdieditions.com\/equilibre-de-vie\/wp-content\/uploads\/2022\/05\/hay-alimentation-dissociee-e1652087951620.jpg","type":"image\/jpeg"}],"twitter_card":"summary_large_image","twitter_misc":{"Dur\u00e9e de lecture estim\u00e9e":"1 minute"},"schema":{"@context":"https:\/\/schema.org","@graph":[{"@type":"WebPage","@id":"https:\/\/www.verdieditions.com\/equilibre-de-vie\/produit\/alimentation-dissociee-hay\/","url":"https:\/\/www.verdieditions.com\/equilibre-de-vie\/produit\/alimentation-dissociee-hay\/","name":"L'alimentation dissoci\u00e9e d'apr\u00e8s Hay - Dr HAY","isPartOf":{"@id":"https:\/\/www.verdieditions.com\/equilibre-de-vie\/#website"},"primaryImageOfPage":{"@id":"https:\/\/www.verdieditions.com\/equilibre-de-vie\/produit\/alimentation-dissociee-hay\/#primaryimage"},"image":{"@id":"https:\/\/www.verdieditions.com\/equilibre-de-vie\/produit\/alimentation-dissociee-hay\/#primaryimage"},"thumbnailUrl":"https:\/\/www.verdieditions.com\/equilibre-de-vie\/wp-content\/uploads\/2022\/05\/hay-alimentation-dissociee-e1652087951620.jpg","datePublished":"2022-05-09T09:13:17+00:00","dateModified":"2022-11-08T17:23:58+00:00","description":"Dr Hay et Dr Walb - L'alimentation dissoci\u00e9e d'apr\u00e8s Hay - Verlag, Heidelberg, 1981, Avec chapitre supple\u0301mentaire pour diabe\u0301tiques 160 p","breadcrumb":{"@id":"https:\/\/www.verdieditions.com\/equilibre-de-vie\/produit\/alimentation-dissociee-hay\/#breadcrumb"},"inLanguage":"fr-FR","potentialAction":[{"@type":"ReadAction","target":["https:\/\/www.verdieditions.com\/equilibre-de-vie\/produit\/alimentation-dissociee-hay\/"]}]},{"@type":"ImageObject","inLanguage":"fr-FR","@id":"https:\/\/www.verdieditions.com\/equilibre-de-vie\/produit\/alimentation-dissociee-hay\/#primaryimage","url":"https:\/\/www.verdieditions.com\/equilibre-de-vie\/wp-content\/uploads\/2022\/05\/hay-alimentation-dissociee-e1652087951620.jpg","contentUrl":"https:\/\/www.verdieditions.com\/equilibre-de-vie\/wp-content\/uploads\/2022\/05\/hay-alimentation-dissociee-e1652087951620.jpg","width":522,"height":800,"caption":"hay-alimentation-dissociee"},{"@type":"BreadcrumbList","@id":"https:\/\/www.verdieditions.com\/equilibre-de-vie\/produit\/alimentation-dissociee-hay\/#breadcrumb","itemListElement":[{"@type":"ListItem","position":1,"name":"Accueil","item":"https:\/\/www.verdieditions.com\/equilibre-de-vie\/"},{"@type":"ListItem","position":2,"name":"La boutique","item":"https:\/\/www.verdieditions.com\/equilibre-de-vie\/boutique\/"},{"@type":"ListItem","position":3,"name":"L&#8217;alimentation dissoci\u00e9e d&#8217;apr\u00e8s Hay &#8211; Dr HAY"}]},{"@type":"WebSite","@id":"https:\/\/www.verdieditions.com\/equilibre-de-vie\/#website","url":"https:\/\/www.verdieditions.com\/equilibre-de-vie\/","name":"Equilibre de Vie","description":"Ma boutique livres sant\u00e9, \u00e9sot\u00e9risme et d\u00e9veloppement personnel","publisher":{"@id":"https:\/\/www.verdieditions.com\/equilibre-de-vie\/#\/schema\/person\/9dcb2a6759f2f5fbf43ac0b44649cecb"},"potentialAction":[{"@type":"SearchAction","target":{"@type":"EntryPoint","urlTemplate":"https:\/\/www.verdieditions.com\/equilibre-de-vie\/?s={search_term_string}"},"query-input":{"@type":"PropertyValueSpecification","valueRequired":true,"valueName":"search_term_string"}}],"inLanguage":"fr-FR"},{"@type":["Person","Organization"],"@id":"https:\/\/www.verdieditions.com\/equilibre-de-vie\/#\/schema\/person\/9dcb2a6759f2f5fbf43ac0b44649cecb","name":"Sylvie VERDI","image":{"@type":"ImageObject","inLanguage":"fr-FR","@id":"https:\/\/www.verdieditions.com\/equilibre-de-vie\/wp-content\/uploads\/2020\/04\/livres-occasion-sante-esoterisme-developpement-personnel-2.jpg","url":"https:\/\/www.verdieditions.com\/equilibre-de-vie\/wp-content\/uploads\/2020\/04\/livres-occasion-sante-esoterisme-developpement-personnel-2.jpg","contentUrl":"https:\/\/www.verdieditions.com\/equilibre-de-vie\/wp-content\/uploads\/2020\/04\/livres-occasion-sante-esoterisme-developpement-personnel-2.jpg","width":800,"height":572,"caption":"Sylvie VERDI"},"logo":{"@id":"https:\/\/www.verdieditions.com\/equilibre-de-vie\/wp-content\/uploads\/2020\/04\/livres-occasion-sante-esoterisme-developpement-personnel-2.jpg"},"sameAs":["https:\/\/www.verdieditions.com\/equilibre-de-vie"]}]}},"_links":{"self":[{"href":"https:\/\/www.verdieditions.com\/equilibre-de-vie\/wp-json\/wp\/v2\/product\/2012","targetHints":{"allow":["GET"]}}],"collection":[{"href":"https:\/\/www.verdieditions.com\/equilibre-de-vie\/wp-json\/wp\/v2\/product"}],"about":[{"href":"https:\/\/www.verdieditions.com\/equilibre-de-vie\/wp-json\/wp\/v2\/types\/product"}],"wp:featuredmedia":[{"embeddable":true,"href":"https:\/\/www.verdieditions.com\/equilibre-de-vie\/wp-json\/wp\/v2\/media\/2013"}],"wp:attachment":[{"href":"https:\/\/www.verdieditions.com\/equilibre-de-vie\/wp-json\/wp\/v2\/media?parent=2012"}],"wp:term":[{"taxonomy":"product_brand","embeddable":true,"href":"https:\/\/www.verdieditions.com\/equilibre-de-vie\/wp-json\/wp\/v2\/product_brand?post=2012"},{"taxonomy":"product_cat","embeddable":true,"href":"https:\/\/www.verdieditions.com\/equilibre-de-vie\/wp-json\/wp\/v2\/product_cat?post=2012"},{"taxonomy":"product_tag","embeddable":true,"href":"https:\/\/www.verdieditions.com\/equilibre-de-vie\/wp-json\/wp\/v2\/product_tag?post=2012"}],"curies":[{"name":"wp","href":"https:\/\/api.w.org\/{rel}","templated":true}]}}