{"id":1864,"date":"2022-02-22T10:28:17","date_gmt":"2022-02-22T09:28:17","guid":{"rendered":"https:\/\/www.verdieditions.com\/equilibre-de-vie\/?post_type=product&#038;p=1864"},"modified":"2024-02-06T14:40:01","modified_gmt":"2024-02-06T13:40:01","slug":"usage-pierres-cristallotherapie-geneves","status":"publish","type":"product","link":"https:\/\/www.verdieditions.com\/equilibre-de-vie\/produit\/usage-pierres-cristallotherapie-geneves\/","title":{"rendered":"De l&rsquo;usage des pierres en cristalloth\u00e9rapie &#8211; Jean-Fran\u00e7ois GENEV\u00c8S"},"content":{"rendered":"<p>Auteur : Jean-Fran\u00e7ois GENEV\u00c8S<br \/>\nTitre : De l&rsquo;usage des pierres en cristalloth\u00e9rapie + index des sympt\u00f4mes<br \/>\n\u00c9diteur : JF genev\u00e8s, Association D\u00e9couvertes, Querrien<br \/>\nDim. 15 x 21,5<br \/>\n44 pages <\/p>\n<p>La lithoth\u00e9rapie est l\u2019utilisation curative des propri\u00e9t\u00e9s des pierres et cristaux pour retrouver la sant\u00e9 tant physique que psychique. Un lexique d\u00e9taillant les diverses pathologies nous permettra d\u2019identifier tr\u00e8s rapidement les pierres ou cristaux correspondants afin de h\u00e2ter le processus de gu\u00e9rison ou de bien-\u00eatre.<\/p>\n","protected":false},"excerpt":{"rendered":"<p>Auteur : Jean-Fran\u00e7ois GENEV\u00c8S<br \/>\nTitre : De l&rsquo;usage des pierres en cristalloth\u00e9rapie + index des sympt\u00f4mes<br \/>\n\u00c9diteur : JF genev\u00e8s, Association D\u00e9couvertes, Querrien<br \/>\nDim. 15 x 21,5<br \/>\n44 pages <\/p>\n","protected":false},"featured_media":1867,"template":"","meta":[],"product_brand":[],"product_cat":[21],"product_tag":[279,123],"class_list":{"0":"post-1864","1":"product","2":"type-product","3":"status-publish","4":"has-post-thumbnail","6":"product_cat-sante","7":"product_tag-cristallotherapie","8":"product_tag-pierre","10":"first","11":"instock","12":"shipping-taxable","13":"product-type-simple"},"yoast_head":"<!-- This site is optimized with the Yoast SEO plugin v27.4 - https:\/\/yoast.com\/product\/yoast-seo-wordpress\/ -->\n<title>De l&#039;usage des pierres en cristalloth\u00e9rapie - Jean-Fran\u00e7ois GENEV\u00c8S<\/title>\n<meta name=\"description\" content=\"Jean-Fran\u00e7ois GENEV\u00c8S - De l&#039;usage des pierres en cristalloth\u00e9rapie + index des sympt\u00f4mes - Asso D\u00e9couvertes, Querrien - Dim. 15 x 21,5 - 4 p\" \/>\n<meta name=\"robots\" content=\"index, follow, max-snippet:-1, max-image-preview:large, max-video-preview:-1\" \/>\n<link rel=\"canonical\" href=\"https:\/\/www.verdieditions.com\/equilibre-de-vie\/produit\/usage-pierres-cristallotherapie-geneves\/\" \/>\n<meta property=\"og:locale\" content=\"fr_FR\" \/>\n<meta property=\"og:type\" content=\"article\" \/>\n<meta property=\"og:title\" content=\"De l&#039;usage des pierres en cristalloth\u00e9rapie - Jean-Fran\u00e7ois GENEV\u00c8S\" \/>\n<meta property=\"og:description\" content=\"Jean-Fran\u00e7ois GENEV\u00c8S - De l&#039;usage des pierres en cristalloth\u00e9rapie + index des sympt\u00f4mes - Asso D\u00e9couvertes, Querrien - Dim. 15 x 21,5 - 4 p\" \/>\n<meta property=\"og:url\" content=\"https:\/\/www.verdieditions.com\/equilibre-de-vie\/produit\/usage-pierres-cristallotherapie-geneves\/\" \/>\n<meta property=\"og:site_name\" content=\"Equilibre de Vie\" \/>\n<meta property=\"article:modified_time\" content=\"2024-02-06T13:40:01+00:00\" \/>\n<meta property=\"og:image\" content=\"https:\/\/www.verdieditions.com\/equilibre-de-vie\/wp-content\/uploads\/2022\/02\/geneves-usage-pierres-cristallotherapie.jpg\" \/>\n\t<meta property=\"og:image:width\" content=\"606\" \/>\n\t<meta property=\"og:image:height\" content=\"800\" \/>\n\t<meta property=\"og:image:type\" content=\"image\/jpeg\" \/>\n<meta name=\"twitter:card\" content=\"summary_large_image\" \/>\n<script type=\"application\/ld+json\" class=\"yoast-schema-graph\">{\"@context\":\"https:\\\/\\\/schema.org\",\"@graph\":[{\"@type\":\"WebPage\",\"@id\":\"https:\\\/\\\/www.verdieditions.com\\\/equilibre-de-vie\\\/produit\\\/usage-pierres-cristallotherapie-geneves\\\/\",\"url\":\"https:\\\/\\\/www.verdieditions.com\\\/equilibre-de-vie\\\/produit\\\/usage-pierres-cristallotherapie-geneves\\\/\",\"name\":\"De l'usage des pierres en cristalloth\u00e9rapie - Jean-Fran\u00e7ois GENEV\u00c8S\",\"isPartOf\":{\"@id\":\"https:\\\/\\\/www.verdieditions.com\\\/equilibre-de-vie\\\/#website\"},\"primaryImageOfPage\":{\"@id\":\"https:\\\/\\\/www.verdieditions.com\\\/equilibre-de-vie\\\/produit\\\/usage-pierres-cristallotherapie-geneves\\\/#primaryimage\"},\"image\":{\"@id\":\"https:\\\/\\\/www.verdieditions.com\\\/equilibre-de-vie\\\/produit\\\/usage-pierres-cristallotherapie-geneves\\\/#primaryimage\"},\"thumbnailUrl\":\"https:\\\/\\\/www.verdieditions.com\\\/equilibre-de-vie\\\/wp-content\\\/uploads\\\/2022\\\/02\\\/geneves-usage-pierres-cristallotherapie.jpg\",\"datePublished\":\"2022-02-22T09:28:17+00:00\",\"dateModified\":\"2024-02-06T13:40:01+00:00\",\"description\":\"Jean-Fran\u00e7ois GENEV\u00c8S - De l'usage des pierres en cristalloth\u00e9rapie + index des sympt\u00f4mes - Asso D\u00e9couvertes, Querrien - Dim. 15 x 21,5 - 4 p\",\"breadcrumb\":{\"@id\":\"https:\\\/\\\/www.verdieditions.com\\\/equilibre-de-vie\\\/produit\\\/usage-pierres-cristallotherapie-geneves\\\/#breadcrumb\"},\"inLanguage\":\"fr-FR\",\"potentialAction\":[{\"@type\":\"ReadAction\",\"target\":[\"https:\\\/\\\/www.verdieditions.com\\\/equilibre-de-vie\\\/produit\\\/usage-pierres-cristallotherapie-geneves\\\/\"]}]},{\"@type\":\"ImageObject\",\"inLanguage\":\"fr-FR\",\"@id\":\"https:\\\/\\\/www.verdieditions.com\\\/equilibre-de-vie\\\/produit\\\/usage-pierres-cristallotherapie-geneves\\\/#primaryimage\",\"url\":\"https:\\\/\\\/www.verdieditions.com\\\/equilibre-de-vie\\\/wp-content\\\/uploads\\\/2022\\\/02\\\/geneves-usage-pierres-cristallotherapie.jpg\",\"contentUrl\":\"https:\\\/\\\/www.verdieditions.com\\\/equilibre-de-vie\\\/wp-content\\\/uploads\\\/2022\\\/02\\\/geneves-usage-pierres-cristallotherapie.jpg\",\"width\":606,\"height\":800,\"caption\":\"geneves-usage-pierres-cristallotherapie\"},{\"@type\":\"BreadcrumbList\",\"@id\":\"https:\\\/\\\/www.verdieditions.com\\\/equilibre-de-vie\\\/produit\\\/usage-pierres-cristallotherapie-geneves\\\/#breadcrumb\",\"itemListElement\":[{\"@type\":\"ListItem\",\"position\":1,\"name\":\"Accueil\",\"item\":\"https:\\\/\\\/www.verdieditions.com\\\/equilibre-de-vie\\\/\"},{\"@type\":\"ListItem\",\"position\":2,\"name\":\"La boutique\",\"item\":\"https:\\\/\\\/www.verdieditions.com\\\/equilibre-de-vie\\\/boutique\\\/\"},{\"@type\":\"ListItem\",\"position\":3,\"name\":\"De l&#8217;usage des pierres en cristalloth\u00e9rapie &#8211; Jean-Fran\u00e7ois GENEV\u00c8S\"}]},{\"@type\":\"WebSite\",\"@id\":\"https:\\\/\\\/www.verdieditions.com\\\/equilibre-de-vie\\\/#website\",\"url\":\"https:\\\/\\\/www.verdieditions.com\\\/equilibre-de-vie\\\/\",\"name\":\"Equilibre de Vie\",\"description\":\"Ma boutique livres sant\u00e9, \u00e9sot\u00e9risme et d\u00e9veloppement personnel\",\"publisher\":{\"@id\":\"https:\\\/\\\/www.verdieditions.com\\\/equilibre-de-vie\\\/#\\\/schema\\\/person\\\/9dcb2a6759f2f5fbf43ac0b44649cecb\"},\"potentialAction\":[{\"@type\":\"SearchAction\",\"target\":{\"@type\":\"EntryPoint\",\"urlTemplate\":\"https:\\\/\\\/www.verdieditions.com\\\/equilibre-de-vie\\\/?s={search_term_string}\"},\"query-input\":{\"@type\":\"PropertyValueSpecification\",\"valueRequired\":true,\"valueName\":\"search_term_string\"}}],\"inLanguage\":\"fr-FR\"},{\"@type\":[\"Person\",\"Organization\"],\"@id\":\"https:\\\/\\\/www.verdieditions.com\\\/equilibre-de-vie\\\/#\\\/schema\\\/person\\\/9dcb2a6759f2f5fbf43ac0b44649cecb\",\"name\":\"Sylvie VERDI\",\"image\":{\"@type\":\"ImageObject\",\"inLanguage\":\"fr-FR\",\"@id\":\"https:\\\/\\\/www.verdieditions.com\\\/equilibre-de-vie\\\/wp-content\\\/uploads\\\/2020\\\/04\\\/livres-occasion-sante-esoterisme-developpement-personnel-2.jpg\",\"url\":\"https:\\\/\\\/www.verdieditions.com\\\/equilibre-de-vie\\\/wp-content\\\/uploads\\\/2020\\\/04\\\/livres-occasion-sante-esoterisme-developpement-personnel-2.jpg\",\"contentUrl\":\"https:\\\/\\\/www.verdieditions.com\\\/equilibre-de-vie\\\/wp-content\\\/uploads\\\/2020\\\/04\\\/livres-occasion-sante-esoterisme-developpement-personnel-2.jpg\",\"width\":800,\"height\":572,\"caption\":\"Sylvie VERDI\"},\"logo\":{\"@id\":\"https:\\\/\\\/www.verdieditions.com\\\/equilibre-de-vie\\\/wp-content\\\/uploads\\\/2020\\\/04\\\/livres-occasion-sante-esoterisme-developpement-personnel-2.jpg\"},\"sameAs\":[\"https:\\\/\\\/www.verdieditions.com\\\/equilibre-de-vie\"]}]}<\/script>\n<!-- \/ Yoast SEO plugin. -->","yoast_head_json":{"title":"De l'usage des pierres en cristalloth\u00e9rapie - Jean-Fran\u00e7ois GENEV\u00c8S","description":"Jean-Fran\u00e7ois GENEV\u00c8S - De l'usage des pierres en cristalloth\u00e9rapie + index des sympt\u00f4mes - Asso D\u00e9couvertes, Querrien - Dim. 15 x 21,5 - 4 p","robots":{"index":"index","follow":"follow","max-snippet":"max-snippet:-1","max-image-preview":"max-image-preview:large","max-video-preview":"max-video-preview:-1"},"canonical":"https:\/\/www.verdieditions.com\/equilibre-de-vie\/produit\/usage-pierres-cristallotherapie-geneves\/","og_locale":"fr_FR","og_type":"article","og_title":"De l'usage des pierres en cristalloth\u00e9rapie - Jean-Fran\u00e7ois GENEV\u00c8S","og_description":"Jean-Fran\u00e7ois GENEV\u00c8S - De l'usage des pierres en cristalloth\u00e9rapie + index des sympt\u00f4mes - Asso D\u00e9couvertes, Querrien - Dim. 15 x 21,5 - 4 p","og_url":"https:\/\/www.verdieditions.com\/equilibre-de-vie\/produit\/usage-pierres-cristallotherapie-geneves\/","og_site_name":"Equilibre de Vie","article_modified_time":"2024-02-06T13:40:01+00:00","og_image":[{"width":606,"height":800,"url":"https:\/\/www.verdieditions.com\/equilibre-de-vie\/wp-content\/uploads\/2022\/02\/geneves-usage-pierres-cristallotherapie.jpg","type":"image\/jpeg"}],"twitter_card":"summary_large_image","schema":{"@context":"https:\/\/schema.org","@graph":[{"@type":"WebPage","@id":"https:\/\/www.verdieditions.com\/equilibre-de-vie\/produit\/usage-pierres-cristallotherapie-geneves\/","url":"https:\/\/www.verdieditions.com\/equilibre-de-vie\/produit\/usage-pierres-cristallotherapie-geneves\/","name":"De l'usage des pierres en cristalloth\u00e9rapie - Jean-Fran\u00e7ois GENEV\u00c8S","isPartOf":{"@id":"https:\/\/www.verdieditions.com\/equilibre-de-vie\/#website"},"primaryImageOfPage":{"@id":"https:\/\/www.verdieditions.com\/equilibre-de-vie\/produit\/usage-pierres-cristallotherapie-geneves\/#primaryimage"},"image":{"@id":"https:\/\/www.verdieditions.com\/equilibre-de-vie\/produit\/usage-pierres-cristallotherapie-geneves\/#primaryimage"},"thumbnailUrl":"https:\/\/www.verdieditions.com\/equilibre-de-vie\/wp-content\/uploads\/2022\/02\/geneves-usage-pierres-cristallotherapie.jpg","datePublished":"2022-02-22T09:28:17+00:00","dateModified":"2024-02-06T13:40:01+00:00","description":"Jean-Fran\u00e7ois GENEV\u00c8S - De l'usage des pierres en cristalloth\u00e9rapie + index des sympt\u00f4mes - Asso D\u00e9couvertes, Querrien - Dim. 15 x 21,5 - 4 p","breadcrumb":{"@id":"https:\/\/www.verdieditions.com\/equilibre-de-vie\/produit\/usage-pierres-cristallotherapie-geneves\/#breadcrumb"},"inLanguage":"fr-FR","potentialAction":[{"@type":"ReadAction","target":["https:\/\/www.verdieditions.com\/equilibre-de-vie\/produit\/usage-pierres-cristallotherapie-geneves\/"]}]},{"@type":"ImageObject","inLanguage":"fr-FR","@id":"https:\/\/www.verdieditions.com\/equilibre-de-vie\/produit\/usage-pierres-cristallotherapie-geneves\/#primaryimage","url":"https:\/\/www.verdieditions.com\/equilibre-de-vie\/wp-content\/uploads\/2022\/02\/geneves-usage-pierres-cristallotherapie.jpg","contentUrl":"https:\/\/www.verdieditions.com\/equilibre-de-vie\/wp-content\/uploads\/2022\/02\/geneves-usage-pierres-cristallotherapie.jpg","width":606,"height":800,"caption":"geneves-usage-pierres-cristallotherapie"},{"@type":"BreadcrumbList","@id":"https:\/\/www.verdieditions.com\/equilibre-de-vie\/produit\/usage-pierres-cristallotherapie-geneves\/#breadcrumb","itemListElement":[{"@type":"ListItem","position":1,"name":"Accueil","item":"https:\/\/www.verdieditions.com\/equilibre-de-vie\/"},{"@type":"ListItem","position":2,"name":"La boutique","item":"https:\/\/www.verdieditions.com\/equilibre-de-vie\/boutique\/"},{"@type":"ListItem","position":3,"name":"De l&#8217;usage des pierres en cristalloth\u00e9rapie &#8211; Jean-Fran\u00e7ois GENEV\u00c8S"}]},{"@type":"WebSite","@id":"https:\/\/www.verdieditions.com\/equilibre-de-vie\/#website","url":"https:\/\/www.verdieditions.com\/equilibre-de-vie\/","name":"Equilibre de Vie","description":"Ma boutique livres sant\u00e9, \u00e9sot\u00e9risme et d\u00e9veloppement personnel","publisher":{"@id":"https:\/\/www.verdieditions.com\/equilibre-de-vie\/#\/schema\/person\/9dcb2a6759f2f5fbf43ac0b44649cecb"},"potentialAction":[{"@type":"SearchAction","target":{"@type":"EntryPoint","urlTemplate":"https:\/\/www.verdieditions.com\/equilibre-de-vie\/?s={search_term_string}"},"query-input":{"@type":"PropertyValueSpecification","valueRequired":true,"valueName":"search_term_string"}}],"inLanguage":"fr-FR"},{"@type":["Person","Organization"],"@id":"https:\/\/www.verdieditions.com\/equilibre-de-vie\/#\/schema\/person\/9dcb2a6759f2f5fbf43ac0b44649cecb","name":"Sylvie VERDI","image":{"@type":"ImageObject","inLanguage":"fr-FR","@id":"https:\/\/www.verdieditions.com\/equilibre-de-vie\/wp-content\/uploads\/2020\/04\/livres-occasion-sante-esoterisme-developpement-personnel-2.jpg","url":"https:\/\/www.verdieditions.com\/equilibre-de-vie\/wp-content\/uploads\/2020\/04\/livres-occasion-sante-esoterisme-developpement-personnel-2.jpg","contentUrl":"https:\/\/www.verdieditions.com\/equilibre-de-vie\/wp-content\/uploads\/2020\/04\/livres-occasion-sante-esoterisme-developpement-personnel-2.jpg","width":800,"height":572,"caption":"Sylvie VERDI"},"logo":{"@id":"https:\/\/www.verdieditions.com\/equilibre-de-vie\/wp-content\/uploads\/2020\/04\/livres-occasion-sante-esoterisme-developpement-personnel-2.jpg"},"sameAs":["https:\/\/www.verdieditions.com\/equilibre-de-vie"]}]}},"_links":{"self":[{"href":"https:\/\/www.verdieditions.com\/equilibre-de-vie\/wp-json\/wp\/v2\/product\/1864","targetHints":{"allow":["GET"]}}],"collection":[{"href":"https:\/\/www.verdieditions.com\/equilibre-de-vie\/wp-json\/wp\/v2\/product"}],"about":[{"href":"https:\/\/www.verdieditions.com\/equilibre-de-vie\/wp-json\/wp\/v2\/types\/product"}],"wp:featuredmedia":[{"embeddable":true,"href":"https:\/\/www.verdieditions.com\/equilibre-de-vie\/wp-json\/wp\/v2\/media\/1867"}],"wp:attachment":[{"href":"https:\/\/www.verdieditions.com\/equilibre-de-vie\/wp-json\/wp\/v2\/media?parent=1864"}],"wp:term":[{"taxonomy":"product_brand","embeddable":true,"href":"https:\/\/www.verdieditions.com\/equilibre-de-vie\/wp-json\/wp\/v2\/product_brand?post=1864"},{"taxonomy":"product_cat","embeddable":true,"href":"https:\/\/www.verdieditions.com\/equilibre-de-vie\/wp-json\/wp\/v2\/product_cat?post=1864"},{"taxonomy":"product_tag","embeddable":true,"href":"https:\/\/www.verdieditions.com\/equilibre-de-vie\/wp-json\/wp\/v2\/product_tag?post=1864"}],"curies":[{"name":"wp","href":"https:\/\/api.w.org\/{rel}","templated":true}]}}