{"id":1698,"date":"2021-06-01T15:28:25","date_gmt":"2021-06-01T13:28:25","guid":{"rendered":"https:\/\/www.verdieditions.com\/equilibre-de-vie\/?post_type=product&#038;p=1698"},"modified":"2024-02-06T13:23:25","modified_gmt":"2024-02-06T12:23:25","slug":"maladie-alzheimer-bodin","status":"publish","type":"product","link":"https:\/\/www.verdieditions.com\/equilibre-de-vie\/produit\/maladie-alzheimer-bodin\/","title":{"rendered":"La maladie d&rsquo;Alzheimer &#8211; Dr Luc BODIN"},"content":{"rendered":"<p>Auteur : Dr Luc BODIN<br \/>\nTitre : La maladie d&rsquo;Alzheimer<br \/>\n\u00c9diteur : Dauphin, 2007<br \/>\n\u00c9dition originale<br \/>\nDim. 15 x 22<br \/>\n256 pages <\/p>\n<p>A la diff\u00e9rence des ouvrages d\u00e9j\u00e0 parus sur la maladie d&rsquo;Alzheimer, qui expliquent ce qu&rsquo;est cette maladie et les solutions existantes pour vivre avec les personnes atteintes de cette derni\u00e8re, ce livre en retrace les grandes lignes, en \u00e9voquant ses causes d\u00e9j\u00e0 reconnues mais aussi les autres pour que nous puissions mieux la comprendre, en nous donnant acc\u00e8s par la m\u00eame occasion au vocabulaire m\u00e9dical r\u00e9guli\u00e8rement employ\u00e9 pour les sympt\u00f4mes et les traitements.<\/p>\n<p>Il nous montre comment pr\u00e9venir au mieux cette maladie, en d\u00e9taillant des m\u00e9thodes simples et efficaces au quotidien pour conserver une bonne sant\u00e9 physique et psychique, c&rsquo;est-\u00e0-dire un programme de longue vie, il nous montre \u00e9galement comment la soigner avec les m\u00e9thodes actuelles.<\/p>\n<p>En plus des nombreux conseils d&rsquo;hygi\u00e8ne de vie connus de beaucoup d&rsquo;entre nous, le Dr Bodin conseille \u00e0 tous ceux qui les ignorent les nouvelles habitudes indispensables \u00e0 prendre.<\/p>\n<p>Car si il y a vingt ans, la maladie d&rsquo;Alzheimer n&rsquo;inqui\u00e9tait pas encore, elle fait aujourd&rsquo;hui des ravages aupr\u00e8s des populations \u00e2g\u00e9es de nos soci\u00e9t\u00e9s modernes, mais le plus inqui\u00e9tant c&rsquo;est que les premiers sympt\u00f4mes touchent une population de plus en plus jeune.<\/p>\n<p>Avec 860 000 personnes atteintes en France, 225 000 nouveaux cas d\u00e9tect\u00e9s et environ 32 millions dans le monde, la maladie est semblable \u00e0 une v\u00e9ritable \u00e9pid\u00e9mie. Si on regarde plus pr\u00e9cis\u00e9ment les chiffres concernant les personnes de plus de 65 ans, c&rsquo;est une personne sur dix qui est concern\u00e9e. On estime aussi que le nombre des personnes malades va probablement doubler dans les dix \u00e0 quinze prochaines ann\u00e9es.<\/p>\n<p>Le probl\u00e8me essentiel de cette maladie, c&rsquo;est que nous ne connaissons que tr\u00e8s peu ses causes, du moins officiellement. Car m\u00eame si de nombreuses hypoth\u00e8ses tr\u00e8s pertinentes et bien \u00e9tay\u00e9es ont \u00e9t\u00e9 \u00e9mises, elles sont fort d\u00e9rangeantes, et donc le plus souvent ignor\u00e9es. Si demain, en effet, ces derni\u00e8res \u00e9taient reconnues, il conviendrait de modifier trop de choses dans notre soci\u00e9t\u00e9 que cela risquerait de perturber beaucoup d&rsquo;int\u00e9r\u00eats financiers.<\/p>\n<p>Plut\u00f4t que de chercher v\u00e9ritablement \u00e0 pr\u00e9venir, la recherche s&rsquo;oriente donc davantage vers les traitements \u00e0 administrer pour les malades d\u00e9j\u00e0 atteints. C&rsquo;est bien s\u00fbr important, cependant, la pr\u00e9vention devrait \u00eatre l&rsquo;objectif essentiel. Car lorsque les neurones et le cerveau ont \u00e9t\u00e9 d\u00e9grad\u00e9s, il est bien difficile de faire marche arri\u00e8re, surtout lorsque la personne malade est une personne d&rsquo;un \u00e2ge avanc\u00e9.<\/p>\n<p>Le docteur Bodin exerce depuis vingt cinq ans en tant que m\u00e9decin g\u00e9n\u00e9raliste. Il est l&rsquo;auteur de nombreux livres dans le domaine m\u00e9dical.<\/p>\n","protected":false},"excerpt":{"rendered":"<p>Auteur : Dr Luc BODIN<br \/>\nTitre : La maladie d&rsquo;Alzheimer<br \/>\n\u00c9diteur : Dauphin, 2007<br \/>\n\u00c9dition originale<br \/>\nDim. 15 x 22<br \/>\n256 pages <\/p>\n","protected":false},"featured_media":1700,"template":"","meta":[],"product_brand":[],"product_cat":[21],"product_tag":[28,250,101],"class_list":{"0":"post-1698","1":"product","2":"type-product","3":"status-publish","4":"has-post-thumbnail","6":"product_cat-sante","7":"product_tag-alzheimer","8":"product_tag-maladie","9":"product_tag-medical","11":"first","12":"instock","13":"shipping-taxable","14":"product-type-simple"},"yoast_head":"<!-- This site is optimized with the Yoast SEO plugin v27.4 - https:\/\/yoast.com\/product\/yoast-seo-wordpress\/ -->\n<title>La maladie d&#039;Alzheimer - Dr Luc BODIN - Equilibre de Vie<\/title>\n<meta name=\"description\" content=\"Auteur : Dr Luc BODIN Titre : La maladie d&#039;Alzheimer \u00c9diteur : Dauphin, 2007 \u00c9dition originale Dim. 15 x 22 256 pages\" \/>\n<meta name=\"robots\" content=\"index, follow, max-snippet:-1, max-image-preview:large, max-video-preview:-1\" \/>\n<link rel=\"canonical\" href=\"https:\/\/www.verdieditions.com\/equilibre-de-vie\/produit\/maladie-alzheimer-bodin\/\" \/>\n<meta property=\"og:locale\" content=\"fr_FR\" \/>\n<meta property=\"og:type\" content=\"article\" \/>\n<meta property=\"og:title\" content=\"La maladie d&#039;Alzheimer - Dr Luc BODIN - Equilibre de Vie\" \/>\n<meta property=\"og:description\" content=\"Auteur : Dr Luc BODIN Titre : La maladie d&#039;Alzheimer \u00c9diteur : Dauphin, 2007 \u00c9dition originale Dim. 15 x 22 256 pages\" \/>\n<meta property=\"og:url\" content=\"https:\/\/www.verdieditions.com\/equilibre-de-vie\/produit\/maladie-alzheimer-bodin\/\" \/>\n<meta property=\"og:site_name\" content=\"Equilibre de Vie\" \/>\n<meta property=\"article:modified_time\" content=\"2024-02-06T12:23:25+00:00\" \/>\n<meta property=\"og:image\" content=\"https:\/\/www.verdieditions.com\/equilibre-de-vie\/wp-content\/uploads\/2021\/06\/maladie-alzheimer-bodin.jpg\" \/>\n\t<meta property=\"og:image:width\" content=\"800\" \/>\n\t<meta property=\"og:image:height\" content=\"1153\" \/>\n\t<meta property=\"og:image:type\" content=\"image\/jpeg\" \/>\n<meta name=\"twitter:card\" content=\"summary_large_image\" \/>\n<meta name=\"twitter:label1\" content=\"Dur\u00e9e de lecture estim\u00e9e\" \/>\n\t<meta name=\"twitter:data1\" content=\"2 minutes\" \/>\n<script type=\"application\/ld+json\" class=\"yoast-schema-graph\">{\"@context\":\"https:\\\/\\\/schema.org\",\"@graph\":[{\"@type\":\"WebPage\",\"@id\":\"https:\\\/\\\/www.verdieditions.com\\\/equilibre-de-vie\\\/produit\\\/maladie-alzheimer-bodin\\\/\",\"url\":\"https:\\\/\\\/www.verdieditions.com\\\/equilibre-de-vie\\\/produit\\\/maladie-alzheimer-bodin\\\/\",\"name\":\"La maladie d'Alzheimer - Dr Luc BODIN - Equilibre de Vie\",\"isPartOf\":{\"@id\":\"https:\\\/\\\/www.verdieditions.com\\\/equilibre-de-vie\\\/#website\"},\"primaryImageOfPage\":{\"@id\":\"https:\\\/\\\/www.verdieditions.com\\\/equilibre-de-vie\\\/produit\\\/maladie-alzheimer-bodin\\\/#primaryimage\"},\"image\":{\"@id\":\"https:\\\/\\\/www.verdieditions.com\\\/equilibre-de-vie\\\/produit\\\/maladie-alzheimer-bodin\\\/#primaryimage\"},\"thumbnailUrl\":\"https:\\\/\\\/www.verdieditions.com\\\/equilibre-de-vie\\\/wp-content\\\/uploads\\\/2021\\\/06\\\/maladie-alzheimer-bodin.jpg\",\"datePublished\":\"2021-06-01T13:28:25+00:00\",\"dateModified\":\"2024-02-06T12:23:25+00:00\",\"description\":\"Auteur : Dr Luc BODIN Titre : La maladie d'Alzheimer \u00c9diteur : Dauphin, 2007 \u00c9dition originale Dim. 15 x 22 256 pages\",\"breadcrumb\":{\"@id\":\"https:\\\/\\\/www.verdieditions.com\\\/equilibre-de-vie\\\/produit\\\/maladie-alzheimer-bodin\\\/#breadcrumb\"},\"inLanguage\":\"fr-FR\",\"potentialAction\":[{\"@type\":\"ReadAction\",\"target\":[\"https:\\\/\\\/www.verdieditions.com\\\/equilibre-de-vie\\\/produit\\\/maladie-alzheimer-bodin\\\/\"]}]},{\"@type\":\"ImageObject\",\"inLanguage\":\"fr-FR\",\"@id\":\"https:\\\/\\\/www.verdieditions.com\\\/equilibre-de-vie\\\/produit\\\/maladie-alzheimer-bodin\\\/#primaryimage\",\"url\":\"https:\\\/\\\/www.verdieditions.com\\\/equilibre-de-vie\\\/wp-content\\\/uploads\\\/2021\\\/06\\\/maladie-alzheimer-bodin.jpg\",\"contentUrl\":\"https:\\\/\\\/www.verdieditions.com\\\/equilibre-de-vie\\\/wp-content\\\/uploads\\\/2021\\\/06\\\/maladie-alzheimer-bodin.jpg\",\"width\":800,\"height\":1153,\"caption\":\"maladie-alzheimer-bodin\"},{\"@type\":\"BreadcrumbList\",\"@id\":\"https:\\\/\\\/www.verdieditions.com\\\/equilibre-de-vie\\\/produit\\\/maladie-alzheimer-bodin\\\/#breadcrumb\",\"itemListElement\":[{\"@type\":\"ListItem\",\"position\":1,\"name\":\"Accueil\",\"item\":\"https:\\\/\\\/www.verdieditions.com\\\/equilibre-de-vie\\\/\"},{\"@type\":\"ListItem\",\"position\":2,\"name\":\"La boutique\",\"item\":\"https:\\\/\\\/www.verdieditions.com\\\/equilibre-de-vie\\\/boutique\\\/\"},{\"@type\":\"ListItem\",\"position\":3,\"name\":\"La maladie d&#8217;Alzheimer &#8211; Dr Luc BODIN\"}]},{\"@type\":\"WebSite\",\"@id\":\"https:\\\/\\\/www.verdieditions.com\\\/equilibre-de-vie\\\/#website\",\"url\":\"https:\\\/\\\/www.verdieditions.com\\\/equilibre-de-vie\\\/\",\"name\":\"Equilibre de Vie\",\"description\":\"Ma boutique livres sant\u00e9, \u00e9sot\u00e9risme et d\u00e9veloppement personnel\",\"publisher\":{\"@id\":\"https:\\\/\\\/www.verdieditions.com\\\/equilibre-de-vie\\\/#\\\/schema\\\/person\\\/9dcb2a6759f2f5fbf43ac0b44649cecb\"},\"potentialAction\":[{\"@type\":\"SearchAction\",\"target\":{\"@type\":\"EntryPoint\",\"urlTemplate\":\"https:\\\/\\\/www.verdieditions.com\\\/equilibre-de-vie\\\/?s={search_term_string}\"},\"query-input\":{\"@type\":\"PropertyValueSpecification\",\"valueRequired\":true,\"valueName\":\"search_term_string\"}}],\"inLanguage\":\"fr-FR\"},{\"@type\":[\"Person\",\"Organization\"],\"@id\":\"https:\\\/\\\/www.verdieditions.com\\\/equilibre-de-vie\\\/#\\\/schema\\\/person\\\/9dcb2a6759f2f5fbf43ac0b44649cecb\",\"name\":\"Sylvie VERDI\",\"image\":{\"@type\":\"ImageObject\",\"inLanguage\":\"fr-FR\",\"@id\":\"https:\\\/\\\/www.verdieditions.com\\\/equilibre-de-vie\\\/wp-content\\\/uploads\\\/2020\\\/04\\\/livres-occasion-sante-esoterisme-developpement-personnel-2.jpg\",\"url\":\"https:\\\/\\\/www.verdieditions.com\\\/equilibre-de-vie\\\/wp-content\\\/uploads\\\/2020\\\/04\\\/livres-occasion-sante-esoterisme-developpement-personnel-2.jpg\",\"contentUrl\":\"https:\\\/\\\/www.verdieditions.com\\\/equilibre-de-vie\\\/wp-content\\\/uploads\\\/2020\\\/04\\\/livres-occasion-sante-esoterisme-developpement-personnel-2.jpg\",\"width\":800,\"height\":572,\"caption\":\"Sylvie VERDI\"},\"logo\":{\"@id\":\"https:\\\/\\\/www.verdieditions.com\\\/equilibre-de-vie\\\/wp-content\\\/uploads\\\/2020\\\/04\\\/livres-occasion-sante-esoterisme-developpement-personnel-2.jpg\"},\"sameAs\":[\"https:\\\/\\\/www.verdieditions.com\\\/equilibre-de-vie\"]}]}<\/script>\n<!-- \/ Yoast SEO plugin. -->","yoast_head_json":{"title":"La maladie d'Alzheimer - Dr Luc BODIN - Equilibre de Vie","description":"Auteur : Dr Luc BODIN Titre : La maladie d'Alzheimer \u00c9diteur : Dauphin, 2007 \u00c9dition originale Dim. 15 x 22 256 pages","robots":{"index":"index","follow":"follow","max-snippet":"max-snippet:-1","max-image-preview":"max-image-preview:large","max-video-preview":"max-video-preview:-1"},"canonical":"https:\/\/www.verdieditions.com\/equilibre-de-vie\/produit\/maladie-alzheimer-bodin\/","og_locale":"fr_FR","og_type":"article","og_title":"La maladie d'Alzheimer - Dr Luc BODIN - Equilibre de Vie","og_description":"Auteur : Dr Luc BODIN Titre : La maladie d'Alzheimer \u00c9diteur : Dauphin, 2007 \u00c9dition originale Dim. 15 x 22 256 pages","og_url":"https:\/\/www.verdieditions.com\/equilibre-de-vie\/produit\/maladie-alzheimer-bodin\/","og_site_name":"Equilibre de Vie","article_modified_time":"2024-02-06T12:23:25+00:00","og_image":[{"width":800,"height":1153,"url":"https:\/\/www.verdieditions.com\/equilibre-de-vie\/wp-content\/uploads\/2021\/06\/maladie-alzheimer-bodin.jpg","type":"image\/jpeg"}],"twitter_card":"summary_large_image","twitter_misc":{"Dur\u00e9e de lecture estim\u00e9e":"2 minutes"},"schema":{"@context":"https:\/\/schema.org","@graph":[{"@type":"WebPage","@id":"https:\/\/www.verdieditions.com\/equilibre-de-vie\/produit\/maladie-alzheimer-bodin\/","url":"https:\/\/www.verdieditions.com\/equilibre-de-vie\/produit\/maladie-alzheimer-bodin\/","name":"La maladie d'Alzheimer - Dr Luc BODIN - Equilibre de Vie","isPartOf":{"@id":"https:\/\/www.verdieditions.com\/equilibre-de-vie\/#website"},"primaryImageOfPage":{"@id":"https:\/\/www.verdieditions.com\/equilibre-de-vie\/produit\/maladie-alzheimer-bodin\/#primaryimage"},"image":{"@id":"https:\/\/www.verdieditions.com\/equilibre-de-vie\/produit\/maladie-alzheimer-bodin\/#primaryimage"},"thumbnailUrl":"https:\/\/www.verdieditions.com\/equilibre-de-vie\/wp-content\/uploads\/2021\/06\/maladie-alzheimer-bodin.jpg","datePublished":"2021-06-01T13:28:25+00:00","dateModified":"2024-02-06T12:23:25+00:00","description":"Auteur : Dr Luc BODIN Titre : La maladie d'Alzheimer \u00c9diteur : Dauphin, 2007 \u00c9dition originale Dim. 15 x 22 256 pages","breadcrumb":{"@id":"https:\/\/www.verdieditions.com\/equilibre-de-vie\/produit\/maladie-alzheimer-bodin\/#breadcrumb"},"inLanguage":"fr-FR","potentialAction":[{"@type":"ReadAction","target":["https:\/\/www.verdieditions.com\/equilibre-de-vie\/produit\/maladie-alzheimer-bodin\/"]}]},{"@type":"ImageObject","inLanguage":"fr-FR","@id":"https:\/\/www.verdieditions.com\/equilibre-de-vie\/produit\/maladie-alzheimer-bodin\/#primaryimage","url":"https:\/\/www.verdieditions.com\/equilibre-de-vie\/wp-content\/uploads\/2021\/06\/maladie-alzheimer-bodin.jpg","contentUrl":"https:\/\/www.verdieditions.com\/equilibre-de-vie\/wp-content\/uploads\/2021\/06\/maladie-alzheimer-bodin.jpg","width":800,"height":1153,"caption":"maladie-alzheimer-bodin"},{"@type":"BreadcrumbList","@id":"https:\/\/www.verdieditions.com\/equilibre-de-vie\/produit\/maladie-alzheimer-bodin\/#breadcrumb","itemListElement":[{"@type":"ListItem","position":1,"name":"Accueil","item":"https:\/\/www.verdieditions.com\/equilibre-de-vie\/"},{"@type":"ListItem","position":2,"name":"La boutique","item":"https:\/\/www.verdieditions.com\/equilibre-de-vie\/boutique\/"},{"@type":"ListItem","position":3,"name":"La maladie d&#8217;Alzheimer &#8211; Dr Luc BODIN"}]},{"@type":"WebSite","@id":"https:\/\/www.verdieditions.com\/equilibre-de-vie\/#website","url":"https:\/\/www.verdieditions.com\/equilibre-de-vie\/","name":"Equilibre de Vie","description":"Ma boutique livres sant\u00e9, \u00e9sot\u00e9risme et d\u00e9veloppement personnel","publisher":{"@id":"https:\/\/www.verdieditions.com\/equilibre-de-vie\/#\/schema\/person\/9dcb2a6759f2f5fbf43ac0b44649cecb"},"potentialAction":[{"@type":"SearchAction","target":{"@type":"EntryPoint","urlTemplate":"https:\/\/www.verdieditions.com\/equilibre-de-vie\/?s={search_term_string}"},"query-input":{"@type":"PropertyValueSpecification","valueRequired":true,"valueName":"search_term_string"}}],"inLanguage":"fr-FR"},{"@type":["Person","Organization"],"@id":"https:\/\/www.verdieditions.com\/equilibre-de-vie\/#\/schema\/person\/9dcb2a6759f2f5fbf43ac0b44649cecb","name":"Sylvie VERDI","image":{"@type":"ImageObject","inLanguage":"fr-FR","@id":"https:\/\/www.verdieditions.com\/equilibre-de-vie\/wp-content\/uploads\/2020\/04\/livres-occasion-sante-esoterisme-developpement-personnel-2.jpg","url":"https:\/\/www.verdieditions.com\/equilibre-de-vie\/wp-content\/uploads\/2020\/04\/livres-occasion-sante-esoterisme-developpement-personnel-2.jpg","contentUrl":"https:\/\/www.verdieditions.com\/equilibre-de-vie\/wp-content\/uploads\/2020\/04\/livres-occasion-sante-esoterisme-developpement-personnel-2.jpg","width":800,"height":572,"caption":"Sylvie VERDI"},"logo":{"@id":"https:\/\/www.verdieditions.com\/equilibre-de-vie\/wp-content\/uploads\/2020\/04\/livres-occasion-sante-esoterisme-developpement-personnel-2.jpg"},"sameAs":["https:\/\/www.verdieditions.com\/equilibre-de-vie"]}]}},"_links":{"self":[{"href":"https:\/\/www.verdieditions.com\/equilibre-de-vie\/wp-json\/wp\/v2\/product\/1698","targetHints":{"allow":["GET"]}}],"collection":[{"href":"https:\/\/www.verdieditions.com\/equilibre-de-vie\/wp-json\/wp\/v2\/product"}],"about":[{"href":"https:\/\/www.verdieditions.com\/equilibre-de-vie\/wp-json\/wp\/v2\/types\/product"}],"wp:featuredmedia":[{"embeddable":true,"href":"https:\/\/www.verdieditions.com\/equilibre-de-vie\/wp-json\/wp\/v2\/media\/1700"}],"wp:attachment":[{"href":"https:\/\/www.verdieditions.com\/equilibre-de-vie\/wp-json\/wp\/v2\/media?parent=1698"}],"wp:term":[{"taxonomy":"product_brand","embeddable":true,"href":"https:\/\/www.verdieditions.com\/equilibre-de-vie\/wp-json\/wp\/v2\/product_brand?post=1698"},{"taxonomy":"product_cat","embeddable":true,"href":"https:\/\/www.verdieditions.com\/equilibre-de-vie\/wp-json\/wp\/v2\/product_cat?post=1698"},{"taxonomy":"product_tag","embeddable":true,"href":"https:\/\/www.verdieditions.com\/equilibre-de-vie\/wp-json\/wp\/v2\/product_tag?post=1698"}],"curies":[{"name":"wp","href":"https:\/\/api.w.org\/{rel}","templated":true}]}}