{"id":1604,"date":"2021-03-03T11:16:35","date_gmt":"2021-03-03T10:16:35","guid":{"rendered":"https:\/\/www.verdieditions.com\/equilibre-de-vie\/?post_type=product&#038;p=1604"},"modified":"2024-02-08T09:47:58","modified_gmt":"2024-02-08T08:47:58","slug":"index-glycemique-andre","status":"publish","type":"product","link":"https:\/\/www.verdieditions.com\/equilibre-de-vie\/produit\/index-glycemique-andre\/","title":{"rendered":"L&rsquo;index glyc\u00e9mique, le guide minceur et sant\u00e9 &#8211; Marie-Laure ANDR\u00c9"},"content":{"rendered":"<p>Auteur : Marie-Laure ANDR\u00c9<br \/>\nTitre : L&rsquo;index glyc\u00e9mique, le guide minceur et sant\u00e9<br \/>\n\u00c9diteur : Jouvence, 2017<br \/>\nAvec de nombreuses photos, sch\u00e9mas et illustrations couleur<br \/>\nDim. 12,5 x 18<br \/>\n174 pages<\/p>\n<p>L&rsquo;index glyc\u00e9mique (IG) mesure la capacit\u00e9 d&rsquo;un aliment donn\u00e9 \u00e0 \u00e9lever la glyc\u00e9mie, apr\u00e8s sa consommation, par rapport \u00e0 un standard de r\u00e9f\u00e9rence qui est le glucose.<\/p>\n<p>Le contr\u00f4ler permet de mieux \u00e9quilibrer le diab\u00e8te, d&rsquo;abaisser le taux de cholest\u00e9rol sanguin, d&rsquo;am\u00e9liorer les performances sportives&#8230; mais aussi, de perdre du poids durablement.<\/p>\n<p>Vous d\u00e9couvrirez dans ce guide complet toutes les informations indispensables pour vous familiariser avec l&rsquo;index glyc\u00e9mique et pour l&rsquo;appliquer facilement au quotidien : un tableau synth\u00e9tique r\u00e9pertoriant pr\u00e8s de 400 aliments associ\u00e9s \u00e0 leur IG vous aidera \u00e0 vous rep\u00e9rer pour choisir au mieux les aliments de vos menus, des astuces pour faire baisser l&rsquo;index glyc\u00e9mique de vos repas, des exemples de menus et des recettes faciles et savoureuses \u00e0 IG bas.<\/p>\n","protected":false},"excerpt":{"rendered":"<p>Auteur : Marie-Laure ANDR\u00c9<br \/>\nTitre : L&rsquo;index glyc\u00e9mique, le guide minceur et sant\u00e9<br \/>\n\u00c9diteur : Jouvence, 2017<br \/>\nAvec de nombreuses photos, sch\u00e9mas et illustrations couleur<br \/>\nDim. 12,5 x 18<br \/>\n174 pages<\/p>\n","protected":false},"featured_media":1637,"template":"","meta":[],"product_brand":[],"product_cat":[21],"product_tag":[238,154],"class_list":{"0":"post-1604","1":"product","2":"type-product","3":"status-publish","4":"has-post-thumbnail","6":"product_cat-sante","7":"product_tag-alimentation","8":"product_tag-sport","10":"first","11":"instock","12":"shipping-taxable","13":"product-type-simple"},"yoast_head":"<!-- This site is optimized with the Yoast SEO plugin v27.4 - https:\/\/yoast.com\/product\/yoast-seo-wordpress\/ -->\n<title>L&#039;index glyc\u00e9mique, le guide minceur et sant\u00e9 - Marie-Laure ANDR\u00c9<\/title>\n<meta name=\"description\" content=\"Marie-Laure ANDR\u00c9 - L&#039;index glyc\u00e9mique, le guide minceur et sant\u00e9 - Jouvence, 2017 - Photos et illustrations couleur - 12,5 x 18 - 174 p\" \/>\n<meta name=\"robots\" content=\"index, follow, max-snippet:-1, max-image-preview:large, max-video-preview:-1\" \/>\n<link rel=\"canonical\" href=\"https:\/\/www.verdieditions.com\/equilibre-de-vie\/produit\/index-glycemique-andre\/\" \/>\n<meta property=\"og:locale\" content=\"fr_FR\" \/>\n<meta property=\"og:type\" content=\"article\" \/>\n<meta property=\"og:title\" content=\"L&#039;index glyc\u00e9mique, le guide minceur et sant\u00e9 - Marie-Laure ANDR\u00c9\" \/>\n<meta property=\"og:description\" content=\"Marie-Laure ANDR\u00c9 - L&#039;index glyc\u00e9mique, le guide minceur et sant\u00e9 - Jouvence, 2017 - Photos et illustrations couleur - 12,5 x 18 - 174 p\" \/>\n<meta property=\"og:url\" content=\"https:\/\/www.verdieditions.com\/equilibre-de-vie\/produit\/index-glycemique-andre\/\" \/>\n<meta property=\"og:site_name\" content=\"Equilibre de Vie\" \/>\n<meta property=\"article:modified_time\" content=\"2024-02-08T08:47:58+00:00\" \/>\n<meta property=\"og:image\" content=\"https:\/\/www.verdieditions.com\/equilibre-de-vie\/wp-content\/uploads\/2021\/03\/index-glycemique-andre.jpg\" \/>\n\t<meta property=\"og:image:width\" content=\"800\" \/>\n\t<meta property=\"og:image:height\" content=\"1106\" \/>\n\t<meta property=\"og:image:type\" content=\"image\/jpeg\" \/>\n<meta name=\"twitter:card\" content=\"summary_large_image\" \/>\n<meta name=\"twitter:label1\" content=\"Dur\u00e9e de lecture estim\u00e9e\" \/>\n\t<meta name=\"twitter:data1\" content=\"1 minute\" \/>\n<script type=\"application\/ld+json\" class=\"yoast-schema-graph\">{\"@context\":\"https:\\\/\\\/schema.org\",\"@graph\":[{\"@type\":\"WebPage\",\"@id\":\"https:\\\/\\\/www.verdieditions.com\\\/equilibre-de-vie\\\/produit\\\/index-glycemique-andre\\\/\",\"url\":\"https:\\\/\\\/www.verdieditions.com\\\/equilibre-de-vie\\\/produit\\\/index-glycemique-andre\\\/\",\"name\":\"L'index glyc\u00e9mique, le guide minceur et sant\u00e9 - Marie-Laure ANDR\u00c9\",\"isPartOf\":{\"@id\":\"https:\\\/\\\/www.verdieditions.com\\\/equilibre-de-vie\\\/#website\"},\"primaryImageOfPage\":{\"@id\":\"https:\\\/\\\/www.verdieditions.com\\\/equilibre-de-vie\\\/produit\\\/index-glycemique-andre\\\/#primaryimage\"},\"image\":{\"@id\":\"https:\\\/\\\/www.verdieditions.com\\\/equilibre-de-vie\\\/produit\\\/index-glycemique-andre\\\/#primaryimage\"},\"thumbnailUrl\":\"https:\\\/\\\/www.verdieditions.com\\\/equilibre-de-vie\\\/wp-content\\\/uploads\\\/2021\\\/03\\\/index-glycemique-andre.jpg\",\"datePublished\":\"2021-03-03T10:16:35+00:00\",\"dateModified\":\"2024-02-08T08:47:58+00:00\",\"description\":\"Marie-Laure ANDR\u00c9 - L'index glyc\u00e9mique, le guide minceur et sant\u00e9 - Jouvence, 2017 - Photos et illustrations couleur - 12,5 x 18 - 174 p\",\"breadcrumb\":{\"@id\":\"https:\\\/\\\/www.verdieditions.com\\\/equilibre-de-vie\\\/produit\\\/index-glycemique-andre\\\/#breadcrumb\"},\"inLanguage\":\"fr-FR\",\"potentialAction\":[{\"@type\":\"ReadAction\",\"target\":[\"https:\\\/\\\/www.verdieditions.com\\\/equilibre-de-vie\\\/produit\\\/index-glycemique-andre\\\/\"]}]},{\"@type\":\"ImageObject\",\"inLanguage\":\"fr-FR\",\"@id\":\"https:\\\/\\\/www.verdieditions.com\\\/equilibre-de-vie\\\/produit\\\/index-glycemique-andre\\\/#primaryimage\",\"url\":\"https:\\\/\\\/www.verdieditions.com\\\/equilibre-de-vie\\\/wp-content\\\/uploads\\\/2021\\\/03\\\/index-glycemique-andre.jpg\",\"contentUrl\":\"https:\\\/\\\/www.verdieditions.com\\\/equilibre-de-vie\\\/wp-content\\\/uploads\\\/2021\\\/03\\\/index-glycemique-andre.jpg\",\"width\":800,\"height\":1106,\"caption\":\"index-glycemique-andre\"},{\"@type\":\"BreadcrumbList\",\"@id\":\"https:\\\/\\\/www.verdieditions.com\\\/equilibre-de-vie\\\/produit\\\/index-glycemique-andre\\\/#breadcrumb\",\"itemListElement\":[{\"@type\":\"ListItem\",\"position\":1,\"name\":\"Accueil\",\"item\":\"https:\\\/\\\/www.verdieditions.com\\\/equilibre-de-vie\\\/\"},{\"@type\":\"ListItem\",\"position\":2,\"name\":\"La boutique\",\"item\":\"https:\\\/\\\/www.verdieditions.com\\\/equilibre-de-vie\\\/boutique\\\/\"},{\"@type\":\"ListItem\",\"position\":3,\"name\":\"L&#8217;index glyc\u00e9mique, le guide minceur et sant\u00e9 &#8211; Marie-Laure ANDR\u00c9\"}]},{\"@type\":\"WebSite\",\"@id\":\"https:\\\/\\\/www.verdieditions.com\\\/equilibre-de-vie\\\/#website\",\"url\":\"https:\\\/\\\/www.verdieditions.com\\\/equilibre-de-vie\\\/\",\"name\":\"Equilibre de Vie\",\"description\":\"Ma boutique livres sant\u00e9, \u00e9sot\u00e9risme et d\u00e9veloppement personnel\",\"publisher\":{\"@id\":\"https:\\\/\\\/www.verdieditions.com\\\/equilibre-de-vie\\\/#\\\/schema\\\/person\\\/9dcb2a6759f2f5fbf43ac0b44649cecb\"},\"potentialAction\":[{\"@type\":\"SearchAction\",\"target\":{\"@type\":\"EntryPoint\",\"urlTemplate\":\"https:\\\/\\\/www.verdieditions.com\\\/equilibre-de-vie\\\/?s={search_term_string}\"},\"query-input\":{\"@type\":\"PropertyValueSpecification\",\"valueRequired\":true,\"valueName\":\"search_term_string\"}}],\"inLanguage\":\"fr-FR\"},{\"@type\":[\"Person\",\"Organization\"],\"@id\":\"https:\\\/\\\/www.verdieditions.com\\\/equilibre-de-vie\\\/#\\\/schema\\\/person\\\/9dcb2a6759f2f5fbf43ac0b44649cecb\",\"name\":\"Sylvie VERDI\",\"image\":{\"@type\":\"ImageObject\",\"inLanguage\":\"fr-FR\",\"@id\":\"https:\\\/\\\/www.verdieditions.com\\\/equilibre-de-vie\\\/wp-content\\\/uploads\\\/2020\\\/04\\\/livres-occasion-sante-esoterisme-developpement-personnel-2.jpg\",\"url\":\"https:\\\/\\\/www.verdieditions.com\\\/equilibre-de-vie\\\/wp-content\\\/uploads\\\/2020\\\/04\\\/livres-occasion-sante-esoterisme-developpement-personnel-2.jpg\",\"contentUrl\":\"https:\\\/\\\/www.verdieditions.com\\\/equilibre-de-vie\\\/wp-content\\\/uploads\\\/2020\\\/04\\\/livres-occasion-sante-esoterisme-developpement-personnel-2.jpg\",\"width\":800,\"height\":572,\"caption\":\"Sylvie VERDI\"},\"logo\":{\"@id\":\"https:\\\/\\\/www.verdieditions.com\\\/equilibre-de-vie\\\/wp-content\\\/uploads\\\/2020\\\/04\\\/livres-occasion-sante-esoterisme-developpement-personnel-2.jpg\"},\"sameAs\":[\"https:\\\/\\\/www.verdieditions.com\\\/equilibre-de-vie\"]}]}<\/script>\n<!-- \/ Yoast SEO plugin. -->","yoast_head_json":{"title":"L'index glyc\u00e9mique, le guide minceur et sant\u00e9 - Marie-Laure ANDR\u00c9","description":"Marie-Laure ANDR\u00c9 - L'index glyc\u00e9mique, le guide minceur et sant\u00e9 - Jouvence, 2017 - Photos et illustrations couleur - 12,5 x 18 - 174 p","robots":{"index":"index","follow":"follow","max-snippet":"max-snippet:-1","max-image-preview":"max-image-preview:large","max-video-preview":"max-video-preview:-1"},"canonical":"https:\/\/www.verdieditions.com\/equilibre-de-vie\/produit\/index-glycemique-andre\/","og_locale":"fr_FR","og_type":"article","og_title":"L'index glyc\u00e9mique, le guide minceur et sant\u00e9 - Marie-Laure ANDR\u00c9","og_description":"Marie-Laure ANDR\u00c9 - L'index glyc\u00e9mique, le guide minceur et sant\u00e9 - Jouvence, 2017 - Photos et illustrations couleur - 12,5 x 18 - 174 p","og_url":"https:\/\/www.verdieditions.com\/equilibre-de-vie\/produit\/index-glycemique-andre\/","og_site_name":"Equilibre de Vie","article_modified_time":"2024-02-08T08:47:58+00:00","og_image":[{"width":800,"height":1106,"url":"https:\/\/www.verdieditions.com\/equilibre-de-vie\/wp-content\/uploads\/2021\/03\/index-glycemique-andre.jpg","type":"image\/jpeg"}],"twitter_card":"summary_large_image","twitter_misc":{"Dur\u00e9e de lecture estim\u00e9e":"1 minute"},"schema":{"@context":"https:\/\/schema.org","@graph":[{"@type":"WebPage","@id":"https:\/\/www.verdieditions.com\/equilibre-de-vie\/produit\/index-glycemique-andre\/","url":"https:\/\/www.verdieditions.com\/equilibre-de-vie\/produit\/index-glycemique-andre\/","name":"L'index glyc\u00e9mique, le guide minceur et sant\u00e9 - Marie-Laure ANDR\u00c9","isPartOf":{"@id":"https:\/\/www.verdieditions.com\/equilibre-de-vie\/#website"},"primaryImageOfPage":{"@id":"https:\/\/www.verdieditions.com\/equilibre-de-vie\/produit\/index-glycemique-andre\/#primaryimage"},"image":{"@id":"https:\/\/www.verdieditions.com\/equilibre-de-vie\/produit\/index-glycemique-andre\/#primaryimage"},"thumbnailUrl":"https:\/\/www.verdieditions.com\/equilibre-de-vie\/wp-content\/uploads\/2021\/03\/index-glycemique-andre.jpg","datePublished":"2021-03-03T10:16:35+00:00","dateModified":"2024-02-08T08:47:58+00:00","description":"Marie-Laure ANDR\u00c9 - L'index glyc\u00e9mique, le guide minceur et sant\u00e9 - Jouvence, 2017 - Photos et illustrations couleur - 12,5 x 18 - 174 p","breadcrumb":{"@id":"https:\/\/www.verdieditions.com\/equilibre-de-vie\/produit\/index-glycemique-andre\/#breadcrumb"},"inLanguage":"fr-FR","potentialAction":[{"@type":"ReadAction","target":["https:\/\/www.verdieditions.com\/equilibre-de-vie\/produit\/index-glycemique-andre\/"]}]},{"@type":"ImageObject","inLanguage":"fr-FR","@id":"https:\/\/www.verdieditions.com\/equilibre-de-vie\/produit\/index-glycemique-andre\/#primaryimage","url":"https:\/\/www.verdieditions.com\/equilibre-de-vie\/wp-content\/uploads\/2021\/03\/index-glycemique-andre.jpg","contentUrl":"https:\/\/www.verdieditions.com\/equilibre-de-vie\/wp-content\/uploads\/2021\/03\/index-glycemique-andre.jpg","width":800,"height":1106,"caption":"index-glycemique-andre"},{"@type":"BreadcrumbList","@id":"https:\/\/www.verdieditions.com\/equilibre-de-vie\/produit\/index-glycemique-andre\/#breadcrumb","itemListElement":[{"@type":"ListItem","position":1,"name":"Accueil","item":"https:\/\/www.verdieditions.com\/equilibre-de-vie\/"},{"@type":"ListItem","position":2,"name":"La boutique","item":"https:\/\/www.verdieditions.com\/equilibre-de-vie\/boutique\/"},{"@type":"ListItem","position":3,"name":"L&#8217;index glyc\u00e9mique, le guide minceur et sant\u00e9 &#8211; Marie-Laure ANDR\u00c9"}]},{"@type":"WebSite","@id":"https:\/\/www.verdieditions.com\/equilibre-de-vie\/#website","url":"https:\/\/www.verdieditions.com\/equilibre-de-vie\/","name":"Equilibre de Vie","description":"Ma boutique livres sant\u00e9, \u00e9sot\u00e9risme et d\u00e9veloppement personnel","publisher":{"@id":"https:\/\/www.verdieditions.com\/equilibre-de-vie\/#\/schema\/person\/9dcb2a6759f2f5fbf43ac0b44649cecb"},"potentialAction":[{"@type":"SearchAction","target":{"@type":"EntryPoint","urlTemplate":"https:\/\/www.verdieditions.com\/equilibre-de-vie\/?s={search_term_string}"},"query-input":{"@type":"PropertyValueSpecification","valueRequired":true,"valueName":"search_term_string"}}],"inLanguage":"fr-FR"},{"@type":["Person","Organization"],"@id":"https:\/\/www.verdieditions.com\/equilibre-de-vie\/#\/schema\/person\/9dcb2a6759f2f5fbf43ac0b44649cecb","name":"Sylvie VERDI","image":{"@type":"ImageObject","inLanguage":"fr-FR","@id":"https:\/\/www.verdieditions.com\/equilibre-de-vie\/wp-content\/uploads\/2020\/04\/livres-occasion-sante-esoterisme-developpement-personnel-2.jpg","url":"https:\/\/www.verdieditions.com\/equilibre-de-vie\/wp-content\/uploads\/2020\/04\/livres-occasion-sante-esoterisme-developpement-personnel-2.jpg","contentUrl":"https:\/\/www.verdieditions.com\/equilibre-de-vie\/wp-content\/uploads\/2020\/04\/livres-occasion-sante-esoterisme-developpement-personnel-2.jpg","width":800,"height":572,"caption":"Sylvie VERDI"},"logo":{"@id":"https:\/\/www.verdieditions.com\/equilibre-de-vie\/wp-content\/uploads\/2020\/04\/livres-occasion-sante-esoterisme-developpement-personnel-2.jpg"},"sameAs":["https:\/\/www.verdieditions.com\/equilibre-de-vie"]}]}},"_links":{"self":[{"href":"https:\/\/www.verdieditions.com\/equilibre-de-vie\/wp-json\/wp\/v2\/product\/1604","targetHints":{"allow":["GET"]}}],"collection":[{"href":"https:\/\/www.verdieditions.com\/equilibre-de-vie\/wp-json\/wp\/v2\/product"}],"about":[{"href":"https:\/\/www.verdieditions.com\/equilibre-de-vie\/wp-json\/wp\/v2\/types\/product"}],"wp:featuredmedia":[{"embeddable":true,"href":"https:\/\/www.verdieditions.com\/equilibre-de-vie\/wp-json\/wp\/v2\/media\/1637"}],"wp:attachment":[{"href":"https:\/\/www.verdieditions.com\/equilibre-de-vie\/wp-json\/wp\/v2\/media?parent=1604"}],"wp:term":[{"taxonomy":"product_brand","embeddable":true,"href":"https:\/\/www.verdieditions.com\/equilibre-de-vie\/wp-json\/wp\/v2\/product_brand?post=1604"},{"taxonomy":"product_cat","embeddable":true,"href":"https:\/\/www.verdieditions.com\/equilibre-de-vie\/wp-json\/wp\/v2\/product_cat?post=1604"},{"taxonomy":"product_tag","embeddable":true,"href":"https:\/\/www.verdieditions.com\/equilibre-de-vie\/wp-json\/wp\/v2\/product_tag?post=1604"}],"curies":[{"name":"wp","href":"https:\/\/api.w.org\/{rel}","templated":true}]}}