{"id":1603,"date":"2021-03-03T11:07:14","date_gmt":"2021-03-03T10:07:14","guid":{"rendered":"https:\/\/www.verdieditions.com\/equilibre-de-vie\/?post_type=product&#038;p=1603"},"modified":"2023-03-20T06:46:32","modified_gmt":"2023-03-20T05:46:32","slug":"equilibre-vitalite-kinesiologie-thurnell","status":"publish","type":"product","link":"https:\/\/www.verdieditions.com\/equilibre-de-vie\/produit\/equilibre-vitalite-kinesiologie-thurnell\/","title":{"rendered":"\u00c9quilibre et vitalit\u00e9 par la Kin\u00e9siologie &#8211; Jane THURNELL-READ"},"content":{"rendered":"<p>Auteur : Jane THURNELL-READ<br \/>\nTitre : \u00c9quilibre et vitalit\u00e9 par la Kin\u00e9siologie<br \/>\n\u00c9diteur : Le Souffle d&rsquo;Or, 2004, Collection kin\u00e9siologie<br \/>\n\u00c9dition originale, avec de nombreuses photos N&#038;B<br \/>\nDim. 15 x 21<br \/>\n270 pages<\/p>\n<p>La Kin\u00e9siologie envisage l&rsquo;individu comme un syst\u00e8me \u00e9nerg\u00e9tique dynamique en prenant en compte les attributs physiques, \u00e9motionnels, mentaux et spirituels. La Kin\u00e9siologie de la Sant\u00e9 en est une sp\u00e9cialit\u00e9, d\u00e9velopp\u00e9e \u00e0 la fin des ann\u00e9es soixante-dix par le Dr Jimmy Scott : ce syst\u00e8me holistique aide principalement \u00e0 gu\u00e9rir des allergies et hypersensibilit\u00e9s, mais \u00e9galement \u00e0 retrouver un \u00e9tat de sant\u00e9 optimal.<\/p>\n<p>En utilisant le test musculaire et des questionnements verbaux sp\u00e9cifiques, le praticien interroge le corps afin de s\u00e9lectionner les techniques et proc\u00e9dures de soin les plus ad\u00e9quates.<\/p>\n<p>Cet ouvrage propose :<br \/>\n&#8211; une pr\u00e9sentation claire et compl\u00e8te de la Kin\u00e9siologie de la Sant\u00e9 ;<br \/>\n&#8211; des chapitres ax\u00e9s sur certains sympt\u00f4mes que la m\u00e9thode soigne particuli\u00e8rement (allergies et intol\u00e9rances, d\u00e9toxication du corps, \u00e9quilibre \u00e9nerg\u00e9tique, stress \u00e9motionnel, difficult\u00e9s d&rsquo;apprentissage, phobies, cas d&rsquo;urgence&#8230;) ;<br \/>\n&#8211; une introduction \u00e0 l&rsquo;auto-traitement ;<br \/>\n&#8211; nombre de t\u00e9moignages et cas cliniques.<\/p>\n<p>Cet ouvrage vivant et amplement illustr\u00e9 vous introduira \u00e0 la Kin\u00e9siologie de la Sant\u00e9, une m\u00e9thode de sant\u00e9 \u00e9tonnante par sa simplicit\u00e9 et son efficacit\u00e9 !<\/p>\n","protected":false},"excerpt":{"rendered":"<p>Auteur : Jane THURNELL-READ<br \/>\nTitre : \u00c9quilibre et vitalit\u00e9 par la Kin\u00e9siologie<br \/>\n\u00c9diteur : Le Souffle d&rsquo;Or, 2004, Collection kin\u00e9siologie<br \/>\n\u00c9dition originale, avec de nombreuses photos N&#038;B<br \/>\nDim. 15 x 21<br \/>\n270 pages<\/p>\n","protected":false},"featured_media":1639,"template":"","meta":[],"product_brand":[],"product_cat":[21],"product_tag":[78,99],"class_list":{"0":"post-1603","1":"product","2":"type-product","3":"status-publish","4":"has-post-thumbnail","6":"product_cat-sante","7":"product_tag-holistique","8":"product_tag-medecine-douce","10":"first","11":"outofstock","12":"shipping-taxable","13":"product-type-simple"},"yoast_head":"<!-- This site is optimized with the Yoast SEO plugin v27.4 - https:\/\/yoast.com\/product\/yoast-seo-wordpress\/ -->\n<title>\u00c9quilibre et vitalit\u00e9 par la Kin\u00e9siologie - Jane THURNELL-READ<\/title>\n<meta name=\"description\" content=\"Jane THURNELL-READ - \u00c9quilibre et vitalit\u00e9 par la Kin\u00e9siologie - Le Souffle d&#039;Or, 2004 - \u00c9d originale, nombreuses photos N&amp;B - 15 x 21 - 270 p\" \/>\n<meta name=\"robots\" content=\"index, follow, max-snippet:-1, max-image-preview:large, max-video-preview:-1\" \/>\n<link rel=\"canonical\" href=\"https:\/\/www.verdieditions.com\/equilibre-de-vie\/produit\/equilibre-vitalite-kinesiologie-thurnell\/\" \/>\n<meta property=\"og:locale\" content=\"fr_FR\" \/>\n<meta property=\"og:type\" content=\"article\" \/>\n<meta property=\"og:title\" content=\"\u00c9quilibre et vitalit\u00e9 par la Kin\u00e9siologie - Jane THURNELL-READ\" \/>\n<meta property=\"og:description\" content=\"Jane THURNELL-READ - \u00c9quilibre et vitalit\u00e9 par la Kin\u00e9siologie - Le Souffle d&#039;Or, 2004 - \u00c9d originale, nombreuses photos N&amp;B - 15 x 21 - 270 p\" \/>\n<meta property=\"og:url\" content=\"https:\/\/www.verdieditions.com\/equilibre-de-vie\/produit\/equilibre-vitalite-kinesiologie-thurnell\/\" \/>\n<meta property=\"og:site_name\" content=\"Equilibre de Vie\" \/>\n<meta property=\"article:modified_time\" content=\"2023-03-20T05:46:32+00:00\" \/>\n<meta property=\"og:image\" content=\"https:\/\/www.verdieditions.com\/equilibre-de-vie\/wp-content\/uploads\/2021\/03\/equilibre-vitalite-kinesiologie-thurnell-read.jpg\" \/>\n\t<meta property=\"og:image:width\" content=\"800\" \/>\n\t<meta property=\"og:image:height\" content=\"1113\" \/>\n\t<meta property=\"og:image:type\" content=\"image\/jpeg\" \/>\n<meta name=\"twitter:card\" content=\"summary_large_image\" \/>\n<meta name=\"twitter:label1\" content=\"Dur\u00e9e de lecture estim\u00e9e\" \/>\n\t<meta name=\"twitter:data1\" content=\"1 minute\" \/>\n<script type=\"application\/ld+json\" class=\"yoast-schema-graph\">{\"@context\":\"https:\\\/\\\/schema.org\",\"@graph\":[{\"@type\":\"WebPage\",\"@id\":\"https:\\\/\\\/www.verdieditions.com\\\/equilibre-de-vie\\\/produit\\\/equilibre-vitalite-kinesiologie-thurnell\\\/\",\"url\":\"https:\\\/\\\/www.verdieditions.com\\\/equilibre-de-vie\\\/produit\\\/equilibre-vitalite-kinesiologie-thurnell\\\/\",\"name\":\"\u00c9quilibre et vitalit\u00e9 par la Kin\u00e9siologie - Jane THURNELL-READ\",\"isPartOf\":{\"@id\":\"https:\\\/\\\/www.verdieditions.com\\\/equilibre-de-vie\\\/#website\"},\"primaryImageOfPage\":{\"@id\":\"https:\\\/\\\/www.verdieditions.com\\\/equilibre-de-vie\\\/produit\\\/equilibre-vitalite-kinesiologie-thurnell\\\/#primaryimage\"},\"image\":{\"@id\":\"https:\\\/\\\/www.verdieditions.com\\\/equilibre-de-vie\\\/produit\\\/equilibre-vitalite-kinesiologie-thurnell\\\/#primaryimage\"},\"thumbnailUrl\":\"https:\\\/\\\/www.verdieditions.com\\\/equilibre-de-vie\\\/wp-content\\\/uploads\\\/2021\\\/03\\\/equilibre-vitalite-kinesiologie-thurnell-read.jpg\",\"datePublished\":\"2021-03-03T10:07:14+00:00\",\"dateModified\":\"2023-03-20T05:46:32+00:00\",\"description\":\"Jane THURNELL-READ - \u00c9quilibre et vitalit\u00e9 par la Kin\u00e9siologie - Le Souffle d'Or, 2004 - \u00c9d originale, nombreuses photos N&B - 15 x 21 - 270 p\",\"breadcrumb\":{\"@id\":\"https:\\\/\\\/www.verdieditions.com\\\/equilibre-de-vie\\\/produit\\\/equilibre-vitalite-kinesiologie-thurnell\\\/#breadcrumb\"},\"inLanguage\":\"fr-FR\",\"potentialAction\":[{\"@type\":\"ReadAction\",\"target\":[\"https:\\\/\\\/www.verdieditions.com\\\/equilibre-de-vie\\\/produit\\\/equilibre-vitalite-kinesiologie-thurnell\\\/\"]}]},{\"@type\":\"ImageObject\",\"inLanguage\":\"fr-FR\",\"@id\":\"https:\\\/\\\/www.verdieditions.com\\\/equilibre-de-vie\\\/produit\\\/equilibre-vitalite-kinesiologie-thurnell\\\/#primaryimage\",\"url\":\"https:\\\/\\\/www.verdieditions.com\\\/equilibre-de-vie\\\/wp-content\\\/uploads\\\/2021\\\/03\\\/equilibre-vitalite-kinesiologie-thurnell-read.jpg\",\"contentUrl\":\"https:\\\/\\\/www.verdieditions.com\\\/equilibre-de-vie\\\/wp-content\\\/uploads\\\/2021\\\/03\\\/equilibre-vitalite-kinesiologie-thurnell-read.jpg\",\"width\":800,\"height\":1113,\"caption\":\"equilibre-vitalite-kinesiologie-thurnell-read\"},{\"@type\":\"BreadcrumbList\",\"@id\":\"https:\\\/\\\/www.verdieditions.com\\\/equilibre-de-vie\\\/produit\\\/equilibre-vitalite-kinesiologie-thurnell\\\/#breadcrumb\",\"itemListElement\":[{\"@type\":\"ListItem\",\"position\":1,\"name\":\"Accueil\",\"item\":\"https:\\\/\\\/www.verdieditions.com\\\/equilibre-de-vie\\\/\"},{\"@type\":\"ListItem\",\"position\":2,\"name\":\"La boutique\",\"item\":\"https:\\\/\\\/www.verdieditions.com\\\/equilibre-de-vie\\\/boutique\\\/\"},{\"@type\":\"ListItem\",\"position\":3,\"name\":\"\u00c9quilibre et vitalit\u00e9 par la Kin\u00e9siologie &#8211; Jane THURNELL-READ\"}]},{\"@type\":\"WebSite\",\"@id\":\"https:\\\/\\\/www.verdieditions.com\\\/equilibre-de-vie\\\/#website\",\"url\":\"https:\\\/\\\/www.verdieditions.com\\\/equilibre-de-vie\\\/\",\"name\":\"Equilibre de Vie\",\"description\":\"Ma boutique livres sant\u00e9, \u00e9sot\u00e9risme et d\u00e9veloppement personnel\",\"publisher\":{\"@id\":\"https:\\\/\\\/www.verdieditions.com\\\/equilibre-de-vie\\\/#\\\/schema\\\/person\\\/9dcb2a6759f2f5fbf43ac0b44649cecb\"},\"potentialAction\":[{\"@type\":\"SearchAction\",\"target\":{\"@type\":\"EntryPoint\",\"urlTemplate\":\"https:\\\/\\\/www.verdieditions.com\\\/equilibre-de-vie\\\/?s={search_term_string}\"},\"query-input\":{\"@type\":\"PropertyValueSpecification\",\"valueRequired\":true,\"valueName\":\"search_term_string\"}}],\"inLanguage\":\"fr-FR\"},{\"@type\":[\"Person\",\"Organization\"],\"@id\":\"https:\\\/\\\/www.verdieditions.com\\\/equilibre-de-vie\\\/#\\\/schema\\\/person\\\/9dcb2a6759f2f5fbf43ac0b44649cecb\",\"name\":\"Sylvie VERDI\",\"image\":{\"@type\":\"ImageObject\",\"inLanguage\":\"fr-FR\",\"@id\":\"https:\\\/\\\/www.verdieditions.com\\\/equilibre-de-vie\\\/wp-content\\\/uploads\\\/2020\\\/04\\\/livres-occasion-sante-esoterisme-developpement-personnel-2.jpg\",\"url\":\"https:\\\/\\\/www.verdieditions.com\\\/equilibre-de-vie\\\/wp-content\\\/uploads\\\/2020\\\/04\\\/livres-occasion-sante-esoterisme-developpement-personnel-2.jpg\",\"contentUrl\":\"https:\\\/\\\/www.verdieditions.com\\\/equilibre-de-vie\\\/wp-content\\\/uploads\\\/2020\\\/04\\\/livres-occasion-sante-esoterisme-developpement-personnel-2.jpg\",\"width\":800,\"height\":572,\"caption\":\"Sylvie VERDI\"},\"logo\":{\"@id\":\"https:\\\/\\\/www.verdieditions.com\\\/equilibre-de-vie\\\/wp-content\\\/uploads\\\/2020\\\/04\\\/livres-occasion-sante-esoterisme-developpement-personnel-2.jpg\"},\"sameAs\":[\"https:\\\/\\\/www.verdieditions.com\\\/equilibre-de-vie\"]}]}<\/script>\n<!-- \/ Yoast SEO plugin. -->","yoast_head_json":{"title":"\u00c9quilibre et vitalit\u00e9 par la Kin\u00e9siologie - Jane THURNELL-READ","description":"Jane THURNELL-READ - \u00c9quilibre et vitalit\u00e9 par la Kin\u00e9siologie - Le Souffle d'Or, 2004 - \u00c9d originale, nombreuses photos N&B - 15 x 21 - 270 p","robots":{"index":"index","follow":"follow","max-snippet":"max-snippet:-1","max-image-preview":"max-image-preview:large","max-video-preview":"max-video-preview:-1"},"canonical":"https:\/\/www.verdieditions.com\/equilibre-de-vie\/produit\/equilibre-vitalite-kinesiologie-thurnell\/","og_locale":"fr_FR","og_type":"article","og_title":"\u00c9quilibre et vitalit\u00e9 par la Kin\u00e9siologie - Jane THURNELL-READ","og_description":"Jane THURNELL-READ - \u00c9quilibre et vitalit\u00e9 par la Kin\u00e9siologie - Le Souffle d'Or, 2004 - \u00c9d originale, nombreuses photos N&B - 15 x 21 - 270 p","og_url":"https:\/\/www.verdieditions.com\/equilibre-de-vie\/produit\/equilibre-vitalite-kinesiologie-thurnell\/","og_site_name":"Equilibre de Vie","article_modified_time":"2023-03-20T05:46:32+00:00","og_image":[{"width":800,"height":1113,"url":"https:\/\/www.verdieditions.com\/equilibre-de-vie\/wp-content\/uploads\/2021\/03\/equilibre-vitalite-kinesiologie-thurnell-read.jpg","type":"image\/jpeg"}],"twitter_card":"summary_large_image","twitter_misc":{"Dur\u00e9e de lecture estim\u00e9e":"1 minute"},"schema":{"@context":"https:\/\/schema.org","@graph":[{"@type":"WebPage","@id":"https:\/\/www.verdieditions.com\/equilibre-de-vie\/produit\/equilibre-vitalite-kinesiologie-thurnell\/","url":"https:\/\/www.verdieditions.com\/equilibre-de-vie\/produit\/equilibre-vitalite-kinesiologie-thurnell\/","name":"\u00c9quilibre et vitalit\u00e9 par la Kin\u00e9siologie - Jane THURNELL-READ","isPartOf":{"@id":"https:\/\/www.verdieditions.com\/equilibre-de-vie\/#website"},"primaryImageOfPage":{"@id":"https:\/\/www.verdieditions.com\/equilibre-de-vie\/produit\/equilibre-vitalite-kinesiologie-thurnell\/#primaryimage"},"image":{"@id":"https:\/\/www.verdieditions.com\/equilibre-de-vie\/produit\/equilibre-vitalite-kinesiologie-thurnell\/#primaryimage"},"thumbnailUrl":"https:\/\/www.verdieditions.com\/equilibre-de-vie\/wp-content\/uploads\/2021\/03\/equilibre-vitalite-kinesiologie-thurnell-read.jpg","datePublished":"2021-03-03T10:07:14+00:00","dateModified":"2023-03-20T05:46:32+00:00","description":"Jane THURNELL-READ - \u00c9quilibre et vitalit\u00e9 par la Kin\u00e9siologie - Le Souffle d'Or, 2004 - \u00c9d originale, nombreuses photos N&B - 15 x 21 - 270 p","breadcrumb":{"@id":"https:\/\/www.verdieditions.com\/equilibre-de-vie\/produit\/equilibre-vitalite-kinesiologie-thurnell\/#breadcrumb"},"inLanguage":"fr-FR","potentialAction":[{"@type":"ReadAction","target":["https:\/\/www.verdieditions.com\/equilibre-de-vie\/produit\/equilibre-vitalite-kinesiologie-thurnell\/"]}]},{"@type":"ImageObject","inLanguage":"fr-FR","@id":"https:\/\/www.verdieditions.com\/equilibre-de-vie\/produit\/equilibre-vitalite-kinesiologie-thurnell\/#primaryimage","url":"https:\/\/www.verdieditions.com\/equilibre-de-vie\/wp-content\/uploads\/2021\/03\/equilibre-vitalite-kinesiologie-thurnell-read.jpg","contentUrl":"https:\/\/www.verdieditions.com\/equilibre-de-vie\/wp-content\/uploads\/2021\/03\/equilibre-vitalite-kinesiologie-thurnell-read.jpg","width":800,"height":1113,"caption":"equilibre-vitalite-kinesiologie-thurnell-read"},{"@type":"BreadcrumbList","@id":"https:\/\/www.verdieditions.com\/equilibre-de-vie\/produit\/equilibre-vitalite-kinesiologie-thurnell\/#breadcrumb","itemListElement":[{"@type":"ListItem","position":1,"name":"Accueil","item":"https:\/\/www.verdieditions.com\/equilibre-de-vie\/"},{"@type":"ListItem","position":2,"name":"La boutique","item":"https:\/\/www.verdieditions.com\/equilibre-de-vie\/boutique\/"},{"@type":"ListItem","position":3,"name":"\u00c9quilibre et vitalit\u00e9 par la Kin\u00e9siologie &#8211; Jane THURNELL-READ"}]},{"@type":"WebSite","@id":"https:\/\/www.verdieditions.com\/equilibre-de-vie\/#website","url":"https:\/\/www.verdieditions.com\/equilibre-de-vie\/","name":"Equilibre de Vie","description":"Ma boutique livres sant\u00e9, \u00e9sot\u00e9risme et d\u00e9veloppement personnel","publisher":{"@id":"https:\/\/www.verdieditions.com\/equilibre-de-vie\/#\/schema\/person\/9dcb2a6759f2f5fbf43ac0b44649cecb"},"potentialAction":[{"@type":"SearchAction","target":{"@type":"EntryPoint","urlTemplate":"https:\/\/www.verdieditions.com\/equilibre-de-vie\/?s={search_term_string}"},"query-input":{"@type":"PropertyValueSpecification","valueRequired":true,"valueName":"search_term_string"}}],"inLanguage":"fr-FR"},{"@type":["Person","Organization"],"@id":"https:\/\/www.verdieditions.com\/equilibre-de-vie\/#\/schema\/person\/9dcb2a6759f2f5fbf43ac0b44649cecb","name":"Sylvie VERDI","image":{"@type":"ImageObject","inLanguage":"fr-FR","@id":"https:\/\/www.verdieditions.com\/equilibre-de-vie\/wp-content\/uploads\/2020\/04\/livres-occasion-sante-esoterisme-developpement-personnel-2.jpg","url":"https:\/\/www.verdieditions.com\/equilibre-de-vie\/wp-content\/uploads\/2020\/04\/livres-occasion-sante-esoterisme-developpement-personnel-2.jpg","contentUrl":"https:\/\/www.verdieditions.com\/equilibre-de-vie\/wp-content\/uploads\/2020\/04\/livres-occasion-sante-esoterisme-developpement-personnel-2.jpg","width":800,"height":572,"caption":"Sylvie VERDI"},"logo":{"@id":"https:\/\/www.verdieditions.com\/equilibre-de-vie\/wp-content\/uploads\/2020\/04\/livres-occasion-sante-esoterisme-developpement-personnel-2.jpg"},"sameAs":["https:\/\/www.verdieditions.com\/equilibre-de-vie"]}]}},"_links":{"self":[{"href":"https:\/\/www.verdieditions.com\/equilibre-de-vie\/wp-json\/wp\/v2\/product\/1603","targetHints":{"allow":["GET"]}}],"collection":[{"href":"https:\/\/www.verdieditions.com\/equilibre-de-vie\/wp-json\/wp\/v2\/product"}],"about":[{"href":"https:\/\/www.verdieditions.com\/equilibre-de-vie\/wp-json\/wp\/v2\/types\/product"}],"wp:featuredmedia":[{"embeddable":true,"href":"https:\/\/www.verdieditions.com\/equilibre-de-vie\/wp-json\/wp\/v2\/media\/1639"}],"wp:attachment":[{"href":"https:\/\/www.verdieditions.com\/equilibre-de-vie\/wp-json\/wp\/v2\/media?parent=1603"}],"wp:term":[{"taxonomy":"product_brand","embeddable":true,"href":"https:\/\/www.verdieditions.com\/equilibre-de-vie\/wp-json\/wp\/v2\/product_brand?post=1603"},{"taxonomy":"product_cat","embeddable":true,"href":"https:\/\/www.verdieditions.com\/equilibre-de-vie\/wp-json\/wp\/v2\/product_cat?post=1603"},{"taxonomy":"product_tag","embeddable":true,"href":"https:\/\/www.verdieditions.com\/equilibre-de-vie\/wp-json\/wp\/v2\/product_tag?post=1603"}],"curies":[{"name":"wp","href":"https:\/\/api.w.org\/{rel}","templated":true}]}}