{"id":1556,"date":"2021-01-19T15:00:46","date_gmt":"2021-01-19T14:00:46","guid":{"rendered":"https:\/\/www.verdieditions.com\/equilibre-de-vie\/?post_type=product&#038;p=1556"},"modified":"2024-02-07T16:13:05","modified_gmt":"2024-02-07T15:13:05","slug":"peur-audessus-moyens-kervasdoue","status":"publish","type":"product","link":"https:\/\/www.verdieditions.com\/equilibre-de-vie\/produit\/peur-audessus-moyens-kervasdoue\/","title":{"rendered":"La peur est au-dessus de nos moyens &#8211; Jean de KERVASDOU\u00c9"},"content":{"rendered":"<p>Auteur : Jean de KERVASDOU\u00c9<br \/>\nTitre : La peur est au-dessus de nos moyens<br \/>\n\u00c9diteur : Plon, 2011<br \/>\nEdition originale<br \/>\nDim. 14 x 22,5<br \/>\n236 pages<\/p>\n<p>Peur du cancer, peur des pesticides, peur des OGM, peur des antennes relais, peur des nanotechnologies, peur de manquer d&rsquo;eau, d&rsquo;\u00eatre envahi&#8230; Peur, peur, peur !<\/p>\n<p>Croyant se prot\u00e9ger, les Fran\u00e7ais se terrent et laissent les autres participer \u00e0 l&rsquo;aventure scientifique des cellules souches ou des transferts de g\u00e8nes, sans eux. Ils interdisent l&rsquo;\u00e9pandage d&rsquo;insecticide, mais s&rsquo;en couvrent le corps au moindre bourdonnement. Ils d\u00e9pensent l&rsquo;argent qu&rsquo;ils n&rsquo;ont pas en dizaines de millions de vaccins contre un virus, certes contagieux, mais peu virulent. Ils invoquent le principe de pr\u00e9caution alors qu&rsquo;il n&rsquo;est qu&rsquo;une conjuration de l&rsquo;incertitude et se r\u00e9v\u00e8le, \u00e0 l&rsquo;usage, beaucoup plus on\u00e9reux et tout aussi efficace que de br\u00fbler un cierge \u00e0 la patronne des causes d\u00e9sesp\u00e9r\u00e9es.<\/p>\n<p>Avec une ostentation pr\u00e9tentieuse, l&rsquo;esprit des Lumi\u00e8res s&rsquo;\u00e9teint dans le pays qui l&rsquo;a vu na\u00eetre. La peur est devenue le seul fondement de toute action collective. V\u00e9ritable insulte \u00e0 la raison, elle est aussi la source de la baisse de comp\u00e9titivit\u00e9 de nos entreprises. Il ne faut pas s&rsquo;\u00e9tonner : la chance sourit aux audacieux.<\/p>\n<p>Jean de Kervasdou\u00e9 est professeur, titulaire de chaire au Conservatoire National des Arts et M\u00e9tiers, directeur de l\u00b4Ecole Pasteur \/ Cnam de sant\u00e9 publique, membre de l\u00b4Acad\u00e9mie des Technologies, \u00e9conomiste de la sant\u00e9, mais aussi agronome. Il est l&rsquo;auteur de nombreux ouvrages dontLes Pr\u00eacheurs de l&rsquo;apocalypse (Plon, 2007) et de centaines d&rsquo;articles dans les domaines de la sant\u00e9 et de l&rsquo;environnement.<\/p>\n","protected":false},"excerpt":{"rendered":"<p>Auteur : Jean de KERVASDOU\u00c9<br \/>\nTitre : La peur est au-dessus de nos moyens<br \/>\n\u00c9diteur : Plon, 2011<br \/>\nEdition originale<br \/>\nDim. 14 x 22,5<br \/>\n236 pages<\/p>\n","protected":false},"featured_media":1558,"template":"","meta":[],"product_brand":[],"product_cat":[21],"product_tag":[119],"class_list":{"0":"post-1556","1":"product","2":"type-product","3":"status-publish","4":"has-post-thumbnail","6":"product_cat-sante","7":"product_tag-peur","9":"first","10":"instock","11":"shipping-taxable","12":"product-type-simple"},"yoast_head":"<!-- This site is optimized with the Yoast SEO plugin v27.4 - https:\/\/yoast.com\/product\/yoast-seo-wordpress\/ -->\n<title>La peur est au-dessus de nos moyens - Jean de KERVASDOU\u00c9<\/title>\n<meta name=\"description\" content=\"Auteur : Jean de KERVASDOU\u00c9 Titre : La peur est au-dessus de nos moyens \u00c9diteur : Plon, 2011 Edition originale Dim. 14 x 22,5 236 pages\" \/>\n<meta name=\"robots\" content=\"index, follow, max-snippet:-1, max-image-preview:large, max-video-preview:-1\" \/>\n<link rel=\"canonical\" href=\"https:\/\/www.verdieditions.com\/equilibre-de-vie\/produit\/peur-audessus-moyens-kervasdoue\/\" \/>\n<meta property=\"og:locale\" content=\"fr_FR\" \/>\n<meta property=\"og:type\" content=\"article\" \/>\n<meta property=\"og:title\" content=\"La peur est au-dessus de nos moyens - Jean de KERVASDOU\u00c9\" \/>\n<meta property=\"og:description\" content=\"Auteur : Jean de KERVASDOU\u00c9 Titre : La peur est au-dessus de nos moyens \u00c9diteur : Plon, 2011 Edition originale Dim. 14 x 22,5 236 pages\" \/>\n<meta property=\"og:url\" content=\"https:\/\/www.verdieditions.com\/equilibre-de-vie\/produit\/peur-audessus-moyens-kervasdoue\/\" \/>\n<meta property=\"og:site_name\" content=\"Equilibre de Vie\" \/>\n<meta property=\"article:modified_time\" content=\"2024-02-07T15:13:05+00:00\" \/>\n<meta property=\"og:image\" content=\"https:\/\/www.verdieditions.com\/equilibre-de-vie\/wp-content\/uploads\/2021\/01\/peur-moyens-kervasdoue.jpg\" \/>\n\t<meta property=\"og:image:width\" content=\"800\" \/>\n\t<meta property=\"og:image:height\" content=\"1226\" \/>\n\t<meta property=\"og:image:type\" content=\"image\/jpeg\" \/>\n<meta name=\"twitter:card\" content=\"summary_large_image\" \/>\n<meta name=\"twitter:label1\" content=\"Dur\u00e9e de lecture estim\u00e9e\" \/>\n\t<meta name=\"twitter:data1\" content=\"1 minute\" \/>\n<script type=\"application\/ld+json\" class=\"yoast-schema-graph\">{\"@context\":\"https:\\\/\\\/schema.org\",\"@graph\":[{\"@type\":\"WebPage\",\"@id\":\"https:\\\/\\\/www.verdieditions.com\\\/equilibre-de-vie\\\/produit\\\/peur-audessus-moyens-kervasdoue\\\/\",\"url\":\"https:\\\/\\\/www.verdieditions.com\\\/equilibre-de-vie\\\/produit\\\/peur-audessus-moyens-kervasdoue\\\/\",\"name\":\"La peur est au-dessus de nos moyens - Jean de KERVASDOU\u00c9\",\"isPartOf\":{\"@id\":\"https:\\\/\\\/www.verdieditions.com\\\/equilibre-de-vie\\\/#website\"},\"primaryImageOfPage\":{\"@id\":\"https:\\\/\\\/www.verdieditions.com\\\/equilibre-de-vie\\\/produit\\\/peur-audessus-moyens-kervasdoue\\\/#primaryimage\"},\"image\":{\"@id\":\"https:\\\/\\\/www.verdieditions.com\\\/equilibre-de-vie\\\/produit\\\/peur-audessus-moyens-kervasdoue\\\/#primaryimage\"},\"thumbnailUrl\":\"https:\\\/\\\/www.verdieditions.com\\\/equilibre-de-vie\\\/wp-content\\\/uploads\\\/2021\\\/01\\\/peur-moyens-kervasdoue.jpg\",\"datePublished\":\"2021-01-19T14:00:46+00:00\",\"dateModified\":\"2024-02-07T15:13:05+00:00\",\"description\":\"Auteur : Jean de KERVASDOU\u00c9 Titre : La peur est au-dessus de nos moyens \u00c9diteur : Plon, 2011 Edition originale Dim. 14 x 22,5 236 pages\",\"breadcrumb\":{\"@id\":\"https:\\\/\\\/www.verdieditions.com\\\/equilibre-de-vie\\\/produit\\\/peur-audessus-moyens-kervasdoue\\\/#breadcrumb\"},\"inLanguage\":\"fr-FR\",\"potentialAction\":[{\"@type\":\"ReadAction\",\"target\":[\"https:\\\/\\\/www.verdieditions.com\\\/equilibre-de-vie\\\/produit\\\/peur-audessus-moyens-kervasdoue\\\/\"]}]},{\"@type\":\"ImageObject\",\"inLanguage\":\"fr-FR\",\"@id\":\"https:\\\/\\\/www.verdieditions.com\\\/equilibre-de-vie\\\/produit\\\/peur-audessus-moyens-kervasdoue\\\/#primaryimage\",\"url\":\"https:\\\/\\\/www.verdieditions.com\\\/equilibre-de-vie\\\/wp-content\\\/uploads\\\/2021\\\/01\\\/peur-moyens-kervasdoue.jpg\",\"contentUrl\":\"https:\\\/\\\/www.verdieditions.com\\\/equilibre-de-vie\\\/wp-content\\\/uploads\\\/2021\\\/01\\\/peur-moyens-kervasdoue.jpg\",\"width\":800,\"height\":1226,\"caption\":\"peur-moyens-kervasdoue\"},{\"@type\":\"BreadcrumbList\",\"@id\":\"https:\\\/\\\/www.verdieditions.com\\\/equilibre-de-vie\\\/produit\\\/peur-audessus-moyens-kervasdoue\\\/#breadcrumb\",\"itemListElement\":[{\"@type\":\"ListItem\",\"position\":1,\"name\":\"Accueil\",\"item\":\"https:\\\/\\\/www.verdieditions.com\\\/equilibre-de-vie\\\/\"},{\"@type\":\"ListItem\",\"position\":2,\"name\":\"La boutique\",\"item\":\"https:\\\/\\\/www.verdieditions.com\\\/equilibre-de-vie\\\/boutique\\\/\"},{\"@type\":\"ListItem\",\"position\":3,\"name\":\"La peur est au-dessus de nos moyens &#8211; Jean de KERVASDOU\u00c9\"}]},{\"@type\":\"WebSite\",\"@id\":\"https:\\\/\\\/www.verdieditions.com\\\/equilibre-de-vie\\\/#website\",\"url\":\"https:\\\/\\\/www.verdieditions.com\\\/equilibre-de-vie\\\/\",\"name\":\"Equilibre de Vie\",\"description\":\"Ma boutique livres sant\u00e9, \u00e9sot\u00e9risme et d\u00e9veloppement personnel\",\"publisher\":{\"@id\":\"https:\\\/\\\/www.verdieditions.com\\\/equilibre-de-vie\\\/#\\\/schema\\\/person\\\/9dcb2a6759f2f5fbf43ac0b44649cecb\"},\"potentialAction\":[{\"@type\":\"SearchAction\",\"target\":{\"@type\":\"EntryPoint\",\"urlTemplate\":\"https:\\\/\\\/www.verdieditions.com\\\/equilibre-de-vie\\\/?s={search_term_string}\"},\"query-input\":{\"@type\":\"PropertyValueSpecification\",\"valueRequired\":true,\"valueName\":\"search_term_string\"}}],\"inLanguage\":\"fr-FR\"},{\"@type\":[\"Person\",\"Organization\"],\"@id\":\"https:\\\/\\\/www.verdieditions.com\\\/equilibre-de-vie\\\/#\\\/schema\\\/person\\\/9dcb2a6759f2f5fbf43ac0b44649cecb\",\"name\":\"Sylvie VERDI\",\"image\":{\"@type\":\"ImageObject\",\"inLanguage\":\"fr-FR\",\"@id\":\"https:\\\/\\\/www.verdieditions.com\\\/equilibre-de-vie\\\/wp-content\\\/uploads\\\/2020\\\/04\\\/livres-occasion-sante-esoterisme-developpement-personnel-2.jpg\",\"url\":\"https:\\\/\\\/www.verdieditions.com\\\/equilibre-de-vie\\\/wp-content\\\/uploads\\\/2020\\\/04\\\/livres-occasion-sante-esoterisme-developpement-personnel-2.jpg\",\"contentUrl\":\"https:\\\/\\\/www.verdieditions.com\\\/equilibre-de-vie\\\/wp-content\\\/uploads\\\/2020\\\/04\\\/livres-occasion-sante-esoterisme-developpement-personnel-2.jpg\",\"width\":800,\"height\":572,\"caption\":\"Sylvie VERDI\"},\"logo\":{\"@id\":\"https:\\\/\\\/www.verdieditions.com\\\/equilibre-de-vie\\\/wp-content\\\/uploads\\\/2020\\\/04\\\/livres-occasion-sante-esoterisme-developpement-personnel-2.jpg\"},\"sameAs\":[\"https:\\\/\\\/www.verdieditions.com\\\/equilibre-de-vie\"]}]}<\/script>\n<!-- \/ Yoast SEO plugin. -->","yoast_head_json":{"title":"La peur est au-dessus de nos moyens - Jean de KERVASDOU\u00c9","description":"Auteur : Jean de KERVASDOU\u00c9 Titre : La peur est au-dessus de nos moyens \u00c9diteur : Plon, 2011 Edition originale Dim. 14 x 22,5 236 pages","robots":{"index":"index","follow":"follow","max-snippet":"max-snippet:-1","max-image-preview":"max-image-preview:large","max-video-preview":"max-video-preview:-1"},"canonical":"https:\/\/www.verdieditions.com\/equilibre-de-vie\/produit\/peur-audessus-moyens-kervasdoue\/","og_locale":"fr_FR","og_type":"article","og_title":"La peur est au-dessus de nos moyens - Jean de KERVASDOU\u00c9","og_description":"Auteur : Jean de KERVASDOU\u00c9 Titre : La peur est au-dessus de nos moyens \u00c9diteur : Plon, 2011 Edition originale Dim. 14 x 22,5 236 pages","og_url":"https:\/\/www.verdieditions.com\/equilibre-de-vie\/produit\/peur-audessus-moyens-kervasdoue\/","og_site_name":"Equilibre de Vie","article_modified_time":"2024-02-07T15:13:05+00:00","og_image":[{"width":800,"height":1226,"url":"https:\/\/www.verdieditions.com\/equilibre-de-vie\/wp-content\/uploads\/2021\/01\/peur-moyens-kervasdoue.jpg","type":"image\/jpeg"}],"twitter_card":"summary_large_image","twitter_misc":{"Dur\u00e9e de lecture estim\u00e9e":"1 minute"},"schema":{"@context":"https:\/\/schema.org","@graph":[{"@type":"WebPage","@id":"https:\/\/www.verdieditions.com\/equilibre-de-vie\/produit\/peur-audessus-moyens-kervasdoue\/","url":"https:\/\/www.verdieditions.com\/equilibre-de-vie\/produit\/peur-audessus-moyens-kervasdoue\/","name":"La peur est au-dessus de nos moyens - Jean de KERVASDOU\u00c9","isPartOf":{"@id":"https:\/\/www.verdieditions.com\/equilibre-de-vie\/#website"},"primaryImageOfPage":{"@id":"https:\/\/www.verdieditions.com\/equilibre-de-vie\/produit\/peur-audessus-moyens-kervasdoue\/#primaryimage"},"image":{"@id":"https:\/\/www.verdieditions.com\/equilibre-de-vie\/produit\/peur-audessus-moyens-kervasdoue\/#primaryimage"},"thumbnailUrl":"https:\/\/www.verdieditions.com\/equilibre-de-vie\/wp-content\/uploads\/2021\/01\/peur-moyens-kervasdoue.jpg","datePublished":"2021-01-19T14:00:46+00:00","dateModified":"2024-02-07T15:13:05+00:00","description":"Auteur : Jean de KERVASDOU\u00c9 Titre : La peur est au-dessus de nos moyens \u00c9diteur : Plon, 2011 Edition originale Dim. 14 x 22,5 236 pages","breadcrumb":{"@id":"https:\/\/www.verdieditions.com\/equilibre-de-vie\/produit\/peur-audessus-moyens-kervasdoue\/#breadcrumb"},"inLanguage":"fr-FR","potentialAction":[{"@type":"ReadAction","target":["https:\/\/www.verdieditions.com\/equilibre-de-vie\/produit\/peur-audessus-moyens-kervasdoue\/"]}]},{"@type":"ImageObject","inLanguage":"fr-FR","@id":"https:\/\/www.verdieditions.com\/equilibre-de-vie\/produit\/peur-audessus-moyens-kervasdoue\/#primaryimage","url":"https:\/\/www.verdieditions.com\/equilibre-de-vie\/wp-content\/uploads\/2021\/01\/peur-moyens-kervasdoue.jpg","contentUrl":"https:\/\/www.verdieditions.com\/equilibre-de-vie\/wp-content\/uploads\/2021\/01\/peur-moyens-kervasdoue.jpg","width":800,"height":1226,"caption":"peur-moyens-kervasdoue"},{"@type":"BreadcrumbList","@id":"https:\/\/www.verdieditions.com\/equilibre-de-vie\/produit\/peur-audessus-moyens-kervasdoue\/#breadcrumb","itemListElement":[{"@type":"ListItem","position":1,"name":"Accueil","item":"https:\/\/www.verdieditions.com\/equilibre-de-vie\/"},{"@type":"ListItem","position":2,"name":"La boutique","item":"https:\/\/www.verdieditions.com\/equilibre-de-vie\/boutique\/"},{"@type":"ListItem","position":3,"name":"La peur est au-dessus de nos moyens &#8211; Jean de KERVASDOU\u00c9"}]},{"@type":"WebSite","@id":"https:\/\/www.verdieditions.com\/equilibre-de-vie\/#website","url":"https:\/\/www.verdieditions.com\/equilibre-de-vie\/","name":"Equilibre de Vie","description":"Ma boutique livres sant\u00e9, \u00e9sot\u00e9risme et d\u00e9veloppement personnel","publisher":{"@id":"https:\/\/www.verdieditions.com\/equilibre-de-vie\/#\/schema\/person\/9dcb2a6759f2f5fbf43ac0b44649cecb"},"potentialAction":[{"@type":"SearchAction","target":{"@type":"EntryPoint","urlTemplate":"https:\/\/www.verdieditions.com\/equilibre-de-vie\/?s={search_term_string}"},"query-input":{"@type":"PropertyValueSpecification","valueRequired":true,"valueName":"search_term_string"}}],"inLanguage":"fr-FR"},{"@type":["Person","Organization"],"@id":"https:\/\/www.verdieditions.com\/equilibre-de-vie\/#\/schema\/person\/9dcb2a6759f2f5fbf43ac0b44649cecb","name":"Sylvie VERDI","image":{"@type":"ImageObject","inLanguage":"fr-FR","@id":"https:\/\/www.verdieditions.com\/equilibre-de-vie\/wp-content\/uploads\/2020\/04\/livres-occasion-sante-esoterisme-developpement-personnel-2.jpg","url":"https:\/\/www.verdieditions.com\/equilibre-de-vie\/wp-content\/uploads\/2020\/04\/livres-occasion-sante-esoterisme-developpement-personnel-2.jpg","contentUrl":"https:\/\/www.verdieditions.com\/equilibre-de-vie\/wp-content\/uploads\/2020\/04\/livres-occasion-sante-esoterisme-developpement-personnel-2.jpg","width":800,"height":572,"caption":"Sylvie VERDI"},"logo":{"@id":"https:\/\/www.verdieditions.com\/equilibre-de-vie\/wp-content\/uploads\/2020\/04\/livres-occasion-sante-esoterisme-developpement-personnel-2.jpg"},"sameAs":["https:\/\/www.verdieditions.com\/equilibre-de-vie"]}]}},"_links":{"self":[{"href":"https:\/\/www.verdieditions.com\/equilibre-de-vie\/wp-json\/wp\/v2\/product\/1556","targetHints":{"allow":["GET"]}}],"collection":[{"href":"https:\/\/www.verdieditions.com\/equilibre-de-vie\/wp-json\/wp\/v2\/product"}],"about":[{"href":"https:\/\/www.verdieditions.com\/equilibre-de-vie\/wp-json\/wp\/v2\/types\/product"}],"wp:featuredmedia":[{"embeddable":true,"href":"https:\/\/www.verdieditions.com\/equilibre-de-vie\/wp-json\/wp\/v2\/media\/1558"}],"wp:attachment":[{"href":"https:\/\/www.verdieditions.com\/equilibre-de-vie\/wp-json\/wp\/v2\/media?parent=1556"}],"wp:term":[{"taxonomy":"product_brand","embeddable":true,"href":"https:\/\/www.verdieditions.com\/equilibre-de-vie\/wp-json\/wp\/v2\/product_brand?post=1556"},{"taxonomy":"product_cat","embeddable":true,"href":"https:\/\/www.verdieditions.com\/equilibre-de-vie\/wp-json\/wp\/v2\/product_cat?post=1556"},{"taxonomy":"product_tag","embeddable":true,"href":"https:\/\/www.verdieditions.com\/equilibre-de-vie\/wp-json\/wp\/v2\/product_tag?post=1556"}],"curies":[{"name":"wp","href":"https:\/\/api.w.org\/{rel}","templated":true}]}}