{"id":1418,"date":"2020-12-28T16:17:50","date_gmt":"2020-12-28T15:17:50","guid":{"rendered":"https:\/\/www.verdieditions.com\/equilibre-de-vie\/?post_type=product&#038;p=1418"},"modified":"2024-02-08T13:40:21","modified_gmt":"2024-02-08T12:40:21","slug":"jesus-judeo-chretienne-tome-5-cd-luc-ferry","status":"publish","type":"product","link":"https:\/\/www.verdieditions.com\/equilibre-de-vie\/produit\/jesus-judeo-chretienne-tome-5-cd-luc-ferry\/","title":{"rendered":"J\u00e9sus &#038; la R\u00e9volution Jud\u00e9o-Chr\u00e9tienne &#8211; Tome 5 + CD &#8211; Luc FERRY"},"content":{"rendered":"<p>Auteur : Luc FERRY<br \/>\nTitre : J\u00e9sus &#038; la R\u00e9volution Jud\u00e9o-Chr\u00e9tienne, Vaincre la mort par l&rsquo;amour<br \/>\n\u00c9diteur : Le Figaro, Le Point, 2012, <strong>collection \u00ab\u00a0Sagesses d&rsquo;Hier et d&rsquo;Aujourd&rsquo;hui\u00a0\u00bb<\/strong><br \/>\n<strong>Livre 5 + CD<\/strong><br \/>\nEtat : Bon<br \/>\nDim. 17,5 x 24,5<br \/>\n92 pages<\/p>\n<p>\u00ab\u00a0Qu&rsquo;y avait-il de si profond, de si s\u00e9duisant et attrayant dans le message de J\u00e9sus (et notamment par rapport \u00e0 la question de la mort qui jette toujours l&rsquo;angoisse au coeur des hommes), pour que le christianisme se soit ainsi impos\u00e9 durant des si\u00e8cles, pour qu&rsquo;il se soit arrog\u00e9 avec tant de force le monopole de la d\u00e9finition l\u00e9gitime du salut et de la vie bonne au d\u00e9triment des spiritualit\u00e9s la\u00efques et philosophiques qui formaient l&rsquo;essentiel des sagesses anciennes ?\u00a0\u00bb.<\/p>\n<p>Dans cette collection dans la Boutique :<br \/>\n<a href=\"https:\/\/www.verdieditions.com\/equilibre-de-vie\/produit\/philosophie-education-tome-27-cd-luc-ferry\/\">Philosophie de l&rsquo;\u00c9ducation &#8211; Tome 27 + CD &#8211; Luc FERRY<\/a><br \/>\n<a href=\"https:\/\/www.verdieditions.com\/equilibre-de-vie\/produit\/homere-platon-tome-1-cd-luc-ferry\/\">De Hom\u00e8re \u00e0 Platon &#8211; Tome 1 + CD &#8211; Luc FERRY<\/a><br \/>\n<a href=\"https:\/\/www.verdieditions.com\/equilibre-de-vie\/produit\/nietzsche-tome-14-cd-luc-ferry\/\">Nietzsche &#8211; Tome 14 + CD &#8211; Luc FERRY<\/a><br \/>\n<a href=\"https:\/\/www.verdieditions.com\/equilibre-de-vie\/produit\/rousseau-tocqueville-tome-10-cd-luc-ferry-2\/\">Rousseau et Tocqueville &#8211; Tome 10 + CD &#8211; Luc FERRY<\/a><br \/>\n<a href=\"https:\/\/www.verdieditions.com\/equilibre-de-vie\/produit\/art-moderne-tome-23-cd-luc-ferry\/\">Les Avant-Gardes et l&rsquo;Art Moderne &#8211; Tome 23 + CD &#8211; Luc FERRY<\/a><br \/>\n<a href=\"https:\/\/www.verdieditions.com\/equilibre-de-vie\/produit\/coeur-raison-tome-22-cd-luc-ferry\/\">Entre le Coeur et la Raison &#8211; Tome 22 + CD &#8211; Luc FERRY<\/a><br \/>\n<a href=\"https:\/\/www.verdieditions.com\/equilibre-de-vie\/produit\/descartes-tome-7-cd-luc-ferry\/\">Descartes &#8211; Tome 7 + CD &#8211; Luc FERRY<\/a><br \/>\n<a href=\"https:\/\/www.verdieditions.com\/equilibre-de-vie\/produit\/pic-mirandole-tome-6-cd-luc-ferry\/\">Pic de la Mirandole &#8211; Tome 6 + CD &#8211; Luc FERRY<\/a><br \/>\n<a href=\"https:\/\/www.verdieditions.com\/equilibre-de-vie\/produit\/philosophie-progres-tome-29-cd-luc-ferry\/\">Philosophie du Progr\u00e8s &#8211; Tome 29 + CD &#8211; Luc FERRY<\/a><br \/>\n<a href=\"https:\/\/www.verdieditions.com\/equilibre-de-vie\/produit\/luc-ferry-sagesses-15-cd-marx-hypothese-communiste\/\">MARX et l&rsquo;hypoth\u00e8se communiste &#8211; Tome 15 + CD &#8211; Luc FERRY<\/a><br \/>\n<a href=\"https:\/\/www.verdieditions.com\/equilibre-de-vie\/produit\/philosophie-tome-20-cd-luc-ferry\/\">La Philosophie aujourd&rsquo;hui &#8211; Tome 20 + CD &#8211; Luc FERRY<\/a><br \/>\n<a href=\"https:\/\/www.verdieditions.com\/equilibre-de-vie\/produit\/philosophie-anglosaxonne-tome-9-cd-luc-ferry\/\">La Philosophie Anglo-saxonne &#8211; Tome 9 + CD &#8211; Luc FERRY<\/a><br \/>\n<a href=\"https:\/\/www.verdieditions.com\/equilibre-de-vie\/produit\/spinoza-leibniz-tome-8-cd-luc-ferry\/\">Spinoza &#038; Leibniz &#8211; Tome 8 + CD &#8211; Luc FERRY<\/a><br \/>\n<a href=\"https:\/\/www.verdieditions.com\/equilibre-de-vie\/produit\/freud-tome-16-cd-luc-ferry\/\">Freud, le sexe et l&rsquo;inconscient &#8211; Tome 16 + CD &#8211; Luc FERRY<\/a><br \/>\n<a href=\"https:\/\/www.verdieditions.com\/equilibre-de-vie\/produit\/sartre-existentialisme-tome-18-cd-luc-ferry\/\">Sartre et l&rsquo;Existentialisme &#8211; Tome 18 + CD &#8211; Luc FERRY<\/a><br \/>\n<a href=\"https:\/\/www.verdieditions.com\/equilibre-de-vie\/produit\/gilgamesh-bouddha-tome-4-cd-luc-ferry\/\">Gilgamesh et Bouddha, sagesses d&rsquo;Orient &#8211; Tome 4 + CD &#8211; Luc FERRY<\/a><br \/>\n<a href=\"https:\/\/www.verdieditions.com\/equilibre-de-vie\/produit\/kant-lumieres-tome-11-cd-luc-ferry\/\">Kant et les Lumi\u00e8res &#8211; Tome 11 + CD &#8211; Luc FERRY<\/a><br \/>\n<a href=\"https:\/\/www.verdieditions.com\/equilibre-de-vie\/produit\/pensee-1968-tome-19-cd-luc-ferry\/\">La Pens\u00e9e 1968 et l&rsquo;\u00e8re du soup\u00e7on &#8211; Tome 19 + CD &#8211; Luc FERRY<\/a><br \/>\n<a href=\"https:\/\/www.verdieditions.com\/equilibre-de-vie\/produit\/aristote-tome-2-cd-luc-ferry\/\">Aristote, le bonheur par la sagesse &#8211; Tome 2 + CD &#8211; Luc FERRY<\/a><\/p>\n","protected":false},"excerpt":{"rendered":"<p>Auteur : Luc FERRY<br \/>\nTitre : J\u00e9sus &#038; la R\u00e9volution Jud\u00e9o-Chr\u00e9tienne, Vaincre la mort par l&rsquo;amour<br \/>\n\u00c9diteur : Le Figaro, Le Point, 2012, <strong>collection \u00ab\u00a0Sagesses d&rsquo;Hier et d&rsquo;Aujourd&rsquo;hui\u00a0\u00bb<\/strong><br \/>\n<strong>Livre 5 + CD<\/strong><br \/>\nEtat : Bon<br \/>\nDim. 17,5 x 24,5<br \/>\n92 pages<\/p>\n","protected":false},"featured_media":1510,"template":"","meta":[],"product_brand":[],"product_cat":[22],"product_tag":[54,141],"class_list":{"0":"post-1418","1":"product","2":"type-product","3":"status-publish","4":"has-post-thumbnail","6":"product_cat-developpement-personnel","7":"product_tag-croyances","8":"product_tag-religion","10":"first","11":"instock","12":"shipping-taxable","13":"product-type-simple"},"yoast_head":"<!-- This site is optimized with the Yoast SEO plugin v27.4 - https:\/\/yoast.com\/product\/yoast-seo-wordpress\/ -->\n<title>J\u00e9sus &amp; la R\u00e9volution Jud\u00e9o-Chr\u00e9tienne - Tome 5 + CD - Luc FERRY - Equilibre de Vie<\/title>\n<meta name=\"description\" content=\"Auteur : Luc FERRY Titre : J\u00e9sus &amp; la R\u00e9volution Jud\u00e9o-Chr\u00e9tienne 5 \u00c9d : Le Figaro, Le Point, 2012 coll Sagesses d&#039;Hier et d&#039;Aujourd&#039;hui Livre + CD 92 p\" \/>\n<meta name=\"robots\" content=\"index, follow, max-snippet:-1, max-image-preview:large, max-video-preview:-1\" \/>\n<link rel=\"canonical\" href=\"https:\/\/www.verdieditions.com\/equilibre-de-vie\/produit\/jesus-judeo-chretienne-tome-5-cd-luc-ferry\/\" \/>\n<meta property=\"og:locale\" content=\"fr_FR\" \/>\n<meta property=\"og:type\" content=\"article\" \/>\n<meta property=\"og:title\" content=\"J\u00e9sus &amp; la R\u00e9volution Jud\u00e9o-Chr\u00e9tienne - Tome 5 + CD - Luc FERRY - Equilibre de Vie\" \/>\n<meta property=\"og:description\" content=\"Auteur : Luc FERRY Titre : J\u00e9sus &amp; la R\u00e9volution Jud\u00e9o-Chr\u00e9tienne 5 \u00c9d : Le Figaro, Le Point, 2012 coll Sagesses d&#039;Hier et d&#039;Aujourd&#039;hui Livre + CD 92 p\" \/>\n<meta property=\"og:url\" content=\"https:\/\/www.verdieditions.com\/equilibre-de-vie\/produit\/jesus-judeo-chretienne-tome-5-cd-luc-ferry\/\" \/>\n<meta property=\"og:site_name\" content=\"Equilibre de Vie\" \/>\n<meta property=\"article:modified_time\" content=\"2024-02-08T12:40:21+00:00\" \/>\n<meta property=\"og:image\" content=\"https:\/\/www.verdieditions.com\/equilibre-de-vie\/wp-content\/uploads\/2020\/04\/jesus-revolution-judoechretienne-5-Luc-Ferry-2b.jpg\" \/>\n\t<meta property=\"og:image:width\" content=\"576\" \/>\n\t<meta property=\"og:image:height\" content=\"800\" \/>\n\t<meta property=\"og:image:type\" content=\"image\/jpeg\" \/>\n<meta name=\"twitter:card\" content=\"summary_large_image\" \/>\n<meta name=\"twitter:label1\" content=\"Dur\u00e9e de lecture estim\u00e9e\" \/>\n\t<meta name=\"twitter:data1\" content=\"2 minutes\" \/>\n<script type=\"application\/ld+json\" class=\"yoast-schema-graph\">{\"@context\":\"https:\\\/\\\/schema.org\",\"@graph\":[{\"@type\":\"WebPage\",\"@id\":\"https:\\\/\\\/www.verdieditions.com\\\/equilibre-de-vie\\\/produit\\\/jesus-judeo-chretienne-tome-5-cd-luc-ferry\\\/\",\"url\":\"https:\\\/\\\/www.verdieditions.com\\\/equilibre-de-vie\\\/produit\\\/jesus-judeo-chretienne-tome-5-cd-luc-ferry\\\/\",\"name\":\"J\u00e9sus & la R\u00e9volution Jud\u00e9o-Chr\u00e9tienne - Tome 5 + CD - Luc FERRY - Equilibre de Vie\",\"isPartOf\":{\"@id\":\"https:\\\/\\\/www.verdieditions.com\\\/equilibre-de-vie\\\/#website\"},\"primaryImageOfPage\":{\"@id\":\"https:\\\/\\\/www.verdieditions.com\\\/equilibre-de-vie\\\/produit\\\/jesus-judeo-chretienne-tome-5-cd-luc-ferry\\\/#primaryimage\"},\"image\":{\"@id\":\"https:\\\/\\\/www.verdieditions.com\\\/equilibre-de-vie\\\/produit\\\/jesus-judeo-chretienne-tome-5-cd-luc-ferry\\\/#primaryimage\"},\"thumbnailUrl\":\"https:\\\/\\\/www.verdieditions.com\\\/equilibre-de-vie\\\/wp-content\\\/uploads\\\/2020\\\/04\\\/jesus-revolution-judoechretienne-5-Luc-Ferry-2b.jpg\",\"datePublished\":\"2020-12-28T15:17:50+00:00\",\"dateModified\":\"2024-02-08T12:40:21+00:00\",\"description\":\"Auteur : Luc FERRY Titre : J\u00e9sus & la R\u00e9volution Jud\u00e9o-Chr\u00e9tienne 5 \u00c9d : Le Figaro, Le Point, 2012 coll Sagesses d'Hier et d'Aujourd'hui Livre + CD 92 p\",\"breadcrumb\":{\"@id\":\"https:\\\/\\\/www.verdieditions.com\\\/equilibre-de-vie\\\/produit\\\/jesus-judeo-chretienne-tome-5-cd-luc-ferry\\\/#breadcrumb\"},\"inLanguage\":\"fr-FR\",\"potentialAction\":[{\"@type\":\"ReadAction\",\"target\":[\"https:\\\/\\\/www.verdieditions.com\\\/equilibre-de-vie\\\/produit\\\/jesus-judeo-chretienne-tome-5-cd-luc-ferry\\\/\"]}]},{\"@type\":\"ImageObject\",\"inLanguage\":\"fr-FR\",\"@id\":\"https:\\\/\\\/www.verdieditions.com\\\/equilibre-de-vie\\\/produit\\\/jesus-judeo-chretienne-tome-5-cd-luc-ferry\\\/#primaryimage\",\"url\":\"https:\\\/\\\/www.verdieditions.com\\\/equilibre-de-vie\\\/wp-content\\\/uploads\\\/2020\\\/04\\\/jesus-revolution-judoechretienne-5-Luc-Ferry-2b.jpg\",\"contentUrl\":\"https:\\\/\\\/www.verdieditions.com\\\/equilibre-de-vie\\\/wp-content\\\/uploads\\\/2020\\\/04\\\/jesus-revolution-judoechretienne-5-Luc-Ferry-2b.jpg\",\"width\":576,\"height\":800,\"caption\":\"jesus-revolution-judoechretienne-5-Luc-Ferry-2b\"},{\"@type\":\"BreadcrumbList\",\"@id\":\"https:\\\/\\\/www.verdieditions.com\\\/equilibre-de-vie\\\/produit\\\/jesus-judeo-chretienne-tome-5-cd-luc-ferry\\\/#breadcrumb\",\"itemListElement\":[{\"@type\":\"ListItem\",\"position\":1,\"name\":\"Accueil\",\"item\":\"https:\\\/\\\/www.verdieditions.com\\\/equilibre-de-vie\\\/\"},{\"@type\":\"ListItem\",\"position\":2,\"name\":\"La boutique\",\"item\":\"https:\\\/\\\/www.verdieditions.com\\\/equilibre-de-vie\\\/boutique\\\/\"},{\"@type\":\"ListItem\",\"position\":3,\"name\":\"J\u00e9sus &#038; la R\u00e9volution Jud\u00e9o-Chr\u00e9tienne &#8211; Tome 5 + CD &#8211; Luc FERRY\"}]},{\"@type\":\"WebSite\",\"@id\":\"https:\\\/\\\/www.verdieditions.com\\\/equilibre-de-vie\\\/#website\",\"url\":\"https:\\\/\\\/www.verdieditions.com\\\/equilibre-de-vie\\\/\",\"name\":\"Equilibre de Vie\",\"description\":\"Ma boutique livres sant\u00e9, \u00e9sot\u00e9risme et d\u00e9veloppement personnel\",\"publisher\":{\"@id\":\"https:\\\/\\\/www.verdieditions.com\\\/equilibre-de-vie\\\/#\\\/schema\\\/person\\\/9dcb2a6759f2f5fbf43ac0b44649cecb\"},\"potentialAction\":[{\"@type\":\"SearchAction\",\"target\":{\"@type\":\"EntryPoint\",\"urlTemplate\":\"https:\\\/\\\/www.verdieditions.com\\\/equilibre-de-vie\\\/?s={search_term_string}\"},\"query-input\":{\"@type\":\"PropertyValueSpecification\",\"valueRequired\":true,\"valueName\":\"search_term_string\"}}],\"inLanguage\":\"fr-FR\"},{\"@type\":[\"Person\",\"Organization\"],\"@id\":\"https:\\\/\\\/www.verdieditions.com\\\/equilibre-de-vie\\\/#\\\/schema\\\/person\\\/9dcb2a6759f2f5fbf43ac0b44649cecb\",\"name\":\"Sylvie VERDI\",\"image\":{\"@type\":\"ImageObject\",\"inLanguage\":\"fr-FR\",\"@id\":\"https:\\\/\\\/www.verdieditions.com\\\/equilibre-de-vie\\\/wp-content\\\/uploads\\\/2020\\\/04\\\/livres-occasion-sante-esoterisme-developpement-personnel-2.jpg\",\"url\":\"https:\\\/\\\/www.verdieditions.com\\\/equilibre-de-vie\\\/wp-content\\\/uploads\\\/2020\\\/04\\\/livres-occasion-sante-esoterisme-developpement-personnel-2.jpg\",\"contentUrl\":\"https:\\\/\\\/www.verdieditions.com\\\/equilibre-de-vie\\\/wp-content\\\/uploads\\\/2020\\\/04\\\/livres-occasion-sante-esoterisme-developpement-personnel-2.jpg\",\"width\":800,\"height\":572,\"caption\":\"Sylvie VERDI\"},\"logo\":{\"@id\":\"https:\\\/\\\/www.verdieditions.com\\\/equilibre-de-vie\\\/wp-content\\\/uploads\\\/2020\\\/04\\\/livres-occasion-sante-esoterisme-developpement-personnel-2.jpg\"},\"sameAs\":[\"https:\\\/\\\/www.verdieditions.com\\\/equilibre-de-vie\"]}]}<\/script>\n<!-- \/ Yoast SEO plugin. -->","yoast_head_json":{"title":"J\u00e9sus & la R\u00e9volution Jud\u00e9o-Chr\u00e9tienne - Tome 5 + CD - Luc FERRY - Equilibre de Vie","description":"Auteur : Luc FERRY Titre : J\u00e9sus & la R\u00e9volution Jud\u00e9o-Chr\u00e9tienne 5 \u00c9d : Le Figaro, Le Point, 2012 coll Sagesses d'Hier et d'Aujourd'hui Livre + CD 92 p","robots":{"index":"index","follow":"follow","max-snippet":"max-snippet:-1","max-image-preview":"max-image-preview:large","max-video-preview":"max-video-preview:-1"},"canonical":"https:\/\/www.verdieditions.com\/equilibre-de-vie\/produit\/jesus-judeo-chretienne-tome-5-cd-luc-ferry\/","og_locale":"fr_FR","og_type":"article","og_title":"J\u00e9sus & la R\u00e9volution Jud\u00e9o-Chr\u00e9tienne - Tome 5 + CD - Luc FERRY - Equilibre de Vie","og_description":"Auteur : Luc FERRY Titre : J\u00e9sus & la R\u00e9volution Jud\u00e9o-Chr\u00e9tienne 5 \u00c9d : Le Figaro, Le Point, 2012 coll Sagesses d'Hier et d'Aujourd'hui Livre + CD 92 p","og_url":"https:\/\/www.verdieditions.com\/equilibre-de-vie\/produit\/jesus-judeo-chretienne-tome-5-cd-luc-ferry\/","og_site_name":"Equilibre de Vie","article_modified_time":"2024-02-08T12:40:21+00:00","og_image":[{"width":576,"height":800,"url":"https:\/\/www.verdieditions.com\/equilibre-de-vie\/wp-content\/uploads\/2020\/04\/jesus-revolution-judoechretienne-5-Luc-Ferry-2b.jpg","type":"image\/jpeg"}],"twitter_card":"summary_large_image","twitter_misc":{"Dur\u00e9e de lecture estim\u00e9e":"2 minutes"},"schema":{"@context":"https:\/\/schema.org","@graph":[{"@type":"WebPage","@id":"https:\/\/www.verdieditions.com\/equilibre-de-vie\/produit\/jesus-judeo-chretienne-tome-5-cd-luc-ferry\/","url":"https:\/\/www.verdieditions.com\/equilibre-de-vie\/produit\/jesus-judeo-chretienne-tome-5-cd-luc-ferry\/","name":"J\u00e9sus & la R\u00e9volution Jud\u00e9o-Chr\u00e9tienne - Tome 5 + CD - Luc FERRY - Equilibre de Vie","isPartOf":{"@id":"https:\/\/www.verdieditions.com\/equilibre-de-vie\/#website"},"primaryImageOfPage":{"@id":"https:\/\/www.verdieditions.com\/equilibre-de-vie\/produit\/jesus-judeo-chretienne-tome-5-cd-luc-ferry\/#primaryimage"},"image":{"@id":"https:\/\/www.verdieditions.com\/equilibre-de-vie\/produit\/jesus-judeo-chretienne-tome-5-cd-luc-ferry\/#primaryimage"},"thumbnailUrl":"https:\/\/www.verdieditions.com\/equilibre-de-vie\/wp-content\/uploads\/2020\/04\/jesus-revolution-judoechretienne-5-Luc-Ferry-2b.jpg","datePublished":"2020-12-28T15:17:50+00:00","dateModified":"2024-02-08T12:40:21+00:00","description":"Auteur : Luc FERRY Titre : J\u00e9sus & la R\u00e9volution Jud\u00e9o-Chr\u00e9tienne 5 \u00c9d : Le Figaro, Le Point, 2012 coll Sagesses d'Hier et d'Aujourd'hui Livre + CD 92 p","breadcrumb":{"@id":"https:\/\/www.verdieditions.com\/equilibre-de-vie\/produit\/jesus-judeo-chretienne-tome-5-cd-luc-ferry\/#breadcrumb"},"inLanguage":"fr-FR","potentialAction":[{"@type":"ReadAction","target":["https:\/\/www.verdieditions.com\/equilibre-de-vie\/produit\/jesus-judeo-chretienne-tome-5-cd-luc-ferry\/"]}]},{"@type":"ImageObject","inLanguage":"fr-FR","@id":"https:\/\/www.verdieditions.com\/equilibre-de-vie\/produit\/jesus-judeo-chretienne-tome-5-cd-luc-ferry\/#primaryimage","url":"https:\/\/www.verdieditions.com\/equilibre-de-vie\/wp-content\/uploads\/2020\/04\/jesus-revolution-judoechretienne-5-Luc-Ferry-2b.jpg","contentUrl":"https:\/\/www.verdieditions.com\/equilibre-de-vie\/wp-content\/uploads\/2020\/04\/jesus-revolution-judoechretienne-5-Luc-Ferry-2b.jpg","width":576,"height":800,"caption":"jesus-revolution-judoechretienne-5-Luc-Ferry-2b"},{"@type":"BreadcrumbList","@id":"https:\/\/www.verdieditions.com\/equilibre-de-vie\/produit\/jesus-judeo-chretienne-tome-5-cd-luc-ferry\/#breadcrumb","itemListElement":[{"@type":"ListItem","position":1,"name":"Accueil","item":"https:\/\/www.verdieditions.com\/equilibre-de-vie\/"},{"@type":"ListItem","position":2,"name":"La boutique","item":"https:\/\/www.verdieditions.com\/equilibre-de-vie\/boutique\/"},{"@type":"ListItem","position":3,"name":"J\u00e9sus &#038; la R\u00e9volution Jud\u00e9o-Chr\u00e9tienne &#8211; Tome 5 + CD &#8211; Luc FERRY"}]},{"@type":"WebSite","@id":"https:\/\/www.verdieditions.com\/equilibre-de-vie\/#website","url":"https:\/\/www.verdieditions.com\/equilibre-de-vie\/","name":"Equilibre de Vie","description":"Ma boutique livres sant\u00e9, \u00e9sot\u00e9risme et d\u00e9veloppement personnel","publisher":{"@id":"https:\/\/www.verdieditions.com\/equilibre-de-vie\/#\/schema\/person\/9dcb2a6759f2f5fbf43ac0b44649cecb"},"potentialAction":[{"@type":"SearchAction","target":{"@type":"EntryPoint","urlTemplate":"https:\/\/www.verdieditions.com\/equilibre-de-vie\/?s={search_term_string}"},"query-input":{"@type":"PropertyValueSpecification","valueRequired":true,"valueName":"search_term_string"}}],"inLanguage":"fr-FR"},{"@type":["Person","Organization"],"@id":"https:\/\/www.verdieditions.com\/equilibre-de-vie\/#\/schema\/person\/9dcb2a6759f2f5fbf43ac0b44649cecb","name":"Sylvie VERDI","image":{"@type":"ImageObject","inLanguage":"fr-FR","@id":"https:\/\/www.verdieditions.com\/equilibre-de-vie\/wp-content\/uploads\/2020\/04\/livres-occasion-sante-esoterisme-developpement-personnel-2.jpg","url":"https:\/\/www.verdieditions.com\/equilibre-de-vie\/wp-content\/uploads\/2020\/04\/livres-occasion-sante-esoterisme-developpement-personnel-2.jpg","contentUrl":"https:\/\/www.verdieditions.com\/equilibre-de-vie\/wp-content\/uploads\/2020\/04\/livres-occasion-sante-esoterisme-developpement-personnel-2.jpg","width":800,"height":572,"caption":"Sylvie VERDI"},"logo":{"@id":"https:\/\/www.verdieditions.com\/equilibre-de-vie\/wp-content\/uploads\/2020\/04\/livres-occasion-sante-esoterisme-developpement-personnel-2.jpg"},"sameAs":["https:\/\/www.verdieditions.com\/equilibre-de-vie"]}]}},"_links":{"self":[{"href":"https:\/\/www.verdieditions.com\/equilibre-de-vie\/wp-json\/wp\/v2\/product\/1418","targetHints":{"allow":["GET"]}}],"collection":[{"href":"https:\/\/www.verdieditions.com\/equilibre-de-vie\/wp-json\/wp\/v2\/product"}],"about":[{"href":"https:\/\/www.verdieditions.com\/equilibre-de-vie\/wp-json\/wp\/v2\/types\/product"}],"wp:featuredmedia":[{"embeddable":true,"href":"https:\/\/www.verdieditions.com\/equilibre-de-vie\/wp-json\/wp\/v2\/media\/1510"}],"wp:attachment":[{"href":"https:\/\/www.verdieditions.com\/equilibre-de-vie\/wp-json\/wp\/v2\/media?parent=1418"}],"wp:term":[{"taxonomy":"product_brand","embeddable":true,"href":"https:\/\/www.verdieditions.com\/equilibre-de-vie\/wp-json\/wp\/v2\/product_brand?post=1418"},{"taxonomy":"product_cat","embeddable":true,"href":"https:\/\/www.verdieditions.com\/equilibre-de-vie\/wp-json\/wp\/v2\/product_cat?post=1418"},{"taxonomy":"product_tag","embeddable":true,"href":"https:\/\/www.verdieditions.com\/equilibre-de-vie\/wp-json\/wp\/v2\/product_tag?post=1418"}],"curies":[{"name":"wp","href":"https:\/\/api.w.org\/{rel}","templated":true}]}}