{"id":1382,"date":"2020-12-18T12:06:33","date_gmt":"2020-12-18T11:06:33","guid":{"rendered":"https:\/\/www.verdieditions.com\/equilibre-de-vie\/?post_type=product&#038;p=1382"},"modified":"2024-02-06T12:43:55","modified_gmt":"2024-02-06T11:43:55","slug":"promesses-age-servan-schreiber","status":"publish","type":"product","link":"https:\/\/www.verdieditions.com\/equilibre-de-vie\/produit\/promesses-age-servan-schreiber\/","title":{"rendered":"Les promesses de l&rsquo;\u00e2ge &#8211; Perla SERVAN-SCHREIBER"},"content":{"rendered":"<p>Auteur : Perla SERVAN-SCHREIBER<br \/>\nTitre : Les promesses de l&rsquo;\u00e2ge, \u00e0 75 ans, ma nouvelle libert\u00e9<br \/>\n\u00c9diteur : Flammarion, 2018<br \/>\nEtat excellent<br \/>\nDim. 13,5 x 18,5<br \/>\n229 pages<\/p>\n<p>La vieillesse n\u2019est pas ce que je croyais. \u00c0 75 ans, j\u2019aime mon \u00e2ge. Ai-je jamais tant aim\u00e9 ma vie ? Si on m\u2019avait pr\u00e9dit \u00e7a \u00e0 20 ans, j\u2019aurais ri. La long\u00e9vit\u00e9 a tout chang\u00e9. Malgr\u00e9 cela, le jeunisme r\u00e8gne. Trop de femmes ont peur de vieillir, entrent en guerre contre leur \u00e2ge et en souffrent. Accepter sa vieillesse en \u00e9tant au mieux de soi, et seulement cela invite, chacune, \u00e0 rechercher la bonne attitude. Non seulement pour vieillir avec \u00e9l\u00e9gance, celle du corps et de l\u2019\u00e2me, mais pour vivre enfin libre, la plus belle des promesses de l\u2019\u00e2ge. Connaissez-vous plus s\u00e9duisant qu\u2019un \u00eatre libre ? Vieillir devient alors une aventure : se donner comme projet de rester vivant et non de rester jeune. C\u2019est possible, j\u2019en t\u00e9moigne, entre renoncements et d\u00e9couvertes.<\/p>\n","protected":false},"excerpt":{"rendered":"<p>Auteur : Perla SERVAN-SCHREIBER<br \/>\nTitre : Les promesses de l&rsquo;\u00e2ge, \u00e0 75 ans, ma nouvelle libert\u00e9<br \/>\n\u00c9diteur : Flammarion, 2018<br \/>\nEtat excellent<br \/>\nDim. 13,5 x 18,5<br \/>\n229 pages<\/p>\n","protected":false},"featured_media":1391,"template":"","meta":[],"product_brand":[],"product_cat":[21],"product_tag":[26,214],"class_list":{"0":"post-1382","1":"product","2":"type-product","3":"status-publish","4":"has-post-thumbnail","6":"product_cat-sante","7":"product_tag-age","8":"product_tag-vieillesse","10":"first","11":"instock","12":"shipping-taxable","13":"product-type-simple"},"yoast_head":"<!-- This site is optimized with the Yoast SEO plugin v27.4 - https:\/\/yoast.com\/product\/yoast-seo-wordpress\/ -->\n<title>Les promesses de l&#039;\u00e2ge - Perla SERVAN-SCHREIBER - Equilibre de Vie<\/title>\n<meta name=\"description\" content=\"Auteur : Perla SERVAN-SCHREIBER Titre : Les promesses de l&#039;\u00e2ge \u00c9diteur : Flammarion, 2018 Etat excellent Dim. 13,5 x 18,5 229 pages\" \/>\n<meta name=\"robots\" content=\"index, follow, max-snippet:-1, max-image-preview:large, max-video-preview:-1\" \/>\n<link rel=\"canonical\" href=\"https:\/\/www.verdieditions.com\/equilibre-de-vie\/produit\/promesses-age-servan-schreiber\/\" \/>\n<meta property=\"og:locale\" content=\"fr_FR\" \/>\n<meta property=\"og:type\" content=\"article\" \/>\n<meta property=\"og:title\" content=\"Les promesses de l&#039;\u00e2ge - Perla SERVAN-SCHREIBER - Equilibre de Vie\" \/>\n<meta property=\"og:description\" content=\"Auteur : Perla SERVAN-SCHREIBER Titre : Les promesses de l&#039;\u00e2ge \u00c9diteur : Flammarion, 2018 Etat excellent Dim. 13,5 x 18,5 229 pages\" \/>\n<meta property=\"og:url\" content=\"https:\/\/www.verdieditions.com\/equilibre-de-vie\/produit\/promesses-age-servan-schreiber\/\" \/>\n<meta property=\"og:site_name\" content=\"Equilibre de Vie\" \/>\n<meta property=\"article:modified_time\" content=\"2024-02-06T11:43:55+00:00\" \/>\n<meta property=\"og:image\" content=\"https:\/\/www.verdieditions.com\/equilibre-de-vie\/wp-content\/uploads\/2020\/12\/promesses-age-perla-servan-schreiber.jpg\" \/>\n\t<meta property=\"og:image:width\" content=\"603\" \/>\n\t<meta property=\"og:image:height\" content=\"800\" \/>\n\t<meta property=\"og:image:type\" content=\"image\/jpeg\" \/>\n<meta name=\"twitter:card\" content=\"summary_large_image\" \/>\n<meta name=\"twitter:label1\" content=\"Dur\u00e9e de lecture estim\u00e9e\" \/>\n\t<meta name=\"twitter:data1\" content=\"1 minute\" \/>\n<script type=\"application\/ld+json\" class=\"yoast-schema-graph\">{\"@context\":\"https:\\\/\\\/schema.org\",\"@graph\":[{\"@type\":\"WebPage\",\"@id\":\"https:\\\/\\\/www.verdieditions.com\\\/equilibre-de-vie\\\/produit\\\/promesses-age-servan-schreiber\\\/\",\"url\":\"https:\\\/\\\/www.verdieditions.com\\\/equilibre-de-vie\\\/produit\\\/promesses-age-servan-schreiber\\\/\",\"name\":\"Les promesses de l'\u00e2ge - Perla SERVAN-SCHREIBER - Equilibre de Vie\",\"isPartOf\":{\"@id\":\"https:\\\/\\\/www.verdieditions.com\\\/equilibre-de-vie\\\/#website\"},\"primaryImageOfPage\":{\"@id\":\"https:\\\/\\\/www.verdieditions.com\\\/equilibre-de-vie\\\/produit\\\/promesses-age-servan-schreiber\\\/#primaryimage\"},\"image\":{\"@id\":\"https:\\\/\\\/www.verdieditions.com\\\/equilibre-de-vie\\\/produit\\\/promesses-age-servan-schreiber\\\/#primaryimage\"},\"thumbnailUrl\":\"https:\\\/\\\/www.verdieditions.com\\\/equilibre-de-vie\\\/wp-content\\\/uploads\\\/2020\\\/12\\\/promesses-age-perla-servan-schreiber.jpg\",\"datePublished\":\"2020-12-18T11:06:33+00:00\",\"dateModified\":\"2024-02-06T11:43:55+00:00\",\"description\":\"Auteur : Perla SERVAN-SCHREIBER Titre : Les promesses de l'\u00e2ge \u00c9diteur : Flammarion, 2018 Etat excellent Dim. 13,5 x 18,5 229 pages\",\"breadcrumb\":{\"@id\":\"https:\\\/\\\/www.verdieditions.com\\\/equilibre-de-vie\\\/produit\\\/promesses-age-servan-schreiber\\\/#breadcrumb\"},\"inLanguage\":\"fr-FR\",\"potentialAction\":[{\"@type\":\"ReadAction\",\"target\":[\"https:\\\/\\\/www.verdieditions.com\\\/equilibre-de-vie\\\/produit\\\/promesses-age-servan-schreiber\\\/\"]}]},{\"@type\":\"ImageObject\",\"inLanguage\":\"fr-FR\",\"@id\":\"https:\\\/\\\/www.verdieditions.com\\\/equilibre-de-vie\\\/produit\\\/promesses-age-servan-schreiber\\\/#primaryimage\",\"url\":\"https:\\\/\\\/www.verdieditions.com\\\/equilibre-de-vie\\\/wp-content\\\/uploads\\\/2020\\\/12\\\/promesses-age-perla-servan-schreiber.jpg\",\"contentUrl\":\"https:\\\/\\\/www.verdieditions.com\\\/equilibre-de-vie\\\/wp-content\\\/uploads\\\/2020\\\/12\\\/promesses-age-perla-servan-schreiber.jpg\",\"width\":603,\"height\":800,\"caption\":\"promesses-age-perla-servan-schreiber\"},{\"@type\":\"BreadcrumbList\",\"@id\":\"https:\\\/\\\/www.verdieditions.com\\\/equilibre-de-vie\\\/produit\\\/promesses-age-servan-schreiber\\\/#breadcrumb\",\"itemListElement\":[{\"@type\":\"ListItem\",\"position\":1,\"name\":\"Accueil\",\"item\":\"https:\\\/\\\/www.verdieditions.com\\\/equilibre-de-vie\\\/\"},{\"@type\":\"ListItem\",\"position\":2,\"name\":\"La boutique\",\"item\":\"https:\\\/\\\/www.verdieditions.com\\\/equilibre-de-vie\\\/boutique\\\/\"},{\"@type\":\"ListItem\",\"position\":3,\"name\":\"Les promesses de l&#8217;\u00e2ge &#8211; Perla SERVAN-SCHREIBER\"}]},{\"@type\":\"WebSite\",\"@id\":\"https:\\\/\\\/www.verdieditions.com\\\/equilibre-de-vie\\\/#website\",\"url\":\"https:\\\/\\\/www.verdieditions.com\\\/equilibre-de-vie\\\/\",\"name\":\"Equilibre de Vie\",\"description\":\"Ma boutique livres sant\u00e9, \u00e9sot\u00e9risme et d\u00e9veloppement personnel\",\"publisher\":{\"@id\":\"https:\\\/\\\/www.verdieditions.com\\\/equilibre-de-vie\\\/#\\\/schema\\\/person\\\/9dcb2a6759f2f5fbf43ac0b44649cecb\"},\"potentialAction\":[{\"@type\":\"SearchAction\",\"target\":{\"@type\":\"EntryPoint\",\"urlTemplate\":\"https:\\\/\\\/www.verdieditions.com\\\/equilibre-de-vie\\\/?s={search_term_string}\"},\"query-input\":{\"@type\":\"PropertyValueSpecification\",\"valueRequired\":true,\"valueName\":\"search_term_string\"}}],\"inLanguage\":\"fr-FR\"},{\"@type\":[\"Person\",\"Organization\"],\"@id\":\"https:\\\/\\\/www.verdieditions.com\\\/equilibre-de-vie\\\/#\\\/schema\\\/person\\\/9dcb2a6759f2f5fbf43ac0b44649cecb\",\"name\":\"Sylvie VERDI\",\"image\":{\"@type\":\"ImageObject\",\"inLanguage\":\"fr-FR\",\"@id\":\"https:\\\/\\\/www.verdieditions.com\\\/equilibre-de-vie\\\/wp-content\\\/uploads\\\/2020\\\/04\\\/livres-occasion-sante-esoterisme-developpement-personnel-2.jpg\",\"url\":\"https:\\\/\\\/www.verdieditions.com\\\/equilibre-de-vie\\\/wp-content\\\/uploads\\\/2020\\\/04\\\/livres-occasion-sante-esoterisme-developpement-personnel-2.jpg\",\"contentUrl\":\"https:\\\/\\\/www.verdieditions.com\\\/equilibre-de-vie\\\/wp-content\\\/uploads\\\/2020\\\/04\\\/livres-occasion-sante-esoterisme-developpement-personnel-2.jpg\",\"width\":800,\"height\":572,\"caption\":\"Sylvie VERDI\"},\"logo\":{\"@id\":\"https:\\\/\\\/www.verdieditions.com\\\/equilibre-de-vie\\\/wp-content\\\/uploads\\\/2020\\\/04\\\/livres-occasion-sante-esoterisme-developpement-personnel-2.jpg\"},\"sameAs\":[\"https:\\\/\\\/www.verdieditions.com\\\/equilibre-de-vie\"]}]}<\/script>\n<!-- \/ Yoast SEO plugin. -->","yoast_head_json":{"title":"Les promesses de l'\u00e2ge - Perla SERVAN-SCHREIBER - Equilibre de Vie","description":"Auteur : Perla SERVAN-SCHREIBER Titre : Les promesses de l'\u00e2ge \u00c9diteur : Flammarion, 2018 Etat excellent Dim. 13,5 x 18,5 229 pages","robots":{"index":"index","follow":"follow","max-snippet":"max-snippet:-1","max-image-preview":"max-image-preview:large","max-video-preview":"max-video-preview:-1"},"canonical":"https:\/\/www.verdieditions.com\/equilibre-de-vie\/produit\/promesses-age-servan-schreiber\/","og_locale":"fr_FR","og_type":"article","og_title":"Les promesses de l'\u00e2ge - Perla SERVAN-SCHREIBER - Equilibre de Vie","og_description":"Auteur : Perla SERVAN-SCHREIBER Titre : Les promesses de l'\u00e2ge \u00c9diteur : Flammarion, 2018 Etat excellent Dim. 13,5 x 18,5 229 pages","og_url":"https:\/\/www.verdieditions.com\/equilibre-de-vie\/produit\/promesses-age-servan-schreiber\/","og_site_name":"Equilibre de Vie","article_modified_time":"2024-02-06T11:43:55+00:00","og_image":[{"width":603,"height":800,"url":"https:\/\/www.verdieditions.com\/equilibre-de-vie\/wp-content\/uploads\/2020\/12\/promesses-age-perla-servan-schreiber.jpg","type":"image\/jpeg"}],"twitter_card":"summary_large_image","twitter_misc":{"Dur\u00e9e de lecture estim\u00e9e":"1 minute"},"schema":{"@context":"https:\/\/schema.org","@graph":[{"@type":"WebPage","@id":"https:\/\/www.verdieditions.com\/equilibre-de-vie\/produit\/promesses-age-servan-schreiber\/","url":"https:\/\/www.verdieditions.com\/equilibre-de-vie\/produit\/promesses-age-servan-schreiber\/","name":"Les promesses de l'\u00e2ge - Perla SERVAN-SCHREIBER - Equilibre de Vie","isPartOf":{"@id":"https:\/\/www.verdieditions.com\/equilibre-de-vie\/#website"},"primaryImageOfPage":{"@id":"https:\/\/www.verdieditions.com\/equilibre-de-vie\/produit\/promesses-age-servan-schreiber\/#primaryimage"},"image":{"@id":"https:\/\/www.verdieditions.com\/equilibre-de-vie\/produit\/promesses-age-servan-schreiber\/#primaryimage"},"thumbnailUrl":"https:\/\/www.verdieditions.com\/equilibre-de-vie\/wp-content\/uploads\/2020\/12\/promesses-age-perla-servan-schreiber.jpg","datePublished":"2020-12-18T11:06:33+00:00","dateModified":"2024-02-06T11:43:55+00:00","description":"Auteur : Perla SERVAN-SCHREIBER Titre : Les promesses de l'\u00e2ge \u00c9diteur : Flammarion, 2018 Etat excellent Dim. 13,5 x 18,5 229 pages","breadcrumb":{"@id":"https:\/\/www.verdieditions.com\/equilibre-de-vie\/produit\/promesses-age-servan-schreiber\/#breadcrumb"},"inLanguage":"fr-FR","potentialAction":[{"@type":"ReadAction","target":["https:\/\/www.verdieditions.com\/equilibre-de-vie\/produit\/promesses-age-servan-schreiber\/"]}]},{"@type":"ImageObject","inLanguage":"fr-FR","@id":"https:\/\/www.verdieditions.com\/equilibre-de-vie\/produit\/promesses-age-servan-schreiber\/#primaryimage","url":"https:\/\/www.verdieditions.com\/equilibre-de-vie\/wp-content\/uploads\/2020\/12\/promesses-age-perla-servan-schreiber.jpg","contentUrl":"https:\/\/www.verdieditions.com\/equilibre-de-vie\/wp-content\/uploads\/2020\/12\/promesses-age-perla-servan-schreiber.jpg","width":603,"height":800,"caption":"promesses-age-perla-servan-schreiber"},{"@type":"BreadcrumbList","@id":"https:\/\/www.verdieditions.com\/equilibre-de-vie\/produit\/promesses-age-servan-schreiber\/#breadcrumb","itemListElement":[{"@type":"ListItem","position":1,"name":"Accueil","item":"https:\/\/www.verdieditions.com\/equilibre-de-vie\/"},{"@type":"ListItem","position":2,"name":"La boutique","item":"https:\/\/www.verdieditions.com\/equilibre-de-vie\/boutique\/"},{"@type":"ListItem","position":3,"name":"Les promesses de l&#8217;\u00e2ge &#8211; Perla SERVAN-SCHREIBER"}]},{"@type":"WebSite","@id":"https:\/\/www.verdieditions.com\/equilibre-de-vie\/#website","url":"https:\/\/www.verdieditions.com\/equilibre-de-vie\/","name":"Equilibre de Vie","description":"Ma boutique livres sant\u00e9, \u00e9sot\u00e9risme et d\u00e9veloppement personnel","publisher":{"@id":"https:\/\/www.verdieditions.com\/equilibre-de-vie\/#\/schema\/person\/9dcb2a6759f2f5fbf43ac0b44649cecb"},"potentialAction":[{"@type":"SearchAction","target":{"@type":"EntryPoint","urlTemplate":"https:\/\/www.verdieditions.com\/equilibre-de-vie\/?s={search_term_string}"},"query-input":{"@type":"PropertyValueSpecification","valueRequired":true,"valueName":"search_term_string"}}],"inLanguage":"fr-FR"},{"@type":["Person","Organization"],"@id":"https:\/\/www.verdieditions.com\/equilibre-de-vie\/#\/schema\/person\/9dcb2a6759f2f5fbf43ac0b44649cecb","name":"Sylvie VERDI","image":{"@type":"ImageObject","inLanguage":"fr-FR","@id":"https:\/\/www.verdieditions.com\/equilibre-de-vie\/wp-content\/uploads\/2020\/04\/livres-occasion-sante-esoterisme-developpement-personnel-2.jpg","url":"https:\/\/www.verdieditions.com\/equilibre-de-vie\/wp-content\/uploads\/2020\/04\/livres-occasion-sante-esoterisme-developpement-personnel-2.jpg","contentUrl":"https:\/\/www.verdieditions.com\/equilibre-de-vie\/wp-content\/uploads\/2020\/04\/livres-occasion-sante-esoterisme-developpement-personnel-2.jpg","width":800,"height":572,"caption":"Sylvie VERDI"},"logo":{"@id":"https:\/\/www.verdieditions.com\/equilibre-de-vie\/wp-content\/uploads\/2020\/04\/livres-occasion-sante-esoterisme-developpement-personnel-2.jpg"},"sameAs":["https:\/\/www.verdieditions.com\/equilibre-de-vie"]}]}},"_links":{"self":[{"href":"https:\/\/www.verdieditions.com\/equilibre-de-vie\/wp-json\/wp\/v2\/product\/1382","targetHints":{"allow":["GET"]}}],"collection":[{"href":"https:\/\/www.verdieditions.com\/equilibre-de-vie\/wp-json\/wp\/v2\/product"}],"about":[{"href":"https:\/\/www.verdieditions.com\/equilibre-de-vie\/wp-json\/wp\/v2\/types\/product"}],"wp:featuredmedia":[{"embeddable":true,"href":"https:\/\/www.verdieditions.com\/equilibre-de-vie\/wp-json\/wp\/v2\/media\/1391"}],"wp:attachment":[{"href":"https:\/\/www.verdieditions.com\/equilibre-de-vie\/wp-json\/wp\/v2\/media?parent=1382"}],"wp:term":[{"taxonomy":"product_brand","embeddable":true,"href":"https:\/\/www.verdieditions.com\/equilibre-de-vie\/wp-json\/wp\/v2\/product_brand?post=1382"},{"taxonomy":"product_cat","embeddable":true,"href":"https:\/\/www.verdieditions.com\/equilibre-de-vie\/wp-json\/wp\/v2\/product_cat?post=1382"},{"taxonomy":"product_tag","embeddable":true,"href":"https:\/\/www.verdieditions.com\/equilibre-de-vie\/wp-json\/wp\/v2\/product_tag?post=1382"}],"curies":[{"name":"wp","href":"https:\/\/api.w.org\/{rel}","templated":true}]}}