{"id":119,"date":"2020-04-22T13:42:29","date_gmt":"2020-04-22T11:42:29","guid":{"rendered":"https:\/\/www.verdieditions.com\/equilibre-de-vie\/?post_type=product&#038;p=119"},"modified":"2022-07-31T16:14:21","modified_gmt":"2022-07-31T14:14:21","slug":"rythme-zodiaque-dane-rudhyar","status":"publish","type":"product","link":"https:\/\/www.verdieditions.com\/equilibre-de-vie\/produit\/rythme-zodiaque-dane-rudhyar\/","title":{"rendered":"Le rythme du zodiaque &#8211; Dane RUDHYAR"},"content":{"rendered":"<p>Auteur : Dane RUDHYAR<br \/>\nTitre : Le rythme du zodiaque<br \/>\n\u00c9diteur : Le Rocher, 1981, collection Gnose<br \/>\n\u00c9dition originale france (textes violets)<br \/>\nDim. 13,5 x 20<br \/>\n204 pages<\/p>\n<p>Premi\u00e8re Partie : Le zodiaque, processus dynamique, Deux approches de la vie, La nature du zodiaque, La force-de-jour et la force-de-nuit<br \/>\nDeuxi\u00e8me partie : Douze phases de l&rsquo;exp\u00e9rience humaine : Du B\u00e9lier aux Poissons<br \/>\nConclusion : La lib\u00e9ration cr\u00e9atrice de l&rsquo;Esprit.<\/p>\n","protected":false},"excerpt":{"rendered":"<p>Auteur : Dane RUDHYAR<br \/>\nTitre : Le rythme du zodiaque<br \/>\n\u00c9diteur : Le Rocher, 1981, collection Gnose<br \/>\n\u00c9dition originale france (textes violets)<br \/>\nDim. 13,5 x 20<br \/>\n204 pages<\/p>\n","protected":false},"featured_media":120,"template":"","meta":[],"product_brand":[],"product_cat":[23],"product_tag":[34,79,96,163,177,179,180],"class_list":{"0":"post-119","1":"product","2":"type-product","3":"status-publish","4":"has-post-thumbnail","6":"product_cat-esoterisme","7":"product_tag-astrologie","8":"product_tag-humaniste","9":"product_tag-maisons","10":"product_tag-theme-astral","11":"product_tag-yi-king","12":"product_tag-zen","13":"product_tag-zodiaque","15":"first","16":"outofstock","17":"shipping-taxable","18":"product-type-simple"},"yoast_head":"<!-- This site is optimized with the Yoast SEO plugin v27.4 - https:\/\/yoast.com\/product\/yoast-seo-wordpress\/ -->\n<title>Le rythme du zodiaque - Dane RUDHYAR - Equilibre de Vie<\/title>\n<meta name=\"description\" content=\"Auteur : Dane RUDHYAR Titre : Le rythme du zodiaque \u00c9diteur : Le Rocher, 1981, collection Gnose \u00c9dition originale france (textes violets) Dim. 13,5 x 20 204 pages\" \/>\n<meta name=\"robots\" content=\"index, follow, max-snippet:-1, max-image-preview:large, max-video-preview:-1\" \/>\n<link rel=\"canonical\" href=\"https:\/\/www.verdieditions.com\/equilibre-de-vie\/produit\/rythme-zodiaque-dane-rudhyar\/\" \/>\n<meta property=\"og:locale\" content=\"fr_FR\" \/>\n<meta property=\"og:type\" content=\"article\" \/>\n<meta property=\"og:title\" content=\"Le rythme du zodiaque - Dane RUDHYAR - Equilibre de Vie\" \/>\n<meta property=\"og:description\" content=\"Auteur : Dane RUDHYAR Titre : Le rythme du zodiaque \u00c9diteur : Le Rocher, 1981, collection Gnose \u00c9dition originale france (textes violets) Dim. 13,5 x 20 204 pages\" \/>\n<meta property=\"og:url\" content=\"https:\/\/www.verdieditions.com\/equilibre-de-vie\/produit\/rythme-zodiaque-dane-rudhyar\/\" \/>\n<meta property=\"og:site_name\" content=\"Equilibre de Vie\" \/>\n<meta property=\"article:modified_time\" content=\"2022-07-31T14:14:21+00:00\" \/>\n<meta property=\"og:image\" content=\"https:\/\/www.verdieditions.com\/equilibre-de-vie\/wp-content\/uploads\/2020\/04\/Rythme-Zodiaque-Rudhyar.jpg\" \/>\n\t<meta property=\"og:image:width\" content=\"799\" \/>\n\t<meta property=\"og:image:height\" content=\"1168\" \/>\n\t<meta property=\"og:image:type\" content=\"image\/jpeg\" \/>\n<meta name=\"twitter:card\" content=\"summary_large_image\" \/>\n<script type=\"application\/ld+json\" class=\"yoast-schema-graph\">{\"@context\":\"https:\\\/\\\/schema.org\",\"@graph\":[{\"@type\":\"WebPage\",\"@id\":\"https:\\\/\\\/www.verdieditions.com\\\/equilibre-de-vie\\\/produit\\\/rythme-zodiaque-dane-rudhyar\\\/\",\"url\":\"https:\\\/\\\/www.verdieditions.com\\\/equilibre-de-vie\\\/produit\\\/rythme-zodiaque-dane-rudhyar\\\/\",\"name\":\"Le rythme du zodiaque - Dane RUDHYAR - Equilibre de Vie\",\"isPartOf\":{\"@id\":\"https:\\\/\\\/www.verdieditions.com\\\/equilibre-de-vie\\\/#website\"},\"primaryImageOfPage\":{\"@id\":\"https:\\\/\\\/www.verdieditions.com\\\/equilibre-de-vie\\\/produit\\\/rythme-zodiaque-dane-rudhyar\\\/#primaryimage\"},\"image\":{\"@id\":\"https:\\\/\\\/www.verdieditions.com\\\/equilibre-de-vie\\\/produit\\\/rythme-zodiaque-dane-rudhyar\\\/#primaryimage\"},\"thumbnailUrl\":\"https:\\\/\\\/www.verdieditions.com\\\/equilibre-de-vie\\\/wp-content\\\/uploads\\\/2020\\\/04\\\/Rythme-Zodiaque-Rudhyar.jpg\",\"datePublished\":\"2020-04-22T11:42:29+00:00\",\"dateModified\":\"2022-07-31T14:14:21+00:00\",\"description\":\"Auteur : Dane RUDHYAR Titre : Le rythme du zodiaque \u00c9diteur : Le Rocher, 1981, collection Gnose \u00c9dition originale france (textes violets) Dim. 13,5 x 20 204 pages\",\"breadcrumb\":{\"@id\":\"https:\\\/\\\/www.verdieditions.com\\\/equilibre-de-vie\\\/produit\\\/rythme-zodiaque-dane-rudhyar\\\/#breadcrumb\"},\"inLanguage\":\"fr-FR\",\"potentialAction\":[{\"@type\":\"ReadAction\",\"target\":[\"https:\\\/\\\/www.verdieditions.com\\\/equilibre-de-vie\\\/produit\\\/rythme-zodiaque-dane-rudhyar\\\/\"]}]},{\"@type\":\"ImageObject\",\"inLanguage\":\"fr-FR\",\"@id\":\"https:\\\/\\\/www.verdieditions.com\\\/equilibre-de-vie\\\/produit\\\/rythme-zodiaque-dane-rudhyar\\\/#primaryimage\",\"url\":\"https:\\\/\\\/www.verdieditions.com\\\/equilibre-de-vie\\\/wp-content\\\/uploads\\\/2020\\\/04\\\/Rythme-Zodiaque-Rudhyar.jpg\",\"contentUrl\":\"https:\\\/\\\/www.verdieditions.com\\\/equilibre-de-vie\\\/wp-content\\\/uploads\\\/2020\\\/04\\\/Rythme-Zodiaque-Rudhyar.jpg\",\"width\":799,\"height\":1168,\"caption\":\"Rythme-Zodiaque-Rudhyar\"},{\"@type\":\"BreadcrumbList\",\"@id\":\"https:\\\/\\\/www.verdieditions.com\\\/equilibre-de-vie\\\/produit\\\/rythme-zodiaque-dane-rudhyar\\\/#breadcrumb\",\"itemListElement\":[{\"@type\":\"ListItem\",\"position\":1,\"name\":\"Accueil\",\"item\":\"https:\\\/\\\/www.verdieditions.com\\\/equilibre-de-vie\\\/\"},{\"@type\":\"ListItem\",\"position\":2,\"name\":\"La boutique\",\"item\":\"https:\\\/\\\/www.verdieditions.com\\\/equilibre-de-vie\\\/boutique\\\/\"},{\"@type\":\"ListItem\",\"position\":3,\"name\":\"Le rythme du zodiaque &#8211; Dane RUDHYAR\"}]},{\"@type\":\"WebSite\",\"@id\":\"https:\\\/\\\/www.verdieditions.com\\\/equilibre-de-vie\\\/#website\",\"url\":\"https:\\\/\\\/www.verdieditions.com\\\/equilibre-de-vie\\\/\",\"name\":\"Equilibre de Vie\",\"description\":\"Ma boutique livres sant\u00e9, \u00e9sot\u00e9risme et d\u00e9veloppement personnel\",\"publisher\":{\"@id\":\"https:\\\/\\\/www.verdieditions.com\\\/equilibre-de-vie\\\/#\\\/schema\\\/person\\\/9dcb2a6759f2f5fbf43ac0b44649cecb\"},\"potentialAction\":[{\"@type\":\"SearchAction\",\"target\":{\"@type\":\"EntryPoint\",\"urlTemplate\":\"https:\\\/\\\/www.verdieditions.com\\\/equilibre-de-vie\\\/?s={search_term_string}\"},\"query-input\":{\"@type\":\"PropertyValueSpecification\",\"valueRequired\":true,\"valueName\":\"search_term_string\"}}],\"inLanguage\":\"fr-FR\"},{\"@type\":[\"Person\",\"Organization\"],\"@id\":\"https:\\\/\\\/www.verdieditions.com\\\/equilibre-de-vie\\\/#\\\/schema\\\/person\\\/9dcb2a6759f2f5fbf43ac0b44649cecb\",\"name\":\"Sylvie VERDI\",\"image\":{\"@type\":\"ImageObject\",\"inLanguage\":\"fr-FR\",\"@id\":\"https:\\\/\\\/www.verdieditions.com\\\/equilibre-de-vie\\\/wp-content\\\/uploads\\\/2020\\\/04\\\/livres-occasion-sante-esoterisme-developpement-personnel-2.jpg\",\"url\":\"https:\\\/\\\/www.verdieditions.com\\\/equilibre-de-vie\\\/wp-content\\\/uploads\\\/2020\\\/04\\\/livres-occasion-sante-esoterisme-developpement-personnel-2.jpg\",\"contentUrl\":\"https:\\\/\\\/www.verdieditions.com\\\/equilibre-de-vie\\\/wp-content\\\/uploads\\\/2020\\\/04\\\/livres-occasion-sante-esoterisme-developpement-personnel-2.jpg\",\"width\":800,\"height\":572,\"caption\":\"Sylvie VERDI\"},\"logo\":{\"@id\":\"https:\\\/\\\/www.verdieditions.com\\\/equilibre-de-vie\\\/wp-content\\\/uploads\\\/2020\\\/04\\\/livres-occasion-sante-esoterisme-developpement-personnel-2.jpg\"},\"sameAs\":[\"https:\\\/\\\/www.verdieditions.com\\\/equilibre-de-vie\"]}]}<\/script>\n<!-- \/ Yoast SEO plugin. -->","yoast_head_json":{"title":"Le rythme du zodiaque - Dane RUDHYAR - Equilibre de Vie","description":"Auteur : Dane RUDHYAR Titre : Le rythme du zodiaque \u00c9diteur : Le Rocher, 1981, collection Gnose \u00c9dition originale france (textes violets) Dim. 13,5 x 20 204 pages","robots":{"index":"index","follow":"follow","max-snippet":"max-snippet:-1","max-image-preview":"max-image-preview:large","max-video-preview":"max-video-preview:-1"},"canonical":"https:\/\/www.verdieditions.com\/equilibre-de-vie\/produit\/rythme-zodiaque-dane-rudhyar\/","og_locale":"fr_FR","og_type":"article","og_title":"Le rythme du zodiaque - Dane RUDHYAR - Equilibre de Vie","og_description":"Auteur : Dane RUDHYAR Titre : Le rythme du zodiaque \u00c9diteur : Le Rocher, 1981, collection Gnose \u00c9dition originale france (textes violets) Dim. 13,5 x 20 204 pages","og_url":"https:\/\/www.verdieditions.com\/equilibre-de-vie\/produit\/rythme-zodiaque-dane-rudhyar\/","og_site_name":"Equilibre de Vie","article_modified_time":"2022-07-31T14:14:21+00:00","og_image":[{"width":799,"height":1168,"url":"https:\/\/www.verdieditions.com\/equilibre-de-vie\/wp-content\/uploads\/2020\/04\/Rythme-Zodiaque-Rudhyar.jpg","type":"image\/jpeg"}],"twitter_card":"summary_large_image","schema":{"@context":"https:\/\/schema.org","@graph":[{"@type":"WebPage","@id":"https:\/\/www.verdieditions.com\/equilibre-de-vie\/produit\/rythme-zodiaque-dane-rudhyar\/","url":"https:\/\/www.verdieditions.com\/equilibre-de-vie\/produit\/rythme-zodiaque-dane-rudhyar\/","name":"Le rythme du zodiaque - Dane RUDHYAR - Equilibre de Vie","isPartOf":{"@id":"https:\/\/www.verdieditions.com\/equilibre-de-vie\/#website"},"primaryImageOfPage":{"@id":"https:\/\/www.verdieditions.com\/equilibre-de-vie\/produit\/rythme-zodiaque-dane-rudhyar\/#primaryimage"},"image":{"@id":"https:\/\/www.verdieditions.com\/equilibre-de-vie\/produit\/rythme-zodiaque-dane-rudhyar\/#primaryimage"},"thumbnailUrl":"https:\/\/www.verdieditions.com\/equilibre-de-vie\/wp-content\/uploads\/2020\/04\/Rythme-Zodiaque-Rudhyar.jpg","datePublished":"2020-04-22T11:42:29+00:00","dateModified":"2022-07-31T14:14:21+00:00","description":"Auteur : Dane RUDHYAR Titre : Le rythme du zodiaque \u00c9diteur : Le Rocher, 1981, collection Gnose \u00c9dition originale france (textes violets) Dim. 13,5 x 20 204 pages","breadcrumb":{"@id":"https:\/\/www.verdieditions.com\/equilibre-de-vie\/produit\/rythme-zodiaque-dane-rudhyar\/#breadcrumb"},"inLanguage":"fr-FR","potentialAction":[{"@type":"ReadAction","target":["https:\/\/www.verdieditions.com\/equilibre-de-vie\/produit\/rythme-zodiaque-dane-rudhyar\/"]}]},{"@type":"ImageObject","inLanguage":"fr-FR","@id":"https:\/\/www.verdieditions.com\/equilibre-de-vie\/produit\/rythme-zodiaque-dane-rudhyar\/#primaryimage","url":"https:\/\/www.verdieditions.com\/equilibre-de-vie\/wp-content\/uploads\/2020\/04\/Rythme-Zodiaque-Rudhyar.jpg","contentUrl":"https:\/\/www.verdieditions.com\/equilibre-de-vie\/wp-content\/uploads\/2020\/04\/Rythme-Zodiaque-Rudhyar.jpg","width":799,"height":1168,"caption":"Rythme-Zodiaque-Rudhyar"},{"@type":"BreadcrumbList","@id":"https:\/\/www.verdieditions.com\/equilibre-de-vie\/produit\/rythme-zodiaque-dane-rudhyar\/#breadcrumb","itemListElement":[{"@type":"ListItem","position":1,"name":"Accueil","item":"https:\/\/www.verdieditions.com\/equilibre-de-vie\/"},{"@type":"ListItem","position":2,"name":"La boutique","item":"https:\/\/www.verdieditions.com\/equilibre-de-vie\/boutique\/"},{"@type":"ListItem","position":3,"name":"Le rythme du zodiaque &#8211; Dane RUDHYAR"}]},{"@type":"WebSite","@id":"https:\/\/www.verdieditions.com\/equilibre-de-vie\/#website","url":"https:\/\/www.verdieditions.com\/equilibre-de-vie\/","name":"Equilibre de Vie","description":"Ma boutique livres sant\u00e9, \u00e9sot\u00e9risme et d\u00e9veloppement personnel","publisher":{"@id":"https:\/\/www.verdieditions.com\/equilibre-de-vie\/#\/schema\/person\/9dcb2a6759f2f5fbf43ac0b44649cecb"},"potentialAction":[{"@type":"SearchAction","target":{"@type":"EntryPoint","urlTemplate":"https:\/\/www.verdieditions.com\/equilibre-de-vie\/?s={search_term_string}"},"query-input":{"@type":"PropertyValueSpecification","valueRequired":true,"valueName":"search_term_string"}}],"inLanguage":"fr-FR"},{"@type":["Person","Organization"],"@id":"https:\/\/www.verdieditions.com\/equilibre-de-vie\/#\/schema\/person\/9dcb2a6759f2f5fbf43ac0b44649cecb","name":"Sylvie VERDI","image":{"@type":"ImageObject","inLanguage":"fr-FR","@id":"https:\/\/www.verdieditions.com\/equilibre-de-vie\/wp-content\/uploads\/2020\/04\/livres-occasion-sante-esoterisme-developpement-personnel-2.jpg","url":"https:\/\/www.verdieditions.com\/equilibre-de-vie\/wp-content\/uploads\/2020\/04\/livres-occasion-sante-esoterisme-developpement-personnel-2.jpg","contentUrl":"https:\/\/www.verdieditions.com\/equilibre-de-vie\/wp-content\/uploads\/2020\/04\/livres-occasion-sante-esoterisme-developpement-personnel-2.jpg","width":800,"height":572,"caption":"Sylvie VERDI"},"logo":{"@id":"https:\/\/www.verdieditions.com\/equilibre-de-vie\/wp-content\/uploads\/2020\/04\/livres-occasion-sante-esoterisme-developpement-personnel-2.jpg"},"sameAs":["https:\/\/www.verdieditions.com\/equilibre-de-vie"]}]}},"_links":{"self":[{"href":"https:\/\/www.verdieditions.com\/equilibre-de-vie\/wp-json\/wp\/v2\/product\/119","targetHints":{"allow":["GET"]}}],"collection":[{"href":"https:\/\/www.verdieditions.com\/equilibre-de-vie\/wp-json\/wp\/v2\/product"}],"about":[{"href":"https:\/\/www.verdieditions.com\/equilibre-de-vie\/wp-json\/wp\/v2\/types\/product"}],"wp:featuredmedia":[{"embeddable":true,"href":"https:\/\/www.verdieditions.com\/equilibre-de-vie\/wp-json\/wp\/v2\/media\/120"}],"wp:attachment":[{"href":"https:\/\/www.verdieditions.com\/equilibre-de-vie\/wp-json\/wp\/v2\/media?parent=119"}],"wp:term":[{"taxonomy":"product_brand","embeddable":true,"href":"https:\/\/www.verdieditions.com\/equilibre-de-vie\/wp-json\/wp\/v2\/product_brand?post=119"},{"taxonomy":"product_cat","embeddable":true,"href":"https:\/\/www.verdieditions.com\/equilibre-de-vie\/wp-json\/wp\/v2\/product_cat?post=119"},{"taxonomy":"product_tag","embeddable":true,"href":"https:\/\/www.verdieditions.com\/equilibre-de-vie\/wp-json\/wp\/v2\/product_tag?post=119"}],"curies":[{"name":"wp","href":"https:\/\/api.w.org\/{rel}","templated":true}]}}