{"id":1159,"date":"2020-06-30T16:27:52","date_gmt":"2020-06-30T14:27:52","guid":{"rendered":"https:\/\/www.verdieditions.com\/equilibre-de-vie\/?post_type=product&#038;p=1159"},"modified":"2021-03-18T18:27:52","modified_gmt":"2021-03-18T17:27:52","slug":"entrainer-volonte-stritzelberger-gerst","status":"publish","type":"product","link":"https:\/\/www.verdieditions.com\/equilibre-de-vie\/produit\/entrainer-volonte-stritzelberger-gerst\/","title":{"rendered":"Entra\u00eener sa volont\u00e9 &#8211; R. STRITZELBERGER &#8211; P. GERST"},"content":{"rendered":"<p>Auteur : R. STRITZELBERGER &#8211; P. GERST<br \/>\nTitre : Entra\u00eener sa volont\u00e9, se mobiliser efficacement pour atteindre ses objectifs<br \/>\n\u00c9diteur : Les miniguides Ecolibris, 2015<br \/>\nFormat poche<br \/>\n\u00c9tat comme neuf<br \/>\nDim. 11 x 17,5<br \/>\n160 pages<\/p>\n<p>On a longtemps pens\u00e9 que la volont\u00e9 \u00e9tait une vertu ; une sorte de principe moral comparable au courage ; ou bien encore un trait de caract\u00e8re propre \u00e0 certains individus anim\u00e9s d\u2019une force mentale particuli\u00e8re.<br \/>\nOr, il n\u2019en est rien ! On sait aujourd\u2019hui que la volont\u00e9 est une ressource que nous avons tous : une r\u00e9ponse chimique du corps et du cerveau pour nous mobiliser et diriger notre \u00e9nergie vers des actions et des objectifs \u00e0 atteindre.<\/p>\n<p>Vous tergiversez toujours avant d\u2019effectuer une t\u00e2che et vous vous sentez mal \u00e0 l\u2019aise de ne pas l\u2019accomplir sur-le-champ ?<br \/>\nVous avez des r\u00eaves mais ressentez le besoin d\u2019une force int\u00e9rieure pour qu\u2019ils deviennent r\u00e9alit\u00e9 ?<br \/>\nVous souhaitez mieux am\u00e9nager votre vie pour que vos projets personnels et professionnels deviennent des priorit\u00e9s ?<br \/>\n\u2026 Alors ce MiniGuide est fait pour vous !<\/p>\n<p>Le manque de volont\u00e9 nous concerne tous. Il g\u00e2che ponctuellement ou durablement nos vies, en retardant l\u2019ex\u00e9cution des t\u00e2ches quotidiennes ou en annihilant des projets futurs pourtant attrayants.<br \/>\nSigne d\u2019un \u00e9puisement, d\u2019une mauvaise gestion du stress ou d\u2019un manque de confiance en soi, on peut pourtant renverser la vapeur en g\u00e9rant efficacement nos ressources physiques et psychiques.<\/p>\n<p>D\u00e9couvrez ce qu\u2019est la volont\u00e9, comment elle fonctionne, comment la d\u00e9velopper !<\/p>\n<p>Soutenu par les th\u00e8ses scientifiques et les exp\u00e9riences psychologiques les plus r\u00e9-centes, ce livre vous permettra d\u2019entra\u00eener votre volont\u00e9 en vous aidant \u00e0 :<br \/>\n\u2022 D\u00e9velopper crescendo votre pers\u00e9v\u00e9rance gr\u00e2ce \u00e0 des objectifs atteignables et motivants<br \/>\n\u2022 Planifier vos actions et vaincre la tentation de la procrastination<br \/>\n\u2022 D\u00e9velopper une plus grande productivit\u00e9 au travail<br \/>\n\u2022 Tirer satisfaction et plaisir des challenges r\u00e9ussis et renouvel\u00e9s<\/p>\n<p>Pour d\u00e9passer vos limites, r\u00e9elles ou imaginaires, exercez-vous pour avoir toujours plus de volont\u00e9 !<\/p>\n<p>A propos des auteurs<br \/>\nDipl\u00f4m\u00e9 en Administration des Affaires (MBA), Reinhold Stritzelberger est formateur et coach. Il est \u00e9galement l\u2019auteur du MG L\u2019Auto-motivation. Peter Gerst est consultant certifi\u00e9 en entreprise.<\/p>\n","protected":false},"excerpt":{"rendered":"<p>Auteur : R. STRITZELBERGER &#8211; P. GERST<br \/>\nTitre : Entra\u00eener sa volont\u00e9, se mobiliser efficacement pour atteindre ses objectifs<br \/>\n\u00c9diteur : Les miniguides Ecolibris, 2015<br \/>\nFormat poche<br \/>\n\u00c9tat comme neuf<br \/>\nDim. 11 x 17,5<br \/>\n160 pages<\/p>\n","protected":false},"featured_media":1160,"template":"","meta":[],"product_brand":[],"product_cat":[22],"product_tag":[132,135,139,143,167],"class_list":{"0":"post-1159","1":"product","2":"type-product","3":"status-publish","4":"has-post-thumbnail","6":"product_cat-developpement-personnel","7":"product_tag-professionnel","8":"product_tag-psychologie","9":"product_tag-relations-humaines","10":"product_tag-reussite","11":"product_tag-training-mental","13":"first","14":"outofstock","15":"shipping-taxable","16":"product-type-simple"},"yoast_head":"<!-- This site is optimized with the Yoast SEO plugin v27.4 - https:\/\/yoast.com\/product\/yoast-seo-wordpress\/ -->\n<title>Entra\u00eener sa volont\u00e9 - R. STRITZELBERGER - P. GERST - Equilibre de Vie<\/title>\n<meta name=\"description\" content=\"Auteur : R. STRITZELBERGER - P. GERST Titre : Entra\u00eener sa volont\u00e9 \u00c9diteur : Les miniguides Ecolibris, 2015 Format poche Dim. 11 x 17,5 160 pages Comme neuf\" \/>\n<meta name=\"robots\" content=\"index, follow, max-snippet:-1, max-image-preview:large, max-video-preview:-1\" \/>\n<link rel=\"canonical\" href=\"https:\/\/www.verdieditions.com\/equilibre-de-vie\/produit\/entrainer-volonte-stritzelberger-gerst\/\" \/>\n<meta property=\"og:locale\" content=\"fr_FR\" \/>\n<meta property=\"og:type\" content=\"article\" \/>\n<meta property=\"og:title\" content=\"Entra\u00eener sa volont\u00e9 - R. STRITZELBERGER - P. GERST - Equilibre de Vie\" \/>\n<meta property=\"og:description\" content=\"Auteur : R. STRITZELBERGER - P. GERST Titre : Entra\u00eener sa volont\u00e9 \u00c9diteur : Les miniguides Ecolibris, 2015 Format poche Dim. 11 x 17,5 160 pages Comme neuf\" \/>\n<meta property=\"og:url\" content=\"https:\/\/www.verdieditions.com\/equilibre-de-vie\/produit\/entrainer-volonte-stritzelberger-gerst\/\" \/>\n<meta property=\"og:site_name\" content=\"Equilibre de Vie\" \/>\n<meta property=\"article:modified_time\" content=\"2021-03-18T17:27:52+00:00\" \/>\n<meta property=\"og:image\" content=\"https:\/\/www.verdieditions.com\/equilibre-de-vie\/wp-content\/uploads\/2020\/06\/entrainer-sa-volonte-stritzelberger-gerst-1.jpg\" \/>\n\t<meta property=\"og:image:width\" content=\"589\" \/>\n\t<meta property=\"og:image:height\" content=\"881\" \/>\n\t<meta property=\"og:image:type\" content=\"image\/jpeg\" \/>\n<meta name=\"twitter:card\" content=\"summary_large_image\" \/>\n<meta name=\"twitter:label1\" content=\"Dur\u00e9e de lecture estim\u00e9e\" \/>\n\t<meta name=\"twitter:data1\" content=\"2 minutes\" \/>\n<script type=\"application\/ld+json\" class=\"yoast-schema-graph\">{\"@context\":\"https:\\\/\\\/schema.org\",\"@graph\":[{\"@type\":\"WebPage\",\"@id\":\"https:\\\/\\\/www.verdieditions.com\\\/equilibre-de-vie\\\/produit\\\/entrainer-volonte-stritzelberger-gerst\\\/\",\"url\":\"https:\\\/\\\/www.verdieditions.com\\\/equilibre-de-vie\\\/produit\\\/entrainer-volonte-stritzelberger-gerst\\\/\",\"name\":\"Entra\u00eener sa volont\u00e9 - R. STRITZELBERGER - P. GERST - Equilibre de Vie\",\"isPartOf\":{\"@id\":\"https:\\\/\\\/www.verdieditions.com\\\/equilibre-de-vie\\\/#website\"},\"primaryImageOfPage\":{\"@id\":\"https:\\\/\\\/www.verdieditions.com\\\/equilibre-de-vie\\\/produit\\\/entrainer-volonte-stritzelberger-gerst\\\/#primaryimage\"},\"image\":{\"@id\":\"https:\\\/\\\/www.verdieditions.com\\\/equilibre-de-vie\\\/produit\\\/entrainer-volonte-stritzelberger-gerst\\\/#primaryimage\"},\"thumbnailUrl\":\"https:\\\/\\\/www.verdieditions.com\\\/equilibre-de-vie\\\/wp-content\\\/uploads\\\/2020\\\/06\\\/entrainer-sa-volonte-stritzelberger-gerst-1.jpg\",\"datePublished\":\"2020-06-30T14:27:52+00:00\",\"dateModified\":\"2021-03-18T17:27:52+00:00\",\"description\":\"Auteur : R. STRITZELBERGER - P. GERST Titre : Entra\u00eener sa volont\u00e9 \u00c9diteur : Les miniguides Ecolibris, 2015 Format poche Dim. 11 x 17,5 160 pages Comme neuf\",\"breadcrumb\":{\"@id\":\"https:\\\/\\\/www.verdieditions.com\\\/equilibre-de-vie\\\/produit\\\/entrainer-volonte-stritzelberger-gerst\\\/#breadcrumb\"},\"inLanguage\":\"fr-FR\",\"potentialAction\":[{\"@type\":\"ReadAction\",\"target\":[\"https:\\\/\\\/www.verdieditions.com\\\/equilibre-de-vie\\\/produit\\\/entrainer-volonte-stritzelberger-gerst\\\/\"]}]},{\"@type\":\"ImageObject\",\"inLanguage\":\"fr-FR\",\"@id\":\"https:\\\/\\\/www.verdieditions.com\\\/equilibre-de-vie\\\/produit\\\/entrainer-volonte-stritzelberger-gerst\\\/#primaryimage\",\"url\":\"https:\\\/\\\/www.verdieditions.com\\\/equilibre-de-vie\\\/wp-content\\\/uploads\\\/2020\\\/06\\\/entrainer-sa-volonte-stritzelberger-gerst-1.jpg\",\"contentUrl\":\"https:\\\/\\\/www.verdieditions.com\\\/equilibre-de-vie\\\/wp-content\\\/uploads\\\/2020\\\/06\\\/entrainer-sa-volonte-stritzelberger-gerst-1.jpg\",\"width\":589,\"height\":881,\"caption\":\"entrainer-sa-volonte-stritzelberger-gerst-1\"},{\"@type\":\"BreadcrumbList\",\"@id\":\"https:\\\/\\\/www.verdieditions.com\\\/equilibre-de-vie\\\/produit\\\/entrainer-volonte-stritzelberger-gerst\\\/#breadcrumb\",\"itemListElement\":[{\"@type\":\"ListItem\",\"position\":1,\"name\":\"Accueil\",\"item\":\"https:\\\/\\\/www.verdieditions.com\\\/equilibre-de-vie\\\/\"},{\"@type\":\"ListItem\",\"position\":2,\"name\":\"La boutique\",\"item\":\"https:\\\/\\\/www.verdieditions.com\\\/equilibre-de-vie\\\/boutique\\\/\"},{\"@type\":\"ListItem\",\"position\":3,\"name\":\"Entra\u00eener sa volont\u00e9 &#8211; R. STRITZELBERGER &#8211; P. GERST\"}]},{\"@type\":\"WebSite\",\"@id\":\"https:\\\/\\\/www.verdieditions.com\\\/equilibre-de-vie\\\/#website\",\"url\":\"https:\\\/\\\/www.verdieditions.com\\\/equilibre-de-vie\\\/\",\"name\":\"Equilibre de Vie\",\"description\":\"Ma boutique livres sant\u00e9, \u00e9sot\u00e9risme et d\u00e9veloppement personnel\",\"publisher\":{\"@id\":\"https:\\\/\\\/www.verdieditions.com\\\/equilibre-de-vie\\\/#\\\/schema\\\/person\\\/9dcb2a6759f2f5fbf43ac0b44649cecb\"},\"potentialAction\":[{\"@type\":\"SearchAction\",\"target\":{\"@type\":\"EntryPoint\",\"urlTemplate\":\"https:\\\/\\\/www.verdieditions.com\\\/equilibre-de-vie\\\/?s={search_term_string}\"},\"query-input\":{\"@type\":\"PropertyValueSpecification\",\"valueRequired\":true,\"valueName\":\"search_term_string\"}}],\"inLanguage\":\"fr-FR\"},{\"@type\":[\"Person\",\"Organization\"],\"@id\":\"https:\\\/\\\/www.verdieditions.com\\\/equilibre-de-vie\\\/#\\\/schema\\\/person\\\/9dcb2a6759f2f5fbf43ac0b44649cecb\",\"name\":\"Sylvie VERDI\",\"image\":{\"@type\":\"ImageObject\",\"inLanguage\":\"fr-FR\",\"@id\":\"https:\\\/\\\/www.verdieditions.com\\\/equilibre-de-vie\\\/wp-content\\\/uploads\\\/2020\\\/04\\\/livres-occasion-sante-esoterisme-developpement-personnel-2.jpg\",\"url\":\"https:\\\/\\\/www.verdieditions.com\\\/equilibre-de-vie\\\/wp-content\\\/uploads\\\/2020\\\/04\\\/livres-occasion-sante-esoterisme-developpement-personnel-2.jpg\",\"contentUrl\":\"https:\\\/\\\/www.verdieditions.com\\\/equilibre-de-vie\\\/wp-content\\\/uploads\\\/2020\\\/04\\\/livres-occasion-sante-esoterisme-developpement-personnel-2.jpg\",\"width\":800,\"height\":572,\"caption\":\"Sylvie VERDI\"},\"logo\":{\"@id\":\"https:\\\/\\\/www.verdieditions.com\\\/equilibre-de-vie\\\/wp-content\\\/uploads\\\/2020\\\/04\\\/livres-occasion-sante-esoterisme-developpement-personnel-2.jpg\"},\"sameAs\":[\"https:\\\/\\\/www.verdieditions.com\\\/equilibre-de-vie\"]}]}<\/script>\n<!-- \/ Yoast SEO plugin. -->","yoast_head_json":{"title":"Entra\u00eener sa volont\u00e9 - R. STRITZELBERGER - P. GERST - Equilibre de Vie","description":"Auteur : R. STRITZELBERGER - P. GERST Titre : Entra\u00eener sa volont\u00e9 \u00c9diteur : Les miniguides Ecolibris, 2015 Format poche Dim. 11 x 17,5 160 pages Comme neuf","robots":{"index":"index","follow":"follow","max-snippet":"max-snippet:-1","max-image-preview":"max-image-preview:large","max-video-preview":"max-video-preview:-1"},"canonical":"https:\/\/www.verdieditions.com\/equilibre-de-vie\/produit\/entrainer-volonte-stritzelberger-gerst\/","og_locale":"fr_FR","og_type":"article","og_title":"Entra\u00eener sa volont\u00e9 - R. STRITZELBERGER - P. GERST - Equilibre de Vie","og_description":"Auteur : R. STRITZELBERGER - P. GERST Titre : Entra\u00eener sa volont\u00e9 \u00c9diteur : Les miniguides Ecolibris, 2015 Format poche Dim. 11 x 17,5 160 pages Comme neuf","og_url":"https:\/\/www.verdieditions.com\/equilibre-de-vie\/produit\/entrainer-volonte-stritzelberger-gerst\/","og_site_name":"Equilibre de Vie","article_modified_time":"2021-03-18T17:27:52+00:00","og_image":[{"width":589,"height":881,"url":"https:\/\/www.verdieditions.com\/equilibre-de-vie\/wp-content\/uploads\/2020\/06\/entrainer-sa-volonte-stritzelberger-gerst-1.jpg","type":"image\/jpeg"}],"twitter_card":"summary_large_image","twitter_misc":{"Dur\u00e9e de lecture estim\u00e9e":"2 minutes"},"schema":{"@context":"https:\/\/schema.org","@graph":[{"@type":"WebPage","@id":"https:\/\/www.verdieditions.com\/equilibre-de-vie\/produit\/entrainer-volonte-stritzelberger-gerst\/","url":"https:\/\/www.verdieditions.com\/equilibre-de-vie\/produit\/entrainer-volonte-stritzelberger-gerst\/","name":"Entra\u00eener sa volont\u00e9 - R. STRITZELBERGER - P. GERST - Equilibre de Vie","isPartOf":{"@id":"https:\/\/www.verdieditions.com\/equilibre-de-vie\/#website"},"primaryImageOfPage":{"@id":"https:\/\/www.verdieditions.com\/equilibre-de-vie\/produit\/entrainer-volonte-stritzelberger-gerst\/#primaryimage"},"image":{"@id":"https:\/\/www.verdieditions.com\/equilibre-de-vie\/produit\/entrainer-volonte-stritzelberger-gerst\/#primaryimage"},"thumbnailUrl":"https:\/\/www.verdieditions.com\/equilibre-de-vie\/wp-content\/uploads\/2020\/06\/entrainer-sa-volonte-stritzelberger-gerst-1.jpg","datePublished":"2020-06-30T14:27:52+00:00","dateModified":"2021-03-18T17:27:52+00:00","description":"Auteur : R. STRITZELBERGER - P. GERST Titre : Entra\u00eener sa volont\u00e9 \u00c9diteur : Les miniguides Ecolibris, 2015 Format poche Dim. 11 x 17,5 160 pages Comme neuf","breadcrumb":{"@id":"https:\/\/www.verdieditions.com\/equilibre-de-vie\/produit\/entrainer-volonte-stritzelberger-gerst\/#breadcrumb"},"inLanguage":"fr-FR","potentialAction":[{"@type":"ReadAction","target":["https:\/\/www.verdieditions.com\/equilibre-de-vie\/produit\/entrainer-volonte-stritzelberger-gerst\/"]}]},{"@type":"ImageObject","inLanguage":"fr-FR","@id":"https:\/\/www.verdieditions.com\/equilibre-de-vie\/produit\/entrainer-volonte-stritzelberger-gerst\/#primaryimage","url":"https:\/\/www.verdieditions.com\/equilibre-de-vie\/wp-content\/uploads\/2020\/06\/entrainer-sa-volonte-stritzelberger-gerst-1.jpg","contentUrl":"https:\/\/www.verdieditions.com\/equilibre-de-vie\/wp-content\/uploads\/2020\/06\/entrainer-sa-volonte-stritzelberger-gerst-1.jpg","width":589,"height":881,"caption":"entrainer-sa-volonte-stritzelberger-gerst-1"},{"@type":"BreadcrumbList","@id":"https:\/\/www.verdieditions.com\/equilibre-de-vie\/produit\/entrainer-volonte-stritzelberger-gerst\/#breadcrumb","itemListElement":[{"@type":"ListItem","position":1,"name":"Accueil","item":"https:\/\/www.verdieditions.com\/equilibre-de-vie\/"},{"@type":"ListItem","position":2,"name":"La boutique","item":"https:\/\/www.verdieditions.com\/equilibre-de-vie\/boutique\/"},{"@type":"ListItem","position":3,"name":"Entra\u00eener sa volont\u00e9 &#8211; R. STRITZELBERGER &#8211; P. GERST"}]},{"@type":"WebSite","@id":"https:\/\/www.verdieditions.com\/equilibre-de-vie\/#website","url":"https:\/\/www.verdieditions.com\/equilibre-de-vie\/","name":"Equilibre de Vie","description":"Ma boutique livres sant\u00e9, \u00e9sot\u00e9risme et d\u00e9veloppement personnel","publisher":{"@id":"https:\/\/www.verdieditions.com\/equilibre-de-vie\/#\/schema\/person\/9dcb2a6759f2f5fbf43ac0b44649cecb"},"potentialAction":[{"@type":"SearchAction","target":{"@type":"EntryPoint","urlTemplate":"https:\/\/www.verdieditions.com\/equilibre-de-vie\/?s={search_term_string}"},"query-input":{"@type":"PropertyValueSpecification","valueRequired":true,"valueName":"search_term_string"}}],"inLanguage":"fr-FR"},{"@type":["Person","Organization"],"@id":"https:\/\/www.verdieditions.com\/equilibre-de-vie\/#\/schema\/person\/9dcb2a6759f2f5fbf43ac0b44649cecb","name":"Sylvie VERDI","image":{"@type":"ImageObject","inLanguage":"fr-FR","@id":"https:\/\/www.verdieditions.com\/equilibre-de-vie\/wp-content\/uploads\/2020\/04\/livres-occasion-sante-esoterisme-developpement-personnel-2.jpg","url":"https:\/\/www.verdieditions.com\/equilibre-de-vie\/wp-content\/uploads\/2020\/04\/livres-occasion-sante-esoterisme-developpement-personnel-2.jpg","contentUrl":"https:\/\/www.verdieditions.com\/equilibre-de-vie\/wp-content\/uploads\/2020\/04\/livres-occasion-sante-esoterisme-developpement-personnel-2.jpg","width":800,"height":572,"caption":"Sylvie VERDI"},"logo":{"@id":"https:\/\/www.verdieditions.com\/equilibre-de-vie\/wp-content\/uploads\/2020\/04\/livres-occasion-sante-esoterisme-developpement-personnel-2.jpg"},"sameAs":["https:\/\/www.verdieditions.com\/equilibre-de-vie"]}]}},"_links":{"self":[{"href":"https:\/\/www.verdieditions.com\/equilibre-de-vie\/wp-json\/wp\/v2\/product\/1159","targetHints":{"allow":["GET"]}}],"collection":[{"href":"https:\/\/www.verdieditions.com\/equilibre-de-vie\/wp-json\/wp\/v2\/product"}],"about":[{"href":"https:\/\/www.verdieditions.com\/equilibre-de-vie\/wp-json\/wp\/v2\/types\/product"}],"wp:featuredmedia":[{"embeddable":true,"href":"https:\/\/www.verdieditions.com\/equilibre-de-vie\/wp-json\/wp\/v2\/media\/1160"}],"wp:attachment":[{"href":"https:\/\/www.verdieditions.com\/equilibre-de-vie\/wp-json\/wp\/v2\/media?parent=1159"}],"wp:term":[{"taxonomy":"product_brand","embeddable":true,"href":"https:\/\/www.verdieditions.com\/equilibre-de-vie\/wp-json\/wp\/v2\/product_brand?post=1159"},{"taxonomy":"product_cat","embeddable":true,"href":"https:\/\/www.verdieditions.com\/equilibre-de-vie\/wp-json\/wp\/v2\/product_cat?post=1159"},{"taxonomy":"product_tag","embeddable":true,"href":"https:\/\/www.verdieditions.com\/equilibre-de-vie\/wp-json\/wp\/v2\/product_tag?post=1159"}],"curies":[{"name":"wp","href":"https:\/\/api.w.org\/{rel}","templated":true}]}}