{"id":942,"date":"2020-04-28T12:14:44","date_gmt":"2020-04-28T10:14:44","guid":{"rendered":"https:\/\/www.verdieditions.com\/equilibre-de-vie\/?page_id=942"},"modified":"2023-01-19T09:45:03","modified_gmt":"2023-01-19T08:45:03","slug":"accueil","status":"publish","type":"page","link":"https:\/\/www.verdieditions.com\/equilibre-de-vie\/","title":{"rendered":"Accueil Ma Boutique \u00c9quilibre de de Vie"},"content":{"rendered":"<p><H3 style=\"text-align:center\">LES LIVRES AJOUT\u00c9S R\u00c9CEMMENT DANS LA BOUTIQUE<\/H3><br \/>\n<div class=\"woocommerce columns-6 \"><div id=\"product_wrapper6\" class=\"products kad_product_wrapper rowtight shopcolumn6 shopfullwidth init-isotope-intrinsic  reinit-isotope\" data-fade-in=\"1\"   data-iso-selector=\".kad_product\" data-iso-style=\"fitRows\" data-iso-filter=\"true\"><div class=\"product type-product post-109 status-publish first instock product_cat-esoterisme product_tag-astrologie product_tag-humaniste product_tag-psychologie product_tag-theme-astral has-post-thumbnail shipping-taxable product-type-simple tcol-md-2 tcol-sm-3 tcol-xs-4 tcol-ss-6 esoterisme kad_product\">\n\t\t<div class=\"grid_item product_item clearfix kad_product_fade_in kt_item_fade_in\"><a href=\"https:\/\/www.verdieditions.com\/equilibre-de-vie\/produit\/aspects-astrologiques-rudhyar-rael\/\" class=\"product_item_link product_img_link\"><div class=\"kad-product-flipper kt-product-intrinsic\" style=\"padding-bottom:135%;\"><div class=\"kad_img_flip image_flip_front\"><img loading=\"lazy\" decoding=\"async\" src=\"https:\/\/www.verdieditions.com\/equilibre-de-vie\/wp-content\/uploads\/2020\/04\/aspects-astrologiques-rudhyar-2-240x324.jpg\" srcset=\"https:\/\/www.verdieditions.com\/equilibre-de-vie\/wp-content\/uploads\/2020\/04\/aspects-astrologiques-rudhyar-2-240x324.jpg 240w, https:\/\/www.verdieditions.com\/equilibre-de-vie\/wp-content\/uploads\/2020\/04\/aspects-astrologiques-rudhyar-2-456x615.jpg 456w, https:\/\/www.verdieditions.com\/equilibre-de-vie\/wp-content\/uploads\/2020\/04\/aspects-astrologiques-rudhyar-2-334x450.jpg 334w, https:\/\/www.verdieditions.com\/equilibre-de-vie\/wp-content\/uploads\/2020\/04\/aspects-astrologiques-rudhyar-2-480x648.jpg 480w, https:\/\/www.verdieditions.com\/equilibre-de-vie\/wp-content\/uploads\/2020\/04\/aspects-astrologiques-rudhyar-2-300x405.jpg 300w\" sizes=\"auto, (max-width: 240px) 100vw, 240px\"  alt=\"aspects-astrologiques-rudhyar-2\" width=\"240\" height=\"324\" class=\"attachment-shop_catalog size-240x324 wp-post-image\"><\/div>\t\t\t\t<div class=\"kad_img_flip image_flip_back\">\n\t\t\t\t<img loading=\"lazy\" decoding=\"async\" src=\"https:\/\/www.verdieditions.com\/equilibre-de-vie\/wp-content\/uploads\/2020\/04\/aspects-astrologiques-rudhyar-3-240x324.jpg\" srcset=\"https:\/\/www.verdieditions.com\/equilibre-de-vie\/wp-content\/uploads\/2020\/04\/aspects-astrologiques-rudhyar-3-240x324.jpg 240w, https:\/\/www.verdieditions.com\/equilibre-de-vie\/wp-content\/uploads\/2020\/04\/aspects-astrologiques-rudhyar-3-456x615.jpg 456w, https:\/\/www.verdieditions.com\/equilibre-de-vie\/wp-content\/uploads\/2020\/04\/aspects-astrologiques-rudhyar-3-300x405.jpg 300w\" sizes=\"auto, (max-width: 240px) 100vw, 240px\"  alt=\"aspects-astrologiques-rudhyar-3\" width=\"240\" height=\"324\" class=\"attachment-shop_catalog size-240x324 wp-post-image\">\t\t\t\t<\/div>\n\t\t\t<\/div><\/a><div class=\"details_product_item\"><div class=\"product_details\"><a href=\"https:\/\/www.verdieditions.com\/equilibre-de-vie\/produit\/aspects-astrologiques-rudhyar-rael\/\" class=\"product_item_link product_title_link\"><h5>Les aspects astrologiques &#8211; Dane RUDHYAR &#8211; Leyla RAEL<\/h5><\/a><div class=\"product_excerpt\"><p>Auteur : Dane RUDHYAR &#8211; Leyla RAEL<br \/>\nTitre : Les aspects astrologiques, une approche bas\u00e9e sur le processus<br \/>\n\u00c9diteur : Le Rocher, 1985, collection Gnose<br \/>\n\u00c9dition originale france (textes violets)<br \/>\nDim. 13,5 x 20<br \/>\n378 pages<\/p>\n<\/div><\/div>\n\t<span class=\"price\"><span class=\"woocommerce-Price-amount amount\"><bdi>25,00&nbsp;<span class=\"woocommerce-Price-currencySymbol\">&euro;<\/span><\/bdi><\/span><\/span>\n<a href=\"https:\/\/www.verdieditions.com\/equilibre-de-vie\/produit\/aspects-astrologiques-rudhyar-rael\/\" aria-describedby=\"woocommerce_loop_add_to_cart_link_describedby_109\" data-quantity=\"1\" class=\"button product_type_simple kad-btn headerfont kad_add_to_cart\" data-product_id=\"109\" data-product_sku=\"AAR-1\" aria-label=\"En savoir plus sur &ldquo;Les aspects astrologiques - Dane RUDHYAR - Leyla RAEL&rdquo;\" rel=\"nofollow\" data-success_message=\"\">Lire la suite<\/a>\t<span id=\"woocommerce_loop_add_to_cart_link_describedby_109\" class=\"screen-reader-text\">\n\t\t\t<\/span>\n<div class=\"tinv-wraper woocommerce tinv-wishlist tinvwl-after-add-to-cart tinvwl-loop-button-wrapper tinvwl-woocommerce_after_shop_loop_item\"\r\n\t data-tinvwl_product_id=\"109\">\r\n\t<div class=\"tinv-wishlist-clear\"><\/div><a role=\"button\" tabindex=\"0\" name=\"ajouter-a-ma-wishlist\" aria-label=\"Ajouter \u00e0 ma Wishlist\" class=\"tinvwl_add_to_wishlist_button tinvwl-icon-heart  tinvwl-position-after tinvwl-loop\" data-tinv-wl-list=\"[]\" data-tinv-wl-product=\"109\" data-tinv-wl-productvariation=\"0\" data-tinv-wl-productvariations=\"[]\" data-tinv-wl-producttype=\"simple\" data-tinv-wl-action=\"add\"><span class=\"tinvwl_add_to_wishlist-text\">Ajouter \u00e0 ma Wishlist<\/span><\/a><div class=\"tinv-wishlist-clear\"><\/div>\t\t<div\r\n\t\tclass=\"tinvwl-tooltip\">Ajouter \u00e0 ma Wishlist<\/div>\r\n<\/div>\r\n<\/div><\/div><\/div>\n<div class=\"product type-product post-2385 status-publish instock product_cat-developpement-personnel product_tag-avenir product_tag-numerologie has-post-thumbnail featured shipping-taxable product-type-simple tcol-md-2 tcol-sm-3 tcol-xs-4 tcol-ss-6 developpement-personnel kad_product\">\n\t\t<div class=\"grid_item product_item clearfix kad_product_fade_in kt_item_fade_in\"><a href=\"https:\/\/www.verdieditions.com\/equilibre-de-vie\/produit\/abc-numerologie-fermier\/\" class=\"product_item_link product_img_link\"><div class=\"kad-product-flipper kt-product-intrinsic\" style=\"padding-bottom:135%;\"><div class=\"kad_img_flip image_flip_front\"><img loading=\"lazy\" decoding=\"async\" src=\"https:\/\/www.verdieditions.com\/equilibre-de-vie\/wp-content\/uploads\/2025\/03\/abc-numerologie-fermier-240x324.jpg\" srcset=\"https:\/\/www.verdieditions.com\/equilibre-de-vie\/wp-content\/uploads\/2025\/03\/abc-numerologie-fermier-240x324.jpg 240w, https:\/\/www.verdieditions.com\/equilibre-de-vie\/wp-content\/uploads\/2025\/03\/abc-numerologie-fermier-456x615.jpg 456w, https:\/\/www.verdieditions.com\/equilibre-de-vie\/wp-content\/uploads\/2025\/03\/abc-numerologie-fermier-334x450.jpg 334w, https:\/\/www.verdieditions.com\/equilibre-de-vie\/wp-content\/uploads\/2025\/03\/abc-numerologie-fermier-300x405.jpg 300w, https:\/\/www.verdieditions.com\/equilibre-de-vie\/wp-content\/uploads\/2025\/03\/abc-numerologie-fermier-400x540.jpg 400w, https:\/\/www.verdieditions.com\/equilibre-de-vie\/wp-content\/uploads\/2025\/03\/abc-numerologie-fermier-480x648.jpg 480w\" sizes=\"auto, (max-width: 240px) 100vw, 240px\"  alt=\"abc-numerologie-fermier\" width=\"240\" height=\"324\" class=\"attachment-shop_catalog size-240x324 wp-post-image\"><\/div>\t\t\t\t<div class=\"kad_img_flip image_flip_back\">\n\t\t\t\t<img loading=\"lazy\" decoding=\"async\" src=\"https:\/\/www.verdieditions.com\/equilibre-de-vie\/wp-content\/uploads\/2025\/03\/abc-numerologie-fermier-2-240x324.jpg\" srcset=\"https:\/\/www.verdieditions.com\/equilibre-de-vie\/wp-content\/uploads\/2025\/03\/abc-numerologie-fermier-2-240x324.jpg 240w, https:\/\/www.verdieditions.com\/equilibre-de-vie\/wp-content\/uploads\/2025\/03\/abc-numerologie-fermier-2-456x615.jpg 456w, https:\/\/www.verdieditions.com\/equilibre-de-vie\/wp-content\/uploads\/2025\/03\/abc-numerologie-fermier-2-300x405.jpg 300w, https:\/\/www.verdieditions.com\/equilibre-de-vie\/wp-content\/uploads\/2025\/03\/abc-numerologie-fermier-2-400x540.jpg 400w, https:\/\/www.verdieditions.com\/equilibre-de-vie\/wp-content\/uploads\/2025\/03\/abc-numerologie-fermier-2-480x648.jpg 480w\" sizes=\"auto, (max-width: 240px) 100vw, 240px\"  alt=\"abc-numerologie-fermier-2\" width=\"240\" height=\"324\" class=\"attachment-shop_catalog size-240x324 wp-post-image\">\t\t\t\t<\/div>\n\t\t\t<\/div><\/a><div class=\"details_product_item\"><div class=\"product_details\"><a href=\"https:\/\/www.verdieditions.com\/equilibre-de-vie\/produit\/abc-numerologie-fermier\/\" class=\"product_item_link product_title_link\"><h5>ABC de la num\u00e9rologie &#8211; Jean-Daniel FERMIER<\/h5><\/a><div class=\"product_excerpt\"><p>Auteur : Jean-Daniel FERMIER<br \/>\nTitre : ABC de la num\u00e9rologie, votre avenir par les chiffres<br \/>\n\u00c9diteur : Jacques Grancher, 1989<br \/>\nDim. 14,5 x 21,5<br \/>\n208 pages<\/p>\n<\/div><\/div>\n\t<span class=\"price\"><span class=\"woocommerce-Price-amount amount\"><bdi>3,00&nbsp;<span class=\"woocommerce-Price-currencySymbol\">&euro;<\/span><\/bdi><\/span><\/span>\n<a href=\"https:\/\/www.verdieditions.com\/equilibre-de-vie\/produit\/abc-numerologie-fermier\/\" aria-describedby=\"woocommerce_loop_add_to_cart_link_describedby_2385\" data-quantity=\"1\" class=\"button product_type_simple kad-btn headerfont kad_add_to_cart\" data-product_id=\"2385\" data-product_sku=\"FER-1\" aria-label=\"En savoir plus sur &ldquo;ABC de la num\u00e9rologie - Jean-Daniel FERMIER&rdquo;\" rel=\"nofollow\" data-success_message=\"\">Lire la suite<\/a>\t<span id=\"woocommerce_loop_add_to_cart_link_describedby_2385\" class=\"screen-reader-text\">\n\t\t\t<\/span>\n<div class=\"tinv-wraper woocommerce tinv-wishlist tinvwl-after-add-to-cart tinvwl-loop-button-wrapper tinvwl-woocommerce_after_shop_loop_item\"\r\n\t data-tinvwl_product_id=\"2385\">\r\n\t<div class=\"tinv-wishlist-clear\"><\/div><a role=\"button\" tabindex=\"0\" name=\"ajouter-a-ma-wishlist\" aria-label=\"Ajouter \u00e0 ma Wishlist\" class=\"tinvwl_add_to_wishlist_button tinvwl-icon-heart  tinvwl-position-after tinvwl-loop\" data-tinv-wl-list=\"[]\" data-tinv-wl-product=\"2385\" data-tinv-wl-productvariation=\"0\" data-tinv-wl-productvariations=\"[]\" data-tinv-wl-producttype=\"simple\" data-tinv-wl-action=\"add\"><span class=\"tinvwl_add_to_wishlist-text\">Ajouter \u00e0 ma Wishlist<\/span><\/a><div class=\"tinv-wishlist-clear\"><\/div>\t\t<div\r\n\t\tclass=\"tinvwl-tooltip\">Ajouter \u00e0 ma Wishlist<\/div>\r\n<\/div>\r\n<\/div><\/div><\/div>\n<div class=\"product type-product post-2310 status-publish instock product_cat-sante product_tag-alimentation product_tag-astrologie has-post-thumbnail shipping-taxable product-type-simple tcol-md-2 tcol-sm-3 tcol-xs-4 tcol-ss-6 sante kad_product\">\n\t\t<div class=\"grid_item product_item clearfix kad_product_fade_in kt_item_fade_in\"><a href=\"https:\/\/www.verdieditions.com\/equilibre-de-vie\/produit\/banquet-astres-sante-astrologie-bernard\/\" class=\"product_item_link product_img_link\"><div class=\"kad-product-flipper kt-product-intrinsic\" style=\"padding-bottom:135%;\"><div class=\"kad_img_flip image_flip_front\"><img loading=\"lazy\" decoding=\"async\" src=\"https:\/\/www.verdieditions.com\/equilibre-de-vie\/wp-content\/uploads\/2024\/02\/banquet-astres-sante-alimentaires-astrologie-bernard-240x324.jpg\" srcset=\"https:\/\/www.verdieditions.com\/equilibre-de-vie\/wp-content\/uploads\/2024\/02\/banquet-astres-sante-alimentaires-astrologie-bernard-240x324.jpg 240w, https:\/\/www.verdieditions.com\/equilibre-de-vie\/wp-content\/uploads\/2024\/02\/banquet-astres-sante-alimentaires-astrologie-bernard-456x615.jpg 456w, https:\/\/www.verdieditions.com\/equilibre-de-vie\/wp-content\/uploads\/2024\/02\/banquet-astres-sante-alimentaires-astrologie-bernard-334x450.jpg 334w, https:\/\/www.verdieditions.com\/equilibre-de-vie\/wp-content\/uploads\/2024\/02\/banquet-astres-sante-alimentaires-astrologie-bernard-300x405.jpg 300w, https:\/\/www.verdieditions.com\/equilibre-de-vie\/wp-content\/uploads\/2024\/02\/banquet-astres-sante-alimentaires-astrologie-bernard-400x540.jpg 400w, https:\/\/www.verdieditions.com\/equilibre-de-vie\/wp-content\/uploads\/2024\/02\/banquet-astres-sante-alimentaires-astrologie-bernard-480x648.jpg 480w\" sizes=\"auto, (max-width: 240px) 100vw, 240px\"  alt=\"banquet-astres-sante-alimentaires-astrologie-bernard\" width=\"240\" height=\"324\" class=\"attachment-shop_catalog size-240x324 wp-post-image\"><\/div>\t\t\t\t<div class=\"kad_img_flip image_flip_back\">\n\t\t\t\t<img loading=\"lazy\" decoding=\"async\" src=\"https:\/\/www.verdieditions.com\/equilibre-de-vie\/wp-content\/uploads\/2024\/02\/banquet-astres-sante-alimentaires-astrologie-bernard-2-240x324.jpg\" srcset=\"https:\/\/www.verdieditions.com\/equilibre-de-vie\/wp-content\/uploads\/2024\/02\/banquet-astres-sante-alimentaires-astrologie-bernard-2-240x324.jpg 240w, https:\/\/www.verdieditions.com\/equilibre-de-vie\/wp-content\/uploads\/2024\/02\/banquet-astres-sante-alimentaires-astrologie-bernard-2-456x615.jpg 456w, https:\/\/www.verdieditions.com\/equilibre-de-vie\/wp-content\/uploads\/2024\/02\/banquet-astres-sante-alimentaires-astrologie-bernard-2-300x405.jpg 300w, https:\/\/www.verdieditions.com\/equilibre-de-vie\/wp-content\/uploads\/2024\/02\/banquet-astres-sante-alimentaires-astrologie-bernard-2-400x540.jpg 400w, https:\/\/www.verdieditions.com\/equilibre-de-vie\/wp-content\/uploads\/2024\/02\/banquet-astres-sante-alimentaires-astrologie-bernard-2-480x648.jpg 480w\" sizes=\"auto, (max-width: 240px) 100vw, 240px\"  alt=\"banquet-astres-sante-alimentaires-astrologie-bernard-2\" width=\"240\" height=\"324\" class=\"attachment-shop_catalog size-240x324 wp-post-image\">\t\t\t\t<\/div>\n\t\t\t<\/div><\/a><div class=\"details_product_item\"><div class=\"product_details\"><a href=\"https:\/\/www.verdieditions.com\/equilibre-de-vie\/produit\/banquet-astres-sante-astrologie-bernard\/\" class=\"product_item_link product_title_link\"><h5>Au banquet des astres &#8211; Anne BERNARD<\/h5><\/a><div class=\"product_excerpt\"><p>Auteur : Anne BERNARD<br \/>\nTitre : Au banquet des astres, votre sant\u00e9 et vos habitudes alimentaires d\u00e9crites par l&rsquo;astrologie<br \/>\n\u00c9diteur : MA, 1983<br \/>\nEdition originale<br \/>\nDim. 15,5 x 24<br \/>\n254 pages<\/p>\n<\/div><\/div>\n\t<span class=\"price\"><span class=\"woocommerce-Price-amount amount\"><bdi>16,00&nbsp;<span class=\"woocommerce-Price-currencySymbol\">&euro;<\/span><\/bdi><\/span><\/span>\n<a href=\"https:\/\/www.verdieditions.com\/equilibre-de-vie\/produit\/banquet-astres-sante-astrologie-bernard\/\" aria-describedby=\"woocommerce_loop_add_to_cart_link_describedby_2310\" data-quantity=\"1\" class=\"button product_type_simple kad-btn headerfont kad_add_to_cart\" data-product_id=\"2310\" data-product_sku=\"BNR-1\" aria-label=\"En savoir plus sur &ldquo;Au banquet des astres - Anne BERNARD&rdquo;\" rel=\"nofollow\" data-success_message=\"\">Lire la suite<\/a>\t<span id=\"woocommerce_loop_add_to_cart_link_describedby_2310\" class=\"screen-reader-text\">\n\t\t\t<\/span>\n<div class=\"tinv-wraper woocommerce tinv-wishlist tinvwl-after-add-to-cart tinvwl-loop-button-wrapper tinvwl-woocommerce_after_shop_loop_item\"\r\n\t data-tinvwl_product_id=\"2310\">\r\n\t<div class=\"tinv-wishlist-clear\"><\/div><a role=\"button\" tabindex=\"0\" name=\"ajouter-a-ma-wishlist\" aria-label=\"Ajouter \u00e0 ma Wishlist\" class=\"tinvwl_add_to_wishlist_button tinvwl-icon-heart  tinvwl-position-after tinvwl-loop\" data-tinv-wl-list=\"[]\" data-tinv-wl-product=\"2310\" data-tinv-wl-productvariation=\"0\" data-tinv-wl-productvariations=\"[]\" data-tinv-wl-producttype=\"simple\" data-tinv-wl-action=\"add\"><span class=\"tinvwl_add_to_wishlist-text\">Ajouter \u00e0 ma Wishlist<\/span><\/a><div class=\"tinv-wishlist-clear\"><\/div>\t\t<div\r\n\t\tclass=\"tinvwl-tooltip\">Ajouter \u00e0 ma Wishlist<\/div>\r\n<\/div>\r\n<\/div><\/div><\/div>\n<div class=\"product type-product post-2309 status-publish instock product_cat-sante product_tag-medecine-alternative has-post-thumbnail shipping-taxable product-type-simple tcol-md-2 tcol-sm-3 tcol-xs-4 tcol-ss-6 sante kad_product\">\n\t\t<div class=\"grid_item product_item clearfix kad_product_fade_in kt_item_fade_in\"><a href=\"https:\/\/www.verdieditions.com\/equilibre-de-vie\/produit\/patriarche-lucien-engelmajer\/\" class=\"product_item_link product_img_link\"><div class=\"kad-product-flipper kt-product-intrinsic\" style=\"padding-bottom:135%;\"><div class=\"kad_img_flip image_flip_front\"><img loading=\"lazy\" decoding=\"async\" src=\"https:\/\/www.verdieditions.com\/equilibre-de-vie\/wp-content\/uploads\/2024\/02\/engelmajer-patriarche-240x324.jpg\" srcset=\"https:\/\/www.verdieditions.com\/equilibre-de-vie\/wp-content\/uploads\/2024\/02\/engelmajer-patriarche-240x324.jpg 240w, https:\/\/www.verdieditions.com\/equilibre-de-vie\/wp-content\/uploads\/2024\/02\/engelmajer-patriarche-456x615.jpg 456w, https:\/\/www.verdieditions.com\/equilibre-de-vie\/wp-content\/uploads\/2024\/02\/engelmajer-patriarche-334x450.jpg 334w, https:\/\/www.verdieditions.com\/equilibre-de-vie\/wp-content\/uploads\/2024\/02\/engelmajer-patriarche-300x405.jpg 300w, https:\/\/www.verdieditions.com\/equilibre-de-vie\/wp-content\/uploads\/2024\/02\/engelmajer-patriarche-480x648.jpg 480w\" sizes=\"auto, (max-width: 240px) 100vw, 240px\"  alt=\"engelmajer-patriarche\" width=\"240\" height=\"324\" class=\"attachment-shop_catalog size-240x324 wp-post-image\"><\/div>\t\t\t\t<div class=\"kad_img_flip image_flip_back\">\n\t\t\t\t<img loading=\"lazy\" decoding=\"async\" src=\"https:\/\/www.verdieditions.com\/equilibre-de-vie\/wp-content\/uploads\/2024\/02\/engelmajer-patriarche-1-240x324.jpg\" srcset=\"https:\/\/www.verdieditions.com\/equilibre-de-vie\/wp-content\/uploads\/2024\/02\/engelmajer-patriarche-1-240x324.jpg 240w, https:\/\/www.verdieditions.com\/equilibre-de-vie\/wp-content\/uploads\/2024\/02\/engelmajer-patriarche-1-456x615.jpg 456w, https:\/\/www.verdieditions.com\/equilibre-de-vie\/wp-content\/uploads\/2024\/02\/engelmajer-patriarche-1-300x405.jpg 300w, https:\/\/www.verdieditions.com\/equilibre-de-vie\/wp-content\/uploads\/2024\/02\/engelmajer-patriarche-1-480x648.jpg 480w\" sizes=\"auto, (max-width: 240px) 100vw, 240px\"  alt=\"engelmajer-patriarche-1\" width=\"240\" height=\"324\" class=\"attachment-shop_catalog size-240x324 wp-post-image\">\t\t\t\t<\/div>\n\t\t\t<\/div><\/a><div class=\"details_product_item\"><div class=\"product_details\"><a href=\"https:\/\/www.verdieditions.com\/equilibre-de-vie\/produit\/patriarche-lucien-engelmajer\/\" class=\"product_item_link product_title_link\"><h5>Le Patriarche &#8211; Lucien ENGELMAJER<\/h5><\/a><div class=\"product_excerpt\"><p>Auteur : Lucien ENGELMAJER<br \/>\nTitre : Le Patriarche, l&rsquo;espoir en action<br \/>\n\u00c9diteur : Le P\u00e2tre, 1988<br \/>\nEdition originale<br \/>\nAvec livret de photos couleur<br \/>\nEtat : Excellent, comme neuf<br \/>\nDim. 13 x 22<br \/>\n400 pages<\/p>\n<\/div><\/div>\n\t<span class=\"price\"><span class=\"woocommerce-Price-amount amount\"><bdi>12,00&nbsp;<span class=\"woocommerce-Price-currencySymbol\">&euro;<\/span><\/bdi><\/span><\/span>\n<a href=\"https:\/\/www.verdieditions.com\/equilibre-de-vie\/produit\/patriarche-lucien-engelmajer\/\" aria-describedby=\"woocommerce_loop_add_to_cart_link_describedby_2309\" data-quantity=\"1\" class=\"button product_type_simple kad-btn headerfont kad_add_to_cart\" data-product_id=\"2309\" data-product_sku=\"NGL-1\" aria-label=\"En savoir plus sur &ldquo;Le Patriarche - Lucien ENGELMAJER&rdquo;\" rel=\"nofollow\" data-success_message=\"\">Lire la suite<\/a>\t<span id=\"woocommerce_loop_add_to_cart_link_describedby_2309\" class=\"screen-reader-text\">\n\t\t\t<\/span>\n<div class=\"tinv-wraper woocommerce tinv-wishlist tinvwl-after-add-to-cart tinvwl-loop-button-wrapper tinvwl-woocommerce_after_shop_loop_item\"\r\n\t data-tinvwl_product_id=\"2309\">\r\n\t<div class=\"tinv-wishlist-clear\"><\/div><a role=\"button\" tabindex=\"0\" name=\"ajouter-a-ma-wishlist\" aria-label=\"Ajouter \u00e0 ma Wishlist\" class=\"tinvwl_add_to_wishlist_button tinvwl-icon-heart  tinvwl-position-after tinvwl-loop\" data-tinv-wl-list=\"[]\" data-tinv-wl-product=\"2309\" data-tinv-wl-productvariation=\"0\" data-tinv-wl-productvariations=\"[]\" data-tinv-wl-producttype=\"simple\" data-tinv-wl-action=\"add\"><span class=\"tinvwl_add_to_wishlist-text\">Ajouter \u00e0 ma Wishlist<\/span><\/a><div class=\"tinv-wishlist-clear\"><\/div>\t\t<div\r\n\t\tclass=\"tinvwl-tooltip\">Ajouter \u00e0 ma Wishlist<\/div>\r\n<\/div>\r\n<\/div><\/div><\/div>\n<div class=\"product type-product post-2308 status-publish instock product_cat-sante product_tag-medecine-naturelle product_tag-nature product_tag-plantes has-post-thumbnail shipping-taxable product-type-simple tcol-md-2 tcol-sm-3 tcol-xs-4 tcol-ss-6 sante kad_product\">\n\t\t<div class=\"grid_item product_item clearfix kad_product_fade_in kt_item_fade_in\"><a href=\"https:\/\/www.verdieditions.com\/equilibre-de-vie\/produit\/plantes-medicinales-girre\/\" class=\"product_item_link product_img_link\"><div class=\"kad-product-flipper kt-product-intrinsic\" style=\"padding-bottom:135%;\"><div class=\"kad_img_flip image_flip_front\"><img loading=\"lazy\" decoding=\"async\" src=\"https:\/\/www.verdieditions.com\/equilibre-de-vie\/wp-content\/uploads\/2024\/02\/plantes-medicinales-girre-240x324.jpg\" srcset=\"https:\/\/www.verdieditions.com\/equilibre-de-vie\/wp-content\/uploads\/2024\/02\/plantes-medicinales-girre-240x324.jpg 240w, https:\/\/www.verdieditions.com\/equilibre-de-vie\/wp-content\/uploads\/2024\/02\/plantes-medicinales-girre-456x615.jpg 456w, https:\/\/www.verdieditions.com\/equilibre-de-vie\/wp-content\/uploads\/2024\/02\/plantes-medicinales-girre-334x450.jpg 334w, https:\/\/www.verdieditions.com\/equilibre-de-vie\/wp-content\/uploads\/2024\/02\/plantes-medicinales-girre-300x405.jpg 300w, https:\/\/www.verdieditions.com\/equilibre-de-vie\/wp-content\/uploads\/2024\/02\/plantes-medicinales-girre-480x648.jpg 480w, https:\/\/www.verdieditions.com\/equilibre-de-vie\/wp-content\/uploads\/2024\/02\/plantes-medicinales-girre.jpg 590w\" sizes=\"auto, (max-width: 240px) 100vw, 240px\"  alt=\"plantes-medicinales-girre\" width=\"240\" height=\"324\" class=\"attachment-shop_catalog size-240x324 wp-post-image\"><\/div>\t\t\t\t<div class=\"kad_img_flip image_flip_back\">\n\t\t\t\t<img loading=\"lazy\" decoding=\"async\" src=\"https:\/\/www.verdieditions.com\/equilibre-de-vie\/wp-content\/uploads\/2024\/02\/plantes-medicinales-girre-2-240x324.jpg\" srcset=\"https:\/\/www.verdieditions.com\/equilibre-de-vie\/wp-content\/uploads\/2024\/02\/plantes-medicinales-girre-2-240x324.jpg 240w, https:\/\/www.verdieditions.com\/equilibre-de-vie\/wp-content\/uploads\/2024\/02\/plantes-medicinales-girre-2-222x300.jpg 222w, https:\/\/www.verdieditions.com\/equilibre-de-vie\/wp-content\/uploads\/2024\/02\/plantes-medicinales-girre-2-456x615.jpg 456w, https:\/\/www.verdieditions.com\/equilibre-de-vie\/wp-content\/uploads\/2024\/02\/plantes-medicinales-girre-2-300x405.jpg 300w, https:\/\/www.verdieditions.com\/equilibre-de-vie\/wp-content\/uploads\/2024\/02\/plantes-medicinales-girre-2-480x648.jpg 480w, https:\/\/www.verdieditions.com\/equilibre-de-vie\/wp-content\/uploads\/2024\/02\/plantes-medicinales-girre-2.jpg 592w\" sizes=\"auto, (max-width: 240px) 100vw, 240px\"  alt=\"plantes-medicinales-girre-2\" width=\"240\" height=\"324\" class=\"attachment-shop_catalog size-240x324 wp-post-image\">\t\t\t\t<\/div>\n\t\t\t<\/div><\/a><div class=\"details_product_item\"><div class=\"product_details\"><a href=\"https:\/\/www.verdieditions.com\/equilibre-de-vie\/produit\/plantes-medicinales-girre\/\" class=\"product_item_link product_title_link\"><h5>Les plantes m\u00e9dicinales &#8211; Pr Lo\u00efc GIRRE<\/h5><\/a><div class=\"product_excerpt\"><p>Auteur : Pr Lo\u00efc GIRRE<br \/>\nTitre : Les plantes m\u00e9dicinales<br \/>\n\u00c9diteur : Ouest France, 1979<br \/>\nEdition originale<br \/>\nDim. 16,5 x 23<br \/>\n32 pages<\/p>\n<\/div><\/div>\n\t<span class=\"price\"><span class=\"woocommerce-Price-amount amount\"><bdi>9,00&nbsp;<span class=\"woocommerce-Price-currencySymbol\">&euro;<\/span><\/bdi><\/span><\/span>\n<a href=\"https:\/\/www.verdieditions.com\/equilibre-de-vie\/produit\/plantes-medicinales-girre\/\" aria-describedby=\"woocommerce_loop_add_to_cart_link_describedby_2308\" data-quantity=\"1\" class=\"button product_type_simple kad-btn headerfont kad_add_to_cart\" data-product_id=\"2308\" data-product_sku=\"GIR-1\" aria-label=\"En savoir plus sur &ldquo;Les plantes m\u00e9dicinales - Pr Lo\u00efc GIRRE&rdquo;\" rel=\"nofollow\" data-success_message=\"\">Lire la suite<\/a>\t<span id=\"woocommerce_loop_add_to_cart_link_describedby_2308\" class=\"screen-reader-text\">\n\t\t\t<\/span>\n<div class=\"tinv-wraper woocommerce tinv-wishlist tinvwl-after-add-to-cart tinvwl-loop-button-wrapper tinvwl-woocommerce_after_shop_loop_item\"\r\n\t data-tinvwl_product_id=\"2308\">\r\n\t<div class=\"tinv-wishlist-clear\"><\/div><a role=\"button\" tabindex=\"0\" name=\"ajouter-a-ma-wishlist\" aria-label=\"Ajouter \u00e0 ma Wishlist\" class=\"tinvwl_add_to_wishlist_button tinvwl-icon-heart  tinvwl-position-after tinvwl-loop\" data-tinv-wl-list=\"[]\" data-tinv-wl-product=\"2308\" data-tinv-wl-productvariation=\"0\" data-tinv-wl-productvariations=\"[]\" data-tinv-wl-producttype=\"simple\" data-tinv-wl-action=\"add\"><span class=\"tinvwl_add_to_wishlist-text\">Ajouter \u00e0 ma Wishlist<\/span><\/a><div class=\"tinv-wishlist-clear\"><\/div>\t\t<div\r\n\t\tclass=\"tinvwl-tooltip\">Ajouter \u00e0 ma Wishlist<\/div>\r\n<\/div>\r\n<\/div><\/div><\/div>\n<div class=\"product type-product post-2306 status-publish last instock product_cat-sante product_tag-astrologie product_tag-medecine-naturelle product_tag-nature product_tag-plantes has-post-thumbnail shipping-taxable product-type-simple tcol-md-2 tcol-sm-3 tcol-xs-4 tcol-ss-6 sante kad_product\">\n\t\t<div class=\"grid_item product_item clearfix kad_product_fade_in kt_item_fade_in\"><a href=\"https:\/\/www.verdieditions.com\/equilibre-de-vie\/produit\/astro-plantes-winckle\/\" class=\"product_item_link product_img_link\"><div class=\"kad-product-flipper kt-product-intrinsic\" style=\"padding-bottom:135%;\"><div class=\"kad_img_flip image_flip_front\"><img loading=\"lazy\" decoding=\"async\" src=\"https:\/\/www.verdieditions.com\/equilibre-de-vie\/wp-content\/uploads\/2024\/02\/astro-plantes-winckle-240x324.jpg\" srcset=\"https:\/\/www.verdieditions.com\/equilibre-de-vie\/wp-content\/uploads\/2024\/02\/astro-plantes-winckle-240x324.jpg 240w, https:\/\/www.verdieditions.com\/equilibre-de-vie\/wp-content\/uploads\/2024\/02\/astro-plantes-winckle-456x615.jpg 456w, https:\/\/www.verdieditions.com\/equilibre-de-vie\/wp-content\/uploads\/2024\/02\/astro-plantes-winckle-334x450.jpg 334w, https:\/\/www.verdieditions.com\/equilibre-de-vie\/wp-content\/uploads\/2024\/02\/astro-plantes-winckle-300x405.jpg 300w, https:\/\/www.verdieditions.com\/equilibre-de-vie\/wp-content\/uploads\/2024\/02\/astro-plantes-winckle-400x540.jpg 400w, https:\/\/www.verdieditions.com\/equilibre-de-vie\/wp-content\/uploads\/2024\/02\/astro-plantes-winckle-480x648.jpg 480w\" sizes=\"auto, (max-width: 240px) 100vw, 240px\"  alt=\"astro-plantes-winckle\" width=\"240\" height=\"324\" class=\"attachment-shop_catalog size-240x324 wp-post-image\"><\/div>\t\t\t\t<div class=\"kad_img_flip image_flip_back\">\n\t\t\t\t<img loading=\"lazy\" decoding=\"async\" src=\"https:\/\/www.verdieditions.com\/equilibre-de-vie\/wp-content\/uploads\/2024\/02\/astro-plantes-winckle-2-240x324.jpg\" srcset=\"https:\/\/www.verdieditions.com\/equilibre-de-vie\/wp-content\/uploads\/2024\/02\/astro-plantes-winckle-2-240x324.jpg 240w, https:\/\/www.verdieditions.com\/equilibre-de-vie\/wp-content\/uploads\/2024\/02\/astro-plantes-winckle-2-456x615.jpg 456w, https:\/\/www.verdieditions.com\/equilibre-de-vie\/wp-content\/uploads\/2024\/02\/astro-plantes-winckle-2-600x810.jpg 600w, https:\/\/www.verdieditions.com\/equilibre-de-vie\/wp-content\/uploads\/2024\/02\/astro-plantes-winckle-2-300x405.jpg 300w, https:\/\/www.verdieditions.com\/equilibre-de-vie\/wp-content\/uploads\/2024\/02\/astro-plantes-winckle-2-400x540.jpg 400w, https:\/\/www.verdieditions.com\/equilibre-de-vie\/wp-content\/uploads\/2024\/02\/astro-plantes-winckle-2-480x648.jpg 480w\" sizes=\"auto, (max-width: 240px) 100vw, 240px\"  alt=\"astro-plantes-winckle-2\" width=\"240\" height=\"324\" class=\"attachment-shop_catalog size-240x324 wp-post-image\">\t\t\t\t<\/div>\n\t\t\t<\/div><\/a><div class=\"details_product_item\"><div class=\"product_details\"><a href=\"https:\/\/www.verdieditions.com\/equilibre-de-vie\/produit\/astro-plantes-winckle\/\" class=\"product_item_link product_title_link\"><h5>Astro Plantes &#8211; Ronika WINCKLE<\/h5><\/a><div class=\"product_excerpt\"><p>Auteur : Ronika WINCKLE<br \/>\nTitre : Astro Plantes, se soigner par les plantes selon son signe astral<br \/>\n\u00c9diteur : Alpen, 2006<br \/>\nEdition originale<br \/>\nDim. 15 x 15<br \/>\n124 pages<\/p>\n<\/div><\/div>\n\t<span class=\"price\"><span class=\"woocommerce-Price-amount amount\"><bdi>8,00&nbsp;<span class=\"woocommerce-Price-currencySymbol\">&euro;<\/span><\/bdi><\/span><\/span>\n<a href=\"https:\/\/www.verdieditions.com\/equilibre-de-vie\/produit\/astro-plantes-winckle\/\" aria-describedby=\"woocommerce_loop_add_to_cart_link_describedby_2306\" data-quantity=\"1\" class=\"button product_type_simple kad-btn headerfont kad_add_to_cart\" data-product_id=\"2306\" data-product_sku=\"WCK-1\" aria-label=\"En savoir plus sur &ldquo;Astro Plantes - Ronika WINCKLE&rdquo;\" rel=\"nofollow\" data-success_message=\"\">Lire la suite<\/a>\t<span id=\"woocommerce_loop_add_to_cart_link_describedby_2306\" class=\"screen-reader-text\">\n\t\t\t<\/span>\n<div class=\"tinv-wraper woocommerce tinv-wishlist tinvwl-after-add-to-cart tinvwl-loop-button-wrapper tinvwl-woocommerce_after_shop_loop_item\"\r\n\t data-tinvwl_product_id=\"2306\">\r\n\t<div class=\"tinv-wishlist-clear\"><\/div><a role=\"button\" tabindex=\"0\" name=\"ajouter-a-ma-wishlist\" aria-label=\"Ajouter \u00e0 ma Wishlist\" class=\"tinvwl_add_to_wishlist_button tinvwl-icon-heart  tinvwl-position-after tinvwl-loop\" data-tinv-wl-list=\"[]\" data-tinv-wl-product=\"2306\" data-tinv-wl-productvariation=\"0\" data-tinv-wl-productvariations=\"[]\" data-tinv-wl-producttype=\"simple\" data-tinv-wl-action=\"add\"><span class=\"tinvwl_add_to_wishlist-text\">Ajouter \u00e0 ma Wishlist<\/span><\/a><div class=\"tinv-wishlist-clear\"><\/div>\t\t<div\r\n\t\tclass=\"tinvwl-tooltip\">Ajouter \u00e0 ma Wishlist<\/div>\r\n<\/div>\r\n<\/div><\/div><\/div>\n<\/div>\n<\/div>\n<p style=\"text-align: right;\"><a href=\"https:\/\/www.verdieditions.com\/equilibre-de-vie\/boutique\/?orderby=date\">Plus de livres ajout\u00e9s r\u00e9cemment&#8230;<\/a><\/p>\n","protected":false},"excerpt":{"rendered":"<p>LES LIVRES AJOUT\u00c9S R\u00c9CEMMENT DANS LA BOUTIQUE Plus de livres ajout\u00e9s r\u00e9cemment&#8230;<\/p>\n","protected":false},"author":1,"featured_media":940,"parent":0,"menu_order":0,"comment_status":"closed","ping_status":"closed","template":"","meta":{"footnotes":""},"class_list":["post-942","page","type-page","status-publish","has-post-thumbnail","hentry"],"yoast_head":"<!-- This site is optimized with the Yoast SEO plugin v27.4 - https:\/\/yoast.com\/product\/yoast-seo-wordpress\/ -->\n<title>Boutique \u00c9quilibre de vie - Livres d&#039;occasion Sant\u00e9 \u00c9sot\u00e9risme D\u00e9veloppement Personnel<\/title>\n<meta name=\"description\" content=\"\u00c9quilibre de vie : ma Boutique de livres Sant\u00e9, \u00c9sot\u00e9risme &amp; D\u00e9veloppement personnel. Livres d&#039;occasion : sophrologie, astrologie, coaching..\" \/>\n<meta name=\"robots\" content=\"index, follow, max-snippet:-1, max-image-preview:large, max-video-preview:-1\" \/>\n<link rel=\"canonical\" href=\"https:\/\/www.verdieditions.com\/equilibre-de-vie\/\" \/>\n<meta property=\"og:locale\" content=\"fr_FR\" \/>\n<meta property=\"og:type\" content=\"article\" \/>\n<meta property=\"og:title\" content=\"Boutique \u00c9quilibre de vie - Livres d&#039;occasion Sant\u00e9 \u00c9sot\u00e9risme D\u00e9veloppement Personnel\" \/>\n<meta property=\"og:description\" content=\"\u00c9quilibre de vie : ma Boutique de livres Sant\u00e9, \u00c9sot\u00e9risme &amp; D\u00e9veloppement personnel. Livres d&#039;occasion : sophrologie, astrologie, coaching..\" \/>\n<meta property=\"og:url\" content=\"https:\/\/www.verdieditions.com\/equilibre-de-vie\/\" \/>\n<meta property=\"og:site_name\" content=\"Equilibre de Vie\" \/>\n<meta property=\"article:modified_time\" content=\"2023-01-19T08:45:03+00:00\" \/>\n<meta property=\"og:image\" content=\"https:\/\/www.verdieditions.com\/equilibre-de-vie\/wp-content\/uploads\/2020\/04\/slider-boutique-sante-esoterisme-developpement-personnel.jpg\" \/>\n\t<meta property=\"og:image:width\" content=\"1920\" \/>\n\t<meta property=\"og:image:height\" content=\"931\" \/>\n\t<meta property=\"og:image:type\" content=\"image\/jpeg\" \/>\n<meta name=\"twitter:card\" content=\"summary_large_image\" \/>\n<meta name=\"twitter:label1\" content=\"Dur\u00e9e de lecture estim\u00e9e\" \/>\n\t<meta name=\"twitter:data1\" content=\"1 minute\" \/>\n<script type=\"application\/ld+json\" class=\"yoast-schema-graph\">{\"@context\":\"https:\\\/\\\/schema.org\",\"@graph\":[{\"@type\":\"WebPage\",\"@id\":\"https:\\\/\\\/www.verdieditions.com\\\/equilibre-de-vie\\\/\",\"url\":\"https:\\\/\\\/www.verdieditions.com\\\/equilibre-de-vie\\\/\",\"name\":\"Boutique \u00c9quilibre de vie - Livres d'occasion Sant\u00e9 \u00c9sot\u00e9risme D\u00e9veloppement Personnel\",\"isPartOf\":{\"@id\":\"https:\\\/\\\/www.verdieditions.com\\\/equilibre-de-vie\\\/#website\"},\"primaryImageOfPage\":{\"@id\":\"https:\\\/\\\/www.verdieditions.com\\\/equilibre-de-vie\\\/#primaryimage\"},\"image\":{\"@id\":\"https:\\\/\\\/www.verdieditions.com\\\/equilibre-de-vie\\\/#primaryimage\"},\"thumbnailUrl\":\"https:\\\/\\\/www.verdieditions.com\\\/equilibre-de-vie\\\/wp-content\\\/uploads\\\/2020\\\/04\\\/slider-boutique-sante-esoterisme-developpement-personnel.jpg\",\"datePublished\":\"2020-04-28T10:14:44+00:00\",\"dateModified\":\"2023-01-19T08:45:03+00:00\",\"description\":\"\u00c9quilibre de vie : ma Boutique de livres Sant\u00e9, \u00c9sot\u00e9risme & D\u00e9veloppement personnel. Livres d'occasion : sophrologie, astrologie, coaching..\",\"breadcrumb\":{\"@id\":\"https:\\\/\\\/www.verdieditions.com\\\/equilibre-de-vie\\\/#breadcrumb\"},\"inLanguage\":\"fr-FR\",\"potentialAction\":[{\"@type\":\"ReadAction\",\"target\":[\"https:\\\/\\\/www.verdieditions.com\\\/equilibre-de-vie\\\/\"]}]},{\"@type\":\"ImageObject\",\"inLanguage\":\"fr-FR\",\"@id\":\"https:\\\/\\\/www.verdieditions.com\\\/equilibre-de-vie\\\/#primaryimage\",\"url\":\"https:\\\/\\\/www.verdieditions.com\\\/equilibre-de-vie\\\/wp-content\\\/uploads\\\/2020\\\/04\\\/slider-boutique-sante-esoterisme-developpement-personnel.jpg\",\"contentUrl\":\"https:\\\/\\\/www.verdieditions.com\\\/equilibre-de-vie\\\/wp-content\\\/uploads\\\/2020\\\/04\\\/slider-boutique-sante-esoterisme-developpement-personnel.jpg\",\"width\":1920,\"height\":931,\"caption\":\"slider-boutique-sante-esoterisme-developpement-personnel \u00e9quilibre vie\"},{\"@type\":\"BreadcrumbList\",\"@id\":\"https:\\\/\\\/www.verdieditions.com\\\/equilibre-de-vie\\\/#breadcrumb\",\"itemListElement\":[{\"@type\":\"ListItem\",\"position\":1,\"name\":\"Accueil\",\"item\":\"https:\\\/\\\/www.verdieditions.com\\\/equilibre-de-vie\\\/\"},{\"@type\":\"ListItem\",\"position\":2,\"name\":\"Accueil Ma Boutique \u00c9quilibre de de Vie\"}]},{\"@type\":\"WebSite\",\"@id\":\"https:\\\/\\\/www.verdieditions.com\\\/equilibre-de-vie\\\/#website\",\"url\":\"https:\\\/\\\/www.verdieditions.com\\\/equilibre-de-vie\\\/\",\"name\":\"Equilibre de Vie\",\"description\":\"Ma boutique livres sant\u00e9, \u00e9sot\u00e9risme et d\u00e9veloppement personnel\",\"publisher\":{\"@id\":\"https:\\\/\\\/www.verdieditions.com\\\/equilibre-de-vie\\\/#\\\/schema\\\/person\\\/9dcb2a6759f2f5fbf43ac0b44649cecb\"},\"potentialAction\":[{\"@type\":\"SearchAction\",\"target\":{\"@type\":\"EntryPoint\",\"urlTemplate\":\"https:\\\/\\\/www.verdieditions.com\\\/equilibre-de-vie\\\/?s={search_term_string}\"},\"query-input\":{\"@type\":\"PropertyValueSpecification\",\"valueRequired\":true,\"valueName\":\"search_term_string\"}}],\"inLanguage\":\"fr-FR\"},{\"@type\":[\"Person\",\"Organization\"],\"@id\":\"https:\\\/\\\/www.verdieditions.com\\\/equilibre-de-vie\\\/#\\\/schema\\\/person\\\/9dcb2a6759f2f5fbf43ac0b44649cecb\",\"name\":\"Sylvie VERDI\",\"image\":{\"@type\":\"ImageObject\",\"inLanguage\":\"fr-FR\",\"@id\":\"https:\\\/\\\/www.verdieditions.com\\\/equilibre-de-vie\\\/wp-content\\\/uploads\\\/2020\\\/04\\\/livres-occasion-sante-esoterisme-developpement-personnel-2.jpg\",\"url\":\"https:\\\/\\\/www.verdieditions.com\\\/equilibre-de-vie\\\/wp-content\\\/uploads\\\/2020\\\/04\\\/livres-occasion-sante-esoterisme-developpement-personnel-2.jpg\",\"contentUrl\":\"https:\\\/\\\/www.verdieditions.com\\\/equilibre-de-vie\\\/wp-content\\\/uploads\\\/2020\\\/04\\\/livres-occasion-sante-esoterisme-developpement-personnel-2.jpg\",\"width\":800,\"height\":572,\"caption\":\"Sylvie VERDI\"},\"logo\":{\"@id\":\"https:\\\/\\\/www.verdieditions.com\\\/equilibre-de-vie\\\/wp-content\\\/uploads\\\/2020\\\/04\\\/livres-occasion-sante-esoterisme-developpement-personnel-2.jpg\"},\"sameAs\":[\"https:\\\/\\\/www.verdieditions.com\\\/equilibre-de-vie\"]}]}<\/script>\n<!-- \/ Yoast SEO plugin. -->","yoast_head_json":{"title":"Boutique \u00c9quilibre de vie - Livres d'occasion Sant\u00e9 \u00c9sot\u00e9risme D\u00e9veloppement Personnel","description":"\u00c9quilibre de vie : ma Boutique de livres Sant\u00e9, \u00c9sot\u00e9risme & D\u00e9veloppement personnel. Livres d'occasion : sophrologie, astrologie, coaching..","robots":{"index":"index","follow":"follow","max-snippet":"max-snippet:-1","max-image-preview":"max-image-preview:large","max-video-preview":"max-video-preview:-1"},"canonical":"https:\/\/www.verdieditions.com\/equilibre-de-vie\/","og_locale":"fr_FR","og_type":"article","og_title":"Boutique \u00c9quilibre de vie - Livres d'occasion Sant\u00e9 \u00c9sot\u00e9risme D\u00e9veloppement Personnel","og_description":"\u00c9quilibre de vie : ma Boutique de livres Sant\u00e9, \u00c9sot\u00e9risme & D\u00e9veloppement personnel. Livres d'occasion : sophrologie, astrologie, coaching..","og_url":"https:\/\/www.verdieditions.com\/equilibre-de-vie\/","og_site_name":"Equilibre de Vie","article_modified_time":"2023-01-19T08:45:03+00:00","og_image":[{"width":1920,"height":931,"url":"https:\/\/www.verdieditions.com\/equilibre-de-vie\/wp-content\/uploads\/2020\/04\/slider-boutique-sante-esoterisme-developpement-personnel.jpg","type":"image\/jpeg"}],"twitter_card":"summary_large_image","twitter_misc":{"Dur\u00e9e de lecture estim\u00e9e":"1 minute"},"schema":{"@context":"https:\/\/schema.org","@graph":[{"@type":"WebPage","@id":"https:\/\/www.verdieditions.com\/equilibre-de-vie\/","url":"https:\/\/www.verdieditions.com\/equilibre-de-vie\/","name":"Boutique \u00c9quilibre de vie - Livres d'occasion Sant\u00e9 \u00c9sot\u00e9risme D\u00e9veloppement Personnel","isPartOf":{"@id":"https:\/\/www.verdieditions.com\/equilibre-de-vie\/#website"},"primaryImageOfPage":{"@id":"https:\/\/www.verdieditions.com\/equilibre-de-vie\/#primaryimage"},"image":{"@id":"https:\/\/www.verdieditions.com\/equilibre-de-vie\/#primaryimage"},"thumbnailUrl":"https:\/\/www.verdieditions.com\/equilibre-de-vie\/wp-content\/uploads\/2020\/04\/slider-boutique-sante-esoterisme-developpement-personnel.jpg","datePublished":"2020-04-28T10:14:44+00:00","dateModified":"2023-01-19T08:45:03+00:00","description":"\u00c9quilibre de vie : ma Boutique de livres Sant\u00e9, \u00c9sot\u00e9risme & D\u00e9veloppement personnel. Livres d'occasion : sophrologie, astrologie, coaching..","breadcrumb":{"@id":"https:\/\/www.verdieditions.com\/equilibre-de-vie\/#breadcrumb"},"inLanguage":"fr-FR","potentialAction":[{"@type":"ReadAction","target":["https:\/\/www.verdieditions.com\/equilibre-de-vie\/"]}]},{"@type":"ImageObject","inLanguage":"fr-FR","@id":"https:\/\/www.verdieditions.com\/equilibre-de-vie\/#primaryimage","url":"https:\/\/www.verdieditions.com\/equilibre-de-vie\/wp-content\/uploads\/2020\/04\/slider-boutique-sante-esoterisme-developpement-personnel.jpg","contentUrl":"https:\/\/www.verdieditions.com\/equilibre-de-vie\/wp-content\/uploads\/2020\/04\/slider-boutique-sante-esoterisme-developpement-personnel.jpg","width":1920,"height":931,"caption":"slider-boutique-sante-esoterisme-developpement-personnel \u00e9quilibre vie"},{"@type":"BreadcrumbList","@id":"https:\/\/www.verdieditions.com\/equilibre-de-vie\/#breadcrumb","itemListElement":[{"@type":"ListItem","position":1,"name":"Accueil","item":"https:\/\/www.verdieditions.com\/equilibre-de-vie\/"},{"@type":"ListItem","position":2,"name":"Accueil Ma Boutique \u00c9quilibre de de Vie"}]},{"@type":"WebSite","@id":"https:\/\/www.verdieditions.com\/equilibre-de-vie\/#website","url":"https:\/\/www.verdieditions.com\/equilibre-de-vie\/","name":"Equilibre de Vie","description":"Ma boutique livres sant\u00e9, \u00e9sot\u00e9risme et d\u00e9veloppement personnel","publisher":{"@id":"https:\/\/www.verdieditions.com\/equilibre-de-vie\/#\/schema\/person\/9dcb2a6759f2f5fbf43ac0b44649cecb"},"potentialAction":[{"@type":"SearchAction","target":{"@type":"EntryPoint","urlTemplate":"https:\/\/www.verdieditions.com\/equilibre-de-vie\/?s={search_term_string}"},"query-input":{"@type":"PropertyValueSpecification","valueRequired":true,"valueName":"search_term_string"}}],"inLanguage":"fr-FR"},{"@type":["Person","Organization"],"@id":"https:\/\/www.verdieditions.com\/equilibre-de-vie\/#\/schema\/person\/9dcb2a6759f2f5fbf43ac0b44649cecb","name":"Sylvie VERDI","image":{"@type":"ImageObject","inLanguage":"fr-FR","@id":"https:\/\/www.verdieditions.com\/equilibre-de-vie\/wp-content\/uploads\/2020\/04\/livres-occasion-sante-esoterisme-developpement-personnel-2.jpg","url":"https:\/\/www.verdieditions.com\/equilibre-de-vie\/wp-content\/uploads\/2020\/04\/livres-occasion-sante-esoterisme-developpement-personnel-2.jpg","contentUrl":"https:\/\/www.verdieditions.com\/equilibre-de-vie\/wp-content\/uploads\/2020\/04\/livres-occasion-sante-esoterisme-developpement-personnel-2.jpg","width":800,"height":572,"caption":"Sylvie VERDI"},"logo":{"@id":"https:\/\/www.verdieditions.com\/equilibre-de-vie\/wp-content\/uploads\/2020\/04\/livres-occasion-sante-esoterisme-developpement-personnel-2.jpg"},"sameAs":["https:\/\/www.verdieditions.com\/equilibre-de-vie"]}]}},"_links":{"self":[{"href":"https:\/\/www.verdieditions.com\/equilibre-de-vie\/wp-json\/wp\/v2\/pages\/942","targetHints":{"allow":["GET"]}}],"collection":[{"href":"https:\/\/www.verdieditions.com\/equilibre-de-vie\/wp-json\/wp\/v2\/pages"}],"about":[{"href":"https:\/\/www.verdieditions.com\/equilibre-de-vie\/wp-json\/wp\/v2\/types\/page"}],"author":[{"embeddable":true,"href":"https:\/\/www.verdieditions.com\/equilibre-de-vie\/wp-json\/wp\/v2\/users\/1"}],"replies":[{"embeddable":true,"href":"https:\/\/www.verdieditions.com\/equilibre-de-vie\/wp-json\/wp\/v2\/comments?post=942"}],"version-history":[{"count":0,"href":"https:\/\/www.verdieditions.com\/equilibre-de-vie\/wp-json\/wp\/v2\/pages\/942\/revisions"}],"wp:featuredmedia":[{"embeddable":true,"href":"https:\/\/www.verdieditions.com\/equilibre-de-vie\/wp-json\/wp\/v2\/media\/940"}],"wp:attachment":[{"href":"https:\/\/www.verdieditions.com\/equilibre-de-vie\/wp-json\/wp\/v2\/media?parent=942"}],"curies":[{"name":"wp","href":"https:\/\/api.w.org\/{rel}","templated":true}]}}