{"id":2491,"date":"2021-03-01T15:14:57","date_gmt":"2021-03-01T14:14:57","guid":{"rendered":"https:\/\/www.verdieditions.com\/cd-pop-rock\/?post_type=product&#038;p=2491"},"modified":"2026-01-01T02:28:19","modified_gmt":"2026-01-01T01:28:19","slug":"hp-g6-pavillon-ordinateur-portable","status":"publish","type":"product","link":"https:\/\/www.verdieditions.com\/cd-pop-rock\/produit\/hp-g6-pavillon-ordinateur-portable\/","title":{"rendered":"HP &#8211; HPG6 PAVILLON 15&Prime; &#8211; AMD E2-3000M APU  HD Graphics \u00e0 1.80Ghz"},"content":{"rendered":"<p>Marque : HP<br \/>\nNom du produit : G6 PAVILLON PC<br \/>\nType : Ordinateur portable 15&Prime; Multimedia<br \/>\nMicroprocesseur : <strong>AMD E2-3000M APU Dual Core HD Graphics \u00e0 1.80Ghz<\/strong><br \/>\nSyst\u00e8me d&rsquo;exploitation : <strong>64 bits<\/strong>, processeur x64<br \/>\nOS : <strong>Windows 10<\/strong> Famille<br \/>\nM\u00e9moire : <strong>4 Go de m\u00e9moire<\/strong><br \/>\nDisque dur : <strong>500 Go <\/strong><br \/>\nCouleur : Gris m\u00e9tal<br \/>\nAlim : Fourni avec c\u00e2ble d&rsquo;alimentation et batterie<br \/>\nEtat : Excellent, fonctionne parfaitement, peu utilis\u00e9<br \/>\n*Note : Cet ordinateur a \u00e9t\u00e9 utilis\u00e9 ponctuellement lors de formations<\/p>\n","protected":false},"excerpt":{"rendered":"<p>Marque : HP<br \/>\nNom du produit : G6 PAVILLON PC<br \/>\nType : Ordinateur portable 15&Prime;<br \/>\nMicroprocesseur : <strong>AMD E2-3000M APU Dual Core HD Graphics \u00e0 1.80Ghz<\/strong><br \/>\nSyst\u00e8me d&rsquo;exploitation : <strong>64 bits<\/strong>, processeur x64<br \/>\nOS : <strong>Windows 10<\/strong> Famille<br \/>\nM\u00e9moire : <strong>4 Go de m\u00e9moire<\/strong><br \/>\nDisque dur : <strong>500 Go <\/strong><br \/>\nCouleur : Gris m\u00e9tal<br \/>\nAlim : Fourni avec c\u00e2ble d&rsquo;alimentation et batterie<br \/>\nEtat : Excellent, fonctionne parfaitement, peu utilis\u00e9*<\/p>\n","protected":false},"featured_media":2549,"template":"","meta":[],"product_brand":[],"product_cat":[74],"product_tag":[177,178],"class_list":{"0":"post-2491","1":"product","2":"type-product","3":"status-publish","4":"has-post-thumbnail","6":"product_cat-materiel","7":"product_tag-hp","8":"product_tag-ordinateur","10":"first","11":"instock","12":"sold-individually","13":"shipping-taxable","14":"product-type-simple"},"yoast_head":"<!-- This site is optimized with the Yoast SEO plugin v27.0 - https:\/\/yoast.com\/product\/yoast-seo-wordpress\/ -->\n<title>HP - HPG6 PAVILLON 15&quot; - AMD E2-3000M APU HD Graphics \u00e0 1.80Ghz<\/title>\n<meta name=\"description\" content=\"HP G6 PAVILLON PC Ordinateur portable 15&quot; AMD E2-3000M APU Dual Core HD Graphics \u00e0 1.80Ghz 64 bits Windows 10 Ram 4 Go DD 500 Go Gris m\u00e9tal\" \/>\n<meta name=\"robots\" content=\"index, follow, max-snippet:-1, max-image-preview:large, max-video-preview:-1\" \/>\n<link rel=\"canonical\" href=\"https:\/\/www.verdieditions.com\/cd-pop-rock\/produit\/hp-g6-pavillon-ordinateur-portable\/\" \/>\n<meta property=\"og:locale\" content=\"fr_FR\" \/>\n<meta property=\"og:type\" content=\"article\" \/>\n<meta property=\"og:title\" content=\"HP - HPG6 PAVILLON 15&quot; - AMD E2-3000M APU HD Graphics \u00e0 1.80Ghz\" \/>\n<meta property=\"og:description\" content=\"HP G6 PAVILLON PC Ordinateur portable 15&quot; AMD E2-3000M APU Dual Core HD Graphics \u00e0 1.80Ghz 64 bits Windows 10 Ram 4 Go DD 500 Go Gris m\u00e9tal\" \/>\n<meta property=\"og:url\" content=\"https:\/\/www.verdieditions.com\/cd-pop-rock\/produit\/hp-g6-pavillon-ordinateur-portable\/\" \/>\n<meta property=\"og:site_name\" content=\"CD Pop Rock\" \/>\n<meta property=\"article:publisher\" content=\"https:\/\/www.facebook.com\/CD-Pop-Rock-107168374818139\" \/>\n<meta property=\"article:modified_time\" content=\"2026-01-01T01:28:19+00:00\" \/>\n<meta property=\"og:image\" content=\"https:\/\/www.verdieditions.com\/cd-pop-rock\/wp-content\/uploads\/2021\/03\/HP-G6-Pavillon-15-ordinateur-portable-1-8.jpg\" \/>\n\t<meta property=\"og:image:width\" content=\"800\" \/>\n\t<meta property=\"og:image:height\" content=\"534\" \/>\n\t<meta property=\"og:image:type\" content=\"image\/jpeg\" \/>\n<meta name=\"twitter:card\" content=\"summary_large_image\" \/>\n<script type=\"application\/ld+json\" class=\"yoast-schema-graph\">{\"@context\":\"https:\/\/schema.org\",\"@graph\":[{\"@type\":\"WebPage\",\"@id\":\"https:\/\/www.verdieditions.com\/cd-pop-rock\/produit\/hp-g6-pavillon-ordinateur-portable\/\",\"url\":\"https:\/\/www.verdieditions.com\/cd-pop-rock\/produit\/hp-g6-pavillon-ordinateur-portable\/\",\"name\":\"HP - HPG6 PAVILLON 15\\\" - AMD E2-3000M APU HD Graphics \u00e0 1.80Ghz\",\"isPartOf\":{\"@id\":\"https:\/\/www.verdieditions.com\/cd-pop-rock\/#website\"},\"primaryImageOfPage\":{\"@id\":\"https:\/\/www.verdieditions.com\/cd-pop-rock\/produit\/hp-g6-pavillon-ordinateur-portable\/#primaryimage\"},\"image\":{\"@id\":\"https:\/\/www.verdieditions.com\/cd-pop-rock\/produit\/hp-g6-pavillon-ordinateur-portable\/#primaryimage\"},\"thumbnailUrl\":\"https:\/\/www.verdieditions.com\/cd-pop-rock\/wp-content\/uploads\/2021\/03\/HP-G6-Pavillon-15-ordinateur-portable-1-8.jpg\",\"datePublished\":\"2021-03-01T14:14:57+00:00\",\"dateModified\":\"2026-01-01T01:28:19+00:00\",\"description\":\"HP G6 PAVILLON PC Ordinateur portable 15\\\" AMD E2-3000M APU Dual Core HD Graphics \u00e0 1.80Ghz 64 bits Windows 10 Ram 4 Go DD 500 Go Gris m\u00e9tal\",\"breadcrumb\":{\"@id\":\"https:\/\/www.verdieditions.com\/cd-pop-rock\/produit\/hp-g6-pavillon-ordinateur-portable\/#breadcrumb\"},\"inLanguage\":\"fr-FR\",\"potentialAction\":[{\"@type\":\"ReadAction\",\"target\":[\"https:\/\/www.verdieditions.com\/cd-pop-rock\/produit\/hp-g6-pavillon-ordinateur-portable\/\"]}]},{\"@type\":\"ImageObject\",\"inLanguage\":\"fr-FR\",\"@id\":\"https:\/\/www.verdieditions.com\/cd-pop-rock\/produit\/hp-g6-pavillon-ordinateur-portable\/#primaryimage\",\"url\":\"https:\/\/www.verdieditions.com\/cd-pop-rock\/wp-content\/uploads\/2021\/03\/HP-G6-Pavillon-15-ordinateur-portable-1-8.jpg\",\"contentUrl\":\"https:\/\/www.verdieditions.com\/cd-pop-rock\/wp-content\/uploads\/2021\/03\/HP-G6-Pavillon-15-ordinateur-portable-1-8.jpg\",\"width\":800,\"height\":534,\"caption\":\"HP-G6-Pavillon-15-ordinateur-portable-1-8\"},{\"@type\":\"BreadcrumbList\",\"@id\":\"https:\/\/www.verdieditions.com\/cd-pop-rock\/produit\/hp-g6-pavillon-ordinateur-portable\/#breadcrumb\",\"itemListElement\":[{\"@type\":\"ListItem\",\"position\":1,\"name\":\"Accueil\",\"item\":\"https:\/\/www.verdieditions.com\/cd-pop-rock\/\"},{\"@type\":\"ListItem\",\"position\":2,\"name\":\"La Boutique\",\"item\":\"https:\/\/www.verdieditions.com\/cd-pop-rock\/boutique\/\"},{\"@type\":\"ListItem\",\"position\":3,\"name\":\"HP &#8211; HPG6 PAVILLON 15&Prime; &#8211; AMD E2-3000M APU HD Graphics \u00e0 1.80Ghz\"}]},{\"@type\":\"WebSite\",\"@id\":\"https:\/\/www.verdieditions.com\/cd-pop-rock\/#website\",\"url\":\"https:\/\/www.verdieditions.com\/cd-pop-rock\/\",\"name\":\"CD Pop Rock\",\"description\":\"CD, K7, Vinyles, VHS et DVD de Musique Pop et Rock vintage\",\"publisher\":{\"@id\":\"https:\/\/www.verdieditions.com\/cd-pop-rock\/#\/schema\/person\/3a9da867add08338474907117bf9668a\"},\"potentialAction\":[{\"@type\":\"SearchAction\",\"target\":{\"@type\":\"EntryPoint\",\"urlTemplate\":\"https:\/\/www.verdieditions.com\/cd-pop-rock\/?s={search_term_string}\"},\"query-input\":{\"@type\":\"PropertyValueSpecification\",\"valueRequired\":true,\"valueName\":\"search_term_string\"}}],\"inLanguage\":\"fr-FR\"},{\"@type\":[\"Person\",\"Organization\"],\"@id\":\"https:\/\/www.verdieditions.com\/cd-pop-rock\/#\/schema\/person\/3a9da867add08338474907117bf9668a\",\"name\":\"Sylvie VERDI\",\"image\":{\"@type\":\"ImageObject\",\"inLanguage\":\"fr-FR\",\"@id\":\"https:\/\/www.verdieditions.com\/cd-pop-rock\/#\/schema\/person\/image\/\",\"url\":\"https:\/\/www.verdieditions.com\/cd-pop-rock\/wp-content\/uploads\/2021\/01\/cropped-favicon-cd-pop-rock-vinyle-32x32-1.png\",\"contentUrl\":\"https:\/\/www.verdieditions.com\/cd-pop-rock\/wp-content\/uploads\/2021\/01\/cropped-favicon-cd-pop-rock-vinyle-32x32-1.png\",\"width\":512,\"height\":512,\"caption\":\"Sylvie VERDI\"},\"logo\":{\"@id\":\"https:\/\/www.verdieditions.com\/cd-pop-rock\/#\/schema\/person\/image\/\"},\"sameAs\":[\"https:\/\/www.verdieditions.com\/cd-pop-rock\",\"https:\/\/www.facebook.com\/CD-Pop-Rock-107168374818139\"]}]}<\/script>\n<!-- \/ Yoast SEO plugin. -->","yoast_head_json":{"title":"HP - HPG6 PAVILLON 15\" - AMD E2-3000M APU HD Graphics \u00e0 1.80Ghz","description":"HP G6 PAVILLON PC Ordinateur portable 15\" AMD E2-3000M APU Dual Core HD Graphics \u00e0 1.80Ghz 64 bits Windows 10 Ram 4 Go DD 500 Go Gris m\u00e9tal","robots":{"index":"index","follow":"follow","max-snippet":"max-snippet:-1","max-image-preview":"max-image-preview:large","max-video-preview":"max-video-preview:-1"},"canonical":"https:\/\/www.verdieditions.com\/cd-pop-rock\/produit\/hp-g6-pavillon-ordinateur-portable\/","og_locale":"fr_FR","og_type":"article","og_title":"HP - HPG6 PAVILLON 15\" - AMD E2-3000M APU HD Graphics \u00e0 1.80Ghz","og_description":"HP G6 PAVILLON PC Ordinateur portable 15\" AMD E2-3000M APU Dual Core HD Graphics \u00e0 1.80Ghz 64 bits Windows 10 Ram 4 Go DD 500 Go Gris m\u00e9tal","og_url":"https:\/\/www.verdieditions.com\/cd-pop-rock\/produit\/hp-g6-pavillon-ordinateur-portable\/","og_site_name":"CD Pop Rock","article_publisher":"https:\/\/www.facebook.com\/CD-Pop-Rock-107168374818139","article_modified_time":"2026-01-01T01:28:19+00:00","og_image":[{"width":800,"height":534,"url":"https:\/\/www.verdieditions.com\/cd-pop-rock\/wp-content\/uploads\/2021\/03\/HP-G6-Pavillon-15-ordinateur-portable-1-8.jpg","type":"image\/jpeg"}],"twitter_card":"summary_large_image","schema":{"@context":"https:\/\/schema.org","@graph":[{"@type":"WebPage","@id":"https:\/\/www.verdieditions.com\/cd-pop-rock\/produit\/hp-g6-pavillon-ordinateur-portable\/","url":"https:\/\/www.verdieditions.com\/cd-pop-rock\/produit\/hp-g6-pavillon-ordinateur-portable\/","name":"HP - HPG6 PAVILLON 15\" - AMD E2-3000M APU HD Graphics \u00e0 1.80Ghz","isPartOf":{"@id":"https:\/\/www.verdieditions.com\/cd-pop-rock\/#website"},"primaryImageOfPage":{"@id":"https:\/\/www.verdieditions.com\/cd-pop-rock\/produit\/hp-g6-pavillon-ordinateur-portable\/#primaryimage"},"image":{"@id":"https:\/\/www.verdieditions.com\/cd-pop-rock\/produit\/hp-g6-pavillon-ordinateur-portable\/#primaryimage"},"thumbnailUrl":"https:\/\/www.verdieditions.com\/cd-pop-rock\/wp-content\/uploads\/2021\/03\/HP-G6-Pavillon-15-ordinateur-portable-1-8.jpg","datePublished":"2021-03-01T14:14:57+00:00","dateModified":"2026-01-01T01:28:19+00:00","description":"HP G6 PAVILLON PC Ordinateur portable 15\" AMD E2-3000M APU Dual Core HD Graphics \u00e0 1.80Ghz 64 bits Windows 10 Ram 4 Go DD 500 Go Gris m\u00e9tal","breadcrumb":{"@id":"https:\/\/www.verdieditions.com\/cd-pop-rock\/produit\/hp-g6-pavillon-ordinateur-portable\/#breadcrumb"},"inLanguage":"fr-FR","potentialAction":[{"@type":"ReadAction","target":["https:\/\/www.verdieditions.com\/cd-pop-rock\/produit\/hp-g6-pavillon-ordinateur-portable\/"]}]},{"@type":"ImageObject","inLanguage":"fr-FR","@id":"https:\/\/www.verdieditions.com\/cd-pop-rock\/produit\/hp-g6-pavillon-ordinateur-portable\/#primaryimage","url":"https:\/\/www.verdieditions.com\/cd-pop-rock\/wp-content\/uploads\/2021\/03\/HP-G6-Pavillon-15-ordinateur-portable-1-8.jpg","contentUrl":"https:\/\/www.verdieditions.com\/cd-pop-rock\/wp-content\/uploads\/2021\/03\/HP-G6-Pavillon-15-ordinateur-portable-1-8.jpg","width":800,"height":534,"caption":"HP-G6-Pavillon-15-ordinateur-portable-1-8"},{"@type":"BreadcrumbList","@id":"https:\/\/www.verdieditions.com\/cd-pop-rock\/produit\/hp-g6-pavillon-ordinateur-portable\/#breadcrumb","itemListElement":[{"@type":"ListItem","position":1,"name":"Accueil","item":"https:\/\/www.verdieditions.com\/cd-pop-rock\/"},{"@type":"ListItem","position":2,"name":"La Boutique","item":"https:\/\/www.verdieditions.com\/cd-pop-rock\/boutique\/"},{"@type":"ListItem","position":3,"name":"HP &#8211; HPG6 PAVILLON 15&Prime; &#8211; AMD E2-3000M APU HD Graphics \u00e0 1.80Ghz"}]},{"@type":"WebSite","@id":"https:\/\/www.verdieditions.com\/cd-pop-rock\/#website","url":"https:\/\/www.verdieditions.com\/cd-pop-rock\/","name":"CD Pop Rock","description":"CD, K7, Vinyles, VHS et DVD de Musique Pop et Rock vintage","publisher":{"@id":"https:\/\/www.verdieditions.com\/cd-pop-rock\/#\/schema\/person\/3a9da867add08338474907117bf9668a"},"potentialAction":[{"@type":"SearchAction","target":{"@type":"EntryPoint","urlTemplate":"https:\/\/www.verdieditions.com\/cd-pop-rock\/?s={search_term_string}"},"query-input":{"@type":"PropertyValueSpecification","valueRequired":true,"valueName":"search_term_string"}}],"inLanguage":"fr-FR"},{"@type":["Person","Organization"],"@id":"https:\/\/www.verdieditions.com\/cd-pop-rock\/#\/schema\/person\/3a9da867add08338474907117bf9668a","name":"Sylvie VERDI","image":{"@type":"ImageObject","inLanguage":"fr-FR","@id":"https:\/\/www.verdieditions.com\/cd-pop-rock\/#\/schema\/person\/image\/","url":"https:\/\/www.verdieditions.com\/cd-pop-rock\/wp-content\/uploads\/2021\/01\/cropped-favicon-cd-pop-rock-vinyle-32x32-1.png","contentUrl":"https:\/\/www.verdieditions.com\/cd-pop-rock\/wp-content\/uploads\/2021\/01\/cropped-favicon-cd-pop-rock-vinyle-32x32-1.png","width":512,"height":512,"caption":"Sylvie VERDI"},"logo":{"@id":"https:\/\/www.verdieditions.com\/cd-pop-rock\/#\/schema\/person\/image\/"},"sameAs":["https:\/\/www.verdieditions.com\/cd-pop-rock","https:\/\/www.facebook.com\/CD-Pop-Rock-107168374818139"]}]}},"_links":{"self":[{"href":"https:\/\/www.verdieditions.com\/cd-pop-rock\/wp-json\/wp\/v2\/product\/2491","targetHints":{"allow":["GET"]}}],"collection":[{"href":"https:\/\/www.verdieditions.com\/cd-pop-rock\/wp-json\/wp\/v2\/product"}],"about":[{"href":"https:\/\/www.verdieditions.com\/cd-pop-rock\/wp-json\/wp\/v2\/types\/product"}],"wp:featuredmedia":[{"embeddable":true,"href":"https:\/\/www.verdieditions.com\/cd-pop-rock\/wp-json\/wp\/v2\/media\/2549"}],"wp:attachment":[{"href":"https:\/\/www.verdieditions.com\/cd-pop-rock\/wp-json\/wp\/v2\/media?parent=2491"}],"wp:term":[{"taxonomy":"product_brand","embeddable":true,"href":"https:\/\/www.verdieditions.com\/cd-pop-rock\/wp-json\/wp\/v2\/product_brand?post=2491"},{"taxonomy":"product_cat","embeddable":true,"href":"https:\/\/www.verdieditions.com\/cd-pop-rock\/wp-json\/wp\/v2\/product_cat?post=2491"},{"taxonomy":"product_tag","embeddable":true,"href":"https:\/\/www.verdieditions.com\/cd-pop-rock\/wp-json\/wp\/v2\/product_tag?post=2491"}],"curies":[{"name":"wp","href":"https:\/\/api.w.org\/{rel}","templated":true}]}}