{"id":1407,"date":"2021-02-14T09:55:28","date_gmt":"2021-02-14T08:55:28","guid":{"rendered":"https:\/\/www.verdieditions.com\/cd-pop-rock\/?post_type=product&#038;p=1407"},"modified":"2021-04-15T10:20:13","modified_gmt":"2021-04-15T08:20:13","slug":"donald-fagen-nightfly-k7","status":"publish","type":"product","link":"https:\/\/www.verdieditions.com\/cd-pop-rock\/produit\/donald-fagen-nightfly-k7\/","title":{"rendered":"DONALD FAGEN &#8211; The Nightfly &#8211; K7"},"content":{"rendered":"<p>Artiste : DONALD FAGEN<br \/>\nTitre : The Nightfly &#8211; K7<br \/>\nAnn\u00e9e : 1982, \u00e9dition originale<br \/>\nGenre : Rock, Rock progressif<br \/>\nProducteur : Gary Katz<br \/>\nLabel : Warner Bros.     <\/p>\n<p>Face 1<br \/>\nA1\tI.G.Y.<br \/>\nA2\tGreen Flower Street<br \/>\nA3\tRuby Baby<br \/>\nA4\tMaxine<\/p>\n<p>Face 2<br \/>\nB1\tNew Frontier<br \/>\nB2\tThe Nightfly<br \/>\nB3\tThe Goodbye Look<br \/>\nB4\tWalk Between Raindrops<\/p>\n<p>The Nightfly (1982) est le premier album solo du musicien de jazz-rock am\u00e9ricain Donald Fagen, un membre fondateur du groupe Steely Dan.<\/p>\n<p>C&rsquo;est un des premiers albums \u00e0 enregistrement num\u00e9rique2. Plusieurs titres sont en rapport avec des \u00e9v\u00e8nements des ann\u00e9es 1950 et 1960. New Frontier rappelle le slogan utilis\u00e9 par John Fitzgerald Kennedy lors de sa campagne \u00e9lectorale de 1960, il raconte une soir\u00e9e dans un abri anti-nucl\u00e9aire occup\u00e9e \u00e0 \u00e9couter de la musique et \u00e0 boire de la bi\u00e8re.<\/p>\n<p>Source Wikipedia.<\/p>\n","protected":false},"excerpt":{"rendered":"<p>Artiste : DONALD FAGEN<br \/>\nTitre : The Nightfly &#8211; K7<br \/>\nAnn\u00e9e : 1982, \u00e9dition originale<br \/>\nGenre : Rock, Rock progressif<br \/>\nProducteur : Gary Katz<br \/>\nLabel : Warner Bros.  <\/p>\n","protected":false},"featured_media":2212,"template":"","meta":[],"product_brand":[],"product_cat":[105],"product_tag":[115,79,88],"class_list":{"0":"post-1407","1":"product","2":"type-product","3":"status-publish","4":"has-post-thumbnail","6":"product_cat-cassette","7":"product_tag-jazz","8":"product_tag-rock","9":"product_tag-rock-progressif","11":"first","12":"instock","13":"sale","14":"shipping-taxable","15":"product-type-simple"},"yoast_head":"<!-- This site is optimized with the Yoast SEO plugin v27.0 - https:\/\/yoast.com\/product\/yoast-seo-wordpress\/ -->\n<title>DONALD FAGEN - The Nightfly - K7 - CD Pop Rock<\/title>\n<meta name=\"description\" content=\"DONALD FAGEN - The Nightfly - K7 Ann\u00e9e : 1982, \u00e9dition originale Genre : Rock, Rock progressif Producteur : Gary Katz Label : Warner Bros.\" \/>\n<meta name=\"robots\" content=\"index, follow, max-snippet:-1, max-image-preview:large, max-video-preview:-1\" \/>\n<link rel=\"canonical\" href=\"https:\/\/www.verdieditions.com\/cd-pop-rock\/produit\/donald-fagen-nightfly-k7\/\" \/>\n<meta property=\"og:locale\" content=\"fr_FR\" \/>\n<meta property=\"og:type\" content=\"article\" \/>\n<meta property=\"og:title\" content=\"DONALD FAGEN - The Nightfly - K7 - CD Pop Rock\" \/>\n<meta property=\"og:description\" content=\"DONALD FAGEN - The Nightfly - K7 Ann\u00e9e : 1982, \u00e9dition originale Genre : Rock, Rock progressif Producteur : Gary Katz Label : Warner Bros.\" \/>\n<meta property=\"og:url\" content=\"https:\/\/www.verdieditions.com\/cd-pop-rock\/produit\/donald-fagen-nightfly-k7\/\" \/>\n<meta property=\"og:site_name\" content=\"CD Pop Rock\" \/>\n<meta property=\"article:publisher\" content=\"https:\/\/www.facebook.com\/CD-Pop-Rock-107168374818139\" \/>\n<meta property=\"article:modified_time\" content=\"2021-04-15T08:20:13+00:00\" \/>\n<meta property=\"og:image\" content=\"https:\/\/www.verdieditions.com\/cd-pop-rock\/wp-content\/uploads\/2021\/02\/donald-fagen-nightfly-K7.jpg\" \/>\n\t<meta property=\"og:image:width\" content=\"800\" \/>\n\t<meta property=\"og:image:height\" content=\"532\" \/>\n\t<meta property=\"og:image:type\" content=\"image\/jpeg\" \/>\n<meta name=\"twitter:card\" content=\"summary_large_image\" \/>\n<meta name=\"twitter:label1\" content=\"Dur\u00e9e de lecture estim\u00e9e\" \/>\n\t<meta name=\"twitter:data1\" content=\"1 minute\" \/>\n<script type=\"application\/ld+json\" class=\"yoast-schema-graph\">{\"@context\":\"https:\/\/schema.org\",\"@graph\":[{\"@type\":\"WebPage\",\"@id\":\"https:\/\/www.verdieditions.com\/cd-pop-rock\/produit\/donald-fagen-nightfly-k7\/\",\"url\":\"https:\/\/www.verdieditions.com\/cd-pop-rock\/produit\/donald-fagen-nightfly-k7\/\",\"name\":\"DONALD FAGEN - The Nightfly - K7 - CD Pop Rock\",\"isPartOf\":{\"@id\":\"https:\/\/www.verdieditions.com\/cd-pop-rock\/#website\"},\"primaryImageOfPage\":{\"@id\":\"https:\/\/www.verdieditions.com\/cd-pop-rock\/produit\/donald-fagen-nightfly-k7\/#primaryimage\"},\"image\":{\"@id\":\"https:\/\/www.verdieditions.com\/cd-pop-rock\/produit\/donald-fagen-nightfly-k7\/#primaryimage\"},\"thumbnailUrl\":\"https:\/\/www.verdieditions.com\/cd-pop-rock\/wp-content\/uploads\/2021\/02\/donald-fagen-nightfly-K7.jpg\",\"datePublished\":\"2021-02-14T08:55:28+00:00\",\"dateModified\":\"2021-04-15T08:20:13+00:00\",\"description\":\"DONALD FAGEN - The Nightfly - K7 Ann\u00e9e : 1982, \u00e9dition originale Genre : Rock, Rock progressif Producteur : Gary Katz Label : Warner Bros.\",\"breadcrumb\":{\"@id\":\"https:\/\/www.verdieditions.com\/cd-pop-rock\/produit\/donald-fagen-nightfly-k7\/#breadcrumb\"},\"inLanguage\":\"fr-FR\",\"potentialAction\":[{\"@type\":\"ReadAction\",\"target\":[\"https:\/\/www.verdieditions.com\/cd-pop-rock\/produit\/donald-fagen-nightfly-k7\/\"]}]},{\"@type\":\"ImageObject\",\"inLanguage\":\"fr-FR\",\"@id\":\"https:\/\/www.verdieditions.com\/cd-pop-rock\/produit\/donald-fagen-nightfly-k7\/#primaryimage\",\"url\":\"https:\/\/www.verdieditions.com\/cd-pop-rock\/wp-content\/uploads\/2021\/02\/donald-fagen-nightfly-K7.jpg\",\"contentUrl\":\"https:\/\/www.verdieditions.com\/cd-pop-rock\/wp-content\/uploads\/2021\/02\/donald-fagen-nightfly-K7.jpg\",\"width\":800,\"height\":532,\"caption\":\"donald-fagen-nightfly-K7\"},{\"@type\":\"BreadcrumbList\",\"@id\":\"https:\/\/www.verdieditions.com\/cd-pop-rock\/produit\/donald-fagen-nightfly-k7\/#breadcrumb\",\"itemListElement\":[{\"@type\":\"ListItem\",\"position\":1,\"name\":\"Accueil\",\"item\":\"https:\/\/www.verdieditions.com\/cd-pop-rock\/\"},{\"@type\":\"ListItem\",\"position\":2,\"name\":\"La Boutique\",\"item\":\"https:\/\/www.verdieditions.com\/cd-pop-rock\/boutique\/\"},{\"@type\":\"ListItem\",\"position\":3,\"name\":\"DONALD FAGEN &#8211; The Nightfly &#8211; K7\"}]},{\"@type\":\"WebSite\",\"@id\":\"https:\/\/www.verdieditions.com\/cd-pop-rock\/#website\",\"url\":\"https:\/\/www.verdieditions.com\/cd-pop-rock\/\",\"name\":\"CD Pop Rock\",\"description\":\"CD, K7, Vinyles, VHS et DVD de Musique Pop et Rock vintage\",\"publisher\":{\"@id\":\"https:\/\/www.verdieditions.com\/cd-pop-rock\/#\/schema\/person\/3a9da867add08338474907117bf9668a\"},\"potentialAction\":[{\"@type\":\"SearchAction\",\"target\":{\"@type\":\"EntryPoint\",\"urlTemplate\":\"https:\/\/www.verdieditions.com\/cd-pop-rock\/?s={search_term_string}\"},\"query-input\":{\"@type\":\"PropertyValueSpecification\",\"valueRequired\":true,\"valueName\":\"search_term_string\"}}],\"inLanguage\":\"fr-FR\"},{\"@type\":[\"Person\",\"Organization\"],\"@id\":\"https:\/\/www.verdieditions.com\/cd-pop-rock\/#\/schema\/person\/3a9da867add08338474907117bf9668a\",\"name\":\"Sylvie VERDI\",\"image\":{\"@type\":\"ImageObject\",\"inLanguage\":\"fr-FR\",\"@id\":\"https:\/\/www.verdieditions.com\/cd-pop-rock\/#\/schema\/person\/image\/\",\"url\":\"https:\/\/www.verdieditions.com\/cd-pop-rock\/wp-content\/uploads\/2021\/01\/cropped-favicon-cd-pop-rock-vinyle-32x32-1.png\",\"contentUrl\":\"https:\/\/www.verdieditions.com\/cd-pop-rock\/wp-content\/uploads\/2021\/01\/cropped-favicon-cd-pop-rock-vinyle-32x32-1.png\",\"width\":512,\"height\":512,\"caption\":\"Sylvie VERDI\"},\"logo\":{\"@id\":\"https:\/\/www.verdieditions.com\/cd-pop-rock\/#\/schema\/person\/image\/\"},\"sameAs\":[\"https:\/\/www.verdieditions.com\/cd-pop-rock\",\"https:\/\/www.facebook.com\/CD-Pop-Rock-107168374818139\"]}]}<\/script>\n<!-- \/ Yoast SEO plugin. -->","yoast_head_json":{"title":"DONALD FAGEN - The Nightfly - K7 - CD Pop Rock","description":"DONALD FAGEN - The Nightfly - K7 Ann\u00e9e : 1982, \u00e9dition originale Genre : Rock, Rock progressif Producteur : Gary Katz Label : Warner Bros.","robots":{"index":"index","follow":"follow","max-snippet":"max-snippet:-1","max-image-preview":"max-image-preview:large","max-video-preview":"max-video-preview:-1"},"canonical":"https:\/\/www.verdieditions.com\/cd-pop-rock\/produit\/donald-fagen-nightfly-k7\/","og_locale":"fr_FR","og_type":"article","og_title":"DONALD FAGEN - The Nightfly - K7 - CD Pop Rock","og_description":"DONALD FAGEN - The Nightfly - K7 Ann\u00e9e : 1982, \u00e9dition originale Genre : Rock, Rock progressif Producteur : Gary Katz Label : Warner Bros.","og_url":"https:\/\/www.verdieditions.com\/cd-pop-rock\/produit\/donald-fagen-nightfly-k7\/","og_site_name":"CD Pop Rock","article_publisher":"https:\/\/www.facebook.com\/CD-Pop-Rock-107168374818139","article_modified_time":"2021-04-15T08:20:13+00:00","og_image":[{"width":800,"height":532,"url":"https:\/\/www.verdieditions.com\/cd-pop-rock\/wp-content\/uploads\/2021\/02\/donald-fagen-nightfly-K7.jpg","type":"image\/jpeg"}],"twitter_card":"summary_large_image","twitter_misc":{"Dur\u00e9e de lecture estim\u00e9e":"1 minute"},"schema":{"@context":"https:\/\/schema.org","@graph":[{"@type":"WebPage","@id":"https:\/\/www.verdieditions.com\/cd-pop-rock\/produit\/donald-fagen-nightfly-k7\/","url":"https:\/\/www.verdieditions.com\/cd-pop-rock\/produit\/donald-fagen-nightfly-k7\/","name":"DONALD FAGEN - The Nightfly - K7 - CD Pop Rock","isPartOf":{"@id":"https:\/\/www.verdieditions.com\/cd-pop-rock\/#website"},"primaryImageOfPage":{"@id":"https:\/\/www.verdieditions.com\/cd-pop-rock\/produit\/donald-fagen-nightfly-k7\/#primaryimage"},"image":{"@id":"https:\/\/www.verdieditions.com\/cd-pop-rock\/produit\/donald-fagen-nightfly-k7\/#primaryimage"},"thumbnailUrl":"https:\/\/www.verdieditions.com\/cd-pop-rock\/wp-content\/uploads\/2021\/02\/donald-fagen-nightfly-K7.jpg","datePublished":"2021-02-14T08:55:28+00:00","dateModified":"2021-04-15T08:20:13+00:00","description":"DONALD FAGEN - The Nightfly - K7 Ann\u00e9e : 1982, \u00e9dition originale Genre : Rock, Rock progressif Producteur : Gary Katz Label : Warner Bros.","breadcrumb":{"@id":"https:\/\/www.verdieditions.com\/cd-pop-rock\/produit\/donald-fagen-nightfly-k7\/#breadcrumb"},"inLanguage":"fr-FR","potentialAction":[{"@type":"ReadAction","target":["https:\/\/www.verdieditions.com\/cd-pop-rock\/produit\/donald-fagen-nightfly-k7\/"]}]},{"@type":"ImageObject","inLanguage":"fr-FR","@id":"https:\/\/www.verdieditions.com\/cd-pop-rock\/produit\/donald-fagen-nightfly-k7\/#primaryimage","url":"https:\/\/www.verdieditions.com\/cd-pop-rock\/wp-content\/uploads\/2021\/02\/donald-fagen-nightfly-K7.jpg","contentUrl":"https:\/\/www.verdieditions.com\/cd-pop-rock\/wp-content\/uploads\/2021\/02\/donald-fagen-nightfly-K7.jpg","width":800,"height":532,"caption":"donald-fagen-nightfly-K7"},{"@type":"BreadcrumbList","@id":"https:\/\/www.verdieditions.com\/cd-pop-rock\/produit\/donald-fagen-nightfly-k7\/#breadcrumb","itemListElement":[{"@type":"ListItem","position":1,"name":"Accueil","item":"https:\/\/www.verdieditions.com\/cd-pop-rock\/"},{"@type":"ListItem","position":2,"name":"La Boutique","item":"https:\/\/www.verdieditions.com\/cd-pop-rock\/boutique\/"},{"@type":"ListItem","position":3,"name":"DONALD FAGEN &#8211; The Nightfly &#8211; K7"}]},{"@type":"WebSite","@id":"https:\/\/www.verdieditions.com\/cd-pop-rock\/#website","url":"https:\/\/www.verdieditions.com\/cd-pop-rock\/","name":"CD Pop Rock","description":"CD, K7, Vinyles, VHS et DVD de Musique Pop et Rock vintage","publisher":{"@id":"https:\/\/www.verdieditions.com\/cd-pop-rock\/#\/schema\/person\/3a9da867add08338474907117bf9668a"},"potentialAction":[{"@type":"SearchAction","target":{"@type":"EntryPoint","urlTemplate":"https:\/\/www.verdieditions.com\/cd-pop-rock\/?s={search_term_string}"},"query-input":{"@type":"PropertyValueSpecification","valueRequired":true,"valueName":"search_term_string"}}],"inLanguage":"fr-FR"},{"@type":["Person","Organization"],"@id":"https:\/\/www.verdieditions.com\/cd-pop-rock\/#\/schema\/person\/3a9da867add08338474907117bf9668a","name":"Sylvie VERDI","image":{"@type":"ImageObject","inLanguage":"fr-FR","@id":"https:\/\/www.verdieditions.com\/cd-pop-rock\/#\/schema\/person\/image\/","url":"https:\/\/www.verdieditions.com\/cd-pop-rock\/wp-content\/uploads\/2021\/01\/cropped-favicon-cd-pop-rock-vinyle-32x32-1.png","contentUrl":"https:\/\/www.verdieditions.com\/cd-pop-rock\/wp-content\/uploads\/2021\/01\/cropped-favicon-cd-pop-rock-vinyle-32x32-1.png","width":512,"height":512,"caption":"Sylvie VERDI"},"logo":{"@id":"https:\/\/www.verdieditions.com\/cd-pop-rock\/#\/schema\/person\/image\/"},"sameAs":["https:\/\/www.verdieditions.com\/cd-pop-rock","https:\/\/www.facebook.com\/CD-Pop-Rock-107168374818139"]}]}},"_links":{"self":[{"href":"https:\/\/www.verdieditions.com\/cd-pop-rock\/wp-json\/wp\/v2\/product\/1407","targetHints":{"allow":["GET"]}}],"collection":[{"href":"https:\/\/www.verdieditions.com\/cd-pop-rock\/wp-json\/wp\/v2\/product"}],"about":[{"href":"https:\/\/www.verdieditions.com\/cd-pop-rock\/wp-json\/wp\/v2\/types\/product"}],"wp:featuredmedia":[{"embeddable":true,"href":"https:\/\/www.verdieditions.com\/cd-pop-rock\/wp-json\/wp\/v2\/media\/2212"}],"wp:attachment":[{"href":"https:\/\/www.verdieditions.com\/cd-pop-rock\/wp-json\/wp\/v2\/media?parent=1407"}],"wp:term":[{"taxonomy":"product_brand","embeddable":true,"href":"https:\/\/www.verdieditions.com\/cd-pop-rock\/wp-json\/wp\/v2\/product_brand?post=1407"},{"taxonomy":"product_cat","embeddable":true,"href":"https:\/\/www.verdieditions.com\/cd-pop-rock\/wp-json\/wp\/v2\/product_cat?post=1407"},{"taxonomy":"product_tag","embeddable":true,"href":"https:\/\/www.verdieditions.com\/cd-pop-rock\/wp-json\/wp\/v2\/product_tag?post=1407"}],"curies":[{"name":"wp","href":"https:\/\/api.w.org\/{rel}","templated":true}]}}