{"id":849,"date":"2013-07-26T21:27:43","date_gmt":"2013-07-26T21:27:43","guid":{"rendered":"http:\/\/themes.kadencethemes.com\/virtue2\/?page_id=22"},"modified":"2021-06-07T16:59:43","modified_gmt":"2021-06-07T14:59:43","slug":"home","status":"publish","type":"page","link":"https:\/\/www.verdieditions.com\/cd-pop-rock\/","title":{"rendered":"Accueil de la Boutique de Disques et CD Pop Rock"},"content":{"rendered":"<div class=\"su-spacer\" style=\"height:30px\"><\/div>\n<h3 style=\"text-align: center;\"><span style=\"color: #F76A0C;\">LES AJOUTS R\u00c9CENTS DANS LA BOUTIQUE<\/span><\/h3>\n<div class=\"woocommerce columns-4 \"><div id=\"product_wrapper4\" class=\"products kad_product_wrapper rowtight shopcolumn4 shopfullwidth init-isotope-intrinsic  reinit-isotope\" data-fade-in=\"1\"   data-iso-selector=\".kad_product\" data-iso-style=\"fitRows\" data-iso-filter=\"true\"><div class=\"product type-product post-3118 status-publish first instock product_cat-materiel product_tag-disque-dur product_tag-lacie product_tag-porsche has-post-thumbnail sold-individually shipping-taxable product-type-simple tcol-md-3 tcol-sm-4 tcol-xs-6 tcol-ss-12 materiel kad_product\">\n\t\t<div class=\"grid_item product_item clearfix kad_product_fade_in kt_item_fade_in\"><a href=\"https:\/\/www.verdieditions.com\/cd-pop-rock\/produit\/lacie-disque-dur-250go-porsche-design\/\" class=\"product_item_link product_img_link\"><div class=\"kad-product-flipper kt-product-intrinsic\" style=\"padding-bottom:74%;\"><div class=\"kad_img_flip image_flip_front\"><img loading=\"lazy\" decoding=\"async\" src=\"https:\/\/www.verdieditions.com\/cd-pop-rock\/wp-content\/uploads\/2024\/05\/Disque-dur-Lacie-5-porsche-design-300x222.jpg\" srcset=\"https:\/\/www.verdieditions.com\/cd-pop-rock\/wp-content\/uploads\/2024\/05\/Disque-dur-Lacie-5-porsche-design-300x222.jpg 300w, https:\/\/www.verdieditions.com\/cd-pop-rock\/wp-content\/uploads\/2024\/05\/Disque-dur-Lacie-5-porsche-design-456x337.jpg 456w, https:\/\/www.verdieditions.com\/cd-pop-rock\/wp-content\/uploads\/2024\/05\/Disque-dur-Lacie-5-porsche-design-407x301.jpg 407w, https:\/\/www.verdieditions.com\/cd-pop-rock\/wp-content\/uploads\/2024\/05\/Disque-dur-Lacie-5-porsche-design-400x296.jpg 400w, https:\/\/www.verdieditions.com\/cd-pop-rock\/wp-content\/uploads\/2024\/05\/Disque-dur-Lacie-5-porsche-design-600x444.jpg 600w\" sizes=\"auto, (max-width: 300px) 100vw, 300px\"  alt=\"Disque-dur-Lacie-5-porsche-design\" width=\"300\" height=\"222\" class=\"attachment-shop_catalog size-300x222 wp-post-image\"><\/div>\t\t\t\t<div class=\"kad_img_flip image_flip_back\">\n\t\t\t\t<img loading=\"lazy\" decoding=\"async\" src=\"https:\/\/www.verdieditions.com\/cd-pop-rock\/wp-content\/uploads\/2024\/05\/Disque-dur-Lacie-6-porsche-design-300x222.jpg\" srcset=\"https:\/\/www.verdieditions.com\/cd-pop-rock\/wp-content\/uploads\/2024\/05\/Disque-dur-Lacie-6-porsche-design-300x222.jpg 300w, https:\/\/www.verdieditions.com\/cd-pop-rock\/wp-content\/uploads\/2024\/05\/Disque-dur-Lacie-6-porsche-design-456x337.jpg 456w, https:\/\/www.verdieditions.com\/cd-pop-rock\/wp-content\/uploads\/2024\/05\/Disque-dur-Lacie-6-porsche-design-400x296.jpg 400w, https:\/\/www.verdieditions.com\/cd-pop-rock\/wp-content\/uploads\/2024\/05\/Disque-dur-Lacie-6-porsche-design-600x444.jpg 600w\" sizes=\"auto, (max-width: 300px) 100vw, 300px\"  alt=\"Disque-dur-Lacie-6-porsche-design\" width=\"300\" height=\"222\" class=\"attachment-shop_catalog size-300x222 wp-post-image\">\t\t\t\t<\/div>\n\t\t\t<\/div><\/a><div class=\"details_product_item\"><div class=\"product_details\"><a href=\"https:\/\/www.verdieditions.com\/cd-pop-rock\/produit\/lacie-disque-dur-250go-porsche-design\/\" class=\"product_item_link product_title_link\"><h5>Disque Dur Externe LACIE 250 GO Porsche Design<\/h5><\/a><div class=\"product_excerpt\"><p>Marque : LACIE<br \/>\nProduit : Disque Dur externe \/ Hard Drive portable<br \/>\nMod\u00e8le : 250Go design F.A.Porsche<br \/>\nCouleur : Gris m\u00e9tal<br \/>\nSortie : USB 2.0<br \/>\nAvec c\u00e2ble USB et alimentation d&rsquo;origine<br \/>\nDimensions : 19 cm x 11 cm x ht. 4 cm<br \/>\nPoids (hors emballage &#038; c\u00e2bles) : 875g<br \/>\nEtat : Excellent, peu servi, conserv\u00e9 dans d&rsquo;excellentes conditions.<\/p>\n<\/div><\/div>\n\t<span class=\"price\"><span class=\"woocommerce-Price-amount amount\"><bdi>95,00&nbsp;<span class=\"woocommerce-Price-currencySymbol\">&euro;<\/span><\/bdi><\/span><\/span>\n<a href=\"https:\/\/www.verdieditions.com\/cd-pop-rock\/produit\/lacie-disque-dur-250go-porsche-design\/\" aria-describedby=\"woocommerce_loop_add_to_cart_link_describedby_3118\" data-quantity=\"1\" class=\"button product_type_simple kad-btn headerfont kad_add_to_cart\" data-product_id=\"3118\" data-product_sku=\"FND-1-1\" aria-label=\"En savoir plus sur &ldquo;Disque Dur Externe LACIE 250 GO Porsche Design&rdquo;\" rel=\"nofollow\" data-success_message=\"\">Lire la suite<\/a>\t<span id=\"woocommerce_loop_add_to_cart_link_describedby_3118\" class=\"screen-reader-text\">\n\t\t\t<\/span>\n<\/div><\/div><\/div>\n<div class=\"product type-product post-3030 status-publish instock product_cat-livres product_tag-art-rock product_tag-pop product_tag-rock-progressif has-post-thumbnail sold-individually shipping-taxable product-type-simple tcol-md-3 tcol-sm-4 tcol-xs-6 tcol-ss-12 livres kad_product\">\n\t\t<div class=\"grid_item product_item clearfix kad_product_fade_in kt_item_fade_in\"><a href=\"https:\/\/www.verdieditions.com\/cd-pop-rock\/produit\/david-bowie-press-book-fan-1971-1983\/\" class=\"product_item_link product_img_link\"><div class=\"kad-product-flipper kt-product-intrinsic\" style=\"padding-bottom:74%;\"><div class=\"kad_img_flip image_flip_front\"><img loading=\"lazy\" decoding=\"async\" src=\"https:\/\/www.verdieditions.com\/cd-pop-rock\/wp-content\/uploads\/2023\/01\/BOWIE-press-book-1971-1983-12-300x222.jpg\" srcset=\"https:\/\/www.verdieditions.com\/cd-pop-rock\/wp-content\/uploads\/2023\/01\/BOWIE-press-book-1971-1983-12-300x222.jpg 300w, https:\/\/www.verdieditions.com\/cd-pop-rock\/wp-content\/uploads\/2023\/01\/BOWIE-press-book-1971-1983-12-456x337.jpg 456w, https:\/\/www.verdieditions.com\/cd-pop-rock\/wp-content\/uploads\/2023\/01\/BOWIE-press-book-1971-1983-12-407x301.jpg 407w, https:\/\/www.verdieditions.com\/cd-pop-rock\/wp-content\/uploads\/2023\/01\/BOWIE-press-book-1971-1983-12-400x296.jpg 400w, https:\/\/www.verdieditions.com\/cd-pop-rock\/wp-content\/uploads\/2023\/01\/BOWIE-press-book-1971-1983-12-600x444.jpg 600w\" sizes=\"auto, (max-width: 300px) 100vw, 300px\"  alt=\"BOWIE-press-book-1971-1983-12\" width=\"300\" height=\"222\" class=\"attachment-shop_catalog size-300x222 wp-post-image\"><\/div>\t\t\t\t<div class=\"kad_img_flip image_flip_back\">\n\t\t\t\t<img loading=\"lazy\" decoding=\"async\" src=\"https:\/\/www.verdieditions.com\/cd-pop-rock\/wp-content\/uploads\/2023\/01\/BOWIE-press-book-1971-1983--300x222.jpg\" srcset=\"https:\/\/www.verdieditions.com\/cd-pop-rock\/wp-content\/uploads\/2023\/01\/BOWIE-press-book-1971-1983--300x222.jpg 300w, https:\/\/www.verdieditions.com\/cd-pop-rock\/wp-content\/uploads\/2023\/01\/BOWIE-press-book-1971-1983--456x337.jpg 456w, https:\/\/www.verdieditions.com\/cd-pop-rock\/wp-content\/uploads\/2023\/01\/BOWIE-press-book-1971-1983--400x296.jpg 400w, https:\/\/www.verdieditions.com\/cd-pop-rock\/wp-content\/uploads\/2023\/01\/BOWIE-press-book-1971-1983--600x444.jpg 600w\" sizes=\"auto, (max-width: 300px) 100vw, 300px\"  alt=\"BOWIE-press-book-1971-1983-\" width=\"300\" height=\"222\" class=\"attachment-shop_catalog size-300x222 wp-post-image\">\t\t\t\t<\/div>\n\t\t\t<\/div><\/a><div class=\"details_product_item\"><div class=\"product_details\"><a href=\"https:\/\/www.verdieditions.com\/cd-pop-rock\/produit\/david-bowie-press-book-fan-1971-1983\/\" class=\"product_item_link product_title_link\"><h5>DAVID BOWIE &#8211; Press-book de Fan de 1971 \u00e0 1983<\/h5><\/a><div class=\"product_excerpt\"><p>Artiste : DAVID BOWIE<br \/>\nPRESS-BOOK de fan de 1971 \u00e0 1983<br \/>\nAnn\u00e9es : de 1971 \u00e0 1983<\/p>\n<p>Coupures de presse, articles, etc. de Rock &#038; Folk, Best, Pop Hebdo, Rock &#038; Stock, Salut !, Rock, N\u00b01 Magazine, Rock News, Vid\u00e9o 7, Tube Express, Daily Planet, Bravo (D), Clap !, Cin\u00e9 Rock, Premi\u00e8re, Rock &#038; BD, T\u00e9l\u00e9 K7, Lib\u00e9ration, Guitare Magazine, T\u00e9l\u00e9rama, Starfix, Gai Pied et nombreux autres&#8230;<\/p>\n<p>+ courrier original de Natacha Smonialoff + photo du fan club &#038; courrier des amis de Natacha Smonialoff + poster Cin\u00e9 Rock  + badges concert Paris 1983<\/p>\n<p>Etat : Excellent, conserv\u00e9 dans d&rsquo;excellentes conditions sous blister au noir et au sec.<\/p>\n<\/div><\/div>\n\t<span class=\"price\"><span class=\"woocommerce-Price-amount amount\"><bdi>600,00&nbsp;<span class=\"woocommerce-Price-currencySymbol\">&euro;<\/span><\/bdi><\/span><\/span>\n<a href=\"https:\/\/www.verdieditions.com\/cd-pop-rock\/produit\/david-bowie-press-book-fan-1971-1983\/\" aria-describedby=\"woocommerce_loop_add_to_cart_link_describedby_3030\" data-quantity=\"1\" class=\"button product_type_simple kad-btn headerfont kad_add_to_cart\" data-product_id=\"3030\" data-product_sku=\"BWI-3\" aria-label=\"En savoir plus sur &ldquo;DAVID BOWIE - Press-book de Fan de 1971 \u00e0 1983&rdquo;\" rel=\"nofollow\" data-success_message=\"\">Lire la suite<\/a>\t<span id=\"woocommerce_loop_add_to_cart_link_describedby_3030\" class=\"screen-reader-text\">\n\t\t\t<\/span>\n<\/div><\/div><\/div>\n<div class=\"product type-product post-2943 status-publish instock product_cat-33t product_tag-pop product_tag-reggae has-post-thumbnail shipping-taxable product-type-simple tcol-md-3 tcol-sm-4 tcol-xs-6 tcol-ss-12 33t kad_product\">\n\t\t<div class=\"grid_item product_item clearfix kad_product_fade_in kt_item_fade_in\"><a href=\"https:\/\/www.verdieditions.com\/cd-pop-rock\/produit\/jimmy-cliff-power-glory-33t\/\" class=\"product_item_link product_img_link\"><div class=\"kad-product-flipper kt-product-intrinsic\" style=\"padding-bottom:74%;\"><div class=\"kad_img_flip image_flip_front\"><img loading=\"lazy\" decoding=\"async\" src=\"https:\/\/www.verdieditions.com\/cd-pop-rock\/wp-content\/uploads\/2021\/06\/jimmy-cliff-power-glory-33T-1-300x222.jpg\" srcset=\"https:\/\/www.verdieditions.com\/cd-pop-rock\/wp-content\/uploads\/2021\/06\/jimmy-cliff-power-glory-33T-1-300x222.jpg 300w, https:\/\/www.verdieditions.com\/cd-pop-rock\/wp-content\/uploads\/2021\/06\/jimmy-cliff-power-glory-33T-1-456x337.jpg 456w, https:\/\/www.verdieditions.com\/cd-pop-rock\/wp-content\/uploads\/2021\/06\/jimmy-cliff-power-glory-33T-1-400x296.jpg 400w, https:\/\/www.verdieditions.com\/cd-pop-rock\/wp-content\/uploads\/2021\/06\/jimmy-cliff-power-glory-33T-1-407x301.jpg 407w\" sizes=\"auto, (max-width: 300px) 100vw, 300px\"  alt=\"jimmy-cliff-power-glory-33T-1\" width=\"300\" height=\"222\" class=\"attachment-shop_catalog size-300x222 wp-post-image\"><\/div>\t\t\t\t<div class=\"kad_img_flip image_flip_back\">\n\t\t\t\t<img loading=\"lazy\" decoding=\"async\" src=\"https:\/\/www.verdieditions.com\/cd-pop-rock\/wp-content\/uploads\/2021\/06\/jimmy-cliff-power-glory-33T-2-300x222.jpg\" srcset=\"https:\/\/www.verdieditions.com\/cd-pop-rock\/wp-content\/uploads\/2021\/06\/jimmy-cliff-power-glory-33T-2-300x222.jpg 300w, https:\/\/www.verdieditions.com\/cd-pop-rock\/wp-content\/uploads\/2021\/06\/jimmy-cliff-power-glory-33T-2-456x337.jpg 456w, https:\/\/www.verdieditions.com\/cd-pop-rock\/wp-content\/uploads\/2021\/06\/jimmy-cliff-power-glory-33T-2-400x296.jpg 400w\" sizes=\"auto, (max-width: 300px) 100vw, 300px\"  alt=\"jimmy-cliff-power-glory-33T-2\" width=\"300\" height=\"222\" class=\"attachment-shop_catalog size-300x222 wp-post-image\">\t\t\t\t<\/div>\n\t\t\t<\/div><\/a><div class=\"details_product_item\"><div class=\"product_details\"><a href=\"https:\/\/www.verdieditions.com\/cd-pop-rock\/produit\/jimmy-cliff-power-glory-33t\/\" class=\"product_item_link product_title_link\"><h5>JIMMY CLIFF &#8211; The Power And The Glory &#8211; 33T<\/h5><\/a><div class=\"product_excerpt\"><p>Artiste : JIMMY CLIFF<br \/>\nTitre : The Power And The Glory &#8211; 33T<br \/>\nAnn\u00e9e : 1983, \u00e9dition originale<br \/>\n<strong>Pressage ancien original de collection <\/strong><br \/>\nGenre : Reggae, Pop<br \/>\nProducteur : Amir Bayyan, Jim Bonnefond, Jimmy Cliff, Ronald Bell<br \/>\nLabel : CBS <\/p>\n<\/div><\/div>\n\t<span class=\"price\"><span class=\"woocommerce-Price-amount amount\"><bdi>8,00&nbsp;<span class=\"woocommerce-Price-currencySymbol\">&euro;<\/span><\/bdi><\/span><\/span>\n<a href=\"https:\/\/www.verdieditions.com\/cd-pop-rock\/produit\/jimmy-cliff-power-glory-33t\/\" aria-describedby=\"woocommerce_loop_add_to_cart_link_describedby_2943\" data-quantity=\"1\" class=\"button product_type_simple kad-btn headerfont kad_add_to_cart\" data-product_id=\"2943\" data-product_sku=\"CLI-1\" aria-label=\"En savoir plus sur &ldquo;JIMMY CLIFF - The Power And The Glory - 33T&rdquo;\" rel=\"nofollow\" data-success_message=\"\">Lire la suite<\/a>\t<span id=\"woocommerce_loop_add_to_cart_link_describedby_2943\" class=\"screen-reader-text\">\n\t\t\t<\/span>\n<\/div><\/div><\/div>\n<div class=\"product type-product post-2933 status-publish last instock product_cat-cd product_tag-chanson-francaise product_tag-pop has-post-thumbnail shipping-taxable product-type-simple tcol-md-3 tcol-sm-4 tcol-xs-6 tcol-ss-12 cd kad_product\">\n\t\t<div class=\"grid_item product_item clearfix kad_product_fade_in kt_item_fade_in\"><a href=\"https:\/\/www.verdieditions.com\/cd-pop-rock\/produit\/johnny-hallyday-tutti-frutti-mini-cd-maxi-single\/\" class=\"product_item_link product_img_link\"><div class=\"kad-product-noflipper kt-product-intrinsic\" style=\"padding-bottom:74%;\"><div class=\"kad_img_flip image_flip_front\"><img loading=\"lazy\" decoding=\"async\" src=\"https:\/\/www.verdieditions.com\/cd-pop-rock\/wp-content\/uploads\/2021\/06\/johnny-hallyday-tutti-frutti-59-mini-cd-single-300x222.jpg\" srcset=\"https:\/\/www.verdieditions.com\/cd-pop-rock\/wp-content\/uploads\/2021\/06\/johnny-hallyday-tutti-frutti-59-mini-cd-single-300x222.jpg 300w, https:\/\/www.verdieditions.com\/cd-pop-rock\/wp-content\/uploads\/2021\/06\/johnny-hallyday-tutti-frutti-59-mini-cd-single-456x337.jpg 456w, https:\/\/www.verdieditions.com\/cd-pop-rock\/wp-content\/uploads\/2021\/06\/johnny-hallyday-tutti-frutti-59-mini-cd-single-400x296.jpg 400w, https:\/\/www.verdieditions.com\/cd-pop-rock\/wp-content\/uploads\/2021\/06\/johnny-hallyday-tutti-frutti-59-mini-cd-single-407x301.jpg 407w\" sizes=\"auto, (max-width: 300px) 100vw, 300px\"  alt=\"johnny-hallyday-tutti-frutti-59-mini-cd-single\" width=\"300\" height=\"222\" class=\"attachment-shop_catalog size-300x222 wp-post-image\"><\/div><\/div><\/a><div class=\"details_product_item\"><div class=\"product_details\"><a href=\"https:\/\/www.verdieditions.com\/cd-pop-rock\/produit\/johnny-hallyday-tutti-frutti-mini-cd-maxi-single\/\" class=\"product_item_link product_title_link\"><h5>JOHNNY HALLYDAY &#8211; Tutti Frutti &#8211; Mini CD Single<\/h5><\/a><div class=\"product_excerpt\"><p>Artiste : JOHNNY HALLYDAY<br \/>\nTitre : Tutti Frutti &#8211; Mini CD Single, in\u00e9dit 59<br \/>\nAnn\u00e9e : 1993, \u00e9dition originale<br \/>\nGenre : Pop, chanson fran\u00e7aise<br \/>\nLabel : PolyGram Projets Sp\u00e9ciaux <\/p>\n<\/div><\/div>\n\t<span class=\"price\"><span class=\"woocommerce-Price-amount amount\"><bdi>4,00&nbsp;<span class=\"woocommerce-Price-currencySymbol\">&euro;<\/span><\/bdi><\/span><\/span>\n<a href=\"https:\/\/www.verdieditions.com\/cd-pop-rock\/produit\/johnny-hallyday-tutti-frutti-mini-cd-maxi-single\/\" aria-describedby=\"woocommerce_loop_add_to_cart_link_describedby_2933\" data-quantity=\"1\" class=\"button product_type_simple kad-btn headerfont kad_add_to_cart\" data-product_id=\"2933\" data-product_sku=\"HLY-1\" aria-label=\"En savoir plus sur &ldquo;JOHNNY HALLYDAY - Tutti Frutti - Mini CD Single&rdquo;\" rel=\"nofollow\" data-success_message=\"\">Lire la suite<\/a>\t<span id=\"woocommerce_loop_add_to_cart_link_describedby_2933\" class=\"screen-reader-text\">\n\t\t\t<\/span>\n<\/div><\/div><\/div>\n<\/div>\n<\/div>\n<p style=\"text-align: right;\"><a href=\"https:\/\/www.verdieditions.com\/cd-pop-rock\/boutique\/\">Plus de nouveaut\u00e9s&#8230;<\/a><\/p>\n<div class=\"su-spacer\" style=\"height:30px\"><\/div>\n<h3 style=\"text-align: center;\"><span style=\"color: #F76A0C;\">LES RARET\u00c9S DE LA BOUTIQUE<\/span><\/h3>\n<div class=\"woocommerce columns-4 \"><div id=\"product_wrapper4\" class=\"products kad_product_wrapper rowtight shopcolumn4 shopfullwidth init-isotope-intrinsic  reinit-isotope\" data-fade-in=\"1\"   data-iso-selector=\".kad_product\" data-iso-style=\"fitRows\" data-iso-filter=\"true\"><div class=\"product type-product post-2495 status-publish first instock product_cat-materiel product_tag-accordeon product_tag-hohner has-post-thumbnail featured sold-individually shipping-taxable product-type-simple tcol-md-3 tcol-sm-4 tcol-xs-6 tcol-ss-12 materiel kad_product\">\n\t\t<div class=\"grid_item product_item clearfix kad_product_fade_in kt_item_fade_in\"><a href=\"https:\/\/www.verdieditions.com\/cd-pop-rock\/produit\/accordeon-diatonique-hohner-2915gc\/\" class=\"product_item_link product_img_link\"><div class=\"kad-product-flipper kt-product-intrinsic\" style=\"padding-bottom:74%;\"><div class=\"kad_img_flip image_flip_front\"><img loading=\"lazy\" decoding=\"async\" src=\"https:\/\/www.verdieditions.com\/cd-pop-rock\/wp-content\/uploads\/2021\/04\/Accordeon-Diatonique-HOHNER-2915-GC-13-300x222.jpg\" srcset=\"https:\/\/www.verdieditions.com\/cd-pop-rock\/wp-content\/uploads\/2021\/04\/Accordeon-Diatonique-HOHNER-2915-GC-13-300x222.jpg 300w, https:\/\/www.verdieditions.com\/cd-pop-rock\/wp-content\/uploads\/2021\/04\/Accordeon-Diatonique-HOHNER-2915-GC-13-456x337.jpg 456w, https:\/\/www.verdieditions.com\/cd-pop-rock\/wp-content\/uploads\/2021\/04\/Accordeon-Diatonique-HOHNER-2915-GC-13-407x301.jpg 407w, https:\/\/www.verdieditions.com\/cd-pop-rock\/wp-content\/uploads\/2021\/04\/Accordeon-Diatonique-HOHNER-2915-GC-13-400x296.jpg 400w\" sizes=\"auto, (max-width: 300px) 100vw, 300px\"  alt=\"Accordeon-Diatonique-HOHNER-2915-GC-13\" width=\"300\" height=\"222\" class=\"attachment-shop_catalog size-300x222 wp-post-image\"><\/div>\t\t\t\t<div class=\"kad_img_flip image_flip_back\">\n\t\t\t\t<img loading=\"lazy\" decoding=\"async\" src=\"https:\/\/www.verdieditions.com\/cd-pop-rock\/wp-content\/uploads\/2021\/04\/Accordeon-Diatonique-HOHNER-2915-GC-7-300x222.jpg\" srcset=\"https:\/\/www.verdieditions.com\/cd-pop-rock\/wp-content\/uploads\/2021\/04\/Accordeon-Diatonique-HOHNER-2915-GC-7-300x222.jpg 300w, https:\/\/www.verdieditions.com\/cd-pop-rock\/wp-content\/uploads\/2021\/04\/Accordeon-Diatonique-HOHNER-2915-GC-7-456x337.jpg 456w, https:\/\/www.verdieditions.com\/cd-pop-rock\/wp-content\/uploads\/2021\/04\/Accordeon-Diatonique-HOHNER-2915-GC-7-400x296.jpg 400w\" sizes=\"auto, (max-width: 300px) 100vw, 300px\"  alt=\"Accordeon-Diatonique-HOHNER-2915-GC-7\" width=\"300\" height=\"222\" class=\"attachment-shop_catalog size-300x222 wp-post-image\">\t\t\t\t<\/div>\n\t\t\t<\/div><\/a><div class=\"details_product_item\"><div class=\"product_details\"><a href=\"https:\/\/www.verdieditions.com\/cd-pop-rock\/produit\/accordeon-diatonique-hohner-2915gc\/\" class=\"product_item_link product_title_link\"><h5>HOHNER &#8211; Accord\u00e9on Diatonique 2915G-C VT &#8211; Or &#038; Noir<\/h5><\/a><div class=\"product_excerpt\"><p>Marque : HOHNER<br \/>\nProduit : Accord\u00e9on Diatonique HOHNER 2915 GC Or\/Noir<br \/>\nMod\u00e8le : Vienna Model 2915<br \/>\nCouleur : Or \/ Noir<br \/>\nQualit\u00e9 du jeu de plaque : Standard<br \/>\nNombre de boutons : 21<br \/>\nRang\u00e9e de boutons : 2<br \/>\nNombres de notes : 42<br \/>\nGamme : Diatonique<br \/>\nVoix : 2<br \/>\nTonalit\u00e9 de couleur : 1<br \/>\nBasses traditionnelles : 8<br \/>\nVoix de basses traditionnelles : 5<br \/>\nAvec bretelles et fixations et bo\u00eete d&rsquo;origine<br \/>\nDimension (Hauteur x largeur) : 28 cm x 15 cm<br \/>\nPoids : 2,6 kg<br \/>\nEtat : Excellent<\/p>\n<\/div><\/div>\n\t<span class=\"price\"><span class=\"woocommerce-Price-amount amount\"><bdi>599,00&nbsp;<span class=\"woocommerce-Price-currencySymbol\">&euro;<\/span><\/bdi><\/span><\/span>\n<a href=\"https:\/\/www.verdieditions.com\/cd-pop-rock\/produit\/accordeon-diatonique-hohner-2915gc\/\" aria-describedby=\"woocommerce_loop_add_to_cart_link_describedby_2495\" data-quantity=\"1\" class=\"button product_type_simple kad-btn headerfont kad_add_to_cart\" data-product_id=\"2495\" data-product_sku=\"HOH-1\" aria-label=\"En savoir plus sur &ldquo;HOHNER - Accord\u00e9on Diatonique 2915G-C VT - Or &amp; Noir&rdquo;\" rel=\"nofollow\" data-success_message=\"\">Lire la suite<\/a>\t<span id=\"woocommerce_loop_add_to_cart_link_describedby_2495\" class=\"screen-reader-text\">\n\t\t\t<\/span>\n<\/div><\/div><\/div>\n<div class=\"product type-product post-1620 status-publish instock product_cat-33t product_tag-hard-rock product_tag-pop-rock has-post-thumbnail featured shipping-taxable product-type-simple tcol-md-3 tcol-sm-4 tcol-xs-6 tcol-ss-12 33t kad_product\">\n\t\t<div class=\"grid_item product_item clearfix kad_product_fade_in kt_item_fade_in\"><a href=\"https:\/\/www.verdieditions.com\/cd-pop-rock\/produit\/queen-news-world-33t\/\" class=\"product_item_link product_img_link\"><div class=\"kad-product-flipper kt-product-intrinsic\" style=\"padding-bottom:74%;\"><div class=\"kad_img_flip image_flip_front\"><img loading=\"lazy\" decoding=\"async\" src=\"https:\/\/www.verdieditions.com\/cd-pop-rock\/wp-content\/uploads\/2021\/02\/queen-news-world-33T-300x222.jpg\" srcset=\"https:\/\/www.verdieditions.com\/cd-pop-rock\/wp-content\/uploads\/2021\/02\/queen-news-world-33T-300x222.jpg 300w, https:\/\/www.verdieditions.com\/cd-pop-rock\/wp-content\/uploads\/2021\/02\/queen-news-world-33T-456x337.jpg 456w, https:\/\/www.verdieditions.com\/cd-pop-rock\/wp-content\/uploads\/2021\/02\/queen-news-world-33T-400x296.jpg 400w, https:\/\/www.verdieditions.com\/cd-pop-rock\/wp-content\/uploads\/2021\/02\/queen-news-world-33T-600x444.jpg 600w, https:\/\/www.verdieditions.com\/cd-pop-rock\/wp-content\/uploads\/2021\/02\/queen-news-world-33T-407x301.jpg 407w\" sizes=\"auto, (max-width: 300px) 100vw, 300px\"  alt=\"queen-news-world-33T\" width=\"300\" height=\"222\" class=\"attachment-shop_catalog size-300x222 wp-post-image\"><\/div>\t\t\t\t<div class=\"kad_img_flip image_flip_back\">\n\t\t\t\t<img loading=\"lazy\" decoding=\"async\" src=\"https:\/\/www.verdieditions.com\/cd-pop-rock\/wp-content\/uploads\/2021\/02\/queen-news-world-2-33T-300x222.jpg\" srcset=\"https:\/\/www.verdieditions.com\/cd-pop-rock\/wp-content\/uploads\/2021\/02\/queen-news-world-2-33T-300x222.jpg 300w, https:\/\/www.verdieditions.com\/cd-pop-rock\/wp-content\/uploads\/2021\/02\/queen-news-world-2-33T-456x337.jpg 456w, https:\/\/www.verdieditions.com\/cd-pop-rock\/wp-content\/uploads\/2021\/02\/queen-news-world-2-33T-400x296.jpg 400w, https:\/\/www.verdieditions.com\/cd-pop-rock\/wp-content\/uploads\/2021\/02\/queen-news-world-2-33T-600x444.jpg 600w\" sizes=\"auto, (max-width: 300px) 100vw, 300px\"  alt=\"queen-news-world-2-33T\" width=\"300\" height=\"222\" class=\"attachment-shop_catalog size-300x222 wp-post-image\">\t\t\t\t<\/div>\n\t\t\t<\/div><\/a><div class=\"details_product_item\"><div class=\"product_details\"><a href=\"https:\/\/www.verdieditions.com\/cd-pop-rock\/produit\/queen-news-world-33t\/\" class=\"product_item_link product_title_link\"><h5>QUEEN &#8211; News Of The World &#8211; 1977 &#8211; 33T<\/h5><\/a><div class=\"product_excerpt\"><p>Artiste : QUEEN<br \/>\nTitre : News Of The World &#8211; 33T (<a href=\"https:\/\/www.discogs.com\/fr\/Queen-News-Of-The-World\/release\/807797\">1C 064-60 033<\/a>)<br \/>\nAnn\u00e9e : 1977, \u00e9dition originale, avec pochette de paroles d&rsquo;origine<br \/>\n<strong>Pressage ancien original de collection<br \/>\nVinyle peu \u00e9cout\u00e9<\/strong><br \/>\nGenre : Hard Rock, Pop Rock<br \/>\nProducteur : QUEEN<br \/>\nLabel : EMI Electrola <\/p>\n<\/div><\/div>\n\t<span class=\"price\"><span class=\"woocommerce-Price-amount amount\"><bdi>60,00&nbsp;<span class=\"woocommerce-Price-currencySymbol\">&euro;<\/span><\/bdi><\/span><\/span>\n<a href=\"https:\/\/www.verdieditions.com\/cd-pop-rock\/produit\/queen-news-world-33t\/\" aria-describedby=\"woocommerce_loop_add_to_cart_link_describedby_1620\" data-quantity=\"1\" class=\"button product_type_simple kad-btn headerfont kad_add_to_cart\" data-product_id=\"1620\" data-product_sku=\"QEE-1\" aria-label=\"En savoir plus sur &ldquo;QUEEN - News Of The World - 1977 - 33T&rdquo;\" rel=\"nofollow\" data-success_message=\"\">Lire la suite<\/a>\t<span id=\"woocommerce_loop_add_to_cart_link_describedby_1620\" class=\"screen-reader-text\">\n\t\t\t<\/span>\n<\/div><\/div><\/div>\n<div class=\"product type-product post-1597 status-publish instock product_cat-33t product_tag-pop-rock has-post-thumbnail featured shipping-taxable product-type-simple tcol-md-3 tcol-sm-4 tcol-xs-6 tcol-ss-12 33t kad_product\">\n\t\t<div class=\"grid_item product_item clearfix kad_product_fade_in kt_item_fade_in\"><a href=\"https:\/\/www.verdieditions.com\/cd-pop-rock\/produit\/bowie-jagger-dancing-street-maxi-45t\/\" class=\"product_item_link product_img_link\"><div class=\"kad-product-flipper kt-product-intrinsic\" style=\"padding-bottom:74%;\"><div class=\"kad_img_flip image_flip_front\"><img loading=\"lazy\" decoding=\"async\" src=\"https:\/\/www.verdieditions.com\/cd-pop-rock\/wp-content\/uploads\/2021\/02\/bowie-jagger-dancing-street-maxi-45T-1-300x222.jpg\" srcset=\"https:\/\/www.verdieditions.com\/cd-pop-rock\/wp-content\/uploads\/2021\/02\/bowie-jagger-dancing-street-maxi-45T-1-300x222.jpg 300w, https:\/\/www.verdieditions.com\/cd-pop-rock\/wp-content\/uploads\/2021\/02\/bowie-jagger-dancing-street-maxi-45T-1-456x337.jpg 456w, https:\/\/www.verdieditions.com\/cd-pop-rock\/wp-content\/uploads\/2021\/02\/bowie-jagger-dancing-street-maxi-45T-1-400x296.jpg 400w, https:\/\/www.verdieditions.com\/cd-pop-rock\/wp-content\/uploads\/2021\/02\/bowie-jagger-dancing-street-maxi-45T-1-600x444.jpg 600w, https:\/\/www.verdieditions.com\/cd-pop-rock\/wp-content\/uploads\/2021\/02\/bowie-jagger-dancing-street-maxi-45T-1-407x301.jpg 407w\" sizes=\"auto, (max-width: 300px) 100vw, 300px\"  alt=\"bowie-jagger-dancing-street-maxi-45T\" width=\"300\" height=\"222\" class=\"attachment-shop_catalog size-300x222 wp-post-image\"><\/div>\t\t\t\t<div class=\"kad_img_flip image_flip_back\">\n\t\t\t\t<img loading=\"lazy\" decoding=\"async\" src=\"https:\/\/www.verdieditions.com\/cd-pop-rock\/wp-content\/uploads\/2021\/02\/bowie-jagger-dancing-street-maxi-45T-1-1-300x222.jpg\" srcset=\"https:\/\/www.verdieditions.com\/cd-pop-rock\/wp-content\/uploads\/2021\/02\/bowie-jagger-dancing-street-maxi-45T-1-1-300x222.jpg 300w, https:\/\/www.verdieditions.com\/cd-pop-rock\/wp-content\/uploads\/2021\/02\/bowie-jagger-dancing-street-maxi-45T-1-1-456x337.jpg 456w, https:\/\/www.verdieditions.com\/cd-pop-rock\/wp-content\/uploads\/2021\/02\/bowie-jagger-dancing-street-maxi-45T-1-1-400x296.jpg 400w, https:\/\/www.verdieditions.com\/cd-pop-rock\/wp-content\/uploads\/2021\/02\/bowie-jagger-dancing-street-maxi-45T-1-1-600x444.jpg 600w\" sizes=\"auto, (max-width: 300px) 100vw, 300px\"  alt=\"bowie-jagger-dancing-street-maxi-45T-1\" width=\"300\" height=\"222\" class=\"attachment-shop_catalog size-300x222 wp-post-image\">\t\t\t\t<\/div>\n\t\t\t<\/div><\/a><div class=\"details_product_item\"><div class=\"product_details\"><a href=\"https:\/\/www.verdieditions.com\/cd-pop-rock\/produit\/bowie-jagger-dancing-street-maxi-45t\/\" class=\"product_item_link product_title_link\"><h5>DAVID BOWIE &#8211; MICK JAGGER &#8211; Dancing In The Street &#8211; Maxi 45T<\/h5><\/a><div class=\"product_excerpt\"><p>Artiste : DAVID BOWIE &#8211; MICK JAGGER<br \/>\nTitre : Dancing In The Street &#8211; Maxi 45T<br \/>\nAnn\u00e9e : 1985, \u00e9dition originale<br \/>\n<strong>Pressage ancien original de collection<br \/>\nVinyle vierge, jamais \u00e9cout\u00e9<\/strong><br \/>\nGenre : Pop Rock<br \/>\nProducteur : Clive Langer &#038; Alan Winstanley<br \/>\nLabel : Path\u00e9 Marconi EMI  <\/p>\n<\/div><\/div>\n\t<span class=\"price\"><span class=\"woocommerce-Price-amount amount\"><bdi>25,00&nbsp;<span class=\"woocommerce-Price-currencySymbol\">&euro;<\/span><\/bdi><\/span><\/span>\n<a href=\"https:\/\/www.verdieditions.com\/cd-pop-rock\/produit\/bowie-jagger-dancing-street-maxi-45t\/\" aria-describedby=\"woocommerce_loop_add_to_cart_link_describedby_1597\" data-quantity=\"1\" class=\"button product_type_simple kad-btn headerfont kad_add_to_cart\" data-product_id=\"1597\" data-product_sku=\"DIS-1\" aria-label=\"En savoir plus sur &ldquo;DAVID BOWIE - MICK JAGGER - Dancing In The Street - Maxi 45T&rdquo;\" rel=\"nofollow\" data-success_message=\"\">Lire la suite<\/a>\t<span id=\"woocommerce_loop_add_to_cart_link_describedby_1597\" class=\"screen-reader-text\">\n\t\t\t<\/span>\n<\/div><\/div><\/div>\n<div class=\"product type-product post-1540 status-publish last instock product_cat-45t product_tag-electronics product_tag-synthpop has-post-thumbnail featured shipping-taxable product-type-simple tcol-md-3 tcol-sm-4 tcol-xs-6 tcol-ss-12 45t kad_product\">\n\t\t<div class=\"grid_item product_item clearfix kad_product_fade_in kt_item_fade_in\"><a href=\"https:\/\/www.verdieditions.com\/cd-pop-rock\/produit\/limahl-only-love-45t-picture-disk\/\" class=\"product_item_link product_img_link\"><div class=\"kad-product-noflipper kt-product-intrinsic\" style=\"padding-bottom:74%;\"><div class=\"kad_img_flip image_flip_front\"><img loading=\"lazy\" decoding=\"async\" src=\"https:\/\/www.verdieditions.com\/cd-pop-rock\/wp-content\/uploads\/2021\/02\/limahl-only-for-love-45T-300x222.jpg\" srcset=\"https:\/\/www.verdieditions.com\/cd-pop-rock\/wp-content\/uploads\/2021\/02\/limahl-only-for-love-45T-300x222.jpg 300w, https:\/\/www.verdieditions.com\/cd-pop-rock\/wp-content\/uploads\/2021\/02\/limahl-only-for-love-45T-456x337.jpg 456w, https:\/\/www.verdieditions.com\/cd-pop-rock\/wp-content\/uploads\/2021\/02\/limahl-only-for-love-45T-600x444.jpg 600w, https:\/\/www.verdieditions.com\/cd-pop-rock\/wp-content\/uploads\/2021\/02\/limahl-only-for-love-45T-400x296.jpg 400w, https:\/\/www.verdieditions.com\/cd-pop-rock\/wp-content\/uploads\/2021\/02\/limahl-only-for-love-45T-407x301.jpg 407w\" sizes=\"auto, (max-width: 300px) 100vw, 300px\"  alt=\"limahl-only-for-love-45T\" width=\"300\" height=\"222\" class=\"attachment-shop_catalog size-300x222 wp-post-image\"><\/div><\/div><\/a><div class=\"details_product_item\"><div class=\"product_details\"><a href=\"https:\/\/www.verdieditions.com\/cd-pop-rock\/produit\/limahl-only-love-45t-picture-disk\/\" class=\"product_item_link product_title_link\"><h5>LIMAHL &#8211; Only For Love &#8211; 45T Picture Disk<\/h5><\/a><div class=\"product_excerpt\"><p>Artiste : LIMAHL<br \/>\nTitre : Only For Love &#8211; 45T Picture Disk<br \/>\nAnn\u00e9e : 1983, \u00e9dition originale<br \/>\n<strong>Pressage ancien original de collection<br \/>\nVinyle vierge, jamais \u00e9cout\u00e9<\/strong><br \/>\nGenre : Electronic, Synth-pop<br \/>\nProducteur : Dee Harris, Tim Palmer<br \/>\nLabel : EMI      <\/p>\n<\/div><\/div>\n\t<span class=\"price\"><span class=\"woocommerce-Price-amount amount\"><bdi>35,00&nbsp;<span class=\"woocommerce-Price-currencySymbol\">&euro;<\/span><\/bdi><\/span><\/span>\n<a href=\"https:\/\/www.verdieditions.com\/cd-pop-rock\/produit\/limahl-only-love-45t-picture-disk\/\" aria-describedby=\"woocommerce_loop_add_to_cart_link_describedby_1540\" data-quantity=\"1\" class=\"button product_type_simple kad-btn headerfont kad_add_to_cart\" data-product_id=\"1540\" data-product_sku=\"LMH-1\" aria-label=\"En savoir plus sur &ldquo;LIMAHL - Only For Love - 45T Picture Disk&rdquo;\" rel=\"nofollow\" data-success_message=\"\">Lire la suite<\/a>\t<span id=\"woocommerce_loop_add_to_cart_link_describedby_1540\" class=\"screen-reader-text\">\n\t\t\t<\/span>\n<\/div><\/div><\/div>\n<\/div>\n<\/div>\n<p style=\"text-align: right;\"><a href=\"https:\/\/www.verdieditions.com\/cd-pop-rock\/raretes-boutique\/\">Plus de raret\u00e9s&#8230;<\/a><\/p>\n<div class=\"su-spacer\" style=\"height:30px\"><\/div>\n<h3 style=\"text-align: center;\"><span style=\"color: #F76A0C;\">LES PROMOTIONS DE LA BOUTIQUE<\/span><\/h3>\n<div class=\"woocommerce columns-4 \"><div id=\"product_wrapper4\" class=\"products kad_product_wrapper rowtight shopcolumn4 shopfullwidth init-isotope-intrinsic  reinit-isotope\" data-fade-in=\"1\"   data-iso-selector=\".kad_product\" data-iso-style=\"fitRows\" data-iso-filter=\"true\"><div class=\"product type-product post-2414 status-publish first instock product_cat-materiel product_tag-sony has-post-thumbnail sale sold-individually shipping-taxable product-type-simple tcol-md-3 tcol-sm-4 tcol-xs-6 tcol-ss-12 materiel kad_product\">\n\t\t<div class=\"grid_item product_item clearfix kad_product_fade_in kt_item_fade_in\"><a href=\"https:\/\/www.verdieditions.com\/cd-pop-rock\/produit\/sony-video-projecteur\/\" class=\"product_item_link product_img_link\"><span class=\"onsale bg_primary headerfont\">Promo !<\/span><div class=\"kad-product-flipper kt-product-intrinsic\" style=\"padding-bottom:74%;\"><div class=\"kad_img_flip image_flip_front\"><img loading=\"lazy\" decoding=\"async\" src=\"https:\/\/www.verdieditions.com\/cd-pop-rock\/wp-content\/uploads\/2021\/03\/videoprojecteur-SONY-VPL-ES3-8-300x222.jpg\" srcset=\"https:\/\/www.verdieditions.com\/cd-pop-rock\/wp-content\/uploads\/2021\/03\/videoprojecteur-SONY-VPL-ES3-8-300x222.jpg 300w, https:\/\/www.verdieditions.com\/cd-pop-rock\/wp-content\/uploads\/2021\/03\/videoprojecteur-SONY-VPL-ES3-8-456x337.jpg 456w, https:\/\/www.verdieditions.com\/cd-pop-rock\/wp-content\/uploads\/2021\/03\/videoprojecteur-SONY-VPL-ES3-8-407x301.jpg 407w, https:\/\/www.verdieditions.com\/cd-pop-rock\/wp-content\/uploads\/2021\/03\/videoprojecteur-SONY-VPL-ES3-8-600x444.jpg 600w, https:\/\/www.verdieditions.com\/cd-pop-rock\/wp-content\/uploads\/2021\/03\/videoprojecteur-SONY-VPL-ES3-8-400x296.jpg 400w\" sizes=\"auto, (max-width: 300px) 100vw, 300px\"  alt=\"videoprojecteur-SONY-VPL-ES3-8\" width=\"300\" height=\"222\" class=\"attachment-shop_catalog size-300x222 wp-post-image\"><\/div>\t\t\t\t<div class=\"kad_img_flip image_flip_back\">\n\t\t\t\t<img loading=\"lazy\" decoding=\"async\" src=\"https:\/\/www.verdieditions.com\/cd-pop-rock\/wp-content\/uploads\/2021\/03\/videoprojecteur-SONY-VPL-ES3-9-300x222.jpg\" srcset=\"https:\/\/www.verdieditions.com\/cd-pop-rock\/wp-content\/uploads\/2021\/03\/videoprojecteur-SONY-VPL-ES3-9-300x222.jpg 300w, https:\/\/www.verdieditions.com\/cd-pop-rock\/wp-content\/uploads\/2021\/03\/videoprojecteur-SONY-VPL-ES3-9-456x337.jpg 456w, https:\/\/www.verdieditions.com\/cd-pop-rock\/wp-content\/uploads\/2021\/03\/videoprojecteur-SONY-VPL-ES3-9-600x444.jpg 600w, https:\/\/www.verdieditions.com\/cd-pop-rock\/wp-content\/uploads\/2021\/03\/videoprojecteur-SONY-VPL-ES3-9-800x592.jpg 800w, https:\/\/www.verdieditions.com\/cd-pop-rock\/wp-content\/uploads\/2021\/03\/videoprojecteur-SONY-VPL-ES3-9-400x296.jpg 400w\" sizes=\"auto, (max-width: 300px) 100vw, 300px\"  alt=\"videoprojecteur-SONY-VPL-ES3-9\" width=\"300\" height=\"222\" class=\"attachment-shop_catalog size-300x222 wp-post-image\">\t\t\t\t<\/div>\n\t\t\t<\/div><\/a><div class=\"details_product_item\"><div class=\"product_details\"><a href=\"https:\/\/www.verdieditions.com\/cd-pop-rock\/produit\/sony-video-projecteur\/\" class=\"product_item_link product_title_link\"><h5>SONY &#8211; Vid\u00e9o projecteur VPL-ES3<\/h5><\/a><div class=\"product_excerpt\"><p>Marque : SONY<br \/>\nProduit : Vid\u00e9o projecteur<br \/>\nMod\u00e8le : VPL-ES3<br \/>\nR\u00e9solution : 800 x 600<br \/>\nType de vid\u00e9o projecteur : Bureautique<br \/>\nCouleur : Brun fonc\u00e9<br \/>\nWiFi : Non<br \/>\n3D : Non<br \/>\nHousse de transport : Oui<br \/>\nC\u00e2bles : Oui<br \/>\nT\u00e9l\u00e9commande : Oui<br \/>\nD\u00e9finition : SVGA<br \/>\nLuminosit\u00e9 (Lumens) : 2000<br \/>\nNb heures fonctionnement : 1102H \/ 3000H<br \/>\nPoids : 2900 g <\/p>\n<p>Fourni avec adaptateur Apple.<\/p>\n<p><strong>Remise en mains propres uniquement sur Lorient (56). Pas d&rsquo;envoi Poste.<\/strong><\/p>\n<\/div><\/div>\n\t<span class=\"price\"><del aria-hidden=\"true\"><span class=\"woocommerce-Price-amount amount\"><bdi>120,00&nbsp;<span class=\"woocommerce-Price-currencySymbol\">&euro;<\/span><\/bdi><\/span><\/del> <span class=\"screen-reader-text\">Le prix initial \u00e9tait\u00a0: 120,00&nbsp;&euro;.<\/span><ins aria-hidden=\"true\"><span class=\"woocommerce-Price-amount amount\"><bdi>65,00&nbsp;<span class=\"woocommerce-Price-currencySymbol\">&euro;<\/span><\/bdi><\/span><\/ins><span class=\"screen-reader-text\">Le prix actuel est\u00a0: 65,00&nbsp;&euro;.<\/span><\/span>\n<a href=\"https:\/\/www.verdieditions.com\/cd-pop-rock\/produit\/sony-video-projecteur\/\" aria-describedby=\"woocommerce_loop_add_to_cart_link_describedby_2414\" data-quantity=\"1\" class=\"button product_type_simple kad-btn headerfont kad_add_to_cart\" data-product_id=\"2414\" data-product_sku=\"SNY-1\" aria-label=\"En savoir plus sur &ldquo;SONY - Vid\u00e9o projecteur VPL-ES3&rdquo;\" rel=\"nofollow\" data-success_message=\"\">Lire la suite<\/a>\t<span id=\"woocommerce_loop_add_to_cart_link_describedby_2414\" class=\"screen-reader-text\">\n\t\t\t<\/span>\n<\/div><\/div><\/div>\n<div class=\"product type-product post-1412 status-publish instock product_cat-cassette product_tag-blue-eyed product_tag-post-disco product_tag-rb product_tag-soft-rock product_tag-soul has-post-thumbnail sale shipping-taxable product-type-simple tcol-md-3 tcol-sm-4 tcol-xs-6 tcol-ss-12 cassette kad_product\">\n\t\t<div class=\"grid_item product_item clearfix kad_product_fade_in kt_item_fade_in\"><a href=\"https:\/\/www.verdieditions.com\/cd-pop-rock\/produit\/michael-mcdonald-sweet-freedom-k7\/\" class=\"product_item_link product_img_link\"><span class=\"onsale bg_primary headerfont\">Promo !<\/span><div class=\"kad-product-noflipper kt-product-intrinsic\" style=\"padding-bottom:74%;\"><div class=\"kad_img_flip image_flip_front\"><img loading=\"lazy\" decoding=\"async\" src=\"https:\/\/www.verdieditions.com\/cd-pop-rock\/wp-content\/uploads\/2021\/02\/michael-mcdonald-sweet-freedom-K7-300x222.jpg\" srcset=\"https:\/\/www.verdieditions.com\/cd-pop-rock\/wp-content\/uploads\/2021\/02\/michael-mcdonald-sweet-freedom-K7-300x222.jpg 300w, https:\/\/www.verdieditions.com\/cd-pop-rock\/wp-content\/uploads\/2021\/02\/michael-mcdonald-sweet-freedom-K7-456x337.jpg 456w, https:\/\/www.verdieditions.com\/cd-pop-rock\/wp-content\/uploads\/2021\/02\/michael-mcdonald-sweet-freedom-K7-400x296.jpg 400w, https:\/\/www.verdieditions.com\/cd-pop-rock\/wp-content\/uploads\/2021\/02\/michael-mcdonald-sweet-freedom-K7-600x444.jpg 600w, https:\/\/www.verdieditions.com\/cd-pop-rock\/wp-content\/uploads\/2021\/02\/michael-mcdonald-sweet-freedom-K7-407x301.jpg 407w\" sizes=\"auto, (max-width: 300px) 100vw, 300px\"  alt=\"michael-mcdonald-sweet-freedom-K7\" width=\"300\" height=\"222\" class=\"attachment-shop_catalog size-300x222 wp-post-image\"><\/div><\/div><\/a><div class=\"details_product_item\"><div class=\"product_details\"><a href=\"https:\/\/www.verdieditions.com\/cd-pop-rock\/produit\/michael-mcdonald-sweet-freedom-k7\/\" class=\"product_item_link product_title_link\"><h5>MICHAEL MCDONALD &#8211; Sweet Freedom &#8211; K7<\/h5><\/a><div class=\"product_excerpt\"><p>Artiste : MICHAEL MCDONALD<br \/>\nTitre : Sweet Freedom, The Best Of Michael McDonald &#8211; K7<br \/>\nAnn\u00e9e : 1986, \u00e9dition originale<br \/>\nGenre : R&#038;B, blue-eyed soul, soft rock, post-disco<br \/>\nProducteur : Rod Temperton, Bruce Swedien, Richard Rudolph (credited as Dick Rudolph)<br \/>\nLabel : WEA  <\/p>\n<\/div><\/div>\n\t<span class=\"price\"><del aria-hidden=\"true\"><span class=\"woocommerce-Price-amount amount\"><bdi>10,00&nbsp;<span class=\"woocommerce-Price-currencySymbol\">&euro;<\/span><\/bdi><\/span><\/del> <span class=\"screen-reader-text\">Le prix initial \u00e9tait\u00a0: 10,00&nbsp;&euro;.<\/span><ins aria-hidden=\"true\"><span class=\"woocommerce-Price-amount amount\"><bdi>8,00&nbsp;<span class=\"woocommerce-Price-currencySymbol\">&euro;<\/span><\/bdi><\/span><\/ins><span class=\"screen-reader-text\">Le prix actuel est\u00a0: 8,00&nbsp;&euro;.<\/span><\/span>\n<a href=\"https:\/\/www.verdieditions.com\/cd-pop-rock\/produit\/michael-mcdonald-sweet-freedom-k7\/\" aria-describedby=\"woocommerce_loop_add_to_cart_link_describedby_1412\" data-quantity=\"1\" class=\"button product_type_simple kad-btn headerfont kad_add_to_cart\" data-product_id=\"1412\" data-product_sku=\"MCD-1\" aria-label=\"En savoir plus sur &ldquo;MICHAEL MCDONALD - Sweet Freedom - K7&rdquo;\" rel=\"nofollow\" data-success_message=\"\">Lire la suite<\/a>\t<span id=\"woocommerce_loop_add_to_cart_link_describedby_1412\" class=\"screen-reader-text\">\n\t\t\t<\/span>\n<\/div><\/div><\/div>\n<div class=\"product type-product post-1408 status-publish instock product_cat-cassette product_tag-funk product_tag-pop product_tag-rb product_tag-reggae product_tag-soul has-post-thumbnail sale shipping-taxable product-type-simple tcol-md-3 tcol-sm-4 tcol-xs-6 tcol-ss-12 cassette kad_product\">\n\t\t<div class=\"grid_item product_item clearfix kad_product_fade_in kt_item_fade_in\"><a href=\"https:\/\/www.verdieditions.com\/cd-pop-rock\/produit\/steve-wonder-hotter-july-k7\/\" class=\"product_item_link product_img_link\"><span class=\"onsale bg_primary headerfont\">Promo !<\/span><div class=\"kad-product-noflipper kt-product-intrinsic\" style=\"padding-bottom:74%;\"><div class=\"kad_img_flip image_flip_front\"><img loading=\"lazy\" decoding=\"async\" src=\"https:\/\/www.verdieditions.com\/cd-pop-rock\/wp-content\/uploads\/2021\/02\/stevie-wonder-hotter-than-july-K7-300x222.jpg\" srcset=\"https:\/\/www.verdieditions.com\/cd-pop-rock\/wp-content\/uploads\/2021\/02\/stevie-wonder-hotter-than-july-K7-300x222.jpg 300w, https:\/\/www.verdieditions.com\/cd-pop-rock\/wp-content\/uploads\/2021\/02\/stevie-wonder-hotter-than-july-K7-456x337.jpg 456w, https:\/\/www.verdieditions.com\/cd-pop-rock\/wp-content\/uploads\/2021\/02\/stevie-wonder-hotter-than-july-K7-400x296.jpg 400w, https:\/\/www.verdieditions.com\/cd-pop-rock\/wp-content\/uploads\/2021\/02\/stevie-wonder-hotter-than-july-K7-600x444.jpg 600w, https:\/\/www.verdieditions.com\/cd-pop-rock\/wp-content\/uploads\/2021\/02\/stevie-wonder-hotter-than-july-K7-407x301.jpg 407w\" sizes=\"auto, (max-width: 300px) 100vw, 300px\"  alt=\"stevie-wonder-hotter-than-july-K7\" width=\"300\" height=\"222\" class=\"attachment-shop_catalog size-300x222 wp-post-image\"><\/div><\/div><\/a><div class=\"details_product_item\"><div class=\"product_details\"><a href=\"https:\/\/www.verdieditions.com\/cd-pop-rock\/produit\/steve-wonder-hotter-july-k7\/\" class=\"product_item_link product_title_link\"><h5>STEVIE WONDER &#8211; Hotter Than July &#8211; K7<\/h5><\/a><div class=\"product_excerpt\"><p>Artiste : STEVIE WONDER<br \/>\nTitre : Hotter Than July &#8211; K7<br \/>\nAnn\u00e9e : 1980, \u00e9dition originale<br \/>\nGenre : Reggae, Funk \/ Soul, Pop, R&#038;B<br \/>\nProducteur : Stevie Wonder<br \/>\nLabel : Tamla Motown, EMI <\/p>\n<\/div><\/div>\n\t<span class=\"price\"><del aria-hidden=\"true\"><span class=\"woocommerce-Price-amount amount\"><bdi>20,00&nbsp;<span class=\"woocommerce-Price-currencySymbol\">&euro;<\/span><\/bdi><\/span><\/del> <span class=\"screen-reader-text\">Le prix initial \u00e9tait\u00a0: 20,00&nbsp;&euro;.<\/span><ins aria-hidden=\"true\"><span class=\"woocommerce-Price-amount amount\"><bdi>14,00&nbsp;<span class=\"woocommerce-Price-currencySymbol\">&euro;<\/span><\/bdi><\/span><\/ins><span class=\"screen-reader-text\">Le prix actuel est\u00a0: 14,00&nbsp;&euro;.<\/span><\/span>\n<a href=\"https:\/\/www.verdieditions.com\/cd-pop-rock\/produit\/steve-wonder-hotter-july-k7\/\" aria-describedby=\"woocommerce_loop_add_to_cart_link_describedby_1408\" data-quantity=\"1\" class=\"button product_type_simple kad-btn headerfont kad_add_to_cart\" data-product_id=\"1408\" data-product_sku=\"WDR-1\" aria-label=\"En savoir plus sur &ldquo;STEVIE WONDER - Hotter Than July - K7&rdquo;\" rel=\"nofollow\" data-success_message=\"\">Lire la suite<\/a>\t<span id=\"woocommerce_loop_add_to_cart_link_describedby_1408\" class=\"screen-reader-text\">\n\t\t\t<\/span>\n<\/div><\/div><\/div>\n<div class=\"product type-product post-1407 status-publish last instock product_cat-cassette product_tag-jazz product_tag-rock product_tag-rock-progressif has-post-thumbnail sale shipping-taxable product-type-simple tcol-md-3 tcol-sm-4 tcol-xs-6 tcol-ss-12 cassette kad_product\">\n\t\t<div class=\"grid_item product_item clearfix kad_product_fade_in kt_item_fade_in\"><a href=\"https:\/\/www.verdieditions.com\/cd-pop-rock\/produit\/donald-fagen-nightfly-k7\/\" class=\"product_item_link product_img_link\"><span class=\"onsale bg_primary headerfont\">Promo !<\/span><div class=\"kad-product-noflipper kt-product-intrinsic\" style=\"padding-bottom:74%;\"><div class=\"kad_img_flip image_flip_front\"><img loading=\"lazy\" decoding=\"async\" src=\"https:\/\/www.verdieditions.com\/cd-pop-rock\/wp-content\/uploads\/2021\/02\/donald-fagen-nightfly-K7-300x222.jpg\" srcset=\"https:\/\/www.verdieditions.com\/cd-pop-rock\/wp-content\/uploads\/2021\/02\/donald-fagen-nightfly-K7-300x222.jpg 300w, https:\/\/www.verdieditions.com\/cd-pop-rock\/wp-content\/uploads\/2021\/02\/donald-fagen-nightfly-K7-456x337.jpg 456w, https:\/\/www.verdieditions.com\/cd-pop-rock\/wp-content\/uploads\/2021\/02\/donald-fagen-nightfly-K7-600x444.jpg 600w, https:\/\/www.verdieditions.com\/cd-pop-rock\/wp-content\/uploads\/2021\/02\/donald-fagen-nightfly-K7-400x296.jpg 400w, https:\/\/www.verdieditions.com\/cd-pop-rock\/wp-content\/uploads\/2021\/02\/donald-fagen-nightfly-K7-407x301.jpg 407w\" sizes=\"auto, (max-width: 300px) 100vw, 300px\"  alt=\"donald-fagen-nightfly-K7\" width=\"300\" height=\"222\" class=\"attachment-shop_catalog size-300x222 wp-post-image\"><\/div><\/div><\/a><div class=\"details_product_item\"><div class=\"product_details\"><a href=\"https:\/\/www.verdieditions.com\/cd-pop-rock\/produit\/donald-fagen-nightfly-k7\/\" class=\"product_item_link product_title_link\"><h5>DONALD FAGEN &#8211; The Nightfly &#8211; K7<\/h5><\/a><div class=\"product_excerpt\"><p>Artiste : DONALD FAGEN<br \/>\nTitre : The Nightfly &#8211; K7<br \/>\nAnn\u00e9e : 1982, \u00e9dition originale<br \/>\nGenre : Rock, Rock progressif<br \/>\nProducteur : Gary Katz<br \/>\nLabel : Warner Bros.  <\/p>\n<\/div><\/div>\n\t<span class=\"price\"><del aria-hidden=\"true\"><span class=\"woocommerce-Price-amount amount\"><bdi>20,00&nbsp;<span class=\"woocommerce-Price-currencySymbol\">&euro;<\/span><\/bdi><\/span><\/del> <span class=\"screen-reader-text\">Le prix initial \u00e9tait\u00a0: 20,00&nbsp;&euro;.<\/span><ins aria-hidden=\"true\"><span class=\"woocommerce-Price-amount amount\"><bdi>15,00&nbsp;<span class=\"woocommerce-Price-currencySymbol\">&euro;<\/span><\/bdi><\/span><\/ins><span class=\"screen-reader-text\">Le prix actuel est\u00a0: 15,00&nbsp;&euro;.<\/span><\/span>\n<a href=\"https:\/\/www.verdieditions.com\/cd-pop-rock\/produit\/donald-fagen-nightfly-k7\/\" aria-describedby=\"woocommerce_loop_add_to_cart_link_describedby_1407\" data-quantity=\"1\" class=\"button product_type_simple kad-btn headerfont kad_add_to_cart\" data-product_id=\"1407\" data-product_sku=\"FAG-1\" aria-label=\"En savoir plus sur &ldquo;DONALD FAGEN - The Nightfly - K7&rdquo;\" rel=\"nofollow\" data-success_message=\"\">Lire la suite<\/a>\t<span id=\"woocommerce_loop_add_to_cart_link_describedby_1407\" class=\"screen-reader-text\">\n\t\t\t<\/span>\n<\/div><\/div><\/div>\n<\/div>\n<\/div>\n<p style=\"text-align: right;\"><a href=\"https:\/\/www.verdieditions.com\/cd-pop-rock\/promotions-boutique\/\">Plus de promotions&#8230;<\/a><\/p>\n","protected":false},"excerpt":{"rendered":"<p>LES AJOUTS R\u00c9CENTS DANS LA BOUTIQUE Plus de nouveaut\u00e9s&#8230; LES RARET\u00c9S DE LA BOUTIQUE Plus de raret\u00e9s&#8230; LES PROMOTIONS DE LA BOUTIQUE Plus de promotions&#8230;<\/p>\n","protected":false},"author":1,"featured_media":44,"parent":0,"menu_order":0,"comment_status":"closed","ping_status":"closed","template":"","meta":{"footnotes":""},"class_list":["post-849","page","type-page","status-publish","has-post-thumbnail","hentry"],"yoast_head":"<!-- This site is optimized with the Yoast SEO plugin v27.0 - https:\/\/yoast.com\/product\/yoast-seo-wordpress\/ -->\n<title>Accueil de la Boutique de Disques et CD Pop Rock<\/title>\n<meta name=\"description\" content=\"La Boutique : + de 600 disques vinyles 45T &amp; 33T, des CD, K7, VHS et DVD, des tickets de concert, du mat\u00e9riel audio, photo, vid\u00e9o vintage...\" \/>\n<meta name=\"robots\" content=\"index, follow, max-snippet:-1, max-image-preview:large, max-video-preview:-1\" \/>\n<link rel=\"canonical\" href=\"https:\/\/www.verdieditions.com\/cd-pop-rock\/\" \/>\n<meta property=\"og:locale\" content=\"fr_FR\" \/>\n<meta property=\"og:type\" content=\"article\" \/>\n<meta property=\"og:title\" content=\"Accueil de la Boutique de Disques et CD Pop Rock\" \/>\n<meta property=\"og:description\" content=\"La Boutique : + de 600 disques vinyles 45T &amp; 33T, des CD, K7, VHS et DVD, des tickets de concert, du mat\u00e9riel audio, photo, vid\u00e9o vintage...\" \/>\n<meta property=\"og:url\" content=\"https:\/\/www.verdieditions.com\/cd-pop-rock\/\" \/>\n<meta property=\"og:site_name\" content=\"CD Pop Rock\" \/>\n<meta property=\"article:publisher\" content=\"https:\/\/www.facebook.com\/CD-Pop-Rock-107168374818139\" \/>\n<meta property=\"article:modified_time\" content=\"2021-06-07T14:59:43+00:00\" \/>\n<meta property=\"og:image\" content=\"https:\/\/www.verdieditions.com\/cd-pop-rock\/wp-content\/uploads\/2020\/11\/slider-cd-pop-rock-disques-1428003.jpg\" \/>\n\t<meta property=\"og:image:width\" content=\"1440\" \/>\n\t<meta property=\"og:image:height\" content=\"676\" \/>\n\t<meta property=\"og:image:type\" content=\"image\/jpeg\" \/>\n<meta name=\"twitter:card\" content=\"summary_large_image\" \/>\n<meta name=\"twitter:label1\" content=\"Dur\u00e9e de lecture estim\u00e9e\" \/>\n\t<meta name=\"twitter:data1\" content=\"1 minute\" \/>\n<script type=\"application\/ld+json\" class=\"yoast-schema-graph\">{\"@context\":\"https:\/\/schema.org\",\"@graph\":[{\"@type\":\"WebPage\",\"@id\":\"https:\/\/www.verdieditions.com\/cd-pop-rock\/\",\"url\":\"https:\/\/www.verdieditions.com\/cd-pop-rock\/\",\"name\":\"Accueil de la Boutique de Disques et CD Pop Rock\",\"isPartOf\":{\"@id\":\"https:\/\/www.verdieditions.com\/cd-pop-rock\/#website\"},\"primaryImageOfPage\":{\"@id\":\"https:\/\/www.verdieditions.com\/cd-pop-rock\/#primaryimage\"},\"image\":{\"@id\":\"https:\/\/www.verdieditions.com\/cd-pop-rock\/#primaryimage\"},\"thumbnailUrl\":\"https:\/\/www.verdieditions.com\/cd-pop-rock\/wp-content\/uploads\/2020\/11\/slider-cd-pop-rock-disques-1428003.jpg\",\"datePublished\":\"2013-07-26T21:27:43+00:00\",\"dateModified\":\"2021-06-07T14:59:43+00:00\",\"description\":\"La Boutique : + de 600 disques vinyles 45T & 33T, des CD, K7, VHS et DVD, des tickets de concert, du mat\u00e9riel audio, photo, vid\u00e9o vintage...\",\"breadcrumb\":{\"@id\":\"https:\/\/www.verdieditions.com\/cd-pop-rock\/#breadcrumb\"},\"inLanguage\":\"fr-FR\",\"potentialAction\":[{\"@type\":\"ReadAction\",\"target\":[\"https:\/\/www.verdieditions.com\/cd-pop-rock\/\"]}]},{\"@type\":\"ImageObject\",\"inLanguage\":\"fr-FR\",\"@id\":\"https:\/\/www.verdieditions.com\/cd-pop-rock\/#primaryimage\",\"url\":\"https:\/\/www.verdieditions.com\/cd-pop-rock\/wp-content\/uploads\/2020\/11\/slider-cd-pop-rock-disques-1428003.jpg\",\"contentUrl\":\"https:\/\/www.verdieditions.com\/cd-pop-rock\/wp-content\/uploads\/2020\/11\/slider-cd-pop-rock-disques-1428003.jpg\",\"width\":1440,\"height\":676,\"caption\":\"slider-cd-pop-rock-disques-1428003 accueil\"},{\"@type\":\"BreadcrumbList\",\"@id\":\"https:\/\/www.verdieditions.com\/cd-pop-rock\/#breadcrumb\",\"itemListElement\":[{\"@type\":\"ListItem\",\"position\":1,\"name\":\"Accueil\",\"item\":\"https:\/\/www.verdieditions.com\/cd-pop-rock\/\"},{\"@type\":\"ListItem\",\"position\":2,\"name\":\"Accueil de la Boutique de Disques et CD Pop Rock\"}]},{\"@type\":\"WebSite\",\"@id\":\"https:\/\/www.verdieditions.com\/cd-pop-rock\/#website\",\"url\":\"https:\/\/www.verdieditions.com\/cd-pop-rock\/\",\"name\":\"CD Pop Rock\",\"description\":\"CD, K7, Vinyles, VHS et DVD de Musique Pop et Rock vintage\",\"publisher\":{\"@id\":\"https:\/\/www.verdieditions.com\/cd-pop-rock\/#\/schema\/person\/3a9da867add08338474907117bf9668a\"},\"potentialAction\":[{\"@type\":\"SearchAction\",\"target\":{\"@type\":\"EntryPoint\",\"urlTemplate\":\"https:\/\/www.verdieditions.com\/cd-pop-rock\/?s={search_term_string}\"},\"query-input\":{\"@type\":\"PropertyValueSpecification\",\"valueRequired\":true,\"valueName\":\"search_term_string\"}}],\"inLanguage\":\"fr-FR\"},{\"@type\":[\"Person\",\"Organization\"],\"@id\":\"https:\/\/www.verdieditions.com\/cd-pop-rock\/#\/schema\/person\/3a9da867add08338474907117bf9668a\",\"name\":\"Sylvie VERDI\",\"image\":{\"@type\":\"ImageObject\",\"inLanguage\":\"fr-FR\",\"@id\":\"https:\/\/www.verdieditions.com\/cd-pop-rock\/#\/schema\/person\/image\/\",\"url\":\"https:\/\/www.verdieditions.com\/cd-pop-rock\/wp-content\/uploads\/2021\/01\/cropped-favicon-cd-pop-rock-vinyle-32x32-1.png\",\"contentUrl\":\"https:\/\/www.verdieditions.com\/cd-pop-rock\/wp-content\/uploads\/2021\/01\/cropped-favicon-cd-pop-rock-vinyle-32x32-1.png\",\"width\":512,\"height\":512,\"caption\":\"Sylvie VERDI\"},\"logo\":{\"@id\":\"https:\/\/www.verdieditions.com\/cd-pop-rock\/#\/schema\/person\/image\/\"},\"sameAs\":[\"https:\/\/www.verdieditions.com\/cd-pop-rock\",\"https:\/\/www.facebook.com\/CD-Pop-Rock-107168374818139\"]}]}<\/script>\n<!-- \/ Yoast SEO plugin. -->","yoast_head_json":{"title":"Accueil de la Boutique de Disques et CD Pop Rock","description":"La Boutique : + de 600 disques vinyles 45T & 33T, des CD, K7, VHS et DVD, des tickets de concert, du mat\u00e9riel audio, photo, vid\u00e9o vintage...","robots":{"index":"index","follow":"follow","max-snippet":"max-snippet:-1","max-image-preview":"max-image-preview:large","max-video-preview":"max-video-preview:-1"},"canonical":"https:\/\/www.verdieditions.com\/cd-pop-rock\/","og_locale":"fr_FR","og_type":"article","og_title":"Accueil de la Boutique de Disques et CD Pop Rock","og_description":"La Boutique : + de 600 disques vinyles 45T & 33T, des CD, K7, VHS et DVD, des tickets de concert, du mat\u00e9riel audio, photo, vid\u00e9o vintage...","og_url":"https:\/\/www.verdieditions.com\/cd-pop-rock\/","og_site_name":"CD Pop Rock","article_publisher":"https:\/\/www.facebook.com\/CD-Pop-Rock-107168374818139","article_modified_time":"2021-06-07T14:59:43+00:00","og_image":[{"width":1440,"height":676,"url":"https:\/\/www.verdieditions.com\/cd-pop-rock\/wp-content\/uploads\/2020\/11\/slider-cd-pop-rock-disques-1428003.jpg","type":"image\/jpeg"}],"twitter_card":"summary_large_image","twitter_misc":{"Dur\u00e9e de lecture estim\u00e9e":"1 minute"},"schema":{"@context":"https:\/\/schema.org","@graph":[{"@type":"WebPage","@id":"https:\/\/www.verdieditions.com\/cd-pop-rock\/","url":"https:\/\/www.verdieditions.com\/cd-pop-rock\/","name":"Accueil de la Boutique de Disques et CD Pop Rock","isPartOf":{"@id":"https:\/\/www.verdieditions.com\/cd-pop-rock\/#website"},"primaryImageOfPage":{"@id":"https:\/\/www.verdieditions.com\/cd-pop-rock\/#primaryimage"},"image":{"@id":"https:\/\/www.verdieditions.com\/cd-pop-rock\/#primaryimage"},"thumbnailUrl":"https:\/\/www.verdieditions.com\/cd-pop-rock\/wp-content\/uploads\/2020\/11\/slider-cd-pop-rock-disques-1428003.jpg","datePublished":"2013-07-26T21:27:43+00:00","dateModified":"2021-06-07T14:59:43+00:00","description":"La Boutique : + de 600 disques vinyles 45T & 33T, des CD, K7, VHS et DVD, des tickets de concert, du mat\u00e9riel audio, photo, vid\u00e9o vintage...","breadcrumb":{"@id":"https:\/\/www.verdieditions.com\/cd-pop-rock\/#breadcrumb"},"inLanguage":"fr-FR","potentialAction":[{"@type":"ReadAction","target":["https:\/\/www.verdieditions.com\/cd-pop-rock\/"]}]},{"@type":"ImageObject","inLanguage":"fr-FR","@id":"https:\/\/www.verdieditions.com\/cd-pop-rock\/#primaryimage","url":"https:\/\/www.verdieditions.com\/cd-pop-rock\/wp-content\/uploads\/2020\/11\/slider-cd-pop-rock-disques-1428003.jpg","contentUrl":"https:\/\/www.verdieditions.com\/cd-pop-rock\/wp-content\/uploads\/2020\/11\/slider-cd-pop-rock-disques-1428003.jpg","width":1440,"height":676,"caption":"slider-cd-pop-rock-disques-1428003 accueil"},{"@type":"BreadcrumbList","@id":"https:\/\/www.verdieditions.com\/cd-pop-rock\/#breadcrumb","itemListElement":[{"@type":"ListItem","position":1,"name":"Accueil","item":"https:\/\/www.verdieditions.com\/cd-pop-rock\/"},{"@type":"ListItem","position":2,"name":"Accueil de la Boutique de Disques et CD Pop Rock"}]},{"@type":"WebSite","@id":"https:\/\/www.verdieditions.com\/cd-pop-rock\/#website","url":"https:\/\/www.verdieditions.com\/cd-pop-rock\/","name":"CD Pop Rock","description":"CD, K7, Vinyles, VHS et DVD de Musique Pop et Rock vintage","publisher":{"@id":"https:\/\/www.verdieditions.com\/cd-pop-rock\/#\/schema\/person\/3a9da867add08338474907117bf9668a"},"potentialAction":[{"@type":"SearchAction","target":{"@type":"EntryPoint","urlTemplate":"https:\/\/www.verdieditions.com\/cd-pop-rock\/?s={search_term_string}"},"query-input":{"@type":"PropertyValueSpecification","valueRequired":true,"valueName":"search_term_string"}}],"inLanguage":"fr-FR"},{"@type":["Person","Organization"],"@id":"https:\/\/www.verdieditions.com\/cd-pop-rock\/#\/schema\/person\/3a9da867add08338474907117bf9668a","name":"Sylvie VERDI","image":{"@type":"ImageObject","inLanguage":"fr-FR","@id":"https:\/\/www.verdieditions.com\/cd-pop-rock\/#\/schema\/person\/image\/","url":"https:\/\/www.verdieditions.com\/cd-pop-rock\/wp-content\/uploads\/2021\/01\/cropped-favicon-cd-pop-rock-vinyle-32x32-1.png","contentUrl":"https:\/\/www.verdieditions.com\/cd-pop-rock\/wp-content\/uploads\/2021\/01\/cropped-favicon-cd-pop-rock-vinyle-32x32-1.png","width":512,"height":512,"caption":"Sylvie VERDI"},"logo":{"@id":"https:\/\/www.verdieditions.com\/cd-pop-rock\/#\/schema\/person\/image\/"},"sameAs":["https:\/\/www.verdieditions.com\/cd-pop-rock","https:\/\/www.facebook.com\/CD-Pop-Rock-107168374818139"]}]}},"_links":{"self":[{"href":"https:\/\/www.verdieditions.com\/cd-pop-rock\/wp-json\/wp\/v2\/pages\/849","targetHints":{"allow":["GET"]}}],"collection":[{"href":"https:\/\/www.verdieditions.com\/cd-pop-rock\/wp-json\/wp\/v2\/pages"}],"about":[{"href":"https:\/\/www.verdieditions.com\/cd-pop-rock\/wp-json\/wp\/v2\/types\/page"}],"author":[{"embeddable":true,"href":"https:\/\/www.verdieditions.com\/cd-pop-rock\/wp-json\/wp\/v2\/users\/1"}],"replies":[{"embeddable":true,"href":"https:\/\/www.verdieditions.com\/cd-pop-rock\/wp-json\/wp\/v2\/comments?post=849"}],"version-history":[{"count":0,"href":"https:\/\/www.verdieditions.com\/cd-pop-rock\/wp-json\/wp\/v2\/pages\/849\/revisions"}],"wp:featuredmedia":[{"embeddable":true,"href":"https:\/\/www.verdieditions.com\/cd-pop-rock\/wp-json\/wp\/v2\/media\/44"}],"wp:attachment":[{"href":"https:\/\/www.verdieditions.com\/cd-pop-rock\/wp-json\/wp\/v2\/media?parent=849"}],"curies":[{"name":"wp","href":"https:\/\/api.w.org\/{rel}","templated":true}]}}