{"id":17,"date":"2020-10-29T16:18:50","date_gmt":"2020-10-29T15:18:50","guid":{"rendered":"https:\/\/www.verdieditions.com\/cd-pop-rock\/?page_id=17"},"modified":"2025-12-09T16:32:59","modified_gmt":"2025-12-09T15:32:59","slug":"mentions-legales","status":"publish","type":"page","link":"https:\/\/www.verdieditions.com\/cd-pop-rock\/mentions-legales\/","title":{"rendered":"Mentions l\u00e9gales"},"content":{"rendered":"<h3>Propri\u00e9taire du site<\/h3>\n<p>Sylvie VERDI<br \/>\nAdresse postale : 79 rue du Manio<br \/>\nF 56100 LORIENT<br \/>\nT\u00e9l. 33 (0)2 97 21 62 97<\/p>\n<h3>Cr\u00e9ation Publication Webmastering<\/h3>\n<p><strong>Sylvie Verdi Communication<\/strong><br \/>\nAdresse postale : 79 rue du Manio<br \/>\nF 56100 LORIENT<br \/>\nT\u00e9l. 33 (0)2 97 21 62 97<br \/>\nSiret 418 473 120 00024 \u2022 EI non assujettie \u00e0 la TVA.<br \/>\n<a href=\"https:\/\/www.sylvieverdi-communication.fr\/\" target=\"_blank\" rel=\"noopener noreferrer\">www.sylvieverdi-communication.fr<\/a><\/p>\n<h3>Charte graphique<\/h3>\n<p>Sylvie VERDI &#8211; WP Premium<\/p>\n<h3>H\u00e9bergement<\/h3>\n<p>OVH<\/p>\n<h3>Propri\u00e9t\u00e9 Intellectuelle<\/h3>\n<p>Tous les \u00e9l\u00e9ments (textes, ic\u00f4nes, mise en page, base de donn\u00e9es&#8230;) contenus dans le Site et dans les sites associ\u00e9s sont prot\u00e9g\u00e9s par le droit national et international de la propri\u00e9t\u00e9 intellectuelle. Ces \u00e9l\u00e9ments restent la propri\u00e9t\u00e9 exclusive de Sylvie Verdi <a href=\"https:\/\/www.verdiformations.com\/\" target=\"_blank\" rel=\"noopener noreferrer\" class=\"broken_link\">www.verdiformations.com<\/a> &#8211; <a href=\"https:\/\/www.sylvieverdi-communication.fr\/\" target=\"_blank\" rel=\"noopener noreferrer\">www.sylvieverdi-communication.fr<\/a>. A ce titre, sauf autorisation pr\u00e9alable et \u00e9crite de Sylvie Verdi <a href=\"https:\/\/www.verdiformations.com\/\" target=\"_blank\" rel=\"noopener noreferrer\" class=\"broken_link\">www.verdiformations.com<\/a> &#8211; <a href=\"https:\/\/www.sylvieverdi-communication.fr\/\" target=\"_blank\" rel=\"noopener noreferrer\">www.sylvieverdi-communication.fr<\/a>, vous ne pouvez proc\u00e9der \u00e0 une quelconque reproduction, repr\u00e9sentation, adaptation, traduction et\/ou transformation partielle ou int\u00e9grale, ou un transfert sur un autre site web de tout \u00e9l\u00e9ment composant le Site. Le non-respect de cette interdiction peut constituer un acte de contrefa\u00e7on engageant vos responsabilit\u00e9s civile et p\u00e9nale. Conform\u00e9ment aux dispositions du Code de la Propri\u00e9t\u00e9 Intellectuelle, seule est autoris\u00e9e l&rsquo;utilisation des \u00e9l\u00e9ments composant le Site \u00e0 des fins strictement personnelles.<\/p>\n<h3>Photos<\/h3>\n<p>Sylvie Verdi, Pixabay<\/p>\n<h3>Boutique<\/h3>\n<p>La boutique en ligne est install\u00e9e sur ce site pour vendre mes articles d&rsquo;occasion personnels, \u00e0 titre priv\u00e9, elle fonctionne comme un \u00ab\u00a0vide-grenier\u00a0\u00bb avec paiement via Carte de Cr\u00e9dit 3D Secure, PaypPal, par virement ou par ch\u00e8que. Elle n&rsquo;a en aucun cas la vocation de faire du profit et les gains sont r\u00e9inject\u00e9s dans dans les frais de cr\u00e9ation et d&rsquo;entretien de ce site. Le site de comporte pas d&rsquo;outils de tracking et n&rsquo;a pas la vocation d&rsquo;e-commerce.<\/p>\n<h3>CNIL \/ Informations personnelles<\/h3>\n<p>En application de la loi n\u00b078-17 du 6 janvier 1978 relative \u00e0 l&rsquo;informatique, aux fichiers et aux libert\u00e9s, vous disposez des droits d&rsquo;opposition (art. 26 de la Loi), d&rsquo;acc\u00e8s (art. 34 \u00e0 38 de la Loi) et de rectification (art. 36 de la Loi) des donn\u00e9es vous concernant.<\/p>\n<p>Tous droits r\u00e9serv\u00e9s, pour tous les pays.<\/p>\n<p>&nbsp;<br \/>\n<a href=\"https:\/\/www.verdieditions.com\/cd-pop-rock\/boutique\/\" class=\"su-button su-button-style-default\" style=\"color:#FFFFFF;background-color:#F76A0C;border-color:#c6550a;border-radius:4px\" target=\"_self\"><span style=\"color:#FFFFFF;padding:6px 18px;font-size:14px;line-height:21px;border-color:#fa9755;border-radius:4px;text-shadow:none\"><i class=\"sui sui-shopping-cart\" style=\"font-size:14px;color:#FFFFFF\"><\/i> Retour \u00e0 la Boutique<\/span><\/a>\n&nbsp;<\/p>\n","protected":false},"excerpt":{"rendered":"<p>Propri\u00e9taire du site Sylvie VERDI Adresse postale : 79 rue du Manio F 56100 LORIENT T\u00e9l. 33 (0)2 97 21 62 97 Cr\u00e9ation Publication Webmastering Sylvie Verdi Communication Adresse postale : 79 rue du Manio F 56100 LORIENT T\u00e9l. 33 &hellip; <a class=\"kt-excerpt-readmore\" href=\"https:\/\/www.verdieditions.com\/cd-pop-rock\/mentions-legales\/\" aria-label=\"Mentions l\u00e9gales\">Lire la suite<\/a><\/p>\n","protected":false},"author":1,"featured_media":2609,"parent":0,"menu_order":0,"comment_status":"closed","ping_status":"closed","template":"page-feature.php","meta":{"footnotes":""},"class_list":["post-17","page","type-page","status-publish","has-post-thumbnail","hentry"],"yoast_head":"<!-- This site is optimized with the Yoast SEO plugin v27.0 - https:\/\/yoast.com\/product\/yoast-seo-wordpress\/ -->\n<title>Mentions l\u00e9gales - CD Pop Rock<\/title>\n<meta name=\"robots\" content=\"noindex, follow\" \/>\n<meta property=\"og:locale\" content=\"fr_FR\" \/>\n<meta property=\"og:type\" content=\"article\" \/>\n<meta property=\"og:title\" content=\"Mentions l\u00e9gales - CD Pop Rock\" \/>\n<meta property=\"og:description\" content=\"Propri\u00e9taire du site Sylvie VERDI Adresse postale : 79 rue du Manio F 56100 LORIENT T\u00e9l. 33 (0)2 97 21 62 97 Cr\u00e9ation Publication Webmastering Sylvie Verdi Communication Adresse postale : 79 rue du Manio F 56100 LORIENT T\u00e9l. 33 &hellip; Lire la suite\" \/>\n<meta property=\"og:url\" content=\"https:\/\/www.verdieditions.com\/cd-pop-rock\/mentions-legales\/\" \/>\n<meta property=\"og:site_name\" content=\"CD Pop Rock\" \/>\n<meta property=\"article:publisher\" content=\"https:\/\/www.facebook.com\/CD-Pop-Rock-107168374818139\" \/>\n<meta property=\"article:modified_time\" content=\"2025-12-09T15:32:59+00:00\" \/>\n<meta property=\"og:image\" content=\"https:\/\/www.verdieditions.com\/cd-pop-rock\/wp-content\/uploads\/2021\/04\/Slider-films-concert-musique-vhs-dvd.jpg\" \/>\n\t<meta property=\"og:image:width\" content=\"1440\" \/>\n\t<meta property=\"og:image:height\" content=\"676\" \/>\n\t<meta property=\"og:image:type\" content=\"image\/jpeg\" \/>\n<meta name=\"twitter:card\" content=\"summary_large_image\" \/>\n<meta name=\"twitter:label1\" content=\"Dur\u00e9e de lecture estim\u00e9e\" \/>\n\t<meta name=\"twitter:data1\" content=\"2 minutes\" \/>\n<script type=\"application\/ld+json\" class=\"yoast-schema-graph\">{\"@context\":\"https:\/\/schema.org\",\"@graph\":[{\"@type\":\"WebPage\",\"@id\":\"https:\/\/www.verdieditions.com\/cd-pop-rock\/mentions-legales\/\",\"url\":\"https:\/\/www.verdieditions.com\/cd-pop-rock\/mentions-legales\/\",\"name\":\"Mentions l\u00e9gales - CD Pop Rock\",\"isPartOf\":{\"@id\":\"https:\/\/www.verdieditions.com\/cd-pop-rock\/#website\"},\"primaryImageOfPage\":{\"@id\":\"https:\/\/www.verdieditions.com\/cd-pop-rock\/mentions-legales\/#primaryimage\"},\"image\":{\"@id\":\"https:\/\/www.verdieditions.com\/cd-pop-rock\/mentions-legales\/#primaryimage\"},\"thumbnailUrl\":\"https:\/\/www.verdieditions.com\/cd-pop-rock\/wp-content\/uploads\/2021\/04\/Slider-films-concert-musique-vhs-dvd.jpg\",\"datePublished\":\"2020-10-29T15:18:50+00:00\",\"dateModified\":\"2025-12-09T15:32:59+00:00\",\"breadcrumb\":{\"@id\":\"https:\/\/www.verdieditions.com\/cd-pop-rock\/mentions-legales\/#breadcrumb\"},\"inLanguage\":\"fr-FR\",\"potentialAction\":[{\"@type\":\"ReadAction\",\"target\":[\"https:\/\/www.verdieditions.com\/cd-pop-rock\/mentions-legales\/\"]}]},{\"@type\":\"ImageObject\",\"inLanguage\":\"fr-FR\",\"@id\":\"https:\/\/www.verdieditions.com\/cd-pop-rock\/mentions-legales\/#primaryimage\",\"url\":\"https:\/\/www.verdieditions.com\/cd-pop-rock\/wp-content\/uploads\/2021\/04\/Slider-films-concert-musique-vhs-dvd.jpg\",\"contentUrl\":\"https:\/\/www.verdieditions.com\/cd-pop-rock\/wp-content\/uploads\/2021\/04\/Slider-films-concert-musique-vhs-dvd.jpg\",\"width\":1440,\"height\":676,\"caption\":\"Slider-films-concert-musique-vhs-dvd\"},{\"@type\":\"BreadcrumbList\",\"@id\":\"https:\/\/www.verdieditions.com\/cd-pop-rock\/mentions-legales\/#breadcrumb\",\"itemListElement\":[{\"@type\":\"ListItem\",\"position\":1,\"name\":\"Accueil\",\"item\":\"https:\/\/www.verdieditions.com\/cd-pop-rock\/\"},{\"@type\":\"ListItem\",\"position\":2,\"name\":\"Mentions l\u00e9gales\"}]},{\"@type\":\"WebSite\",\"@id\":\"https:\/\/www.verdieditions.com\/cd-pop-rock\/#website\",\"url\":\"https:\/\/www.verdieditions.com\/cd-pop-rock\/\",\"name\":\"CD Pop Rock\",\"description\":\"CD, K7, Vinyles, VHS et DVD de Musique Pop et Rock vintage\",\"publisher\":{\"@id\":\"https:\/\/www.verdieditions.com\/cd-pop-rock\/#\/schema\/person\/3a9da867add08338474907117bf9668a\"},\"potentialAction\":[{\"@type\":\"SearchAction\",\"target\":{\"@type\":\"EntryPoint\",\"urlTemplate\":\"https:\/\/www.verdieditions.com\/cd-pop-rock\/?s={search_term_string}\"},\"query-input\":{\"@type\":\"PropertyValueSpecification\",\"valueRequired\":true,\"valueName\":\"search_term_string\"}}],\"inLanguage\":\"fr-FR\"},{\"@type\":[\"Person\",\"Organization\"],\"@id\":\"https:\/\/www.verdieditions.com\/cd-pop-rock\/#\/schema\/person\/3a9da867add08338474907117bf9668a\",\"name\":\"Sylvie VERDI\",\"image\":{\"@type\":\"ImageObject\",\"inLanguage\":\"fr-FR\",\"@id\":\"https:\/\/www.verdieditions.com\/cd-pop-rock\/#\/schema\/person\/image\/\",\"url\":\"https:\/\/www.verdieditions.com\/cd-pop-rock\/wp-content\/uploads\/2021\/01\/cropped-favicon-cd-pop-rock-vinyle-32x32-1.png\",\"contentUrl\":\"https:\/\/www.verdieditions.com\/cd-pop-rock\/wp-content\/uploads\/2021\/01\/cropped-favicon-cd-pop-rock-vinyle-32x32-1.png\",\"width\":512,\"height\":512,\"caption\":\"Sylvie VERDI\"},\"logo\":{\"@id\":\"https:\/\/www.verdieditions.com\/cd-pop-rock\/#\/schema\/person\/image\/\"},\"sameAs\":[\"https:\/\/www.verdieditions.com\/cd-pop-rock\",\"https:\/\/www.facebook.com\/CD-Pop-Rock-107168374818139\"]}]}<\/script>\n<!-- \/ Yoast SEO plugin. -->","yoast_head_json":{"title":"Mentions l\u00e9gales - CD Pop Rock","robots":{"index":"noindex","follow":"follow"},"og_locale":"fr_FR","og_type":"article","og_title":"Mentions l\u00e9gales - CD Pop Rock","og_description":"Propri\u00e9taire du site Sylvie VERDI Adresse postale : 79 rue du Manio F 56100 LORIENT T\u00e9l. 33 (0)2 97 21 62 97 Cr\u00e9ation Publication Webmastering Sylvie Verdi Communication Adresse postale : 79 rue du Manio F 56100 LORIENT T\u00e9l. 33 &hellip; Lire la suite","og_url":"https:\/\/www.verdieditions.com\/cd-pop-rock\/mentions-legales\/","og_site_name":"CD Pop Rock","article_publisher":"https:\/\/www.facebook.com\/CD-Pop-Rock-107168374818139","article_modified_time":"2025-12-09T15:32:59+00:00","og_image":[{"width":1440,"height":676,"url":"https:\/\/www.verdieditions.com\/cd-pop-rock\/wp-content\/uploads\/2021\/04\/Slider-films-concert-musique-vhs-dvd.jpg","type":"image\/jpeg"}],"twitter_card":"summary_large_image","twitter_misc":{"Dur\u00e9e de lecture estim\u00e9e":"2 minutes"},"schema":{"@context":"https:\/\/schema.org","@graph":[{"@type":"WebPage","@id":"https:\/\/www.verdieditions.com\/cd-pop-rock\/mentions-legales\/","url":"https:\/\/www.verdieditions.com\/cd-pop-rock\/mentions-legales\/","name":"Mentions l\u00e9gales - CD Pop Rock","isPartOf":{"@id":"https:\/\/www.verdieditions.com\/cd-pop-rock\/#website"},"primaryImageOfPage":{"@id":"https:\/\/www.verdieditions.com\/cd-pop-rock\/mentions-legales\/#primaryimage"},"image":{"@id":"https:\/\/www.verdieditions.com\/cd-pop-rock\/mentions-legales\/#primaryimage"},"thumbnailUrl":"https:\/\/www.verdieditions.com\/cd-pop-rock\/wp-content\/uploads\/2021\/04\/Slider-films-concert-musique-vhs-dvd.jpg","datePublished":"2020-10-29T15:18:50+00:00","dateModified":"2025-12-09T15:32:59+00:00","breadcrumb":{"@id":"https:\/\/www.verdieditions.com\/cd-pop-rock\/mentions-legales\/#breadcrumb"},"inLanguage":"fr-FR","potentialAction":[{"@type":"ReadAction","target":["https:\/\/www.verdieditions.com\/cd-pop-rock\/mentions-legales\/"]}]},{"@type":"ImageObject","inLanguage":"fr-FR","@id":"https:\/\/www.verdieditions.com\/cd-pop-rock\/mentions-legales\/#primaryimage","url":"https:\/\/www.verdieditions.com\/cd-pop-rock\/wp-content\/uploads\/2021\/04\/Slider-films-concert-musique-vhs-dvd.jpg","contentUrl":"https:\/\/www.verdieditions.com\/cd-pop-rock\/wp-content\/uploads\/2021\/04\/Slider-films-concert-musique-vhs-dvd.jpg","width":1440,"height":676,"caption":"Slider-films-concert-musique-vhs-dvd"},{"@type":"BreadcrumbList","@id":"https:\/\/www.verdieditions.com\/cd-pop-rock\/mentions-legales\/#breadcrumb","itemListElement":[{"@type":"ListItem","position":1,"name":"Accueil","item":"https:\/\/www.verdieditions.com\/cd-pop-rock\/"},{"@type":"ListItem","position":2,"name":"Mentions l\u00e9gales"}]},{"@type":"WebSite","@id":"https:\/\/www.verdieditions.com\/cd-pop-rock\/#website","url":"https:\/\/www.verdieditions.com\/cd-pop-rock\/","name":"CD Pop Rock","description":"CD, K7, Vinyles, VHS et DVD de Musique Pop et Rock vintage","publisher":{"@id":"https:\/\/www.verdieditions.com\/cd-pop-rock\/#\/schema\/person\/3a9da867add08338474907117bf9668a"},"potentialAction":[{"@type":"SearchAction","target":{"@type":"EntryPoint","urlTemplate":"https:\/\/www.verdieditions.com\/cd-pop-rock\/?s={search_term_string}"},"query-input":{"@type":"PropertyValueSpecification","valueRequired":true,"valueName":"search_term_string"}}],"inLanguage":"fr-FR"},{"@type":["Person","Organization"],"@id":"https:\/\/www.verdieditions.com\/cd-pop-rock\/#\/schema\/person\/3a9da867add08338474907117bf9668a","name":"Sylvie VERDI","image":{"@type":"ImageObject","inLanguage":"fr-FR","@id":"https:\/\/www.verdieditions.com\/cd-pop-rock\/#\/schema\/person\/image\/","url":"https:\/\/www.verdieditions.com\/cd-pop-rock\/wp-content\/uploads\/2021\/01\/cropped-favicon-cd-pop-rock-vinyle-32x32-1.png","contentUrl":"https:\/\/www.verdieditions.com\/cd-pop-rock\/wp-content\/uploads\/2021\/01\/cropped-favicon-cd-pop-rock-vinyle-32x32-1.png","width":512,"height":512,"caption":"Sylvie VERDI"},"logo":{"@id":"https:\/\/www.verdieditions.com\/cd-pop-rock\/#\/schema\/person\/image\/"},"sameAs":["https:\/\/www.verdieditions.com\/cd-pop-rock","https:\/\/www.facebook.com\/CD-Pop-Rock-107168374818139"]}]}},"_links":{"self":[{"href":"https:\/\/www.verdieditions.com\/cd-pop-rock\/wp-json\/wp\/v2\/pages\/17","targetHints":{"allow":["GET"]}}],"collection":[{"href":"https:\/\/www.verdieditions.com\/cd-pop-rock\/wp-json\/wp\/v2\/pages"}],"about":[{"href":"https:\/\/www.verdieditions.com\/cd-pop-rock\/wp-json\/wp\/v2\/types\/page"}],"author":[{"embeddable":true,"href":"https:\/\/www.verdieditions.com\/cd-pop-rock\/wp-json\/wp\/v2\/users\/1"}],"replies":[{"embeddable":true,"href":"https:\/\/www.verdieditions.com\/cd-pop-rock\/wp-json\/wp\/v2\/comments?post=17"}],"version-history":[{"count":2,"href":"https:\/\/www.verdieditions.com\/cd-pop-rock\/wp-json\/wp\/v2\/pages\/17\/revisions"}],"predecessor-version":[{"id":3218,"href":"https:\/\/www.verdieditions.com\/cd-pop-rock\/wp-json\/wp\/v2\/pages\/17\/revisions\/3218"}],"wp:featuredmedia":[{"embeddable":true,"href":"https:\/\/www.verdieditions.com\/cd-pop-rock\/wp-json\/wp\/v2\/media\/2609"}],"wp:attachment":[{"href":"https:\/\/www.verdieditions.com\/cd-pop-rock\/wp-json\/wp\/v2\/media?parent=17"}],"curies":[{"name":"wp","href":"https:\/\/api.w.org\/{rel}","templated":true}]}}